{"id":94844,"date":"2022-02-17T08:42:11","date_gmt":"2022-02-17T07:42:11","guid":{"rendered":"https:\/\/www.sestogrado.it\/?post_type=product&#038;p=94844"},"modified":"2026-04-01T07:56:01","modified_gmt":"2026-04-01T05:56:01","slug":"opinel-n08-baroudeur-aventuriero-naturale-coltello-da-tasca-con-laccio-in-pelle","status":"publish","type":"product","link":"https:\/\/www.sestogrado.it\/it\/prodotto\/opinel-n08-baroudeur-aventuriero-naturale-coltello-da-tasca-con-laccio-in-pelle\/","title":{"rendered":"Opinel N\u00b008 baroudeur Aventuriero Naturale coltello da tasca con laccio in pelle"},"content":{"rendered":"<p><\/p>\n<p class=\"rtejustify\"><strong>Opinel N\u00b008 baroudeur Aventuriero Naturale coltello da tasca con laccio in pelle<\/strong> multiuso per campeggio, trekking e alimenti \u00e8 <strong>il classico tra i classici,<\/strong> l&#8217;immancabile nelle tasche degli amanti dell&#8217;outdoor da pi\u00f9 di 120 anni, richiede poca manutenzione e garantisce un taglio di altissima qualit\u00e0.<\/p>\n<p class=\"rtejustify\"><strong>Il N\u00b008 \u00e8 il pi\u00f9 popolare della collezione<\/strong>. In questo caso, rivisitato in ottica outdoor, legato alla montagna e al trekking, Opinel 08 baroudeur possiede laccio in pelle per esser disposto dove pi\u00f9 comodo. Multiuso e versatile in diverse situazioni quotidiane. Dall&#8217;attrezzatura legata al mondo dell&#8217;outdoor, alla preparazione degli alimenti durante un campeggio, Opinel coltello da tasca 08 \u00e8 fondamentale in tutte quelle situazioni in cui disporre di un coltello tascabile <strong>fa la differenza<\/strong>.<\/p>\n<p class=\"rtejustify\">\u00c8 dotato di lama in acciaio inox legato. Si ottiene aggiungendo cromo, che consente di aumentare significativamente la resistenza alla corrosione. L&#8217;acciaio inossidabile non richiede alcuna manutenzione particolare. Il suo manico in faggio verniciato assicura una presa sicura e confortevole. La ghiera di sicurezza Virobloc permette all&#8217;utilizzatore di lavorare e spostarsi senza rischi. Girando la ghiera di sicurezza si blocca infatti la lama in posizione aperta o chiusa in base all&#8217;esigenza. Il manico \u00e8 di legno di faggio. Proveniente da coltivazioni francesi, \u00e8 duro, resistente e facile da lavorare. Di un aspetto omogeneo, il suo colore chiaro varia dal giallo al rosato. \u00c8 riconoscibile per la presenza di numerosi trattini scuri. Il manico \u00e8 verniciato per essere protetto efficacemente da sporco e umidit\u00e0.<\/p>\n<ul>\n<li>Lunghezza lama: 8,5cm<\/li>\n<li>In Acciaio inox legato con cromo<\/li>\n<li>Manico in legno di faggio, verniciato per resistere al tempo ed all&#8217;umidit\u00e0<\/li>\n<li>Presenza anello di sicurezza Virobloc per il trasporto da chiuso<\/li>\n<li>Con laccio in pelle incluso<\/li>\n<\/ul>\n<p><strong>Opinel N\u00b008 baroudeur Aventuriero Naturale <\/strong>\u00e8 il coltello tascabile con laccetto per antonomasia. Dotato di laccio in pelle e di un manico verniciato che protegge dall&#8217;umidit\u00e0 e dalla sporcizia, \u00e8 l&#8217;ideale per il campeggio, le escursioni e i picnic. Il suo ingegnoso anello Virobloc offre la possibilit\u00e0 di bloccare la lama in posizione aperta o chiusa. Da legare allo zaino o tenere nella tasca d&#8217;emergenza a portata di mano. Un mai pi\u00f9 senza.<\/p>\n<p>&nbsp;<\/p>\n<p class=\"font-claude-response-body break-words whitespace-normal leading-[1.7]\"><strong>\u26a0 AVVISO \u2014 Vendita riservata ai maggiorenni<\/strong><\/p>\n<p class=\"font-claude-response-body break-words whitespace-normal leading-[1.7]\">Ai sensi della normativa vigente in materia di vendita di coltelli e oggetti da taglio, la vendita \u00e8 <strong>riservata esclusivamente ai maggiorenni<\/strong>.<\/p>\n<p class=\"font-claude-response-body break-words whitespace-normal leading-[1.7]\">Per procedere con la spedizione dell&#8217;ordine, sar\u00e0 necessario inviare copia di un documento di identit\u00e0 valido che attesti il raggiungimento della maggiore et\u00e0.<\/p>\n<p class=\"font-claude-response-body break-words whitespace-normal leading-[1.7]\">Le istruzioni per l&#8217;invio del documento ti saranno comunicate via email al completamento dell&#8217;acquisto. Gli ordini privi di documento valido non potranno essere evasi.<\/p>\n<p>&nbsp;<\/p>\n<p>Oltre 130 anni di azienda a conduzione familiare ha portato Opinel ad essere oggi il punto di riferimento per coltelli da tasca e utensili per il bricolage, lo sport, le attivit\u00e0 all\u2019aria aperta, il giardinaggio, oltre a coltelli da cucina e da tavola.<\/p>","protected":false},"excerpt":{"rendered":"<p>Opinel N\u00b008 baroudeur Aventuriero Naturale coltello da tasca con laccio in pelle multiuso per campeggio, trekking e alimenti \u00e8 il [&hellip;]<\/p>\n","protected":false},"featured_media":94863,"comment_status":"open","ping_status":"closed","template":"","meta":{"_acf_changed":false},"product_brand":[1286],"product_cat":[141],"product_tag":[1288,1287,1289,1290,1291],"class_list":{"0":"post-94844","1":"product","2":"type-product","3":"status-publish","4":"has-post-thumbnail","6":"product_brand-opinel","7":"product_cat-accessori-accessori","8":"product_tag-coltello-da-campeggio","9":"product_tag-coltello-da-trekking","10":"product_tag-coltello-leggero-alpinismo","11":"product_tag-coltello-leggero-da-tasca","12":"product_tag-coltello-opinel","14":"first","15":"outofstock","16":"sale","17":"taxable","18":"shipping-taxable","19":"purchasable","20":"product-type-simple"},"acf":[],"yoast_head":"<!-- This site is optimized with the Yoast SEO plugin v26.4 - https:\/\/yoast.com\/wordpress\/plugins\/seo\/ -->\n<title>Opinel N\u00b008 baroudeur Aventuriero Naturale coltello da tasca con laccio in pelle - Sestogrado<\/title>\n<meta name=\"description\" content=\"Opinel N\u00b008 baroudeur Aventuriero Naturale coltello da tasca con laccio in pelle multiuso per campeggio, trekking e alimenti \u00e8 il classico tra i classici, l&#039;immancabile nelle tasche degli amanti dell&#039;outdoor da pi\u00f9 di 120 anni. Il N\u00b008 \u00e8 il pi\u00f9 popolare della collezione. In questo caso, rivisitato in ottica outdoor, legato alla montagna e al trekking, Opinel 08 baroudeur possiede laccio in pelle per esser disposto dove pi\u00f9 comodo. Multiuso e versatile in diverse situazioni quotidiane. Dall&#039;attrezzatura legata al mondo dell&#039;outdoor, alla preparazione degli alimenti durante un campeggio, Opinel coltello da tasca 08 \u00e8 fondamentale in tutte quelle situazioni in cui disporre di un coltello tascabile fa la differenza. \u00c8 dotato di lama in acciaio inox. Il suo manico in faggio verniciato assicura una presa sicura e confortevole. La ghiera di sicurezza Virobloc permette all&#039;utilizzatore di lavorare e spostarsi senza rischi.\" \/>\n<meta name=\"robots\" content=\"index, follow, max-snippet:-1, max-image-preview:large, max-video-preview:-1\" \/>\n<link rel=\"canonical\" href=\"https:\/\/www.sestogrado.it\/it\/prodotto\/opinel-n08-baroudeur-aventuriero-naturale-coltello-da-tasca-con-laccio-in-pelle\/\" \/>\n<meta property=\"og:locale\" content=\"it_IT\" \/>\n<meta property=\"og:type\" content=\"article\" \/>\n<meta property=\"og:title\" content=\"Opinel N\u00b008 baroudeur Aventuriero Naturale coltello da tasca con laccio in pelle - Sestogrado\" \/>\n<meta property=\"og:description\" content=\"Opinel N\u00b008 baroudeur Aventuriero Naturale coltello da tasca con laccio in pelle multiuso per campeggio, trekking e alimenti \u00e8 il classico tra i classici, l&#039;immancabile nelle tasche degli amanti dell&#039;outdoor da pi\u00f9 di 120 anni. Il N\u00b008 \u00e8 il pi\u00f9 popolare della collezione. In questo caso, rivisitato in ottica outdoor, legato alla montagna e al trekking, Opinel 08 baroudeur possiede laccio in pelle per esser disposto dove pi\u00f9 comodo. Multiuso e versatile in diverse situazioni quotidiane. Dall&#039;attrezzatura legata al mondo dell&#039;outdoor, alla preparazione degli alimenti durante un campeggio, Opinel coltello da tasca 08 \u00e8 fondamentale in tutte quelle situazioni in cui disporre di un coltello tascabile fa la differenza. \u00c8 dotato di lama in acciaio inox. Il suo manico in faggio verniciato assicura una presa sicura e confortevole. La ghiera di sicurezza Virobloc permette all&#039;utilizzatore di lavorare e spostarsi senza rischi.\" \/>\n<meta property=\"og:url\" content=\"https:\/\/www.sestogrado.it\/it\/prodotto\/opinel-n08-baroudeur-aventuriero-naturale-coltello-da-tasca-con-laccio-in-pelle\/\" \/>\n<meta property=\"og:site_name\" content=\"Sestogrado\" \/>\n<meta property=\"article:publisher\" content=\"https:\/\/www.facebook.com\/pages\/Sestogrado\/1542635979353017?ref=bookmarks\" \/>\n<meta property=\"article:modified_time\" content=\"2026-04-01T05:56:01+00:00\" \/>\n<meta property=\"og:image\" content=\"https:\/\/www.sestogrado.it\/wp-content\/uploads\/2022\/02\/n08_trekking_beech_web.jpg\" \/>\n\t<meta property=\"og:image:width\" content=\"870\" \/>\n\t<meta property=\"og:image:height\" content=\"870\" \/>\n\t<meta property=\"og:image:type\" content=\"image\/jpeg\" \/>\n<meta name=\"twitter:label1\" content=\"Prezzo\" \/>\n\t<meta name=\"twitter:data1\" content=\"&euro;&nbsp;12,90\" \/>\n\t<meta name=\"twitter:label2\" content=\"Disponibilit\u00e0\" \/>\n\t<meta name=\"twitter:data2\" content=\"Esaurito\" \/>\n<script type=\"application\/ld+json\" class=\"yoast-schema-graph\">{\"@context\":\"https:\/\/schema.org\",\"@graph\":[{\"@type\":\"WebPage\",\"@id\":\"https:\/\/www.sestogrado.it\/it\/prodotto\/opinel-n08-baroudeur-aventuriero-naturale-coltello-da-tasca-con-laccio-in-pelle\/\",\"url\":\"https:\/\/www.sestogrado.it\/it\/prodotto\/opinel-n08-baroudeur-aventuriero-naturale-coltello-da-tasca-con-laccio-in-pelle\/\",\"name\":\"Opinel N\u00b008 baroudeur Aventuriero Naturale coltello da tasca con laccio in pelle - Sestogrado\",\"isPartOf\":{\"@id\":\"https:\/\/www.sestogrado.it\/it\/#website\"},\"primaryImageOfPage\":{\"@id\":\"https:\/\/www.sestogrado.it\/it\/prodotto\/opinel-n08-baroudeur-aventuriero-naturale-coltello-da-tasca-con-laccio-in-pelle\/#primaryimage\"},\"image\":{\"@id\":\"https:\/\/www.sestogrado.it\/prodotto\/opinel-n08-baroudeur-aventuriero-naturale-coltello-da-tasca-con-laccio-in-pelle\/#primaryimage\"},\"thumbnailUrl\":\"https:\/\/www.sestogrado.it\/wp-content\/uploads\/2022\/02\/n08_trekking_beech_web.jpg\",\"datePublished\":\"2022-02-17T07:42:11+00:00\",\"dateModified\":\"2026-04-01T05:56:01+00:00\",\"description\":\"Opinel N\u00b008 baroudeur Aventuriero Naturale coltello da tasca con laccio in pelle multiuso per campeggio, trekking e alimenti \u00e8 il classico tra i classici, l'immancabile nelle tasche degli amanti dell'outdoor da pi\u00f9 di 120 anni. Il N\u00b008 \u00e8 il pi\u00f9 popolare della collezione. In questo caso, rivisitato in ottica outdoor, legato alla montagna e al trekking, Opinel 08 baroudeur possiede laccio in pelle per esser disposto dove pi\u00f9 comodo. Multiuso e versatile in diverse situazioni quotidiane. Dall'attrezzatura legata al mondo dell'outdoor, alla preparazione degli alimenti durante un campeggio, Opinel coltello da tasca 08 \u00e8 fondamentale in tutte quelle situazioni in cui disporre di un coltello tascabile fa la differenza. \u00c8 dotato di lama in acciaio inox. Il suo manico in faggio verniciato assicura una presa sicura e confortevole. La ghiera di sicurezza Virobloc permette all'utilizzatore di lavorare e spostarsi senza rischi.\",\"breadcrumb\":{\"@id\":\"https:\/\/www.sestogrado.it\/it\/prodotto\/opinel-n08-baroudeur-aventuriero-naturale-coltello-da-tasca-con-laccio-in-pelle\/#breadcrumb\"},\"inLanguage\":\"it-IT\",\"potentialAction\":[{\"@type\":\"ReadAction\",\"target\":[[\"https:\/\/www.sestogrado.it\/it\/prodotto\/opinel-n08-baroudeur-aventuriero-naturale-coltello-da-tasca-con-laccio-in-pelle\/\"]]}]},{\"@type\":\"ImageObject\",\"inLanguage\":\"it-IT\",\"@id\":\"https:\/\/www.sestogrado.it\/it\/prodotto\/opinel-n08-baroudeur-aventuriero-naturale-coltello-da-tasca-con-laccio-in-pelle\/#primaryimage\",\"url\":\"https:\/\/www.sestogrado.it\/wp-content\/uploads\/2022\/02\/n08_trekking_beech_web.jpg\",\"contentUrl\":\"https:\/\/www.sestogrado.it\/wp-content\/uploads\/2022\/02\/n08_trekking_beech_web.jpg\",\"width\":870,\"height\":870,\"caption\":\"opinel 08 coltello da tasca\"},{\"@type\":\"BreadcrumbList\",\"@id\":\"https:\/\/www.sestogrado.it\/it\/prodotto\/opinel-n08-baroudeur-aventuriero-naturale-coltello-da-tasca-con-laccio-in-pelle\/#breadcrumb\",\"itemListElement\":[{\"@type\":\"ListItem\",\"position\":1,\"name\":\"Home\",\"item\":\"https:\/\/www.sestogrado.it\/it\/\"},{\"@type\":\"ListItem\",\"position\":2,\"name\":\"Shop\",\"item\":\"https:\/\/www.sestogrado.it\/it\/shop\/\"},{\"@type\":\"ListItem\",\"position\":3,\"name\":\"Opinel N\u00b008 baroudeur Aventuriero Naturale coltello da tasca con laccio in pelle\"}]},{\"@type\":\"WebSite\",\"@id\":\"https:\/\/www.sestogrado.it\/it\/#website\",\"url\":\"https:\/\/www.sestogrado.it\/it\/\",\"name\":\"Sestogrado\",\"description\":\"yes we climb\",\"publisher\":{\"@id\":\"https:\/\/www.sestogrado.it\/it\/#organization\"},\"potentialAction\":[{\"@type\":\"SearchAction\",\"target\":{\"@type\":\"EntryPoint\",\"urlTemplate\":\"https:\/\/www.sestogrado.it\/it\/?s={search_term_string}\"},\"query-input\":{\"@type\":\"PropertyValueSpecification\",\"valueRequired\":true,\"valueName\":\"search_term_string\"}}],\"inLanguage\":\"it-IT\"},{\"@type\":\"Organization\",\"@id\":\"https:\/\/www.sestogrado.it\/it\/#organization\",\"name\":\"Sestogrado\",\"url\":\"https:\/\/www.sestogrado.it\/it\/\",\"logo\":{\"@type\":\"ImageObject\",\"inLanguage\":\"it-IT\",\"@id\":\"https:\/\/www.sestogrado.it\/it\/#\/schema\/logo\/image\/\",\"url\":\"https:\/\/www.sestogrado.it\/wp-content\/uploads\/2015\/03\/sestogrado-favicon.png\",\"contentUrl\":\"https:\/\/www.sestogrado.it\/wp-content\/uploads\/2015\/03\/sestogrado-favicon.png\",\"width\":260,\"height\":260,\"caption\":\"Sestogrado\"},\"image\":{\"@id\":\"https:\/\/www.sestogrado.it\/it\/#\/schema\/logo\/image\/\"},\"sameAs\":[\"https:\/\/www.facebook.com\/pages\/Sestogrado\/1542635979353017?ref=bookmarks\",\"https:\/\/www.youtube.com\/channel\/UC847kAfTkaJsWpc1jtQwr3Q\"],\"hasMerchantReturnPolicy\":{\"@type\":\"MerchantReturnPolicy\",\"merchantReturnLink\":\"https:\/\/www.sestogrado.it\/it\/termini-e-condizioni\/\"}}]}<\/script>\n<meta property=\"product:brand\" content=\"Opinel\" \/>\n<meta property=\"product:price:amount\" content=\"12.90\" \/>\n<meta property=\"product:price:currency\" content=\"EUR\" \/>\n<meta property=\"og:availability\" content=\"out of stock\" \/>\n<meta property=\"product:availability\" content=\"out of stock\" \/>\n<meta property=\"product:condition\" content=\"new\" \/>\n<!-- \/ Yoast SEO plugin. -->","yoast_head_json":{"title":"Opinel N\u00b008 baroudeur Aventuriero Naturale coltello da tasca con laccio in pelle - Sestogrado","description":"Opinel N\u00b008 baroudeur Aventuriero Naturale coltello da tasca con laccio in pelle multiuso per campeggio, trekking e alimenti \u00e8 il classico tra i classici, l'immancabile nelle tasche degli amanti dell'outdoor da pi\u00f9 di 120 anni. Il N\u00b008 \u00e8 il pi\u00f9 popolare della collezione. In questo caso, rivisitato in ottica outdoor, legato alla montagna e al trekking, Opinel 08 baroudeur possiede laccio in pelle per esser disposto dove pi\u00f9 comodo. Multiuso e versatile in diverse situazioni quotidiane. Dall'attrezzatura legata al mondo dell'outdoor, alla preparazione degli alimenti durante un campeggio, Opinel coltello da tasca 08 \u00e8 fondamentale in tutte quelle situazioni in cui disporre di un coltello tascabile fa la differenza. \u00c8 dotato di lama in acciaio inox. Il suo manico in faggio verniciato assicura una presa sicura e confortevole. La ghiera di sicurezza Virobloc permette all'utilizzatore di lavorare e spostarsi senza rischi.","robots":{"index":"index","follow":"follow","max-snippet":"max-snippet:-1","max-image-preview":"max-image-preview:large","max-video-preview":"max-video-preview:-1"},"canonical":"https:\/\/www.sestogrado.it\/it\/prodotto\/opinel-n08-baroudeur-aventuriero-naturale-coltello-da-tasca-con-laccio-in-pelle\/","og_locale":"it_IT","og_type":"article","og_title":"Opinel N\u00b008 baroudeur Aventuriero Naturale coltello da tasca con laccio in pelle - Sestogrado","og_description":"Opinel N\u00b008 baroudeur Aventuriero Naturale coltello da tasca con laccio in pelle multiuso per campeggio, trekking e alimenti \u00e8 il classico tra i classici, l'immancabile nelle tasche degli amanti dell'outdoor da pi\u00f9 di 120 anni. Il N\u00b008 \u00e8 il pi\u00f9 popolare della collezione. In questo caso, rivisitato in ottica outdoor, legato alla montagna e al trekking, Opinel 08 baroudeur possiede laccio in pelle per esser disposto dove pi\u00f9 comodo. Multiuso e versatile in diverse situazioni quotidiane. Dall'attrezzatura legata al mondo dell'outdoor, alla preparazione degli alimenti durante un campeggio, Opinel coltello da tasca 08 \u00e8 fondamentale in tutte quelle situazioni in cui disporre di un coltello tascabile fa la differenza. \u00c8 dotato di lama in acciaio inox. Il suo manico in faggio verniciato assicura una presa sicura e confortevole. La ghiera di sicurezza Virobloc permette all'utilizzatore di lavorare e spostarsi senza rischi.","og_url":"https:\/\/www.sestogrado.it\/it\/prodotto\/opinel-n08-baroudeur-aventuriero-naturale-coltello-da-tasca-con-laccio-in-pelle\/","og_site_name":"Sestogrado","article_publisher":"https:\/\/www.facebook.com\/pages\/Sestogrado\/1542635979353017?ref=bookmarks","article_modified_time":"2026-04-01T05:56:01+00:00","og_image":[{"width":870,"height":870,"url":"https:\/\/www.sestogrado.it\/wp-content\/uploads\/2022\/02\/n08_trekking_beech_web.jpg","type":"image\/jpeg"}],"twitter_misc":{"Prezzo":"&euro;&nbsp;12,90","Disponibilit\u00e0":"Esaurito"},"schema":{"@context":"https:\/\/schema.org","@graph":[{"@type":"WebPage","@id":"https:\/\/www.sestogrado.it\/it\/prodotto\/opinel-n08-baroudeur-aventuriero-naturale-coltello-da-tasca-con-laccio-in-pelle\/","url":"https:\/\/www.sestogrado.it\/it\/prodotto\/opinel-n08-baroudeur-aventuriero-naturale-coltello-da-tasca-con-laccio-in-pelle\/","name":"Opinel N\u00b008 baroudeur Aventuriero Naturale coltello da tasca con laccio in pelle - Sestogrado","isPartOf":{"@id":"https:\/\/www.sestogrado.it\/it\/#website"},"primaryImageOfPage":{"@id":"https:\/\/www.sestogrado.it\/it\/prodotto\/opinel-n08-baroudeur-aventuriero-naturale-coltello-da-tasca-con-laccio-in-pelle\/#primaryimage"},"image":{"@id":"https:\/\/www.sestogrado.it\/prodotto\/opinel-n08-baroudeur-aventuriero-naturale-coltello-da-tasca-con-laccio-in-pelle\/#primaryimage"},"thumbnailUrl":"https:\/\/www.sestogrado.it\/wp-content\/uploads\/2022\/02\/n08_trekking_beech_web.jpg","datePublished":"2022-02-17T07:42:11+00:00","dateModified":"2026-04-01T05:56:01+00:00","description":"Opinel N\u00b008 baroudeur Aventuriero Naturale coltello da tasca con laccio in pelle multiuso per campeggio, trekking e alimenti \u00e8 il classico tra i classici, l'immancabile nelle tasche degli amanti dell'outdoor da pi\u00f9 di 120 anni. Il N\u00b008 \u00e8 il pi\u00f9 popolare della collezione. In questo caso, rivisitato in ottica outdoor, legato alla montagna e al trekking, Opinel 08 baroudeur possiede laccio in pelle per esser disposto dove pi\u00f9 comodo. Multiuso e versatile in diverse situazioni quotidiane. Dall'attrezzatura legata al mondo dell'outdoor, alla preparazione degli alimenti durante un campeggio, Opinel coltello da tasca 08 \u00e8 fondamentale in tutte quelle situazioni in cui disporre di un coltello tascabile fa la differenza. \u00c8 dotato di lama in acciaio inox. Il suo manico in faggio verniciato assicura una presa sicura e confortevole. La ghiera di sicurezza Virobloc permette all'utilizzatore di lavorare e spostarsi senza rischi.","breadcrumb":{"@id":"https:\/\/www.sestogrado.it\/it\/prodotto\/opinel-n08-baroudeur-aventuriero-naturale-coltello-da-tasca-con-laccio-in-pelle\/#breadcrumb"},"inLanguage":"it-IT","potentialAction":[{"@type":"ReadAction","target":[["https:\/\/www.sestogrado.it\/it\/prodotto\/opinel-n08-baroudeur-aventuriero-naturale-coltello-da-tasca-con-laccio-in-pelle\/"]]}]},{"@type":"ImageObject","inLanguage":"it-IT","@id":"https:\/\/www.sestogrado.it\/it\/prodotto\/opinel-n08-baroudeur-aventuriero-naturale-coltello-da-tasca-con-laccio-in-pelle\/#primaryimage","url":"https:\/\/www.sestogrado.it\/wp-content\/uploads\/2022\/02\/n08_trekking_beech_web.jpg","contentUrl":"https:\/\/www.sestogrado.it\/wp-content\/uploads\/2022\/02\/n08_trekking_beech_web.jpg","width":870,"height":870,"caption":"opinel 08 coltello da tasca"},{"@type":"BreadcrumbList","@id":"https:\/\/www.sestogrado.it\/it\/prodotto\/opinel-n08-baroudeur-aventuriero-naturale-coltello-da-tasca-con-laccio-in-pelle\/#breadcrumb","itemListElement":[{"@type":"ListItem","position":1,"name":"Home","item":"https:\/\/www.sestogrado.it\/it\/"},{"@type":"ListItem","position":2,"name":"Shop","item":"https:\/\/www.sestogrado.it\/it\/shop\/"},{"@type":"ListItem","position":3,"name":"Opinel N\u00b008 baroudeur Aventuriero Naturale coltello da tasca con laccio in pelle"}]},{"@type":"WebSite","@id":"https:\/\/www.sestogrado.it\/it\/#website","url":"https:\/\/www.sestogrado.it\/it\/","name":"Sestogrado","description":"yes we climb","publisher":{"@id":"https:\/\/www.sestogrado.it\/it\/#organization"},"potentialAction":[{"@type":"SearchAction","target":{"@type":"EntryPoint","urlTemplate":"https:\/\/www.sestogrado.it\/it\/?s={search_term_string}"},"query-input":{"@type":"PropertyValueSpecification","valueRequired":true,"valueName":"search_term_string"}}],"inLanguage":"it-IT"},{"@type":"Organization","@id":"https:\/\/www.sestogrado.it\/it\/#organization","name":"Sestogrado","url":"https:\/\/www.sestogrado.it\/it\/","logo":{"@type":"ImageObject","inLanguage":"it-IT","@id":"https:\/\/www.sestogrado.it\/it\/#\/schema\/logo\/image\/","url":"https:\/\/www.sestogrado.it\/wp-content\/uploads\/2015\/03\/sestogrado-favicon.png","contentUrl":"https:\/\/www.sestogrado.it\/wp-content\/uploads\/2015\/03\/sestogrado-favicon.png","width":260,"height":260,"caption":"Sestogrado"},"image":{"@id":"https:\/\/www.sestogrado.it\/it\/#\/schema\/logo\/image\/"},"sameAs":["https:\/\/www.facebook.com\/pages\/Sestogrado\/1542635979353017?ref=bookmarks","https:\/\/www.youtube.com\/channel\/UC847kAfTkaJsWpc1jtQwr3Q"],"hasMerchantReturnPolicy":{"@type":"MerchantReturnPolicy","merchantReturnLink":"https:\/\/www.sestogrado.it\/it\/termini-e-condizioni\/"}}]},"product_brand":"Opinel","product_price_amount":"12.90","product_price_currency":"EUR","og_availability":"out of stock","product_availability":"out of stock","product_condition":"new"},"_links":{"self":[{"href":"https:\/\/www.sestogrado.it\/it\/wp-json\/wp\/v2\/product\/94844","targetHints":{"allow":["GET"]}}],"collection":[{"href":"https:\/\/www.sestogrado.it\/it\/wp-json\/wp\/v2\/product"}],"about":[{"href":"https:\/\/www.sestogrado.it\/it\/wp-json\/wp\/v2\/types\/product"}],"replies":[{"embeddable":true,"href":"https:\/\/www.sestogrado.it\/it\/wp-json\/wp\/v2\/comments?post=94844"}],"wp:featuredmedia":[{"embeddable":true,"href":"https:\/\/www.sestogrado.it\/it\/wp-json\/wp\/v2\/media\/94863"}],"wp:attachment":[{"href":"https:\/\/www.sestogrado.it\/it\/wp-json\/wp\/v2\/media?parent=94844"}],"wp:term":[{"taxonomy":"product_brand","embeddable":true,"href":"https:\/\/www.sestogrado.it\/it\/wp-json\/wp\/v2\/product_brand?post=94844"},{"taxonomy":"product_cat","embeddable":true,"href":"https:\/\/www.sestogrado.it\/it\/wp-json\/wp\/v2\/product_cat?post=94844"},{"taxonomy":"product_tag","embeddable":true,"href":"https:\/\/www.sestogrado.it\/it\/wp-json\/wp\/v2\/product_tag?post=94844"}],"curies":[{"name":"wp","href":"https:\/\/api.w.org\/{rel}","templated":true}]}}