{"id":9140,"date":"2016-11-15T15:00:17","date_gmt":"2016-11-15T14:00:17","guid":{"rendered":"http:\/\/www.sestogrado.it\/prodotto\/emozioni-dolomitiche\/"},"modified":"2024-07-20T17:26:39","modified_gmt":"2024-07-20T15:26:39","slug":"idea-montagna-emozioni-dolomitiche","status":"publish","type":"product","link":"https:\/\/www.sestogrado.it\/it\/prodotto\/idea-montagna-emozioni-dolomitiche\/","title":{"rendered":"Idea Montagna Emozioni dolomitiche"},"content":{"rendered":"<div id=\"slidedescr\">\n<div id=\"slidedescr-dx\">\n<div class=\"scrollervertdescrlibro\">\n<p>Emozioni Dolomitiche racchiude\u00a052 relazioni di vie di media ed alta difficolt\u00e0 in: Gruppo di Brenta, Pale di San Martino, Catinaccio, Marmolada, Sassolungo, Sella, Odle-Puez, Dolomiti Ampezzane, Dolomiti di Sesto, Moiazza<\/p>\n<p>Presentare una guida al pubblico di appassionati di arrampicata in montagna (in contrapposizione a quello di arrampicata sportiva), e a maggior ragione ad un pubblico di possibili appassionati futuri, \u00e8 un compito difficile che per fortuna l&#8217;autore mi ha facilitato aprendo la sua esposizione con un&#8217;esauriente serie di avvertenze su come si deve affrontare l&#8217;alpinismo su roccia e di come si dovrebbe praticare in piena sicurezza.<br \/>\nDi solito ad una guida non si richiede questo: si d\u00e0 per scontato che tecnica e passione siano bagaglio consolidato del lettore (ma in tempi di bieco consumismo non si dice fruitore?) e quindi, dopo un rapido elenco delle abbreviazioni usate e delle scale di difficolt\u00e0, si passa direttamente alle descrizioni.<\/p>\n<p>In questa guida non \u00e8 cos\u00ec e tutta la sua costruzione, oltre ai minimi particolari, lo dimostrano. C&#8217;\u00e8 prima di tutto la preoccupazione di far amare queste montagne e questi percorsi, spesso poco noti. S&#8217;interpreta facilmente la precisione con cui gli itinerari sono descritti non tanto per una malintesa ed inutile pignoleria o per l&#8217;ansia di non dare adito a interpretazioni sbagliate: qui la precisione \u00e8 essenziale, \u00e8 chiarezza di ricordo e di suggerimento. Fa parte cio\u00e8 della struttura mentale dell&#8217;autore.<\/p>\n<p>In secondo luogo, le annotazioni emotive traducono le vere sensazioni che l&#8217;autore stesso ha provato ed in definitiva l&#8217;evidente amore che nutre per queste montagne che, non dimentichiamolo, anche se meno note e frequentate di altre, a quest&#8217;ultime non hanno proprio nulla da invidiare.<\/p>\n<p>Infine si nota il bel proposito, secondo me riuscito, d&#8217;inserire questi itinerari nel flusso della grande storia dell&#8217;alpinismo dolomitico, grazie alle annotazioni dei primi salitori o sulla prima ascensione. L&#8217;autore ha fatto la scelta di trattare un percorso come un figlio prediletto, del quale vorrebbe tutto il bene futuro possibile.<\/p>\n<p>Questa selezione &#8220;d&#8217;autore&#8221; porta con s\u00e9 il pericolo, gi\u00e0 osservato altrove e in precedenza, di pubblicizzare oltremodo angoli dolomitici che cos\u00ec qualcuno teme saranno &#8220;presi d&#8217;assalto&#8221;.<\/p>\n<p>Ma io non sono d&#8217;accordo. Credo che il vero pericolo per una valle ed una montagna siano lo &#8220;sviluppo&#8221; e lo sfruttamento turistico con impianti forzati, specie in questi anni di evidente saturazione del mercato invernale, allorquando i centri sciistici pi\u00f9 noti di tutte le Alpi si disputano i clienti a colpi di offerte e di &#8220;qualit\u00e0&#8221;.<\/p>\n<p>Oppure si potrebbe obiettare ancora che le guide a selezione traghettino il pericolo pi\u00f9 sottile e reale di creare un campionario di moda tra gli itinerari possibili e quindi favorire la mancanza di fantasia nelle &#8220;libere&#8221; scelte dell&#8217;arrampicatore. Questo \u00e8 un vecchio problema, nato a suo tempo con la pubblicazione delle collane di Walter Pause o delle &#8220;100 pi\u00f9 belle&#8221; di Gaston R\u00e9buffat. Il tempo che gli appassionati hanno a disposizione per la loro attivit\u00e0 preferita, l&#8217;arrampicata, \u00e8 sempre limitato dal lavoro, dalla famiglia, dal brutto tempo. Non preoccupiamoci se qualcuno cerca di abbreviare la strada facendosi consigliare. Purch\u00e9 i consigli, come in questo caso, siano dati bene e con cognizione di causa, soprattutto con amore.<\/p>\n<p>&nbsp;<\/p>\n<\/div>\n<p>Sfoglia il pdf:<\/p>\n<p>http:\/\/www.slideshare.net\/IdeaMontagna\/anteprima-emozionidolomitiche<\/p>\n<\/div>\n<\/div>\n","protected":false},"excerpt":{"rendered":"<p>Emozioni Dolomitiche racchiude\u00a052 relazioni di vie di media ed alta difficolt\u00e0 in: Gruppo di Brenta, Pale di San Martino, Catinaccio, [&hellip;]<\/p>\n","protected":false},"featured_media":106487,"comment_status":"open","ping_status":"closed","template":"","meta":{"_acf_changed":false},"product_brand":[331],"product_cat":[98],"product_tag":[],"class_list":{"0":"post-9140","1":"product","2":"type-product","3":"status-publish","4":"has-post-thumbnail","6":"product_brand-idea-montagna","7":"product_cat-libri","9":"first","10":"instock","11":"taxable","12":"shipping-taxable","13":"purchasable","14":"product-type-simple"},"acf":[],"yoast_head":"<!-- This site is optimized with the Yoast SEO plugin v26.4 - https:\/\/yoast.com\/wordpress\/plugins\/seo\/ -->\n<title>Idea Montagna Emozioni dolomitiche - Sestogrado<\/title>\n<meta name=\"description\" content=\"Gruppo di Brenta, Pale di San Martino, Catinaccio, Marmolada, Sassolungo, Sella, Odle-Puez, Dolomiti Ampezzane, Dolomiti di Sesto, Moiazza.\" \/>\n<meta name=\"robots\" content=\"index, follow, max-snippet:-1, max-image-preview:large, max-video-preview:-1\" \/>\n<link rel=\"canonical\" href=\"https:\/\/www.sestogrado.it\/it\/prodotto\/idea-montagna-emozioni-dolomitiche\/\" \/>\n<meta property=\"og:locale\" content=\"it_IT\" \/>\n<meta property=\"og:type\" content=\"article\" \/>\n<meta property=\"og:title\" content=\"Idea Montagna Emozioni dolomitiche - Sestogrado\" \/>\n<meta property=\"og:description\" content=\"Gruppo di Brenta, Pale di San Martino, Catinaccio, Marmolada, Sassolungo, Sella, Odle-Puez, Dolomiti Ampezzane, Dolomiti di Sesto, Moiazza.\" \/>\n<meta property=\"og:url\" content=\"https:\/\/www.sestogrado.it\/it\/prodotto\/idea-montagna-emozioni-dolomitiche\/\" \/>\n<meta property=\"og:site_name\" content=\"Sestogrado\" \/>\n<meta property=\"article:publisher\" content=\"https:\/\/www.facebook.com\/pages\/Sestogrado\/1542635979353017?ref=bookmarks\" \/>\n<meta property=\"article:modified_time\" content=\"2024-07-20T15:26:39+00:00\" \/>\n<meta property=\"og:image\" content=\"https:\/\/www.sestogrado.it\/wp-content\/uploads\/2021\/08\/Anteprima-Emozioni-dolomitiche-.jpg\" \/>\n\t<meta property=\"og:image:width\" content=\"1200\" \/>\n\t<meta property=\"og:image:height\" content=\"1200\" \/>\n\t<meta property=\"og:image:type\" content=\"image\/jpeg\" \/>\n<meta name=\"twitter:label1\" content=\"Prezzo\" \/>\n\t<meta name=\"twitter:data1\" content=\"&euro;&nbsp;22,00\" \/>\n\t<meta name=\"twitter:label2\" content=\"Disponibilit\u00e0\" \/>\n\t<meta name=\"twitter:data2\" content=\"In stock\" \/>\n<script type=\"application\/ld+json\" class=\"yoast-schema-graph\">{\"@context\":\"https:\/\/schema.org\",\"@graph\":[{\"@type\":\"WebPage\",\"@id\":\"https:\/\/www.sestogrado.it\/it\/prodotto\/idea-montagna-emozioni-dolomitiche\/\",\"url\":\"https:\/\/www.sestogrado.it\/it\/prodotto\/idea-montagna-emozioni-dolomitiche\/\",\"name\":\"Idea Montagna Emozioni dolomitiche - Sestogrado\",\"isPartOf\":{\"@id\":\"https:\/\/www.sestogrado.it\/it\/#website\"},\"primaryImageOfPage\":{\"@id\":\"https:\/\/www.sestogrado.it\/it\/prodotto\/idea-montagna-emozioni-dolomitiche\/#primaryimage\"},\"image\":{\"@id\":\"https:\/\/www.sestogrado.it\/prodotto\/idea-montagna-emozioni-dolomitiche\/#primaryimage\"},\"thumbnailUrl\":\"https:\/\/www.sestogrado.it\/wp-content\/uploads\/2021\/08\/Anteprima-Emozioni-dolomitiche-.jpg\",\"datePublished\":\"2016-11-15T14:00:17+00:00\",\"dateModified\":\"2024-07-20T15:26:39+00:00\",\"description\":\"Gruppo di Brenta, Pale di San Martino, Catinaccio, Marmolada, Sassolungo, Sella, Odle-Puez, Dolomiti Ampezzane, Dolomiti di Sesto, Moiazza.\",\"breadcrumb\":{\"@id\":\"https:\/\/www.sestogrado.it\/it\/prodotto\/idea-montagna-emozioni-dolomitiche\/#breadcrumb\"},\"inLanguage\":\"it-IT\",\"potentialAction\":[{\"@type\":\"ReadAction\",\"target\":[[\"https:\/\/www.sestogrado.it\/it\/prodotto\/idea-montagna-emozioni-dolomitiche\/\"]]}]},{\"@type\":\"ImageObject\",\"inLanguage\":\"it-IT\",\"@id\":\"https:\/\/www.sestogrado.it\/it\/prodotto\/idea-montagna-emozioni-dolomitiche\/#primaryimage\",\"url\":\"https:\/\/www.sestogrado.it\/wp-content\/uploads\/2021\/08\/Anteprima-Emozioni-dolomitiche-.jpg\",\"contentUrl\":\"https:\/\/www.sestogrado.it\/wp-content\/uploads\/2021\/08\/Anteprima-Emozioni-dolomitiche-.jpg\",\"width\":1200,\"height\":1200,\"caption\":\"idea montagna emozioni dolomitiche\"},{\"@type\":\"BreadcrumbList\",\"@id\":\"https:\/\/www.sestogrado.it\/it\/prodotto\/idea-montagna-emozioni-dolomitiche\/#breadcrumb\",\"itemListElement\":[{\"@type\":\"ListItem\",\"position\":1,\"name\":\"Home\",\"item\":\"https:\/\/www.sestogrado.it\/it\/\"},{\"@type\":\"ListItem\",\"position\":2,\"name\":\"Shop\",\"item\":\"https:\/\/www.sestogrado.it\/it\/shop\/\"},{\"@type\":\"ListItem\",\"position\":3,\"name\":\"Idea Montagna Emozioni dolomitiche\"}]},{\"@type\":\"WebSite\",\"@id\":\"https:\/\/www.sestogrado.it\/it\/#website\",\"url\":\"https:\/\/www.sestogrado.it\/it\/\",\"name\":\"Sestogrado\",\"description\":\"yes we climb\",\"publisher\":{\"@id\":\"https:\/\/www.sestogrado.it\/it\/#organization\"},\"potentialAction\":[{\"@type\":\"SearchAction\",\"target\":{\"@type\":\"EntryPoint\",\"urlTemplate\":\"https:\/\/www.sestogrado.it\/it\/?s={search_term_string}\"},\"query-input\":{\"@type\":\"PropertyValueSpecification\",\"valueRequired\":true,\"valueName\":\"search_term_string\"}}],\"inLanguage\":\"it-IT\"},{\"@type\":\"Organization\",\"@id\":\"https:\/\/www.sestogrado.it\/it\/#organization\",\"name\":\"Sestogrado\",\"url\":\"https:\/\/www.sestogrado.it\/it\/\",\"logo\":{\"@type\":\"ImageObject\",\"inLanguage\":\"it-IT\",\"@id\":\"https:\/\/www.sestogrado.it\/it\/#\/schema\/logo\/image\/\",\"url\":\"https:\/\/www.sestogrado.it\/wp-content\/uploads\/2015\/03\/sestogrado-favicon.png\",\"contentUrl\":\"https:\/\/www.sestogrado.it\/wp-content\/uploads\/2015\/03\/sestogrado-favicon.png\",\"width\":260,\"height\":260,\"caption\":\"Sestogrado\"},\"image\":{\"@id\":\"https:\/\/www.sestogrado.it\/it\/#\/schema\/logo\/image\/\"},\"sameAs\":[\"https:\/\/www.facebook.com\/pages\/Sestogrado\/1542635979353017?ref=bookmarks\",\"https:\/\/www.youtube.com\/channel\/UC847kAfTkaJsWpc1jtQwr3Q\"],\"hasMerchantReturnPolicy\":{\"@type\":\"MerchantReturnPolicy\",\"merchantReturnLink\":\"https:\/\/www.sestogrado.it\/it\/termini-e-condizioni\/\"}}]}<\/script>\n<meta property=\"product:brand\" content=\"Idea Montagna\" \/>\n<meta property=\"product:price:amount\" content=\"22.00\" \/>\n<meta property=\"product:price:currency\" content=\"EUR\" \/>\n<meta property=\"og:availability\" content=\"instock\" \/>\n<meta property=\"product:availability\" content=\"instock\" \/>\n<meta property=\"product:condition\" content=\"new\" \/>\n<!-- \/ Yoast SEO plugin. -->","yoast_head_json":{"title":"Idea Montagna Emozioni dolomitiche - Sestogrado","description":"Gruppo di Brenta, Pale di San Martino, Catinaccio, Marmolada, Sassolungo, Sella, Odle-Puez, Dolomiti Ampezzane, Dolomiti di Sesto, Moiazza.","robots":{"index":"index","follow":"follow","max-snippet":"max-snippet:-1","max-image-preview":"max-image-preview:large","max-video-preview":"max-video-preview:-1"},"canonical":"https:\/\/www.sestogrado.it\/it\/prodotto\/idea-montagna-emozioni-dolomitiche\/","og_locale":"it_IT","og_type":"article","og_title":"Idea Montagna Emozioni dolomitiche - Sestogrado","og_description":"Gruppo di Brenta, Pale di San Martino, Catinaccio, Marmolada, Sassolungo, Sella, Odle-Puez, Dolomiti Ampezzane, Dolomiti di Sesto, Moiazza.","og_url":"https:\/\/www.sestogrado.it\/it\/prodotto\/idea-montagna-emozioni-dolomitiche\/","og_site_name":"Sestogrado","article_publisher":"https:\/\/www.facebook.com\/pages\/Sestogrado\/1542635979353017?ref=bookmarks","article_modified_time":"2024-07-20T15:26:39+00:00","og_image":[{"width":1200,"height":1200,"url":"https:\/\/www.sestogrado.it\/wp-content\/uploads\/2021\/08\/Anteprima-Emozioni-dolomitiche-.jpg","type":"image\/jpeg"}],"twitter_misc":{"Prezzo":"&euro;&nbsp;22,00","Disponibilit\u00e0":"In stock"},"schema":{"@context":"https:\/\/schema.org","@graph":[{"@type":"WebPage","@id":"https:\/\/www.sestogrado.it\/it\/prodotto\/idea-montagna-emozioni-dolomitiche\/","url":"https:\/\/www.sestogrado.it\/it\/prodotto\/idea-montagna-emozioni-dolomitiche\/","name":"Idea Montagna Emozioni dolomitiche - Sestogrado","isPartOf":{"@id":"https:\/\/www.sestogrado.it\/it\/#website"},"primaryImageOfPage":{"@id":"https:\/\/www.sestogrado.it\/it\/prodotto\/idea-montagna-emozioni-dolomitiche\/#primaryimage"},"image":{"@id":"https:\/\/www.sestogrado.it\/prodotto\/idea-montagna-emozioni-dolomitiche\/#primaryimage"},"thumbnailUrl":"https:\/\/www.sestogrado.it\/wp-content\/uploads\/2021\/08\/Anteprima-Emozioni-dolomitiche-.jpg","datePublished":"2016-11-15T14:00:17+00:00","dateModified":"2024-07-20T15:26:39+00:00","description":"Gruppo di Brenta, Pale di San Martino, Catinaccio, Marmolada, Sassolungo, Sella, Odle-Puez, Dolomiti Ampezzane, Dolomiti di Sesto, Moiazza.","breadcrumb":{"@id":"https:\/\/www.sestogrado.it\/it\/prodotto\/idea-montagna-emozioni-dolomitiche\/#breadcrumb"},"inLanguage":"it-IT","potentialAction":[{"@type":"ReadAction","target":[["https:\/\/www.sestogrado.it\/it\/prodotto\/idea-montagna-emozioni-dolomitiche\/"]]}]},{"@type":"ImageObject","inLanguage":"it-IT","@id":"https:\/\/www.sestogrado.it\/it\/prodotto\/idea-montagna-emozioni-dolomitiche\/#primaryimage","url":"https:\/\/www.sestogrado.it\/wp-content\/uploads\/2021\/08\/Anteprima-Emozioni-dolomitiche-.jpg","contentUrl":"https:\/\/www.sestogrado.it\/wp-content\/uploads\/2021\/08\/Anteprima-Emozioni-dolomitiche-.jpg","width":1200,"height":1200,"caption":"idea montagna emozioni dolomitiche"},{"@type":"BreadcrumbList","@id":"https:\/\/www.sestogrado.it\/it\/prodotto\/idea-montagna-emozioni-dolomitiche\/#breadcrumb","itemListElement":[{"@type":"ListItem","position":1,"name":"Home","item":"https:\/\/www.sestogrado.it\/it\/"},{"@type":"ListItem","position":2,"name":"Shop","item":"https:\/\/www.sestogrado.it\/it\/shop\/"},{"@type":"ListItem","position":3,"name":"Idea Montagna Emozioni dolomitiche"}]},{"@type":"WebSite","@id":"https:\/\/www.sestogrado.it\/it\/#website","url":"https:\/\/www.sestogrado.it\/it\/","name":"Sestogrado","description":"yes we climb","publisher":{"@id":"https:\/\/www.sestogrado.it\/it\/#organization"},"potentialAction":[{"@type":"SearchAction","target":{"@type":"EntryPoint","urlTemplate":"https:\/\/www.sestogrado.it\/it\/?s={search_term_string}"},"query-input":{"@type":"PropertyValueSpecification","valueRequired":true,"valueName":"search_term_string"}}],"inLanguage":"it-IT"},{"@type":"Organization","@id":"https:\/\/www.sestogrado.it\/it\/#organization","name":"Sestogrado","url":"https:\/\/www.sestogrado.it\/it\/","logo":{"@type":"ImageObject","inLanguage":"it-IT","@id":"https:\/\/www.sestogrado.it\/it\/#\/schema\/logo\/image\/","url":"https:\/\/www.sestogrado.it\/wp-content\/uploads\/2015\/03\/sestogrado-favicon.png","contentUrl":"https:\/\/www.sestogrado.it\/wp-content\/uploads\/2015\/03\/sestogrado-favicon.png","width":260,"height":260,"caption":"Sestogrado"},"image":{"@id":"https:\/\/www.sestogrado.it\/it\/#\/schema\/logo\/image\/"},"sameAs":["https:\/\/www.facebook.com\/pages\/Sestogrado\/1542635979353017?ref=bookmarks","https:\/\/www.youtube.com\/channel\/UC847kAfTkaJsWpc1jtQwr3Q"],"hasMerchantReturnPolicy":{"@type":"MerchantReturnPolicy","merchantReturnLink":"https:\/\/www.sestogrado.it\/it\/termini-e-condizioni\/"}}]},"product_brand":"Idea Montagna","product_price_amount":"22.00","product_price_currency":"EUR","og_availability":"instock","product_availability":"instock","product_condition":"new"},"_links":{"self":[{"href":"https:\/\/www.sestogrado.it\/it\/wp-json\/wp\/v2\/product\/9140","targetHints":{"allow":["GET"]}}],"collection":[{"href":"https:\/\/www.sestogrado.it\/it\/wp-json\/wp\/v2\/product"}],"about":[{"href":"https:\/\/www.sestogrado.it\/it\/wp-json\/wp\/v2\/types\/product"}],"replies":[{"embeddable":true,"href":"https:\/\/www.sestogrado.it\/it\/wp-json\/wp\/v2\/comments?post=9140"}],"wp:featuredmedia":[{"embeddable":true,"href":"https:\/\/www.sestogrado.it\/it\/wp-json\/wp\/v2\/media\/106487"}],"wp:attachment":[{"href":"https:\/\/www.sestogrado.it\/it\/wp-json\/wp\/v2\/media?parent=9140"}],"wp:term":[{"taxonomy":"product_brand","embeddable":true,"href":"https:\/\/www.sestogrado.it\/it\/wp-json\/wp\/v2\/product_brand?post=9140"},{"taxonomy":"product_cat","embeddable":true,"href":"https:\/\/www.sestogrado.it\/it\/wp-json\/wp\/v2\/product_cat?post=9140"},{"taxonomy":"product_tag","embeddable":true,"href":"https:\/\/www.sestogrado.it\/it\/wp-json\/wp\/v2\/product_tag?post=9140"}],"curies":[{"name":"wp","href":"https:\/\/api.w.org\/{rel}","templated":true}]}}