{"id":51021,"date":"2021-02-05T10:54:02","date_gmt":"2021-02-05T09:54:02","guid":{"rendered":"https:\/\/www.sestogrado.it\/?post_type=product&#038;p=51021"},"modified":"2025-09-12T12:24:21","modified_gmt":"2025-09-12T10:24:21","slug":"idea-montagna-monte-rosa-vie-normali","status":"publish","type":"product","link":"https:\/\/www.sestogrado.it\/it\/prodotto\/idea-montagna-monte-rosa-vie-normali\/","title":{"rendered":"Idea Montagna Monte Rosa vie normali"},"content":{"rendered":"<p>Idea Montagna Monte Rosa prende in esame tutte le vette quotate e indicate come tali nella cartografia ufficiale della Regione Autonoma Valle d\u2019Aosta, che ricadono come accesso dalla Val d\u2019Ayas e dalla Valle di Gressoney (o Valle del Lys), per un totale di 190 cime.<br \/>\nNon \u00e8 stata tralasciata alcuna cima e tutte le vie di salita sono state salite personalmente dagli autori. Alcune montagne presentano vie logiche di salita da pi\u00f9 di un versante e da vallate differenti ma si sono selezionate in questo caso le vie tecnicamente pi\u00f9 facili e con il percorso pi\u00f9 logico, con il minore dislivello, con un avvicinamento pi\u00f9 agevole e con una durata pi\u00f9 breve. Alcuni itinerari permettono di concatenare e abbinare la salita a pi\u00f9 di una cima. Sono comunque indicate, nelle rispettive voci, eventuali varianti e altre possibilit\u00e0 di salita alla stessa cima.<\/p>\n<ul>\n<li>Autore: Andrea Greci, Federico Rossetti<\/li>\n<li>Collana: Vienormali<\/li>\n<li>Formato: 15&#215;21 cm<\/li>\n<li>Pagine: 544<\/li>\n<li>Data pubblicazione: 03\/07\/2020<\/li>\n<li>ISBN: 978-88-85468-80-1<\/li>\n<li>Peso: 935 gr<\/li>\n<\/ul>\n<p><\/p>","protected":false},"excerpt":{"rendered":"<p>Idea Montagna Monte Rosa prende in esame tutte le vette quotate e indicate come tali nella cartografia ufficiale della Regione [&hellip;]<\/p>\n","protected":false},"featured_media":106501,"comment_status":"open","ping_status":"closed","template":"","meta":{"_acf_changed":false},"product_brand":[331],"product_cat":[98],"product_tag":[],"class_list":{"0":"post-51021","1":"product","2":"type-product","3":"status-publish","4":"has-post-thumbnail","6":"product_brand-idea-montagna","7":"product_cat-libri","9":"first","10":"outofstock","11":"taxable","12":"shipping-taxable","13":"purchasable","14":"product-type-simple"},"acf":[],"yoast_head":"<!-- This site is optimized with the Yoast SEO plugin v26.4 - https:\/\/yoast.com\/wordpress\/plugins\/seo\/ -->\n<title>Idea Montagna Monte Rosa vie normali - Sestogrado<\/title>\n<meta name=\"description\" content=\"Idea Montagna Monte Rosa prende in esame tutte le vette quotate e indicate come tali nella cartografia ufficiale della Regione Autonoma Valle d\u2019Aosta, che ricadono come accesso dalla Val d\u2019Ayas e dalla Valle di Gressoney (o Valle del Lys), per un totale di 190 cime.Non \u00e8 stata tralasciata alcuna cima e tutte le vie di salita sono state salite personalmente dagli autori. Alcune montagne presentano vie logiche di salita da pi\u00f9 di un versante e da vallate differenti ma si sono selezionate in questo caso le vie tecnicamente pi\u00f9 facili e con il percorso pi\u00f9 logico, con il minore dislivello, con un avvicinamento pi\u00f9 agevole e con una durata pi\u00f9 breve. Alcuni itinerari permettono di concatenare e abbinare la salita a pi\u00f9 di una cima. Sono comunque indicate, nelle rispettive voci, eventuali varianti e altre possibilit\u00e0 di salita alla stessa cima.\" \/>\n<meta name=\"robots\" content=\"index, follow, max-snippet:-1, max-image-preview:large, max-video-preview:-1\" \/>\n<link rel=\"canonical\" href=\"https:\/\/www.sestogrado.it\/it\/prodotto\/idea-montagna-monte-rosa-vie-normali\/\" \/>\n<meta property=\"og:locale\" content=\"it_IT\" \/>\n<meta property=\"og:type\" content=\"article\" \/>\n<meta property=\"og:title\" content=\"Idea Montagna Monte Rosa vie normali - Sestogrado\" \/>\n<meta property=\"og:description\" content=\"Idea Montagna Monte Rosa prende in esame tutte le vette quotate e indicate come tali nella cartografia ufficiale della Regione Autonoma Valle d\u2019Aosta, che ricadono come accesso dalla Val d\u2019Ayas e dalla Valle di Gressoney (o Valle del Lys), per un totale di 190 cime.Non \u00e8 stata tralasciata alcuna cima e tutte le vie di salita sono state salite personalmente dagli autori. Alcune montagne presentano vie logiche di salita da pi\u00f9 di un versante e da vallate differenti ma si sono selezionate in questo caso le vie tecnicamente pi\u00f9 facili e con il percorso pi\u00f9 logico, con il minore dislivello, con un avvicinamento pi\u00f9 agevole e con una durata pi\u00f9 breve. Alcuni itinerari permettono di concatenare e abbinare la salita a pi\u00f9 di una cima. Sono comunque indicate, nelle rispettive voci, eventuali varianti e altre possibilit\u00e0 di salita alla stessa cima.\" \/>\n<meta property=\"og:url\" content=\"https:\/\/www.sestogrado.it\/it\/prodotto\/idea-montagna-monte-rosa-vie-normali\/\" \/>\n<meta property=\"og:site_name\" content=\"Sestogrado\" \/>\n<meta property=\"article:publisher\" content=\"https:\/\/www.facebook.com\/pages\/Sestogrado\/1542635979353017?ref=bookmarks\" \/>\n<meta property=\"article:modified_time\" content=\"2025-09-12T10:24:21+00:00\" \/>\n<meta property=\"og:image\" content=\"https:\/\/www.sestogrado.it\/wp-content\/uploads\/2021\/08\/Monte-Rosa-Val-Ayas-Valle-Gressoney.jpg\" \/>\n\t<meta property=\"og:image:width\" content=\"1400\" \/>\n\t<meta property=\"og:image:height\" content=\"1400\" \/>\n\t<meta property=\"og:image:type\" content=\"image\/jpeg\" \/>\n<meta name=\"twitter:label1\" content=\"Prezzo\" \/>\n\t<meta name=\"twitter:data1\" content=\"&euro;&nbsp;35,00\" \/>\n\t<meta name=\"twitter:label2\" content=\"Disponibilit\u00e0\" \/>\n\t<meta name=\"twitter:data2\" content=\"Esaurito\" \/>\n<script type=\"application\/ld+json\" class=\"yoast-schema-graph\">{\"@context\":\"https:\/\/schema.org\",\"@graph\":[{\"@type\":\"WebPage\",\"@id\":\"https:\/\/www.sestogrado.it\/it\/prodotto\/idea-montagna-monte-rosa-vie-normali\/\",\"url\":\"https:\/\/www.sestogrado.it\/it\/prodotto\/idea-montagna-monte-rosa-vie-normali\/\",\"name\":\"Idea Montagna Monte Rosa vie normali - Sestogrado\",\"isPartOf\":{\"@id\":\"https:\/\/www.sestogrado.it\/it\/#website\"},\"primaryImageOfPage\":{\"@id\":\"https:\/\/www.sestogrado.it\/it\/prodotto\/idea-montagna-monte-rosa-vie-normali\/#primaryimage\"},\"image\":{\"@id\":\"https:\/\/www.sestogrado.it\/prodotto\/idea-montagna-monte-rosa-vie-normali\/#primaryimage\"},\"thumbnailUrl\":\"https:\/\/www.sestogrado.it\/wp-content\/uploads\/2021\/08\/Monte-Rosa-Val-Ayas-Valle-Gressoney.jpg\",\"datePublished\":\"2021-02-05T09:54:02+00:00\",\"dateModified\":\"2025-09-12T10:24:21+00:00\",\"description\":\"Idea Montagna Monte Rosa prende in esame tutte le vette quotate e indicate come tali nella cartografia ufficiale della Regione Autonoma Valle d\u2019Aosta, che ricadono come accesso dalla Val d\u2019Ayas e dalla Valle di Gressoney (o Valle del Lys), per un totale di 190 cime.Non \u00e8 stata tralasciata alcuna cima e tutte le vie di salita sono state salite personalmente dagli autori. Alcune montagne presentano vie logiche di salita da pi\u00f9 di un versante e da vallate differenti ma si sono selezionate in questo caso le vie tecnicamente pi\u00f9 facili e con il percorso pi\u00f9 logico, con il minore dislivello, con un avvicinamento pi\u00f9 agevole e con una durata pi\u00f9 breve. Alcuni itinerari permettono di concatenare e abbinare la salita a pi\u00f9 di una cima. Sono comunque indicate, nelle rispettive voci, eventuali varianti e altre possibilit\u00e0 di salita alla stessa cima.\",\"breadcrumb\":{\"@id\":\"https:\/\/www.sestogrado.it\/it\/prodotto\/idea-montagna-monte-rosa-vie-normali\/#breadcrumb\"},\"inLanguage\":\"it-IT\",\"potentialAction\":[{\"@type\":\"ReadAction\",\"target\":[[\"https:\/\/www.sestogrado.it\/it\/prodotto\/idea-montagna-monte-rosa-vie-normali\/\"]]}]},{\"@type\":\"ImageObject\",\"inLanguage\":\"it-IT\",\"@id\":\"https:\/\/www.sestogrado.it\/it\/prodotto\/idea-montagna-monte-rosa-vie-normali\/#primaryimage\",\"url\":\"https:\/\/www.sestogrado.it\/wp-content\/uploads\/2021\/08\/Monte-Rosa-Val-Ayas-Valle-Gressoney.jpg\",\"contentUrl\":\"https:\/\/www.sestogrado.it\/wp-content\/uploads\/2021\/08\/Monte-Rosa-Val-Ayas-Valle-Gressoney.jpg\",\"width\":1400,\"height\":1400,\"caption\":\"idea montagna monte rosa\"},{\"@type\":\"BreadcrumbList\",\"@id\":\"https:\/\/www.sestogrado.it\/it\/prodotto\/idea-montagna-monte-rosa-vie-normali\/#breadcrumb\",\"itemListElement\":[{\"@type\":\"ListItem\",\"position\":1,\"name\":\"Home\",\"item\":\"https:\/\/www.sestogrado.it\/it\/\"},{\"@type\":\"ListItem\",\"position\":2,\"name\":\"Shop\",\"item\":\"https:\/\/www.sestogrado.it\/it\/shop\/\"},{\"@type\":\"ListItem\",\"position\":3,\"name\":\"Idea Montagna Monte Rosa vie normali\"}]},{\"@type\":\"WebSite\",\"@id\":\"https:\/\/www.sestogrado.it\/it\/#website\",\"url\":\"https:\/\/www.sestogrado.it\/it\/\",\"name\":\"Sestogrado\",\"description\":\"yes we climb\",\"publisher\":{\"@id\":\"https:\/\/www.sestogrado.it\/it\/#organization\"},\"potentialAction\":[{\"@type\":\"SearchAction\",\"target\":{\"@type\":\"EntryPoint\",\"urlTemplate\":\"https:\/\/www.sestogrado.it\/it\/?s={search_term_string}\"},\"query-input\":{\"@type\":\"PropertyValueSpecification\",\"valueRequired\":true,\"valueName\":\"search_term_string\"}}],\"inLanguage\":\"it-IT\"},{\"@type\":\"Organization\",\"@id\":\"https:\/\/www.sestogrado.it\/it\/#organization\",\"name\":\"Sestogrado\",\"url\":\"https:\/\/www.sestogrado.it\/it\/\",\"logo\":{\"@type\":\"ImageObject\",\"inLanguage\":\"it-IT\",\"@id\":\"https:\/\/www.sestogrado.it\/it\/#\/schema\/logo\/image\/\",\"url\":\"https:\/\/www.sestogrado.it\/wp-content\/uploads\/2015\/03\/sestogrado-favicon.png\",\"contentUrl\":\"https:\/\/www.sestogrado.it\/wp-content\/uploads\/2015\/03\/sestogrado-favicon.png\",\"width\":260,\"height\":260,\"caption\":\"Sestogrado\"},\"image\":{\"@id\":\"https:\/\/www.sestogrado.it\/it\/#\/schema\/logo\/image\/\"},\"sameAs\":[\"https:\/\/www.facebook.com\/pages\/Sestogrado\/1542635979353017?ref=bookmarks\",\"https:\/\/www.youtube.com\/channel\/UC847kAfTkaJsWpc1jtQwr3Q\"],\"hasMerchantReturnPolicy\":{\"@type\":\"MerchantReturnPolicy\",\"merchantReturnLink\":\"https:\/\/www.sestogrado.it\/it\/termini-e-condizioni\/\"}}]}<\/script>\n<meta property=\"product:brand\" content=\"Idea Montagna\" \/>\n<meta property=\"product:price:amount\" content=\"35.00\" \/>\n<meta property=\"product:price:currency\" content=\"EUR\" \/>\n<meta property=\"og:availability\" content=\"out of stock\" \/>\n<meta property=\"product:availability\" content=\"out of stock\" \/>\n<meta property=\"product:condition\" content=\"new\" \/>\n<!-- \/ Yoast SEO plugin. -->","yoast_head_json":{"title":"Idea Montagna Monte Rosa vie normali - Sestogrado","description":"Idea Montagna Monte Rosa prende in esame tutte le vette quotate e indicate come tali nella cartografia ufficiale della Regione Autonoma Valle d\u2019Aosta, che ricadono come accesso dalla Val d\u2019Ayas e dalla Valle di Gressoney (o Valle del Lys), per un totale di 190 cime.Non \u00e8 stata tralasciata alcuna cima e tutte le vie di salita sono state salite personalmente dagli autori. Alcune montagne presentano vie logiche di salita da pi\u00f9 di un versante e da vallate differenti ma si sono selezionate in questo caso le vie tecnicamente pi\u00f9 facili e con il percorso pi\u00f9 logico, con il minore dislivello, con un avvicinamento pi\u00f9 agevole e con una durata pi\u00f9 breve. Alcuni itinerari permettono di concatenare e abbinare la salita a pi\u00f9 di una cima. Sono comunque indicate, nelle rispettive voci, eventuali varianti e altre possibilit\u00e0 di salita alla stessa cima.","robots":{"index":"index","follow":"follow","max-snippet":"max-snippet:-1","max-image-preview":"max-image-preview:large","max-video-preview":"max-video-preview:-1"},"canonical":"https:\/\/www.sestogrado.it\/it\/prodotto\/idea-montagna-monte-rosa-vie-normali\/","og_locale":"it_IT","og_type":"article","og_title":"Idea Montagna Monte Rosa vie normali - Sestogrado","og_description":"Idea Montagna Monte Rosa prende in esame tutte le vette quotate e indicate come tali nella cartografia ufficiale della Regione Autonoma Valle d\u2019Aosta, che ricadono come accesso dalla Val d\u2019Ayas e dalla Valle di Gressoney (o Valle del Lys), per un totale di 190 cime.Non \u00e8 stata tralasciata alcuna cima e tutte le vie di salita sono state salite personalmente dagli autori. Alcune montagne presentano vie logiche di salita da pi\u00f9 di un versante e da vallate differenti ma si sono selezionate in questo caso le vie tecnicamente pi\u00f9 facili e con il percorso pi\u00f9 logico, con il minore dislivello, con un avvicinamento pi\u00f9 agevole e con una durata pi\u00f9 breve. Alcuni itinerari permettono di concatenare e abbinare la salita a pi\u00f9 di una cima. Sono comunque indicate, nelle rispettive voci, eventuali varianti e altre possibilit\u00e0 di salita alla stessa cima.","og_url":"https:\/\/www.sestogrado.it\/it\/prodotto\/idea-montagna-monte-rosa-vie-normali\/","og_site_name":"Sestogrado","article_publisher":"https:\/\/www.facebook.com\/pages\/Sestogrado\/1542635979353017?ref=bookmarks","article_modified_time":"2025-09-12T10:24:21+00:00","og_image":[{"width":1400,"height":1400,"url":"https:\/\/www.sestogrado.it\/wp-content\/uploads\/2021\/08\/Monte-Rosa-Val-Ayas-Valle-Gressoney.jpg","type":"image\/jpeg"}],"twitter_misc":{"Prezzo":"&euro;&nbsp;35,00","Disponibilit\u00e0":"Esaurito"},"schema":{"@context":"https:\/\/schema.org","@graph":[{"@type":"WebPage","@id":"https:\/\/www.sestogrado.it\/it\/prodotto\/idea-montagna-monte-rosa-vie-normali\/","url":"https:\/\/www.sestogrado.it\/it\/prodotto\/idea-montagna-monte-rosa-vie-normali\/","name":"Idea Montagna Monte Rosa vie normali - Sestogrado","isPartOf":{"@id":"https:\/\/www.sestogrado.it\/it\/#website"},"primaryImageOfPage":{"@id":"https:\/\/www.sestogrado.it\/it\/prodotto\/idea-montagna-monte-rosa-vie-normali\/#primaryimage"},"image":{"@id":"https:\/\/www.sestogrado.it\/prodotto\/idea-montagna-monte-rosa-vie-normali\/#primaryimage"},"thumbnailUrl":"https:\/\/www.sestogrado.it\/wp-content\/uploads\/2021\/08\/Monte-Rosa-Val-Ayas-Valle-Gressoney.jpg","datePublished":"2021-02-05T09:54:02+00:00","dateModified":"2025-09-12T10:24:21+00:00","description":"Idea Montagna Monte Rosa prende in esame tutte le vette quotate e indicate come tali nella cartografia ufficiale della Regione Autonoma Valle d\u2019Aosta, che ricadono come accesso dalla Val d\u2019Ayas e dalla Valle di Gressoney (o Valle del Lys), per un totale di 190 cime.Non \u00e8 stata tralasciata alcuna cima e tutte le vie di salita sono state salite personalmente dagli autori. Alcune montagne presentano vie logiche di salita da pi\u00f9 di un versante e da vallate differenti ma si sono selezionate in questo caso le vie tecnicamente pi\u00f9 facili e con il percorso pi\u00f9 logico, con il minore dislivello, con un avvicinamento pi\u00f9 agevole e con una durata pi\u00f9 breve. Alcuni itinerari permettono di concatenare e abbinare la salita a pi\u00f9 di una cima. Sono comunque indicate, nelle rispettive voci, eventuali varianti e altre possibilit\u00e0 di salita alla stessa cima.","breadcrumb":{"@id":"https:\/\/www.sestogrado.it\/it\/prodotto\/idea-montagna-monte-rosa-vie-normali\/#breadcrumb"},"inLanguage":"it-IT","potentialAction":[{"@type":"ReadAction","target":[["https:\/\/www.sestogrado.it\/it\/prodotto\/idea-montagna-monte-rosa-vie-normali\/"]]}]},{"@type":"ImageObject","inLanguage":"it-IT","@id":"https:\/\/www.sestogrado.it\/it\/prodotto\/idea-montagna-monte-rosa-vie-normali\/#primaryimage","url":"https:\/\/www.sestogrado.it\/wp-content\/uploads\/2021\/08\/Monte-Rosa-Val-Ayas-Valle-Gressoney.jpg","contentUrl":"https:\/\/www.sestogrado.it\/wp-content\/uploads\/2021\/08\/Monte-Rosa-Val-Ayas-Valle-Gressoney.jpg","width":1400,"height":1400,"caption":"idea montagna monte rosa"},{"@type":"BreadcrumbList","@id":"https:\/\/www.sestogrado.it\/it\/prodotto\/idea-montagna-monte-rosa-vie-normali\/#breadcrumb","itemListElement":[{"@type":"ListItem","position":1,"name":"Home","item":"https:\/\/www.sestogrado.it\/it\/"},{"@type":"ListItem","position":2,"name":"Shop","item":"https:\/\/www.sestogrado.it\/it\/shop\/"},{"@type":"ListItem","position":3,"name":"Idea Montagna Monte Rosa vie normali"}]},{"@type":"WebSite","@id":"https:\/\/www.sestogrado.it\/it\/#website","url":"https:\/\/www.sestogrado.it\/it\/","name":"Sestogrado","description":"yes we climb","publisher":{"@id":"https:\/\/www.sestogrado.it\/it\/#organization"},"potentialAction":[{"@type":"SearchAction","target":{"@type":"EntryPoint","urlTemplate":"https:\/\/www.sestogrado.it\/it\/?s={search_term_string}"},"query-input":{"@type":"PropertyValueSpecification","valueRequired":true,"valueName":"search_term_string"}}],"inLanguage":"it-IT"},{"@type":"Organization","@id":"https:\/\/www.sestogrado.it\/it\/#organization","name":"Sestogrado","url":"https:\/\/www.sestogrado.it\/it\/","logo":{"@type":"ImageObject","inLanguage":"it-IT","@id":"https:\/\/www.sestogrado.it\/it\/#\/schema\/logo\/image\/","url":"https:\/\/www.sestogrado.it\/wp-content\/uploads\/2015\/03\/sestogrado-favicon.png","contentUrl":"https:\/\/www.sestogrado.it\/wp-content\/uploads\/2015\/03\/sestogrado-favicon.png","width":260,"height":260,"caption":"Sestogrado"},"image":{"@id":"https:\/\/www.sestogrado.it\/it\/#\/schema\/logo\/image\/"},"sameAs":["https:\/\/www.facebook.com\/pages\/Sestogrado\/1542635979353017?ref=bookmarks","https:\/\/www.youtube.com\/channel\/UC847kAfTkaJsWpc1jtQwr3Q"],"hasMerchantReturnPolicy":{"@type":"MerchantReturnPolicy","merchantReturnLink":"https:\/\/www.sestogrado.it\/it\/termini-e-condizioni\/"}}]},"product_brand":"Idea Montagna","product_price_amount":"35.00","product_price_currency":"EUR","og_availability":"out of stock","product_availability":"out of stock","product_condition":"new"},"_links":{"self":[{"href":"https:\/\/www.sestogrado.it\/it\/wp-json\/wp\/v2\/product\/51021","targetHints":{"allow":["GET"]}}],"collection":[{"href":"https:\/\/www.sestogrado.it\/it\/wp-json\/wp\/v2\/product"}],"about":[{"href":"https:\/\/www.sestogrado.it\/it\/wp-json\/wp\/v2\/types\/product"}],"replies":[{"embeddable":true,"href":"https:\/\/www.sestogrado.it\/it\/wp-json\/wp\/v2\/comments?post=51021"}],"wp:featuredmedia":[{"embeddable":true,"href":"https:\/\/www.sestogrado.it\/it\/wp-json\/wp\/v2\/media\/106501"}],"wp:attachment":[{"href":"https:\/\/www.sestogrado.it\/it\/wp-json\/wp\/v2\/media?parent=51021"}],"wp:term":[{"taxonomy":"product_brand","embeddable":true,"href":"https:\/\/www.sestogrado.it\/it\/wp-json\/wp\/v2\/product_brand?post=51021"},{"taxonomy":"product_cat","embeddable":true,"href":"https:\/\/www.sestogrado.it\/it\/wp-json\/wp\/v2\/product_cat?post=51021"},{"taxonomy":"product_tag","embeddable":true,"href":"https:\/\/www.sestogrado.it\/it\/wp-json\/wp\/v2\/product_tag?post=51021"}],"curies":[{"name":"wp","href":"https:\/\/api.w.org\/{rel}","templated":true}]}}