{"id":2632,"date":"2025-07-01T09:07:37","date_gmt":"2025-07-01T07:07:37","guid":{"rendered":"http:\/\/www.sestogrado.it\/?post_type=product&#038;p=2632"},"modified":"2025-10-03T10:38:16","modified_gmt":"2025-10-03T08:38:16","slug":"valle-dellorco","status":"publish","type":"product","link":"https:\/\/www.sestogrado.it\/it\/prodotto\/valle-dellorco\/","title":{"rendered":"Valle dell&#8217;Orco e Val Soana"},"content":{"rendered":"<p>Questa guida \u00e8 il riassunto di tante giornate passate su e gi\u00f9 per le valli, di tanti anni di arrampicate e l\u2019occasione di ritrovare vecchi amici e di conoscerne di nuovi. Ma soprattutto \u00e8 stata l\u2019occasione per gli autori di cimentarsi in qualcosa di nuovo, fatto per promuovere e valorizzare il posto in cui vivono.<br \/>\nLa guida descrive dalle\u00a0<strong>falesie di bassa valle<\/strong>\u00a0alle famose<strong>\u00a0pareti del Caporal e del Sergent<\/strong>, includendo dopo tanti anni di distanza dall\u2019ultima pubblicazione, la\u00a0<strong>Valle<\/strong>\u00a0<strong>Soana<\/strong>, con il\u00a0<strong>Vallone di Forze<\/strong>\u00a0e la\u00a0<strong>valle laterale di Piantonetto<\/strong>, f<strong>ino al limite del lago di Teleccio<\/strong>.<br \/>\nOltre alle\u00a0<strong>numerose<\/strong>\u00a0<strong>multipitch<\/strong>, tante\u00a0<strong>falesie anche in stile trad<\/strong>, itinerari che fino a 10 anni fa costituivano un curiosit\u00e0 per pochi, ma che adesso attirano numerosi arrampicatori da tutta Europa.<\/p>\n<p><strong>Stefano Dalla Gasperina<\/strong>, classe \u201965, ha iniziato ad andare in montagna nelle vallate del Gran Paradiso, in particolare in quelle del versante piemontese. Tante montagne, tanti amici, la voglia di lavorare a contatto con la Natura e condividere la sua bellezza con le altre persone, lo hanno portato a diventare guida alpina, professione che svolge nella sua espressione pi\u00f9 classica, salire le montagne, cercando di trasmettere passione e conoscenza. \u00c8 cresciuto in Valle Orco, dove ha iniziato a conoscere la montagna, dove ha iniziato a sciare e scalare, ed \u00e8 ovvio che sia un luogo importante; per questo motivo, quando si \u00e8 presentata l\u2019occasione, non ha esitato a mettersi in gioco, affrontando un lavoro delicato e impegnativo.<\/p>\n<p><strong>Matteo Dalla Gasperina<\/strong>, classe 1999, ultimissimo dei \u201cMillenial\u201d, \u00e8 nato e cresciuto in questa magnifica valle, dove molto probabilmente, ogni appassionato di fessure vorrebbe vivere. Deve la passione per l\u2019arrampicata, o meglio per la Montagna in ogni sua sfumatura, a chi mi ha trasmesso questo amore, in generale un po\u2019 a tutta la sua famiglia che tra le Alpi ha sempre vissuto, ma soprattutto a suo padre Luca e sicuramente a Stefano lo \u201cZio guida\u201d. Ha iniziato ad arrampicare giovanissimo col padre, poi negli anni la passione per l\u2019alpinismo \u00e8 cresciuta sempre pi\u00f9, dai primi esperimenti sulle pareti vicine a casa con l\u2019amico di sempre Riccardo, alle varie ripetizioni delle vie pi\u00f9 belle della valle e delle Alpi. Da qualche anno si occupa dell\u2019azienda di famiglia, operante nel settore dei disgaggi e consolidamenti.<\/p>\n<div class=\"embed-responsive embed-responsive-16by9\"><iframe title=\"VALLE dell&#039;ORCO\" src=\"https:\/\/e.issuu.com\/embed.html?u=edizioni_versante_sud&#038;d=valleorco_2024_ita_issuu\" style=\"border:none; width: 500px; height: 383px;\" allow=\"clipboard-write,allow-top-navigation,allow-top-navigation-by-user-activation,allow-downloads,allow-scripts,allow-same-origin,allow-popups,allow-modals,allow-popups-to-escape-sandbox,allow-forms\"  allowfullscreen=\"true\"><\/iframe><\/div>\n<p>&nbsp;<\/p>\n<p>Versante Sud \u00e8 una casa editrice specializzata in guide di arrampicata, alpinismo, escursionismo, mtb e outdoor. Centinaia di titoli e libri sui migliori spot di arrampicata in Italia e nel mondo.<\/p>","protected":false},"excerpt":{"rendered":"<p>Questa guida \u00e8 il riassunto di tante giornate passate su e gi\u00f9 per le valli, di tanti anni di arrampicate [&hellip;]<\/p>\n","protected":false},"featured_media":195230,"comment_status":"open","ping_status":"closed","template":"","meta":{"_acf_changed":false},"product_brand":[99],"product_cat":[98],"product_tag":[],"class_list":{"0":"post-2632","1":"product","2":"type-product","3":"status-publish","4":"has-post-thumbnail","6":"product_brand-versante-sud","7":"product_cat-libri","9":"first","10":"instock","11":"taxable","12":"shipping-taxable","13":"purchasable","14":"product-type-simple"},"acf":[],"yoast_head":"<!-- This site is optimized with the Yoast SEO plugin v26.4 - https:\/\/yoast.com\/wordpress\/plugins\/seo\/ -->\n<title>Valle dell&#039;Orco e Val Soana - Sestogrado<\/title>\n<meta name=\"description\" content=\"Valle dell&#039;orco. La guida descrive dalle\u00a0falesie di bassa valle\u00a0alle famose\u00a0pareti del Caporal e del Sergent, includendo dopo tanti anni di distanza dall\u2019ultima pubblicazione, la\u00a0Valle\u00a0Soana, con il\u00a0Vallone di Forze\u00a0e la\u00a0valle laterale di Piantonetto, fino al limite del lago di Teleccio.Oltre alle\u00a0numerose\u00a0multipitch, tante\u00a0falesie anche in stile trad, itinerari che fino a 10 anni fa costituivano un curiosit\u00e0 per pochi, ma che adesso attirano numerosi arrampicatori da tutta Europa.\" \/>\n<meta name=\"robots\" content=\"index, follow, max-snippet:-1, max-image-preview:large, max-video-preview:-1\" \/>\n<link rel=\"canonical\" href=\"https:\/\/www.sestogrado.it\/it\/prodotto\/valle-dellorco\/\" \/>\n<meta property=\"og:locale\" content=\"it_IT\" \/>\n<meta property=\"og:type\" content=\"article\" \/>\n<meta property=\"og:title\" content=\"Valle dell&#039;Orco e Val Soana - Sestogrado\" \/>\n<meta property=\"og:description\" content=\"Valle dell&#039;orco. La guida descrive dalle\u00a0falesie di bassa valle\u00a0alle famose\u00a0pareti del Caporal e del Sergent, includendo dopo tanti anni di distanza dall\u2019ultima pubblicazione, la\u00a0Valle\u00a0Soana, con il\u00a0Vallone di Forze\u00a0e la\u00a0valle laterale di Piantonetto, fino al limite del lago di Teleccio.Oltre alle\u00a0numerose\u00a0multipitch, tante\u00a0falesie anche in stile trad, itinerari che fino a 10 anni fa costituivano un curiosit\u00e0 per pochi, ma che adesso attirano numerosi arrampicatori da tutta Europa.\" \/>\n<meta property=\"og:url\" content=\"https:\/\/www.sestogrado.it\/it\/prodotto\/valle-dellorco\/\" \/>\n<meta property=\"og:site_name\" content=\"Sestogrado\" \/>\n<meta property=\"article:publisher\" content=\"https:\/\/www.facebook.com\/pages\/Sestogrado\/1542635979353017?ref=bookmarks\" \/>\n<meta property=\"article:modified_time\" content=\"2025-10-03T08:38:16+00:00\" \/>\n<meta property=\"og:image\" content=\"https:\/\/www.sestogrado.it\/wp-content\/uploads\/2015\/09\/orco-2.jpg\" \/>\n\t<meta property=\"og:image:width\" content=\"900\" \/>\n\t<meta property=\"og:image:height\" content=\"900\" \/>\n\t<meta property=\"og:image:type\" content=\"image\/jpeg\" \/>\n<meta name=\"twitter:label1\" content=\"Prezzo\" \/>\n\t<meta name=\"twitter:data1\" content=\"&euro;&nbsp;38,00\" \/>\n\t<meta name=\"twitter:label2\" content=\"Disponibilit\u00e0\" \/>\n\t<meta name=\"twitter:data2\" content=\"In stock\" \/>\n<script type=\"application\/ld+json\" class=\"yoast-schema-graph\">{\"@context\":\"https:\/\/schema.org\",\"@graph\":[{\"@type\":\"WebPage\",\"@id\":\"https:\/\/www.sestogrado.it\/it\/prodotto\/valle-dellorco\/\",\"url\":\"https:\/\/www.sestogrado.it\/it\/prodotto\/valle-dellorco\/\",\"name\":\"Valle dell'Orco e Val Soana - Sestogrado\",\"isPartOf\":{\"@id\":\"https:\/\/www.sestogrado.it\/it\/#website\"},\"primaryImageOfPage\":{\"@id\":\"https:\/\/www.sestogrado.it\/it\/prodotto\/valle-dellorco\/#primaryimage\"},\"image\":{\"@id\":\"https:\/\/www.sestogrado.it\/prodotto\/valle-dellorco\/#primaryimage\"},\"thumbnailUrl\":\"https:\/\/www.sestogrado.it\/wp-content\/uploads\/2015\/09\/orco-2.jpg\",\"datePublished\":\"2025-07-01T07:07:37+00:00\",\"dateModified\":\"2025-10-03T08:38:16+00:00\",\"description\":\"Valle dell'orco. La guida descrive dalle\u00a0falesie di bassa valle\u00a0alle famose\u00a0pareti del Caporal e del Sergent, includendo dopo tanti anni di distanza dall\u2019ultima pubblicazione, la\u00a0Valle\u00a0Soana, con il\u00a0Vallone di Forze\u00a0e la\u00a0valle laterale di Piantonetto, fino al limite del lago di Teleccio.Oltre alle\u00a0numerose\u00a0multipitch, tante\u00a0falesie anche in stile trad, itinerari che fino a 10 anni fa costituivano un curiosit\u00e0 per pochi, ma che adesso attirano numerosi arrampicatori da tutta Europa.\",\"breadcrumb\":{\"@id\":\"https:\/\/www.sestogrado.it\/it\/prodotto\/valle-dellorco\/#breadcrumb\"},\"inLanguage\":\"it-IT\",\"potentialAction\":[{\"@type\":\"ReadAction\",\"target\":[[\"https:\/\/www.sestogrado.it\/it\/prodotto\/valle-dellorco\/\"]]}]},{\"@type\":\"ImageObject\",\"inLanguage\":\"it-IT\",\"@id\":\"https:\/\/www.sestogrado.it\/it\/prodotto\/valle-dellorco\/#primaryimage\",\"url\":\"https:\/\/www.sestogrado.it\/wp-content\/uploads\/2015\/09\/orco-2.jpg\",\"contentUrl\":\"https:\/\/www.sestogrado.it\/wp-content\/uploads\/2015\/09\/orco-2.jpg\",\"width\":900,\"height\":900,\"caption\":\"valle dell'orco\"},{\"@type\":\"BreadcrumbList\",\"@id\":\"https:\/\/www.sestogrado.it\/it\/prodotto\/valle-dellorco\/#breadcrumb\",\"itemListElement\":[{\"@type\":\"ListItem\",\"position\":1,\"name\":\"Home\",\"item\":\"https:\/\/www.sestogrado.it\/it\/\"},{\"@type\":\"ListItem\",\"position\":2,\"name\":\"Shop\",\"item\":\"https:\/\/www.sestogrado.it\/it\/shop\/\"},{\"@type\":\"ListItem\",\"position\":3,\"name\":\"Valle dell&#8217;Orco e Val Soana\"}]},{\"@type\":\"WebSite\",\"@id\":\"https:\/\/www.sestogrado.it\/it\/#website\",\"url\":\"https:\/\/www.sestogrado.it\/it\/\",\"name\":\"Sestogrado\",\"description\":\"yes we climb\",\"publisher\":{\"@id\":\"https:\/\/www.sestogrado.it\/it\/#organization\"},\"potentialAction\":[{\"@type\":\"SearchAction\",\"target\":{\"@type\":\"EntryPoint\",\"urlTemplate\":\"https:\/\/www.sestogrado.it\/it\/?s={search_term_string}\"},\"query-input\":{\"@type\":\"PropertyValueSpecification\",\"valueRequired\":true,\"valueName\":\"search_term_string\"}}],\"inLanguage\":\"it-IT\"},{\"@type\":\"Organization\",\"@id\":\"https:\/\/www.sestogrado.it\/it\/#organization\",\"name\":\"Sestogrado\",\"url\":\"https:\/\/www.sestogrado.it\/it\/\",\"logo\":{\"@type\":\"ImageObject\",\"inLanguage\":\"it-IT\",\"@id\":\"https:\/\/www.sestogrado.it\/it\/#\/schema\/logo\/image\/\",\"url\":\"https:\/\/www.sestogrado.it\/wp-content\/uploads\/2015\/03\/sestogrado-favicon.png\",\"contentUrl\":\"https:\/\/www.sestogrado.it\/wp-content\/uploads\/2015\/03\/sestogrado-favicon.png\",\"width\":260,\"height\":260,\"caption\":\"Sestogrado\"},\"image\":{\"@id\":\"https:\/\/www.sestogrado.it\/it\/#\/schema\/logo\/image\/\"},\"sameAs\":[\"https:\/\/www.facebook.com\/pages\/Sestogrado\/1542635979353017?ref=bookmarks\",\"https:\/\/www.youtube.com\/channel\/UC847kAfTkaJsWpc1jtQwr3Q\"],\"hasMerchantReturnPolicy\":{\"@type\":\"MerchantReturnPolicy\",\"merchantReturnLink\":\"https:\/\/www.sestogrado.it\/it\/termini-e-condizioni\/\"}}]}<\/script>\n<meta property=\"product:brand\" content=\"Versante Sud\" \/>\n<meta property=\"product:price:amount\" content=\"38.00\" \/>\n<meta property=\"product:price:currency\" content=\"EUR\" \/>\n<meta property=\"og:availability\" content=\"instock\" \/>\n<meta property=\"product:availability\" content=\"instock\" \/>\n<meta property=\"product:condition\" content=\"new\" \/>\n<!-- \/ Yoast SEO plugin. -->","yoast_head_json":{"title":"Valle dell'Orco e Val Soana - Sestogrado","description":"Valle dell'orco. La guida descrive dalle\u00a0falesie di bassa valle\u00a0alle famose\u00a0pareti del Caporal e del Sergent, includendo dopo tanti anni di distanza dall\u2019ultima pubblicazione, la\u00a0Valle\u00a0Soana, con il\u00a0Vallone di Forze\u00a0e la\u00a0valle laterale di Piantonetto, fino al limite del lago di Teleccio.Oltre alle\u00a0numerose\u00a0multipitch, tante\u00a0falesie anche in stile trad, itinerari che fino a 10 anni fa costituivano un curiosit\u00e0 per pochi, ma che adesso attirano numerosi arrampicatori da tutta Europa.","robots":{"index":"index","follow":"follow","max-snippet":"max-snippet:-1","max-image-preview":"max-image-preview:large","max-video-preview":"max-video-preview:-1"},"canonical":"https:\/\/www.sestogrado.it\/it\/prodotto\/valle-dellorco\/","og_locale":"it_IT","og_type":"article","og_title":"Valle dell'Orco e Val Soana - Sestogrado","og_description":"Valle dell'orco. La guida descrive dalle\u00a0falesie di bassa valle\u00a0alle famose\u00a0pareti del Caporal e del Sergent, includendo dopo tanti anni di distanza dall\u2019ultima pubblicazione, la\u00a0Valle\u00a0Soana, con il\u00a0Vallone di Forze\u00a0e la\u00a0valle laterale di Piantonetto, fino al limite del lago di Teleccio.Oltre alle\u00a0numerose\u00a0multipitch, tante\u00a0falesie anche in stile trad, itinerari che fino a 10 anni fa costituivano un curiosit\u00e0 per pochi, ma che adesso attirano numerosi arrampicatori da tutta Europa.","og_url":"https:\/\/www.sestogrado.it\/it\/prodotto\/valle-dellorco\/","og_site_name":"Sestogrado","article_publisher":"https:\/\/www.facebook.com\/pages\/Sestogrado\/1542635979353017?ref=bookmarks","article_modified_time":"2025-10-03T08:38:16+00:00","og_image":[{"width":900,"height":900,"url":"https:\/\/www.sestogrado.it\/wp-content\/uploads\/2015\/09\/orco-2.jpg","type":"image\/jpeg"}],"twitter_misc":{"Prezzo":"&euro;&nbsp;38,00","Disponibilit\u00e0":"In stock"},"schema":{"@context":"https:\/\/schema.org","@graph":[{"@type":"WebPage","@id":"https:\/\/www.sestogrado.it\/it\/prodotto\/valle-dellorco\/","url":"https:\/\/www.sestogrado.it\/it\/prodotto\/valle-dellorco\/","name":"Valle dell'Orco e Val Soana - Sestogrado","isPartOf":{"@id":"https:\/\/www.sestogrado.it\/it\/#website"},"primaryImageOfPage":{"@id":"https:\/\/www.sestogrado.it\/it\/prodotto\/valle-dellorco\/#primaryimage"},"image":{"@id":"https:\/\/www.sestogrado.it\/prodotto\/valle-dellorco\/#primaryimage"},"thumbnailUrl":"https:\/\/www.sestogrado.it\/wp-content\/uploads\/2015\/09\/orco-2.jpg","datePublished":"2025-07-01T07:07:37+00:00","dateModified":"2025-10-03T08:38:16+00:00","description":"Valle dell'orco. La guida descrive dalle\u00a0falesie di bassa valle\u00a0alle famose\u00a0pareti del Caporal e del Sergent, includendo dopo tanti anni di distanza dall\u2019ultima pubblicazione, la\u00a0Valle\u00a0Soana, con il\u00a0Vallone di Forze\u00a0e la\u00a0valle laterale di Piantonetto, fino al limite del lago di Teleccio.Oltre alle\u00a0numerose\u00a0multipitch, tante\u00a0falesie anche in stile trad, itinerari che fino a 10 anni fa costituivano un curiosit\u00e0 per pochi, ma che adesso attirano numerosi arrampicatori da tutta Europa.","breadcrumb":{"@id":"https:\/\/www.sestogrado.it\/it\/prodotto\/valle-dellorco\/#breadcrumb"},"inLanguage":"it-IT","potentialAction":[{"@type":"ReadAction","target":[["https:\/\/www.sestogrado.it\/it\/prodotto\/valle-dellorco\/"]]}]},{"@type":"ImageObject","inLanguage":"it-IT","@id":"https:\/\/www.sestogrado.it\/it\/prodotto\/valle-dellorco\/#primaryimage","url":"https:\/\/www.sestogrado.it\/wp-content\/uploads\/2015\/09\/orco-2.jpg","contentUrl":"https:\/\/www.sestogrado.it\/wp-content\/uploads\/2015\/09\/orco-2.jpg","width":900,"height":900,"caption":"valle dell'orco"},{"@type":"BreadcrumbList","@id":"https:\/\/www.sestogrado.it\/it\/prodotto\/valle-dellorco\/#breadcrumb","itemListElement":[{"@type":"ListItem","position":1,"name":"Home","item":"https:\/\/www.sestogrado.it\/it\/"},{"@type":"ListItem","position":2,"name":"Shop","item":"https:\/\/www.sestogrado.it\/it\/shop\/"},{"@type":"ListItem","position":3,"name":"Valle dell&#8217;Orco e Val Soana"}]},{"@type":"WebSite","@id":"https:\/\/www.sestogrado.it\/it\/#website","url":"https:\/\/www.sestogrado.it\/it\/","name":"Sestogrado","description":"yes we climb","publisher":{"@id":"https:\/\/www.sestogrado.it\/it\/#organization"},"potentialAction":[{"@type":"SearchAction","target":{"@type":"EntryPoint","urlTemplate":"https:\/\/www.sestogrado.it\/it\/?s={search_term_string}"},"query-input":{"@type":"PropertyValueSpecification","valueRequired":true,"valueName":"search_term_string"}}],"inLanguage":"it-IT"},{"@type":"Organization","@id":"https:\/\/www.sestogrado.it\/it\/#organization","name":"Sestogrado","url":"https:\/\/www.sestogrado.it\/it\/","logo":{"@type":"ImageObject","inLanguage":"it-IT","@id":"https:\/\/www.sestogrado.it\/it\/#\/schema\/logo\/image\/","url":"https:\/\/www.sestogrado.it\/wp-content\/uploads\/2015\/03\/sestogrado-favicon.png","contentUrl":"https:\/\/www.sestogrado.it\/wp-content\/uploads\/2015\/03\/sestogrado-favicon.png","width":260,"height":260,"caption":"Sestogrado"},"image":{"@id":"https:\/\/www.sestogrado.it\/it\/#\/schema\/logo\/image\/"},"sameAs":["https:\/\/www.facebook.com\/pages\/Sestogrado\/1542635979353017?ref=bookmarks","https:\/\/www.youtube.com\/channel\/UC847kAfTkaJsWpc1jtQwr3Q"],"hasMerchantReturnPolicy":{"@type":"MerchantReturnPolicy","merchantReturnLink":"https:\/\/www.sestogrado.it\/it\/termini-e-condizioni\/"}}]},"product_brand":"Versante Sud","product_price_amount":"38.00","product_price_currency":"EUR","og_availability":"instock","product_availability":"instock","product_condition":"new"},"_links":{"self":[{"href":"https:\/\/www.sestogrado.it\/it\/wp-json\/wp\/v2\/product\/2632","targetHints":{"allow":["GET"]}}],"collection":[{"href":"https:\/\/www.sestogrado.it\/it\/wp-json\/wp\/v2\/product"}],"about":[{"href":"https:\/\/www.sestogrado.it\/it\/wp-json\/wp\/v2\/types\/product"}],"replies":[{"embeddable":true,"href":"https:\/\/www.sestogrado.it\/it\/wp-json\/wp\/v2\/comments?post=2632"}],"wp:featuredmedia":[{"embeddable":true,"href":"https:\/\/www.sestogrado.it\/it\/wp-json\/wp\/v2\/media\/195230"}],"wp:attachment":[{"href":"https:\/\/www.sestogrado.it\/it\/wp-json\/wp\/v2\/media?parent=2632"}],"wp:term":[{"taxonomy":"product_brand","embeddable":true,"href":"https:\/\/www.sestogrado.it\/it\/wp-json\/wp\/v2\/product_brand?post=2632"},{"taxonomy":"product_cat","embeddable":true,"href":"https:\/\/www.sestogrado.it\/it\/wp-json\/wp\/v2\/product_cat?post=2632"},{"taxonomy":"product_tag","embeddable":true,"href":"https:\/\/www.sestogrado.it\/it\/wp-json\/wp\/v2\/product_tag?post=2632"}],"curies":[{"name":"wp","href":"https:\/\/api.w.org\/{rel}","templated":true}]}}