{"id":189377,"date":"2025-04-16T19:44:34","date_gmt":"2025-04-16T17:44:34","guid":{"rendered":"https:\/\/www.sestogrado.it\/?post_type=product&#038;p=189377"},"modified":"2026-04-20T16:52:44","modified_gmt":"2026-04-20T14:52:44","slug":"sardegna-est-falesie","status":"publish","type":"product","link":"https:\/\/www.sestogrado.it\/it\/prodotto\/sardegna-est-falesie\/","title":{"rendered":"Sardegna Est falesie"},"content":{"rendered":"<p>La porzione orientale della Sardegna \u00e8 da anni nota per la quantit\u00e0 e la qualit\u00e0 della roccia. Ma soprattutto negli ultimi dieci anni si \u00e8 assistito a una\u00a0<strong>crescita impressionante del numero di falesie<\/strong>, soprattutto in Ogliastra.<br \/>\nContestualmente\u00a0<strong>la richiodatura e la rinnovata attenzione ai settori \u201cclassici\u201d<\/strong>\u00a0a opera di diversi autori sta contribuendo a rendere l\u2019isola una delle mete pi\u00f9 ambite e interessanti del bacino del Mediterraneo in termini di arrampicata sportiva, ma anche bellezza dei luoghi e della roccia.<\/p>\n<p><strong>Richard<\/strong>\u00a0<strong>Felderer<\/strong>, nato a Monza nel 1970, da che possa ricordare tutti l&#8217;hanno sempre chiamato\u00a0<em>Riky<\/em>. Nel 1987 scopre l\u2019arrampicata grazie alla palestra di Monza del Rond\u00f2 dei Pini, dove un esuberante Eugenio Podio aveva appiccicato delle prese al muro, creando una delle prime sale indoor d\u2019Italia. Poco dopo con un amico compra l\u2019attrezzatura e comincia a scoprire il mondo verticale, passione che cambia radicalmente la sua esistenza. Infatti la sua attivit\u00e0 di fotografo e giornalista si sviluppa quasi immediatamente nel ramo degli sport outdoor e negli ultimi vent\u2019anni principalmente a quelli verticali. Lavoro e passione gli permettono di vivere intensamente la montagna e, oltre a qualche premio e onorificenza, entra a far parte dei\u00a0<strong><em>Ragni di<\/em><\/strong><em><strong>\u00a0Lecco<\/strong>.\u00a0<\/em>Ha collaborato e tutt\u2019ora lavora con le pi\u00f9 importanti riviste e aziende del settore, oltre che con\u00a0<em>Versante Sud<\/em>\u00a0da ormai oltre vent\u2019anni. Nel 2016 con la sua dolce met\u00e0 abbandona Milano e si trasferisce in Sardegna, a Lotzorai dove gestisce un bed and breakfast. A parte scalare regolarmente con gli amici del posto e fare foto, si dedica alla chiodatura di falesie e vie lunghe.<\/p>\n<p>Sfoglia la preview:<\/p>\n<div class=\"embed-responsive embed-responsive-16by9\"><iframe title=\"SARDEGNA Est Falesie\" src=\"https:\/\/e.issuu.com\/embed.html?u=edizioni_versante_sud&#038;d=sardegnaestfalesie_ita_issuu\" style=\"border:none; width: 500px; height: 383px;\" allow=\"clipboard-write,allow-top-navigation,allow-top-navigation-by-user-activation,allow-downloads,allow-scripts,allow-same-origin,allow-popups,allow-modals,allow-popups-to-escape-sandbox,allow-forms\"  allowfullscreen=\"true\"><\/iframe><\/div>\n<p>&nbsp;<\/p>\n<p>Versante Sud \u00e8 una casa editrice specializzata in guide di arrampicata, alpinismo, escursionismo, mtb e outdoor. Centinaia di titoli e libri sui migliori spot di arrampicata in Italia e nel mondo.<\/p>","protected":false},"excerpt":{"rendered":"<p>La porzione orientale della Sardegna \u00e8 da anni nota per la quantit\u00e0 e la qualit\u00e0 della roccia. Ma soprattutto negli [&hellip;]<\/p>\n","protected":false},"featured_media":189378,"comment_status":"open","ping_status":"closed","template":"","meta":{"_acf_changed":false},"product_brand":[99],"product_cat":[98],"product_tag":[],"class_list":{"0":"post-189377","1":"product","2":"type-product","3":"status-publish","4":"has-post-thumbnail","6":"product_brand-versante-sud","7":"product_cat-libri","9":"first","10":"instock","11":"taxable","12":"shipping-taxable","13":"purchasable","14":"product-type-simple"},"acf":[],"yoast_head":"<!-- This site is optimized with the Yoast SEO plugin v26.4 - https:\/\/yoast.com\/wordpress\/plugins\/seo\/ -->\n<title>Sardegna Est falesie - Sestogrado<\/title>\n<meta name=\"description\" content=\"La porzione orientale della Sardegna \u00e8 da anni nota per la quantit\u00e0 e la qualit\u00e0 della roccia. Ma soprattutto negli ultimi dieci anni si \u00e8 assistito a una\u00a0crescita impressionante del numero di falesie, soprattutto in Ogliastra.Contestualmente\u00a0la richiodatura e la rinnovata attenzione ai settori \u201cclassici\u201d\u00a0a opera di diversi autori sta contribuendo a rendere l\u2019isola una delle mete pi\u00f9 ambite e interessanti del bacino del Mediterraneo in termini di arrampicata sportiva, ma anche bellezza dei luoghi e della roccia.\" \/>\n<meta name=\"robots\" content=\"index, follow, max-snippet:-1, max-image-preview:large, max-video-preview:-1\" \/>\n<link rel=\"canonical\" href=\"https:\/\/www.sestogrado.it\/it\/prodotto\/sardegna-est-falesie\/\" \/>\n<meta property=\"og:locale\" content=\"it_IT\" \/>\n<meta property=\"og:type\" content=\"article\" \/>\n<meta property=\"og:title\" content=\"Sardegna Est falesie - Sestogrado\" \/>\n<meta property=\"og:description\" content=\"La porzione orientale della Sardegna \u00e8 da anni nota per la quantit\u00e0 e la qualit\u00e0 della roccia. Ma soprattutto negli ultimi dieci anni si \u00e8 assistito a una\u00a0crescita impressionante del numero di falesie, soprattutto in Ogliastra.Contestualmente\u00a0la richiodatura e la rinnovata attenzione ai settori \u201cclassici\u201d\u00a0a opera di diversi autori sta contribuendo a rendere l\u2019isola una delle mete pi\u00f9 ambite e interessanti del bacino del Mediterraneo in termini di arrampicata sportiva, ma anche bellezza dei luoghi e della roccia.\" \/>\n<meta property=\"og:url\" content=\"https:\/\/www.sestogrado.it\/it\/prodotto\/sardegna-est-falesie\/\" \/>\n<meta property=\"og:site_name\" content=\"Sestogrado\" \/>\n<meta property=\"article:publisher\" content=\"https:\/\/www.facebook.com\/pages\/Sestogrado\/1542635979353017?ref=bookmarks\" \/>\n<meta property=\"article:modified_time\" content=\"2026-04-20T14:52:44+00:00\" \/>\n<meta property=\"og:image\" content=\"https:\/\/www.sestogrado.it\/wp-content\/uploads\/2025\/04\/01-sardegna.jpg\" \/>\n\t<meta property=\"og:image:width\" content=\"900\" \/>\n\t<meta property=\"og:image:height\" content=\"900\" \/>\n\t<meta property=\"og:image:type\" content=\"image\/jpeg\" \/>\n<meta name=\"twitter:label1\" content=\"Prezzo\" \/>\n\t<meta name=\"twitter:data1\" content=\"&euro;&nbsp;37,00\" \/>\n\t<meta name=\"twitter:label2\" content=\"Disponibilit\u00e0\" \/>\n\t<meta name=\"twitter:data2\" content=\"In stock\" \/>\n<script type=\"application\/ld+json\" class=\"yoast-schema-graph\">{\"@context\":\"https:\/\/schema.org\",\"@graph\":[{\"@type\":\"WebPage\",\"@id\":\"https:\/\/www.sestogrado.it\/it\/prodotto\/sardegna-est-falesie\/\",\"url\":\"https:\/\/www.sestogrado.it\/it\/prodotto\/sardegna-est-falesie\/\",\"name\":\"Sardegna Est falesie - Sestogrado\",\"isPartOf\":{\"@id\":\"https:\/\/www.sestogrado.it\/it\/#website\"},\"primaryImageOfPage\":{\"@id\":\"https:\/\/www.sestogrado.it\/it\/prodotto\/sardegna-est-falesie\/#primaryimage\"},\"image\":{\"@id\":\"https:\/\/www.sestogrado.it\/prodotto\/sardegna-est-falesie\/#primaryimage\"},\"thumbnailUrl\":\"https:\/\/www.sestogrado.it\/wp-content\/uploads\/2025\/04\/01-sardegna.jpg\",\"datePublished\":\"2025-04-16T17:44:34+00:00\",\"dateModified\":\"2026-04-20T14:52:44+00:00\",\"description\":\"La porzione orientale della Sardegna \u00e8 da anni nota per la quantit\u00e0 e la qualit\u00e0 della roccia. Ma soprattutto negli ultimi dieci anni si \u00e8 assistito a una\u00a0crescita impressionante del numero di falesie, soprattutto in Ogliastra.Contestualmente\u00a0la richiodatura e la rinnovata attenzione ai settori \u201cclassici\u201d\u00a0a opera di diversi autori sta contribuendo a rendere l\u2019isola una delle mete pi\u00f9 ambite e interessanti del bacino del Mediterraneo in termini di arrampicata sportiva, ma anche bellezza dei luoghi e della roccia.\",\"breadcrumb\":{\"@id\":\"https:\/\/www.sestogrado.it\/it\/prodotto\/sardegna-est-falesie\/#breadcrumb\"},\"inLanguage\":\"it-IT\",\"potentialAction\":[{\"@type\":\"ReadAction\",\"target\":[[\"https:\/\/www.sestogrado.it\/it\/prodotto\/sardegna-est-falesie\/\"]]}]},{\"@type\":\"ImageObject\",\"inLanguage\":\"it-IT\",\"@id\":\"https:\/\/www.sestogrado.it\/it\/prodotto\/sardegna-est-falesie\/#primaryimage\",\"url\":\"https:\/\/www.sestogrado.it\/wp-content\/uploads\/2025\/04\/01-sardegna.jpg\",\"contentUrl\":\"https:\/\/www.sestogrado.it\/wp-content\/uploads\/2025\/04\/01-sardegna.jpg\",\"width\":900,\"height\":900,\"caption\":\"sardegna est falesie\"},{\"@type\":\"BreadcrumbList\",\"@id\":\"https:\/\/www.sestogrado.it\/it\/prodotto\/sardegna-est-falesie\/#breadcrumb\",\"itemListElement\":[{\"@type\":\"ListItem\",\"position\":1,\"name\":\"Home\",\"item\":\"https:\/\/www.sestogrado.it\/it\/\"},{\"@type\":\"ListItem\",\"position\":2,\"name\":\"Shop\",\"item\":\"https:\/\/www.sestogrado.it\/it\/shop\/\"},{\"@type\":\"ListItem\",\"position\":3,\"name\":\"Sardegna Est falesie\"}]},{\"@type\":\"WebSite\",\"@id\":\"https:\/\/www.sestogrado.it\/it\/#website\",\"url\":\"https:\/\/www.sestogrado.it\/it\/\",\"name\":\"Sestogrado\",\"description\":\"yes we climb\",\"publisher\":{\"@id\":\"https:\/\/www.sestogrado.it\/it\/#organization\"},\"potentialAction\":[{\"@type\":\"SearchAction\",\"target\":{\"@type\":\"EntryPoint\",\"urlTemplate\":\"https:\/\/www.sestogrado.it\/it\/?s={search_term_string}\"},\"query-input\":{\"@type\":\"PropertyValueSpecification\",\"valueRequired\":true,\"valueName\":\"search_term_string\"}}],\"inLanguage\":\"it-IT\"},{\"@type\":\"Organization\",\"@id\":\"https:\/\/www.sestogrado.it\/it\/#organization\",\"name\":\"Sestogrado\",\"url\":\"https:\/\/www.sestogrado.it\/it\/\",\"logo\":{\"@type\":\"ImageObject\",\"inLanguage\":\"it-IT\",\"@id\":\"https:\/\/www.sestogrado.it\/it\/#\/schema\/logo\/image\/\",\"url\":\"https:\/\/www.sestogrado.it\/wp-content\/uploads\/2015\/03\/sestogrado-favicon.png\",\"contentUrl\":\"https:\/\/www.sestogrado.it\/wp-content\/uploads\/2015\/03\/sestogrado-favicon.png\",\"width\":260,\"height\":260,\"caption\":\"Sestogrado\"},\"image\":{\"@id\":\"https:\/\/www.sestogrado.it\/it\/#\/schema\/logo\/image\/\"},\"sameAs\":[\"https:\/\/www.facebook.com\/pages\/Sestogrado\/1542635979353017?ref=bookmarks\",\"https:\/\/www.youtube.com\/channel\/UC847kAfTkaJsWpc1jtQwr3Q\"],\"hasMerchantReturnPolicy\":{\"@type\":\"MerchantReturnPolicy\",\"merchantReturnLink\":\"https:\/\/www.sestogrado.it\/it\/termini-e-condizioni\/\"}}]}<\/script>\n<meta property=\"product:brand\" content=\"Versante Sud\" \/>\n<meta property=\"product:price:amount\" content=\"37.00\" \/>\n<meta property=\"product:price:currency\" content=\"EUR\" \/>\n<meta property=\"og:availability\" content=\"instock\" \/>\n<meta property=\"product:availability\" content=\"instock\" \/>\n<meta property=\"product:condition\" content=\"new\" \/>\n<!-- \/ Yoast SEO plugin. -->","yoast_head_json":{"title":"Sardegna Est falesie - Sestogrado","description":"La porzione orientale della Sardegna \u00e8 da anni nota per la quantit\u00e0 e la qualit\u00e0 della roccia. Ma soprattutto negli ultimi dieci anni si \u00e8 assistito a una\u00a0crescita impressionante del numero di falesie, soprattutto in Ogliastra.Contestualmente\u00a0la richiodatura e la rinnovata attenzione ai settori \u201cclassici\u201d\u00a0a opera di diversi autori sta contribuendo a rendere l\u2019isola una delle mete pi\u00f9 ambite e interessanti del bacino del Mediterraneo in termini di arrampicata sportiva, ma anche bellezza dei luoghi e della roccia.","robots":{"index":"index","follow":"follow","max-snippet":"max-snippet:-1","max-image-preview":"max-image-preview:large","max-video-preview":"max-video-preview:-1"},"canonical":"https:\/\/www.sestogrado.it\/it\/prodotto\/sardegna-est-falesie\/","og_locale":"it_IT","og_type":"article","og_title":"Sardegna Est falesie - Sestogrado","og_description":"La porzione orientale della Sardegna \u00e8 da anni nota per la quantit\u00e0 e la qualit\u00e0 della roccia. Ma soprattutto negli ultimi dieci anni si \u00e8 assistito a una\u00a0crescita impressionante del numero di falesie, soprattutto in Ogliastra.Contestualmente\u00a0la richiodatura e la rinnovata attenzione ai settori \u201cclassici\u201d\u00a0a opera di diversi autori sta contribuendo a rendere l\u2019isola una delle mete pi\u00f9 ambite e interessanti del bacino del Mediterraneo in termini di arrampicata sportiva, ma anche bellezza dei luoghi e della roccia.","og_url":"https:\/\/www.sestogrado.it\/it\/prodotto\/sardegna-est-falesie\/","og_site_name":"Sestogrado","article_publisher":"https:\/\/www.facebook.com\/pages\/Sestogrado\/1542635979353017?ref=bookmarks","article_modified_time":"2026-04-20T14:52:44+00:00","og_image":[{"width":900,"height":900,"url":"https:\/\/www.sestogrado.it\/wp-content\/uploads\/2025\/04\/01-sardegna.jpg","type":"image\/jpeg"}],"twitter_misc":{"Prezzo":"&euro;&nbsp;37,00","Disponibilit\u00e0":"In stock"},"schema":{"@context":"https:\/\/schema.org","@graph":[{"@type":"WebPage","@id":"https:\/\/www.sestogrado.it\/it\/prodotto\/sardegna-est-falesie\/","url":"https:\/\/www.sestogrado.it\/it\/prodotto\/sardegna-est-falesie\/","name":"Sardegna Est falesie - Sestogrado","isPartOf":{"@id":"https:\/\/www.sestogrado.it\/it\/#website"},"primaryImageOfPage":{"@id":"https:\/\/www.sestogrado.it\/it\/prodotto\/sardegna-est-falesie\/#primaryimage"},"image":{"@id":"https:\/\/www.sestogrado.it\/prodotto\/sardegna-est-falesie\/#primaryimage"},"thumbnailUrl":"https:\/\/www.sestogrado.it\/wp-content\/uploads\/2025\/04\/01-sardegna.jpg","datePublished":"2025-04-16T17:44:34+00:00","dateModified":"2026-04-20T14:52:44+00:00","description":"La porzione orientale della Sardegna \u00e8 da anni nota per la quantit\u00e0 e la qualit\u00e0 della roccia. Ma soprattutto negli ultimi dieci anni si \u00e8 assistito a una\u00a0crescita impressionante del numero di falesie, soprattutto in Ogliastra.Contestualmente\u00a0la richiodatura e la rinnovata attenzione ai settori \u201cclassici\u201d\u00a0a opera di diversi autori sta contribuendo a rendere l\u2019isola una delle mete pi\u00f9 ambite e interessanti del bacino del Mediterraneo in termini di arrampicata sportiva, ma anche bellezza dei luoghi e della roccia.","breadcrumb":{"@id":"https:\/\/www.sestogrado.it\/it\/prodotto\/sardegna-est-falesie\/#breadcrumb"},"inLanguage":"it-IT","potentialAction":[{"@type":"ReadAction","target":[["https:\/\/www.sestogrado.it\/it\/prodotto\/sardegna-est-falesie\/"]]}]},{"@type":"ImageObject","inLanguage":"it-IT","@id":"https:\/\/www.sestogrado.it\/it\/prodotto\/sardegna-est-falesie\/#primaryimage","url":"https:\/\/www.sestogrado.it\/wp-content\/uploads\/2025\/04\/01-sardegna.jpg","contentUrl":"https:\/\/www.sestogrado.it\/wp-content\/uploads\/2025\/04\/01-sardegna.jpg","width":900,"height":900,"caption":"sardegna est falesie"},{"@type":"BreadcrumbList","@id":"https:\/\/www.sestogrado.it\/it\/prodotto\/sardegna-est-falesie\/#breadcrumb","itemListElement":[{"@type":"ListItem","position":1,"name":"Home","item":"https:\/\/www.sestogrado.it\/it\/"},{"@type":"ListItem","position":2,"name":"Shop","item":"https:\/\/www.sestogrado.it\/it\/shop\/"},{"@type":"ListItem","position":3,"name":"Sardegna Est falesie"}]},{"@type":"WebSite","@id":"https:\/\/www.sestogrado.it\/it\/#website","url":"https:\/\/www.sestogrado.it\/it\/","name":"Sestogrado","description":"yes we climb","publisher":{"@id":"https:\/\/www.sestogrado.it\/it\/#organization"},"potentialAction":[{"@type":"SearchAction","target":{"@type":"EntryPoint","urlTemplate":"https:\/\/www.sestogrado.it\/it\/?s={search_term_string}"},"query-input":{"@type":"PropertyValueSpecification","valueRequired":true,"valueName":"search_term_string"}}],"inLanguage":"it-IT"},{"@type":"Organization","@id":"https:\/\/www.sestogrado.it\/it\/#organization","name":"Sestogrado","url":"https:\/\/www.sestogrado.it\/it\/","logo":{"@type":"ImageObject","inLanguage":"it-IT","@id":"https:\/\/www.sestogrado.it\/it\/#\/schema\/logo\/image\/","url":"https:\/\/www.sestogrado.it\/wp-content\/uploads\/2015\/03\/sestogrado-favicon.png","contentUrl":"https:\/\/www.sestogrado.it\/wp-content\/uploads\/2015\/03\/sestogrado-favicon.png","width":260,"height":260,"caption":"Sestogrado"},"image":{"@id":"https:\/\/www.sestogrado.it\/it\/#\/schema\/logo\/image\/"},"sameAs":["https:\/\/www.facebook.com\/pages\/Sestogrado\/1542635979353017?ref=bookmarks","https:\/\/www.youtube.com\/channel\/UC847kAfTkaJsWpc1jtQwr3Q"],"hasMerchantReturnPolicy":{"@type":"MerchantReturnPolicy","merchantReturnLink":"https:\/\/www.sestogrado.it\/it\/termini-e-condizioni\/"}}]},"product_brand":"Versante Sud","product_price_amount":"37.00","product_price_currency":"EUR","og_availability":"instock","product_availability":"instock","product_condition":"new"},"_links":{"self":[{"href":"https:\/\/www.sestogrado.it\/it\/wp-json\/wp\/v2\/product\/189377","targetHints":{"allow":["GET"]}}],"collection":[{"href":"https:\/\/www.sestogrado.it\/it\/wp-json\/wp\/v2\/product"}],"about":[{"href":"https:\/\/www.sestogrado.it\/it\/wp-json\/wp\/v2\/types\/product"}],"replies":[{"embeddable":true,"href":"https:\/\/www.sestogrado.it\/it\/wp-json\/wp\/v2\/comments?post=189377"}],"wp:featuredmedia":[{"embeddable":true,"href":"https:\/\/www.sestogrado.it\/it\/wp-json\/wp\/v2\/media\/189378"}],"wp:attachment":[{"href":"https:\/\/www.sestogrado.it\/it\/wp-json\/wp\/v2\/media?parent=189377"}],"wp:term":[{"taxonomy":"product_brand","embeddable":true,"href":"https:\/\/www.sestogrado.it\/it\/wp-json\/wp\/v2\/product_brand?post=189377"},{"taxonomy":"product_cat","embeddable":true,"href":"https:\/\/www.sestogrado.it\/it\/wp-json\/wp\/v2\/product_cat?post=189377"},{"taxonomy":"product_tag","embeddable":true,"href":"https:\/\/www.sestogrado.it\/it\/wp-json\/wp\/v2\/product_tag?post=189377"}],"curies":[{"name":"wp","href":"https:\/\/api.w.org\/{rel}","templated":true}]}}