{"id":162933,"date":"2024-06-07T11:34:41","date_gmt":"2024-06-07T09:34:41","guid":{"rendered":"https:\/\/www.sestogrado.it\/?post_type=product&#038;p=162933"},"modified":"2025-12-21T21:20:36","modified_gmt":"2025-12-21T20:20:36","slug":"camp-minima-1-evo-tenda-monoposto-a-doppio-telo","status":"publish","type":"product","link":"https:\/\/www.sestogrado.it\/it\/prodotto\/camp-minima-1-evo-tenda-monoposto-a-doppio-telo\/","title":{"rendered":"Camp Minima 1 EVO tenda monoposto a doppio telo"},"content":{"rendered":"<p>La Camp Minima 1 Evo \u00e8 una tenda con struttura autoportante con paleria integrata che garantisce la compattezza, l\u2019estrema leggerezza e l\u2019eccellente ventilazione che caratterizza tutte le nostre tende. Il doppio telo permette di ottenere il miglior comfort in ogni condizione, anche nei trekking pi\u00f9 lunghi. Il telo interno a rete assicura la massima ventilazione mentre quello esterno &#8211; leggero, robusto e impermeabile &#8211; garantisce sempre una buona protezione. Questo grazie anche alle falde a terra su tutti i lati, che impediscono al vento di infilarsi tra i due teli compromettendo la stabilit\u00e0 e il comfort. In caso di necessit\u00e0 (assenza di vento, caldo ecc.), le falde possono essere ripiegate e fissate sulle pareti della tenda. La funzionalit\u00e0 \u00e8 incrementata dall\u2019entrata con zip e dall\u2019ampio vestibolo, che garantisce maggior riparo e comfort soprattutto in caso di maltempo. La stabilit\u00e0 della tenda \u00e8 assicurata dal sistema di fissaggio del pavimento con cordino regolabile (in lunghezza e angolazione) che consente di piazzare facilmente ciascun picchetto nel punto migliore, senza la necessit\u00e0 di spostare la tenda. I picchetti sono in alluminio da 15 cm di lunghezza con sezione a V, garantendo leggerezza e robustezza.<\/p>\n<ul>\n<li>Tenda monoposto a doppio telo, compatta e superleggera<\/li>\n<li>Struttura autoportante con sistema di paleria integrato, dotato di clip rapide per un montaggio facile e veloce<\/li>\n<li>Una sola entrata con ampio vestibolo per garantire maggior riparo<\/li>\n<li>Telo interno a rete per la massima ventilazione<\/li>\n<li>2 tasche interne portaoggetti<\/li>\n<li>Telo esterno leggero, robusto e impermeabile, dotato di flap copri zip, 2 ampie aperture per l\u2019aerazione e cuciture nastrate<\/li>\n<li>Falde a terra ripiegabili su tutti i lati del telo esterno<\/li>\n<li>Il telo esterno si fissa alla paleria mediante fettucce regolabili con occhiello metallico e straps con Velcro\u00ae<\/li>\n<li>Telo esterno con tiranti che garantiscono un tensionamento semplice e sicuro<\/li>\n<li>Sistema di fissaggio del pavimento con cordino regolabile per un facile posizionamento della tenda anche su fondi sconnessi<\/li>\n<li>Picchetti in alluminio da 15 cm con sezione a V<\/li>\n<li>Sacchetto-custodia, picchetti e tiranti inclusi<\/li>\n<li>Dimensioni custodia 40&#215;14<\/li>\n<li>Dimensioni esterne: 228 x 133 x h 88<\/li>\n<li>Dimensioni interne: 220 x 70 x h 80<\/li>\n<li>Peso 1520g<\/li>\n<li>Materiali: telo Nylon Ripstop 30D &#8211; Pavimento 70D Nylon 190T\/N<\/li>\n<li>Colonna d&#8217;acqua: telo 2000mm &#8211; pavimento 5000mm<\/li>\n<\/ul>\n<p>&nbsp;<\/p>\n<p><iframe src=\"\/\/www.youtube.com\/embed\/WN_zGrb8z4A?t=43s\" width=\"560\" height=\"314\" allowfullscreen=\"allowfullscreen\"><\/iframe><\/p>\n<p>&nbsp;<\/p>\n<p>Passione, lavoro e semplicit\u00e0 sono alcune delle parole chiave che da sempre hanno contraddistinto il modo di essere di C.A.M.P.\u00a0Fondata nel\u00a01889 a Premana, paese dell\u2019alta Valsassina dove tutt\u2019oggi ha la sua sede, C.A.M.P.\u00a0realizza\u00a0prodotti che aiutano a realizzare i sogni ed i progetti di tutti coloro che frequentano la montagna.<\/p>","protected":false},"excerpt":{"rendered":"<p>La Camp Minima 1 Evo \u00e8 una tenda con struttura autoportante con paleria integrata che garantisce la compattezza, l\u2019estrema leggerezza [&hellip;]<\/p>\n","protected":false},"featured_media":162936,"comment_status":"open","ping_status":"closed","template":"","meta":{"_acf_changed":false},"product_brand":[31],"product_cat":[661],"product_tag":[],"class_list":{"0":"post-162933","1":"product","2":"type-product","3":"status-publish","4":"has-post-thumbnail","6":"product_brand-camp","7":"product_cat-tende","9":"first","10":"instock","11":"sale","12":"taxable","13":"shipping-taxable","14":"purchasable","15":"product-type-simple"},"acf":[],"yoast_head":"<!-- This site is optimized with the Yoast SEO plugin v26.4 - https:\/\/yoast.com\/wordpress\/plugins\/seo\/ -->\n<title>Camp Minima 1 EVO tenda monoposto a doppio telo - Sestogrado<\/title>\n<meta name=\"description\" content=\"La Camp Minima 1 Evo \u00e8 una tenda con struttura autoportante con paleria integrata che garantisce la compattezza, l\u2019estrema leggerezza e l\u2019eccellente ventilazione che caratterizza tutte le nostre tende. Il doppio telo permette di ottenere il miglior comfort in ogni condizione, anche nei trekking pi\u00f9 lunghi. Il telo interno a rete assicura la massima ventilazione mentre quello esterno - leggero, robusto e impermeabile - garantisce sempre una buona protezione. Questo grazie anche alle falde a terra su tutti i lati, che impediscono al vento di infilarsi tra i due teli compromettendo la stabilit\u00e0 e il comfort. In caso di necessit\u00e0 (assenza di vento, caldo ecc.), le falde possono essere ripiegate e fissate sulle pareti della tenda. La funzionalit\u00e0 \u00e8 incrementata dall\u2019entrata con zip e dall\u2019ampio vestibolo, che garantisce maggior riparo e comfort soprattutto in caso di maltempo. La stabilit\u00e0 della tenda \u00e8 assicurata dal sistema di fissaggio del pavimento con cordino regolabile (in lunghezza e angolazione) che consente di piazzare facilmente ciascun picchetto nel punto migliore, senza la necessit\u00e0 di spostare la tenda. I picchetti sono in alluminio da 15 cm di lunghezza con sezione a V, garantendo leggerezza e robustezza.\" \/>\n<meta name=\"robots\" content=\"index, follow, max-snippet:-1, max-image-preview:large, max-video-preview:-1\" \/>\n<link rel=\"canonical\" href=\"https:\/\/www.sestogrado.it\/it\/prodotto\/camp-minima-1-evo-tenda-monoposto-a-doppio-telo\/\" \/>\n<meta property=\"og:locale\" content=\"it_IT\" \/>\n<meta property=\"og:type\" content=\"article\" \/>\n<meta property=\"og:title\" content=\"Camp Minima 1 EVO tenda monoposto a doppio telo - Sestogrado\" \/>\n<meta property=\"og:description\" content=\"La Camp Minima 1 Evo \u00e8 una tenda con struttura autoportante con paleria integrata che garantisce la compattezza, l\u2019estrema leggerezza e l\u2019eccellente ventilazione che caratterizza tutte le nostre tende. Il doppio telo permette di ottenere il miglior comfort in ogni condizione, anche nei trekking pi\u00f9 lunghi. Il telo interno a rete assicura la massima ventilazione mentre quello esterno - leggero, robusto e impermeabile - garantisce sempre una buona protezione. Questo grazie anche alle falde a terra su tutti i lati, che impediscono al vento di infilarsi tra i due teli compromettendo la stabilit\u00e0 e il comfort. In caso di necessit\u00e0 (assenza di vento, caldo ecc.), le falde possono essere ripiegate e fissate sulle pareti della tenda. La funzionalit\u00e0 \u00e8 incrementata dall\u2019entrata con zip e dall\u2019ampio vestibolo, che garantisce maggior riparo e comfort soprattutto in caso di maltempo. La stabilit\u00e0 della tenda \u00e8 assicurata dal sistema di fissaggio del pavimento con cordino regolabile (in lunghezza e angolazione) che consente di piazzare facilmente ciascun picchetto nel punto migliore, senza la necessit\u00e0 di spostare la tenda. I picchetti sono in alluminio da 15 cm di lunghezza con sezione a V, garantendo leggerezza e robustezza.\" \/>\n<meta property=\"og:url\" content=\"https:\/\/www.sestogrado.it\/it\/prodotto\/camp-minima-1-evo-tenda-monoposto-a-doppio-telo\/\" \/>\n<meta property=\"og:site_name\" content=\"Sestogrado\" \/>\n<meta property=\"article:publisher\" content=\"https:\/\/www.facebook.com\/pages\/Sestogrado\/1542635979353017?ref=bookmarks\" \/>\n<meta property=\"article:modified_time\" content=\"2025-12-21T20:20:36+00:00\" \/>\n<meta property=\"og:image\" content=\"https:\/\/www.sestogrado.it\/wp-content\/uploads\/2024\/05\/01-9.jpg\" \/>\n\t<meta property=\"og:image:width\" content=\"1600\" \/>\n\t<meta property=\"og:image:height\" content=\"1600\" \/>\n\t<meta property=\"og:image:type\" content=\"image\/jpeg\" \/>\n<meta name=\"twitter:label1\" content=\"Prezzo\" \/>\n\t<meta name=\"twitter:data1\" content=\"&euro;&nbsp;229,00\" \/>\n\t<meta name=\"twitter:label2\" content=\"Disponibilit\u00e0\" \/>\n\t<meta name=\"twitter:data2\" content=\"In stock\" \/>\n<script type=\"application\/ld+json\" class=\"yoast-schema-graph\">{\"@context\":\"https:\/\/schema.org\",\"@graph\":[{\"@type\":\"WebPage\",\"@id\":\"https:\/\/www.sestogrado.it\/it\/prodotto\/camp-minima-1-evo-tenda-monoposto-a-doppio-telo\/\",\"url\":\"https:\/\/www.sestogrado.it\/it\/prodotto\/camp-minima-1-evo-tenda-monoposto-a-doppio-telo\/\",\"name\":\"Camp Minima 1 EVO tenda monoposto a doppio telo - Sestogrado\",\"isPartOf\":{\"@id\":\"https:\/\/www.sestogrado.it\/it\/#website\"},\"primaryImageOfPage\":{\"@id\":\"https:\/\/www.sestogrado.it\/it\/prodotto\/camp-minima-1-evo-tenda-monoposto-a-doppio-telo\/#primaryimage\"},\"image\":{\"@id\":\"https:\/\/www.sestogrado.it\/prodotto\/camp-minima-1-evo-tenda-monoposto-a-doppio-telo\/#primaryimage\"},\"thumbnailUrl\":\"https:\/\/www.sestogrado.it\/wp-content\/uploads\/2024\/05\/01-9.jpg\",\"datePublished\":\"2024-06-07T09:34:41+00:00\",\"dateModified\":\"2025-12-21T20:20:36+00:00\",\"description\":\"La Camp Minima 1 Evo \u00e8 una tenda con struttura autoportante con paleria integrata che garantisce la compattezza, l\u2019estrema leggerezza e l\u2019eccellente ventilazione che caratterizza tutte le nostre tende. Il doppio telo permette di ottenere il miglior comfort in ogni condizione, anche nei trekking pi\u00f9 lunghi. Il telo interno a rete assicura la massima ventilazione mentre quello esterno - leggero, robusto e impermeabile - garantisce sempre una buona protezione. Questo grazie anche alle falde a terra su tutti i lati, che impediscono al vento di infilarsi tra i due teli compromettendo la stabilit\u00e0 e il comfort. In caso di necessit\u00e0 (assenza di vento, caldo ecc.), le falde possono essere ripiegate e fissate sulle pareti della tenda. La funzionalit\u00e0 \u00e8 incrementata dall\u2019entrata con zip e dall\u2019ampio vestibolo, che garantisce maggior riparo e comfort soprattutto in caso di maltempo. La stabilit\u00e0 della tenda \u00e8 assicurata dal sistema di fissaggio del pavimento con cordino regolabile (in lunghezza e angolazione) che consente di piazzare facilmente ciascun picchetto nel punto migliore, senza la necessit\u00e0 di spostare la tenda. I picchetti sono in alluminio da 15 cm di lunghezza con sezione a V, garantendo leggerezza e robustezza.\",\"breadcrumb\":{\"@id\":\"https:\/\/www.sestogrado.it\/it\/prodotto\/camp-minima-1-evo-tenda-monoposto-a-doppio-telo\/#breadcrumb\"},\"inLanguage\":\"it-IT\",\"potentialAction\":[{\"@type\":\"ReadAction\",\"target\":[[\"https:\/\/www.sestogrado.it\/it\/prodotto\/camp-minima-1-evo-tenda-monoposto-a-doppio-telo\/\"]]}]},{\"@type\":\"ImageObject\",\"inLanguage\":\"it-IT\",\"@id\":\"https:\/\/www.sestogrado.it\/it\/prodotto\/camp-minima-1-evo-tenda-monoposto-a-doppio-telo\/#primaryimage\",\"url\":\"https:\/\/www.sestogrado.it\/wp-content\/uploads\/2024\/05\/01-9.jpg\",\"contentUrl\":\"https:\/\/www.sestogrado.it\/wp-content\/uploads\/2024\/05\/01-9.jpg\",\"width\":1600,\"height\":1600,\"caption\":\"camp minima 1 evo\"},{\"@type\":\"BreadcrumbList\",\"@id\":\"https:\/\/www.sestogrado.it\/it\/prodotto\/camp-minima-1-evo-tenda-monoposto-a-doppio-telo\/#breadcrumb\",\"itemListElement\":[{\"@type\":\"ListItem\",\"position\":1,\"name\":\"Home\",\"item\":\"https:\/\/www.sestogrado.it\/it\/\"},{\"@type\":\"ListItem\",\"position\":2,\"name\":\"Shop\",\"item\":\"https:\/\/www.sestogrado.it\/it\/shop\/\"},{\"@type\":\"ListItem\",\"position\":3,\"name\":\"Camp Minima 1 EVO tenda monoposto a doppio telo\"}]},{\"@type\":\"WebSite\",\"@id\":\"https:\/\/www.sestogrado.it\/it\/#website\",\"url\":\"https:\/\/www.sestogrado.it\/it\/\",\"name\":\"Sestogrado\",\"description\":\"yes we climb\",\"publisher\":{\"@id\":\"https:\/\/www.sestogrado.it\/it\/#organization\"},\"potentialAction\":[{\"@type\":\"SearchAction\",\"target\":{\"@type\":\"EntryPoint\",\"urlTemplate\":\"https:\/\/www.sestogrado.it\/it\/?s={search_term_string}\"},\"query-input\":{\"@type\":\"PropertyValueSpecification\",\"valueRequired\":true,\"valueName\":\"search_term_string\"}}],\"inLanguage\":\"it-IT\"},{\"@type\":\"Organization\",\"@id\":\"https:\/\/www.sestogrado.it\/it\/#organization\",\"name\":\"Sestogrado\",\"url\":\"https:\/\/www.sestogrado.it\/it\/\",\"logo\":{\"@type\":\"ImageObject\",\"inLanguage\":\"it-IT\",\"@id\":\"https:\/\/www.sestogrado.it\/it\/#\/schema\/logo\/image\/\",\"url\":\"https:\/\/www.sestogrado.it\/wp-content\/uploads\/2015\/03\/sestogrado-favicon.png\",\"contentUrl\":\"https:\/\/www.sestogrado.it\/wp-content\/uploads\/2015\/03\/sestogrado-favicon.png\",\"width\":260,\"height\":260,\"caption\":\"Sestogrado\"},\"image\":{\"@id\":\"https:\/\/www.sestogrado.it\/it\/#\/schema\/logo\/image\/\"},\"sameAs\":[\"https:\/\/www.facebook.com\/pages\/Sestogrado\/1542635979353017?ref=bookmarks\",\"https:\/\/www.youtube.com\/channel\/UC847kAfTkaJsWpc1jtQwr3Q\"],\"hasMerchantReturnPolicy\":{\"@type\":\"MerchantReturnPolicy\",\"merchantReturnLink\":\"https:\/\/www.sestogrado.it\/it\/termini-e-condizioni\/\"}}]}<\/script>\n<meta property=\"product:brand\" content=\"Camp\" \/>\n<meta property=\"product:price:amount\" content=\"229.00\" \/>\n<meta property=\"product:price:currency\" content=\"EUR\" \/>\n<meta property=\"og:availability\" content=\"instock\" \/>\n<meta property=\"product:availability\" content=\"instock\" \/>\n<meta property=\"product:condition\" content=\"new\" \/>\n<!-- \/ Yoast SEO plugin. -->","yoast_head_json":{"title":"Camp Minima 1 EVO tenda monoposto a doppio telo - Sestogrado","description":"La Camp Minima 1 Evo \u00e8 una tenda con struttura autoportante con paleria integrata che garantisce la compattezza, l\u2019estrema leggerezza e l\u2019eccellente ventilazione che caratterizza tutte le nostre tende. Il doppio telo permette di ottenere il miglior comfort in ogni condizione, anche nei trekking pi\u00f9 lunghi. Il telo interno a rete assicura la massima ventilazione mentre quello esterno - leggero, robusto e impermeabile - garantisce sempre una buona protezione. Questo grazie anche alle falde a terra su tutti i lati, che impediscono al vento di infilarsi tra i due teli compromettendo la stabilit\u00e0 e il comfort. In caso di necessit\u00e0 (assenza di vento, caldo ecc.), le falde possono essere ripiegate e fissate sulle pareti della tenda. La funzionalit\u00e0 \u00e8 incrementata dall\u2019entrata con zip e dall\u2019ampio vestibolo, che garantisce maggior riparo e comfort soprattutto in caso di maltempo. La stabilit\u00e0 della tenda \u00e8 assicurata dal sistema di fissaggio del pavimento con cordino regolabile (in lunghezza e angolazione) che consente di piazzare facilmente ciascun picchetto nel punto migliore, senza la necessit\u00e0 di spostare la tenda. I picchetti sono in alluminio da 15 cm di lunghezza con sezione a V, garantendo leggerezza e robustezza.","robots":{"index":"index","follow":"follow","max-snippet":"max-snippet:-1","max-image-preview":"max-image-preview:large","max-video-preview":"max-video-preview:-1"},"canonical":"https:\/\/www.sestogrado.it\/it\/prodotto\/camp-minima-1-evo-tenda-monoposto-a-doppio-telo\/","og_locale":"it_IT","og_type":"article","og_title":"Camp Minima 1 EVO tenda monoposto a doppio telo - Sestogrado","og_description":"La Camp Minima 1 Evo \u00e8 una tenda con struttura autoportante con paleria integrata che garantisce la compattezza, l\u2019estrema leggerezza e l\u2019eccellente ventilazione che caratterizza tutte le nostre tende. Il doppio telo permette di ottenere il miglior comfort in ogni condizione, anche nei trekking pi\u00f9 lunghi. Il telo interno a rete assicura la massima ventilazione mentre quello esterno - leggero, robusto e impermeabile - garantisce sempre una buona protezione. Questo grazie anche alle falde a terra su tutti i lati, che impediscono al vento di infilarsi tra i due teli compromettendo la stabilit\u00e0 e il comfort. In caso di necessit\u00e0 (assenza di vento, caldo ecc.), le falde possono essere ripiegate e fissate sulle pareti della tenda. La funzionalit\u00e0 \u00e8 incrementata dall\u2019entrata con zip e dall\u2019ampio vestibolo, che garantisce maggior riparo e comfort soprattutto in caso di maltempo. La stabilit\u00e0 della tenda \u00e8 assicurata dal sistema di fissaggio del pavimento con cordino regolabile (in lunghezza e angolazione) che consente di piazzare facilmente ciascun picchetto nel punto migliore, senza la necessit\u00e0 di spostare la tenda. I picchetti sono in alluminio da 15 cm di lunghezza con sezione a V, garantendo leggerezza e robustezza.","og_url":"https:\/\/www.sestogrado.it\/it\/prodotto\/camp-minima-1-evo-tenda-monoposto-a-doppio-telo\/","og_site_name":"Sestogrado","article_publisher":"https:\/\/www.facebook.com\/pages\/Sestogrado\/1542635979353017?ref=bookmarks","article_modified_time":"2025-12-21T20:20:36+00:00","og_image":[{"width":1600,"height":1600,"url":"https:\/\/www.sestogrado.it\/wp-content\/uploads\/2024\/05\/01-9.jpg","type":"image\/jpeg"}],"twitter_misc":{"Prezzo":"&euro;&nbsp;229,00","Disponibilit\u00e0":"In stock"},"schema":{"@context":"https:\/\/schema.org","@graph":[{"@type":"WebPage","@id":"https:\/\/www.sestogrado.it\/it\/prodotto\/camp-minima-1-evo-tenda-monoposto-a-doppio-telo\/","url":"https:\/\/www.sestogrado.it\/it\/prodotto\/camp-minima-1-evo-tenda-monoposto-a-doppio-telo\/","name":"Camp Minima 1 EVO tenda monoposto a doppio telo - Sestogrado","isPartOf":{"@id":"https:\/\/www.sestogrado.it\/it\/#website"},"primaryImageOfPage":{"@id":"https:\/\/www.sestogrado.it\/it\/prodotto\/camp-minima-1-evo-tenda-monoposto-a-doppio-telo\/#primaryimage"},"image":{"@id":"https:\/\/www.sestogrado.it\/prodotto\/camp-minima-1-evo-tenda-monoposto-a-doppio-telo\/#primaryimage"},"thumbnailUrl":"https:\/\/www.sestogrado.it\/wp-content\/uploads\/2024\/05\/01-9.jpg","datePublished":"2024-06-07T09:34:41+00:00","dateModified":"2025-12-21T20:20:36+00:00","description":"La Camp Minima 1 Evo \u00e8 una tenda con struttura autoportante con paleria integrata che garantisce la compattezza, l\u2019estrema leggerezza e l\u2019eccellente ventilazione che caratterizza tutte le nostre tende. Il doppio telo permette di ottenere il miglior comfort in ogni condizione, anche nei trekking pi\u00f9 lunghi. Il telo interno a rete assicura la massima ventilazione mentre quello esterno - leggero, robusto e impermeabile - garantisce sempre una buona protezione. Questo grazie anche alle falde a terra su tutti i lati, che impediscono al vento di infilarsi tra i due teli compromettendo la stabilit\u00e0 e il comfort. In caso di necessit\u00e0 (assenza di vento, caldo ecc.), le falde possono essere ripiegate e fissate sulle pareti della tenda. La funzionalit\u00e0 \u00e8 incrementata dall\u2019entrata con zip e dall\u2019ampio vestibolo, che garantisce maggior riparo e comfort soprattutto in caso di maltempo. La stabilit\u00e0 della tenda \u00e8 assicurata dal sistema di fissaggio del pavimento con cordino regolabile (in lunghezza e angolazione) che consente di piazzare facilmente ciascun picchetto nel punto migliore, senza la necessit\u00e0 di spostare la tenda. I picchetti sono in alluminio da 15 cm di lunghezza con sezione a V, garantendo leggerezza e robustezza.","breadcrumb":{"@id":"https:\/\/www.sestogrado.it\/it\/prodotto\/camp-minima-1-evo-tenda-monoposto-a-doppio-telo\/#breadcrumb"},"inLanguage":"it-IT","potentialAction":[{"@type":"ReadAction","target":[["https:\/\/www.sestogrado.it\/it\/prodotto\/camp-minima-1-evo-tenda-monoposto-a-doppio-telo\/"]]}]},{"@type":"ImageObject","inLanguage":"it-IT","@id":"https:\/\/www.sestogrado.it\/it\/prodotto\/camp-minima-1-evo-tenda-monoposto-a-doppio-telo\/#primaryimage","url":"https:\/\/www.sestogrado.it\/wp-content\/uploads\/2024\/05\/01-9.jpg","contentUrl":"https:\/\/www.sestogrado.it\/wp-content\/uploads\/2024\/05\/01-9.jpg","width":1600,"height":1600,"caption":"camp minima 1 evo"},{"@type":"BreadcrumbList","@id":"https:\/\/www.sestogrado.it\/it\/prodotto\/camp-minima-1-evo-tenda-monoposto-a-doppio-telo\/#breadcrumb","itemListElement":[{"@type":"ListItem","position":1,"name":"Home","item":"https:\/\/www.sestogrado.it\/it\/"},{"@type":"ListItem","position":2,"name":"Shop","item":"https:\/\/www.sestogrado.it\/it\/shop\/"},{"@type":"ListItem","position":3,"name":"Camp Minima 1 EVO tenda monoposto a doppio telo"}]},{"@type":"WebSite","@id":"https:\/\/www.sestogrado.it\/it\/#website","url":"https:\/\/www.sestogrado.it\/it\/","name":"Sestogrado","description":"yes we climb","publisher":{"@id":"https:\/\/www.sestogrado.it\/it\/#organization"},"potentialAction":[{"@type":"SearchAction","target":{"@type":"EntryPoint","urlTemplate":"https:\/\/www.sestogrado.it\/it\/?s={search_term_string}"},"query-input":{"@type":"PropertyValueSpecification","valueRequired":true,"valueName":"search_term_string"}}],"inLanguage":"it-IT"},{"@type":"Organization","@id":"https:\/\/www.sestogrado.it\/it\/#organization","name":"Sestogrado","url":"https:\/\/www.sestogrado.it\/it\/","logo":{"@type":"ImageObject","inLanguage":"it-IT","@id":"https:\/\/www.sestogrado.it\/it\/#\/schema\/logo\/image\/","url":"https:\/\/www.sestogrado.it\/wp-content\/uploads\/2015\/03\/sestogrado-favicon.png","contentUrl":"https:\/\/www.sestogrado.it\/wp-content\/uploads\/2015\/03\/sestogrado-favicon.png","width":260,"height":260,"caption":"Sestogrado"},"image":{"@id":"https:\/\/www.sestogrado.it\/it\/#\/schema\/logo\/image\/"},"sameAs":["https:\/\/www.facebook.com\/pages\/Sestogrado\/1542635979353017?ref=bookmarks","https:\/\/www.youtube.com\/channel\/UC847kAfTkaJsWpc1jtQwr3Q"],"hasMerchantReturnPolicy":{"@type":"MerchantReturnPolicy","merchantReturnLink":"https:\/\/www.sestogrado.it\/it\/termini-e-condizioni\/"}}]},"product_brand":"Camp","product_price_amount":"229.00","product_price_currency":"EUR","og_availability":"instock","product_availability":"instock","product_condition":"new"},"_links":{"self":[{"href":"https:\/\/www.sestogrado.it\/it\/wp-json\/wp\/v2\/product\/162933","targetHints":{"allow":["GET"]}}],"collection":[{"href":"https:\/\/www.sestogrado.it\/it\/wp-json\/wp\/v2\/product"}],"about":[{"href":"https:\/\/www.sestogrado.it\/it\/wp-json\/wp\/v2\/types\/product"}],"replies":[{"embeddable":true,"href":"https:\/\/www.sestogrado.it\/it\/wp-json\/wp\/v2\/comments?post=162933"}],"wp:featuredmedia":[{"embeddable":true,"href":"https:\/\/www.sestogrado.it\/it\/wp-json\/wp\/v2\/media\/162936"}],"wp:attachment":[{"href":"https:\/\/www.sestogrado.it\/it\/wp-json\/wp\/v2\/media?parent=162933"}],"wp:term":[{"taxonomy":"product_brand","embeddable":true,"href":"https:\/\/www.sestogrado.it\/it\/wp-json\/wp\/v2\/product_brand?post=162933"},{"taxonomy":"product_cat","embeddable":true,"href":"https:\/\/www.sestogrado.it\/it\/wp-json\/wp\/v2\/product_cat?post=162933"},{"taxonomy":"product_tag","embeddable":true,"href":"https:\/\/www.sestogrado.it\/it\/wp-json\/wp\/v2\/product_tag?post=162933"}],"curies":[{"name":"wp","href":"https:\/\/api.w.org\/{rel}","templated":true}]}}