{"id":14818,"date":"2018-01-23T10:26:14","date_gmt":"2018-01-23T09:26:14","guid":{"rendered":"https:\/\/www.sestogrado.it\/?post_type=product&#038;p=14818"},"modified":"2026-04-27T16:54:38","modified_gmt":"2026-04-27T14:54:38","slug":"petzl-volta-9-2-corda-arrampicata","status":"publish","type":"product","link":"https:\/\/www.sestogrado.it\/it\/prodotto\/petzl-volta-9-2-corda-arrampicata\/","title":{"rendered":"Petzl Volta 9.2 corda arrampicata"},"content":{"rendered":"<p>La Petzl Volta 9.2 \u00e8 una corda di alto livello per alpinismo tecnico e ricerca di performance in arrampicata. E&#8217; omologata como corda singola, mezza e gemella, per essere utilizzata al meglio in qualsiasi contesto alpinistico e possiede il trattamento impermeabilizzante Duratec Dry, che la rende idonea a vie di misto, ghiaccio, e le fornisce una incredibile resistenza allo sporco ed alle abrasioni.<\/p>\n<ul>\n<li>Corda sottile ultraleggera per i climber di alto livello:<br \/>\n&#8211; consente un funzionamento ottimale nel dispositivo di assicurazione,<br \/>\n&#8211; multitipo per l&#8217;utilizzo come corda singola, mezza corda e corda gemella,<br \/>\n&#8211; utilizzo su roccia, misto, neve o ghiaccio.<\/li>\n<li>Maggiore longevit\u00e0 e facilit\u00e0 di utilizzo in qualsiasi condizione:<br \/>\n&#8211; trattamento Duratec Dry: trattamento idrofobo, la corda \u00e8 pi\u00f9 resistente all&#8217;acqua, alla sporcizia e all&#8217;abrasione; la maneggevolezza, la prensilit\u00e0 e le caratteristiche si conservano pi\u00f9 a lungo in condizioni di freddo e umidit\u00e0,<br \/>\n&#8211; finitura UltraSonic Finish: l\u2019anima e la calza sono unite alle loro estremit\u00e0 grazie ad una finitura a ultrasuono chiamata UltraSonic Finish; permette una maggiore resistenza ed evita la rottura dell&#8217;estremit\u00e0 della corda,<br \/>\n&#8211; avvolgimento ClimbReady: avvolgimento specifico per rendere la corda pronta all&#8217;uso; evita le manovre di svolgimento errate da parte dell&#8217;utilizzatore e aumenta la longevit\u00e0.<\/li>\n<li>Assicurazione pi\u00f9 efficace:<br \/>\n&#8211; marcatura Middle Mark: distinzione della met\u00e0-corda per facilitare le manovre.<br \/>\n&#8211; trattamento EverFlex: trattamento termico specifico che stabilizza i fili e rende la corda pi\u00f9 omogenea; garantisce un&#8217;eccellente prensilit\u00e0 e una maneggevolezza costante nel tempo.<\/li>\n<\/ul>\n<p>Chi utilizza la Petzl Volta 9.2 difficilmente trover\u00e0 le stesse caratteristiche di maneggevolezza, feeling e durata, in altre corde. La Volta 9.2 \u00e8 morbida e consente una moschettonata facile e rapida, non si attorciglia mai e fornisce un feeling unico nel fare sicura.<\/p>\n<p>&nbsp;<\/p>","protected":false},"excerpt":{"rendered":"<p>La Petzl Volta 9.2 \u00e8 una corda di alto livello per alpinismo tecnico e ricerca di performance in arrampicata. E&#8217; [&hellip;]<\/p>\n","protected":false},"featured_media":14822,"comment_status":"open","ping_status":"closed","template":"","meta":{"_acf_changed":false},"product_brand":[50],"product_cat":[136],"product_tag":[],"class_list":{"0":"post-14818","1":"product","2":"type-product","3":"status-publish","4":"has-post-thumbnail","6":"product_brand-petzl","7":"product_cat-corde-corde","9":"first","10":"instock","11":"sale","12":"taxable","13":"shipping-taxable","14":"purchasable","15":"product-type-variable"},"acf":[],"yoast_head":"<!-- This site is optimized with the Yoast SEO plugin v26.4 - https:\/\/yoast.com\/wordpress\/plugins\/seo\/ -->\n<title>Petzl Volta 9.2 corda arrampicata - Sestogrado<\/title>\n<meta name=\"description\" content=\"La Petzl Volta 9.2 \u00e8 una corda di alto livello per alpinismo tecnico e ricerca di performance in arrampicata. E&#039; omologata como corda singola, mezza e gemella, per essere utilizzata al meglio in qualsiasi contesto alpinistico e possiede il trattamento impermeabilizzante Duratec Dry, che la rende idonea a vie di misto.\" \/>\n<meta name=\"robots\" content=\"index, follow, max-snippet:-1, max-image-preview:large, max-video-preview:-1\" \/>\n<link rel=\"canonical\" href=\"https:\/\/www.sestogrado.it\/it\/prodotto\/petzl-volta-9-2-corda-arrampicata\/\" \/>\n<meta property=\"og:locale\" content=\"it_IT\" \/>\n<meta property=\"og:type\" content=\"article\" \/>\n<meta property=\"og:title\" content=\"Petzl Volta 9.2 corda arrampicata - Sestogrado\" \/>\n<meta property=\"og:description\" content=\"La Petzl Volta 9.2 \u00e8 una corda di alto livello per alpinismo tecnico e ricerca di performance in arrampicata. E&#039; omologata como corda singola, mezza e gemella, per essere utilizzata al meglio in qualsiasi contesto alpinistico e possiede il trattamento impermeabilizzante Duratec Dry, che la rende idonea a vie di misto.\" \/>\n<meta property=\"og:url\" content=\"https:\/\/www.sestogrado.it\/it\/prodotto\/petzl-volta-9-2-corda-arrampicata\/\" \/>\n<meta property=\"og:site_name\" content=\"Sestogrado\" \/>\n<meta property=\"article:publisher\" content=\"https:\/\/www.facebook.com\/pages\/Sestogrado\/1542635979353017?ref=bookmarks\" \/>\n<meta property=\"article:modified_time\" content=\"2026-04-27T14:54:38+00:00\" \/>\n<meta property=\"og:image\" content=\"https:\/\/www.sestogrado.it\/wp-content\/uploads\/2018\/01\/01-9.jpg\" \/>\n\t<meta property=\"og:image:width\" content=\"1100\" \/>\n\t<meta property=\"og:image:height\" content=\"1100\" \/>\n\t<meta property=\"og:image:type\" content=\"image\/jpeg\" \/>\n<meta name=\"twitter:label1\" content=\"Disponibilit\u00e0\" \/>\n\t<meta name=\"twitter:data1\" content=\"In stock\" \/>\n<script type=\"application\/ld+json\" class=\"yoast-schema-graph\">{\"@context\":\"https:\/\/schema.org\",\"@graph\":[{\"@type\":\"WebPage\",\"@id\":\"https:\/\/www.sestogrado.it\/it\/prodotto\/petzl-volta-9-2-corda-arrampicata\/\",\"url\":\"https:\/\/www.sestogrado.it\/it\/prodotto\/petzl-volta-9-2-corda-arrampicata\/\",\"name\":\"Petzl Volta 9.2 corda arrampicata - Sestogrado\",\"isPartOf\":{\"@id\":\"https:\/\/www.sestogrado.it\/it\/#website\"},\"primaryImageOfPage\":{\"@id\":\"https:\/\/www.sestogrado.it\/it\/prodotto\/petzl-volta-9-2-corda-arrampicata\/#primaryimage\"},\"image\":{\"@id\":\"https:\/\/www.sestogrado.it\/prodotto\/petzl-volta-9-2-corda-arrampicata\/#primaryimage\"},\"thumbnailUrl\":\"https:\/\/www.sestogrado.it\/wp-content\/uploads\/2018\/01\/01-9.jpg\",\"datePublished\":\"2018-01-23T09:26:14+00:00\",\"dateModified\":\"2026-04-27T14:54:38+00:00\",\"description\":\"La Petzl Volta 9.2 \u00e8 una corda di alto livello per alpinismo tecnico e ricerca di performance in arrampicata. E' omologata como corda singola, mezza e gemella, per essere utilizzata al meglio in qualsiasi contesto alpinistico e possiede il trattamento impermeabilizzante Duratec Dry, che la rende idonea a vie di misto.\",\"breadcrumb\":{\"@id\":\"https:\/\/www.sestogrado.it\/it\/prodotto\/petzl-volta-9-2-corda-arrampicata\/#breadcrumb\"},\"inLanguage\":\"it-IT\",\"potentialAction\":[{\"@type\":\"ReadAction\",\"target\":[[\"https:\/\/www.sestogrado.it\/it\/prodotto\/petzl-volta-9-2-corda-arrampicata\/\"]]}]},{\"@type\":\"ImageObject\",\"inLanguage\":\"it-IT\",\"@id\":\"https:\/\/www.sestogrado.it\/it\/prodotto\/petzl-volta-9-2-corda-arrampicata\/#primaryimage\",\"url\":\"https:\/\/www.sestogrado.it\/wp-content\/uploads\/2018\/01\/01-9.jpg\",\"contentUrl\":\"https:\/\/www.sestogrado.it\/wp-content\/uploads\/2018\/01\/01-9.jpg\",\"width\":1100,\"height\":1100,\"caption\":\"petzl volta 9.2\"},{\"@type\":\"BreadcrumbList\",\"@id\":\"https:\/\/www.sestogrado.it\/it\/prodotto\/petzl-volta-9-2-corda-arrampicata\/#breadcrumb\",\"itemListElement\":[{\"@type\":\"ListItem\",\"position\":1,\"name\":\"Home\",\"item\":\"https:\/\/www.sestogrado.it\/it\/\"},{\"@type\":\"ListItem\",\"position\":2,\"name\":\"Shop\",\"item\":\"https:\/\/www.sestogrado.it\/it\/shop\/\"},{\"@type\":\"ListItem\",\"position\":3,\"name\":\"Petzl Volta 9.2 corda arrampicata\"}]},{\"@type\":\"WebSite\",\"@id\":\"https:\/\/www.sestogrado.it\/it\/#website\",\"url\":\"https:\/\/www.sestogrado.it\/it\/\",\"name\":\"Sestogrado\",\"description\":\"yes we climb\",\"publisher\":{\"@id\":\"https:\/\/www.sestogrado.it\/it\/#organization\"},\"potentialAction\":[{\"@type\":\"SearchAction\",\"target\":{\"@type\":\"EntryPoint\",\"urlTemplate\":\"https:\/\/www.sestogrado.it\/it\/?s={search_term_string}\"},\"query-input\":{\"@type\":\"PropertyValueSpecification\",\"valueRequired\":true,\"valueName\":\"search_term_string\"}}],\"inLanguage\":\"it-IT\"},{\"@type\":\"Organization\",\"@id\":\"https:\/\/www.sestogrado.it\/it\/#organization\",\"name\":\"Sestogrado\",\"url\":\"https:\/\/www.sestogrado.it\/it\/\",\"logo\":{\"@type\":\"ImageObject\",\"inLanguage\":\"it-IT\",\"@id\":\"https:\/\/www.sestogrado.it\/it\/#\/schema\/logo\/image\/\",\"url\":\"https:\/\/www.sestogrado.it\/wp-content\/uploads\/2015\/03\/sestogrado-favicon.png\",\"contentUrl\":\"https:\/\/www.sestogrado.it\/wp-content\/uploads\/2015\/03\/sestogrado-favicon.png\",\"width\":260,\"height\":260,\"caption\":\"Sestogrado\"},\"image\":{\"@id\":\"https:\/\/www.sestogrado.it\/it\/#\/schema\/logo\/image\/\"},\"sameAs\":[\"https:\/\/www.facebook.com\/pages\/Sestogrado\/1542635979353017?ref=bookmarks\",\"https:\/\/www.youtube.com\/channel\/UC847kAfTkaJsWpc1jtQwr3Q\"],\"hasMerchantReturnPolicy\":{\"@type\":\"MerchantReturnPolicy\",\"merchantReturnLink\":\"https:\/\/www.sestogrado.it\/it\/termini-e-condizioni\/\"}}]}<\/script>\n<meta property=\"product:brand\" content=\"Petzl\" \/>\n<meta property=\"og:availability\" content=\"instock\" \/>\n<meta property=\"product:availability\" content=\"instock\" \/>\n<meta property=\"product:condition\" content=\"new\" \/>\n<!-- \/ Yoast SEO plugin. -->","yoast_head_json":{"title":"Petzl Volta 9.2 corda arrampicata - Sestogrado","description":"La Petzl Volta 9.2 \u00e8 una corda di alto livello per alpinismo tecnico e ricerca di performance in arrampicata. E' omologata como corda singola, mezza e gemella, per essere utilizzata al meglio in qualsiasi contesto alpinistico e possiede il trattamento impermeabilizzante Duratec Dry, che la rende idonea a vie di misto.","robots":{"index":"index","follow":"follow","max-snippet":"max-snippet:-1","max-image-preview":"max-image-preview:large","max-video-preview":"max-video-preview:-1"},"canonical":"https:\/\/www.sestogrado.it\/it\/prodotto\/petzl-volta-9-2-corda-arrampicata\/","og_locale":"it_IT","og_type":"article","og_title":"Petzl Volta 9.2 corda arrampicata - Sestogrado","og_description":"La Petzl Volta 9.2 \u00e8 una corda di alto livello per alpinismo tecnico e ricerca di performance in arrampicata. E' omologata como corda singola, mezza e gemella, per essere utilizzata al meglio in qualsiasi contesto alpinistico e possiede il trattamento impermeabilizzante Duratec Dry, che la rende idonea a vie di misto.","og_url":"https:\/\/www.sestogrado.it\/it\/prodotto\/petzl-volta-9-2-corda-arrampicata\/","og_site_name":"Sestogrado","article_publisher":"https:\/\/www.facebook.com\/pages\/Sestogrado\/1542635979353017?ref=bookmarks","article_modified_time":"2026-04-27T14:54:38+00:00","og_image":[{"width":1100,"height":1100,"url":"https:\/\/www.sestogrado.it\/wp-content\/uploads\/2018\/01\/01-9.jpg","type":"image\/jpeg"}],"twitter_misc":{"Disponibilit\u00e0":"In stock"},"schema":{"@context":"https:\/\/schema.org","@graph":[{"@type":"WebPage","@id":"https:\/\/www.sestogrado.it\/it\/prodotto\/petzl-volta-9-2-corda-arrampicata\/","url":"https:\/\/www.sestogrado.it\/it\/prodotto\/petzl-volta-9-2-corda-arrampicata\/","name":"Petzl Volta 9.2 corda arrampicata - Sestogrado","isPartOf":{"@id":"https:\/\/www.sestogrado.it\/it\/#website"},"primaryImageOfPage":{"@id":"https:\/\/www.sestogrado.it\/it\/prodotto\/petzl-volta-9-2-corda-arrampicata\/#primaryimage"},"image":{"@id":"https:\/\/www.sestogrado.it\/prodotto\/petzl-volta-9-2-corda-arrampicata\/#primaryimage"},"thumbnailUrl":"https:\/\/www.sestogrado.it\/wp-content\/uploads\/2018\/01\/01-9.jpg","datePublished":"2018-01-23T09:26:14+00:00","dateModified":"2026-04-27T14:54:38+00:00","description":"La Petzl Volta 9.2 \u00e8 una corda di alto livello per alpinismo tecnico e ricerca di performance in arrampicata. E' omologata como corda singola, mezza e gemella, per essere utilizzata al meglio in qualsiasi contesto alpinistico e possiede il trattamento impermeabilizzante Duratec Dry, che la rende idonea a vie di misto.","breadcrumb":{"@id":"https:\/\/www.sestogrado.it\/it\/prodotto\/petzl-volta-9-2-corda-arrampicata\/#breadcrumb"},"inLanguage":"it-IT","potentialAction":[{"@type":"ReadAction","target":[["https:\/\/www.sestogrado.it\/it\/prodotto\/petzl-volta-9-2-corda-arrampicata\/"]]}]},{"@type":"ImageObject","inLanguage":"it-IT","@id":"https:\/\/www.sestogrado.it\/it\/prodotto\/petzl-volta-9-2-corda-arrampicata\/#primaryimage","url":"https:\/\/www.sestogrado.it\/wp-content\/uploads\/2018\/01\/01-9.jpg","contentUrl":"https:\/\/www.sestogrado.it\/wp-content\/uploads\/2018\/01\/01-9.jpg","width":1100,"height":1100,"caption":"petzl volta 9.2"},{"@type":"BreadcrumbList","@id":"https:\/\/www.sestogrado.it\/it\/prodotto\/petzl-volta-9-2-corda-arrampicata\/#breadcrumb","itemListElement":[{"@type":"ListItem","position":1,"name":"Home","item":"https:\/\/www.sestogrado.it\/it\/"},{"@type":"ListItem","position":2,"name":"Shop","item":"https:\/\/www.sestogrado.it\/it\/shop\/"},{"@type":"ListItem","position":3,"name":"Petzl Volta 9.2 corda arrampicata"}]},{"@type":"WebSite","@id":"https:\/\/www.sestogrado.it\/it\/#website","url":"https:\/\/www.sestogrado.it\/it\/","name":"Sestogrado","description":"yes we climb","publisher":{"@id":"https:\/\/www.sestogrado.it\/it\/#organization"},"potentialAction":[{"@type":"SearchAction","target":{"@type":"EntryPoint","urlTemplate":"https:\/\/www.sestogrado.it\/it\/?s={search_term_string}"},"query-input":{"@type":"PropertyValueSpecification","valueRequired":true,"valueName":"search_term_string"}}],"inLanguage":"it-IT"},{"@type":"Organization","@id":"https:\/\/www.sestogrado.it\/it\/#organization","name":"Sestogrado","url":"https:\/\/www.sestogrado.it\/it\/","logo":{"@type":"ImageObject","inLanguage":"it-IT","@id":"https:\/\/www.sestogrado.it\/it\/#\/schema\/logo\/image\/","url":"https:\/\/www.sestogrado.it\/wp-content\/uploads\/2015\/03\/sestogrado-favicon.png","contentUrl":"https:\/\/www.sestogrado.it\/wp-content\/uploads\/2015\/03\/sestogrado-favicon.png","width":260,"height":260,"caption":"Sestogrado"},"image":{"@id":"https:\/\/www.sestogrado.it\/it\/#\/schema\/logo\/image\/"},"sameAs":["https:\/\/www.facebook.com\/pages\/Sestogrado\/1542635979353017?ref=bookmarks","https:\/\/www.youtube.com\/channel\/UC847kAfTkaJsWpc1jtQwr3Q"],"hasMerchantReturnPolicy":{"@type":"MerchantReturnPolicy","merchantReturnLink":"https:\/\/www.sestogrado.it\/it\/termini-e-condizioni\/"}}]},"product_brand":"Petzl","og_availability":"instock","product_availability":"instock","product_condition":"new"},"_links":{"self":[{"href":"https:\/\/www.sestogrado.it\/it\/wp-json\/wp\/v2\/product\/14818","targetHints":{"allow":["GET"]}}],"collection":[{"href":"https:\/\/www.sestogrado.it\/it\/wp-json\/wp\/v2\/product"}],"about":[{"href":"https:\/\/www.sestogrado.it\/it\/wp-json\/wp\/v2\/types\/product"}],"replies":[{"embeddable":true,"href":"https:\/\/www.sestogrado.it\/it\/wp-json\/wp\/v2\/comments?post=14818"}],"wp:featuredmedia":[{"embeddable":true,"href":"https:\/\/www.sestogrado.it\/it\/wp-json\/wp\/v2\/media\/14822"}],"wp:attachment":[{"href":"https:\/\/www.sestogrado.it\/it\/wp-json\/wp\/v2\/media?parent=14818"}],"wp:term":[{"taxonomy":"product_brand","embeddable":true,"href":"https:\/\/www.sestogrado.it\/it\/wp-json\/wp\/v2\/product_brand?post=14818"},{"taxonomy":"product_cat","embeddable":true,"href":"https:\/\/www.sestogrado.it\/it\/wp-json\/wp\/v2\/product_cat?post=14818"},{"taxonomy":"product_tag","embeddable":true,"href":"https:\/\/www.sestogrado.it\/it\/wp-json\/wp\/v2\/product_tag?post=14818"}],"curies":[{"name":"wp","href":"https:\/\/api.w.org\/{rel}","templated":true}]}}