{"id":144696,"date":"2023-10-17T10:02:03","date_gmt":"2023-10-17T08:02:03","guid":{"rendered":"https:\/\/www.sestogrado.it\/?post_type=product&#038;p=144696"},"modified":"2025-07-25T22:32:09","modified_gmt":"2025-07-25T20:32:09","slug":"val-di-mello-guida-versante-sud","status":"publish","type":"product","link":"https:\/\/www.sestogrado.it\/it\/prodotto\/val-di-mello-guida-versante-sud\/","title":{"rendered":"Val di Mello guida versante sud"},"content":{"rendered":"<p>\u201cTra le vallate alpine\u00a0<strong>la Val di Mello non ha paragoni<\/strong>. Sopra\u00a0<strong>pareti a picco<\/strong>, sotto\u00a0<strong>un tranquillo fondovalle<\/strong>\u00a0pianeggiante solcato dalle acque verdeazzurre del torrente. \u00c8 un\u00a0<strong>luogo mitico nella geografia dell\u2019arrampicata<\/strong>, dove\u00a0<strong>negli anni \u201970 un gruppo di ragazzi ha<\/strong>\u00a0<strong>saputo<\/strong>\u00a0<strong>reinventare la scalata<\/strong>, disegnando vie su pareti inchiodabili, immerse in una natura potente e monumentale.<\/p>\n<p>Anche di questo si parla in questa guida. Un\u2019opera\u00a0<strong>monografica di ampio respiro<\/strong>, dove ogni itinerario dovrebbe apparire con il suo carattere e la sua forza, da quelli dei pionieri alle ultime realizzazioni. Di alcuni di questi esploratori abbiamo avuto dei\u00a0<strong>contributi<\/strong>\u00a0<strong>scritti<\/strong>,\u00a0<strong>testimonianze<\/strong>\u00a0<strong>di prima mano<\/strong>\u00a0di un\u2019epopea leggendaria che ha segnato un periodo storico e ha rivoluzionato il modo di concepire e praticare l\u2019alpinismo; \u00e8 questa infatti\u00a0<strong>la culla del free climbing italiano<\/strong>.<\/p>\n<p>Seguire i racconti di\u00a0<strong>Masa<\/strong>,\u00a0<strong>Merizzi<\/strong>,\u00a0<strong>Miotti<\/strong>\u00a0e\u00a0<strong>Boscacci<\/strong>\u00a0\u00e8 un po\u2019\u00a0<strong>respirare l\u2019aria leggera e tagliente di quegli anni<\/strong>. Ma soprattutto \u00e8\u00a0<strong>tornare al punto da dove tutto ha avuto inizio<\/strong>, al coraggio e alla\u00a0<strong>fantasia che non aveva velleit\u00e0 di andare al potere<\/strong>, ma che ha saputo alfabetizzare le generazioni che sono arrivate dopo.\u00a0<strong>Leggere dunque per capire<\/strong>\u00a0<strong>e<\/strong>\u00a0<strong>riscoprire<\/strong>\u00a0un mondo di pietra di qualit\u00e0 insuperabile\u201d.<\/p>\n<p><em>Mario Sertori<\/em><\/p>\n<p><strong>Niccol\u00f2<\/strong>\u00a0<strong>Bartoli<\/strong>\u00a0\u00e8 nato nel pieno centro della citt\u00e0 di Milano, nel 1991. A circa 21 anni, dopo aver provato ogni genere di sport, scopre l\u2019arrampicata. Inizia cos\u00ec un percorso di vita che a oggi, come lui dice, lo ha portato a vivere in modo differente. Ha trascorso i primi anni lungo le pareti lecchesi alternando monotiri sportivi di nicchia alle classiche vie multipitch. Inizia presto a interessarsi alla chiodatura di nuovi itinerari: con l\u2019aiuto di un amico e di Versante Sud sistema la piccola ma caratteristica falesia di Acapulco. Da l\u00ec a poco scopre, pochi chilometri pi\u00f9 a nord, la Val di Mello e ne rimane folgorato. Vive anni spensierati, dedicandosi solo alla ricerca del gesto e, soprattutto, sperimentando l\u2019arrampicata in aderenza, che tanto lo incuriosisce. Qui incontra nuovi amici e soci, con i quali scala un po\u2019 di tutto; in seguito la voglia di curiosare li porta a percorrere placche granitiche sempre pi\u00f9 ripide e improbabili. Ora vive in un piccolo van camperizzato, spostandosi durante l\u2019anno alla ricerca delle migliori situazioni di vita arrampicatoria, perch\u00e9 s\u00ec, la scalata non \u00e8 solamente uno sport!<\/p>\n<p>Sfoglia:<\/p>\n<div class=\"embed-responsive embed-responsive-16by9\"><iframe title=\"VAL di MELLO\" src=\"https:\/\/e.issuu.com\/embed.html?u=edizioni_versante_sud&#038;d=valdimello2023_ita_issuu\" style=\"border:none; width: 500px; height: 383px;\" allow=\"clipboard-write,allow-top-navigation,allow-top-navigation-by-user-activation,allow-downloads,allow-scripts,allow-same-origin,allow-popups,allow-modals,allow-popups-to-escape-sandbox,allow-forms\"  allowfullscreen=\"true\"><\/iframe><\/div>\n<p>&nbsp;<\/p>\n<p>Video:<\/p>\n<p><iframe src=\"\/\/www.youtube.com\/embed\/evi_AX2i3os?t=21s\" width=\"560\" height=\"314\" allowfullscreen=\"allowfullscreen\"><\/iframe><\/p>\n<p>Versante Sud \u00e8 una casa editrice specializzata in guide di arrampicata, alpinismo, escursionismo, mtb e outdoor. Centinaia di titoli e libri sui migliori spot di arrampicata in Italia e nel mondo.<\/p>","protected":false},"excerpt":{"rendered":"<p>\u201cTra le vallate alpine\u00a0la Val di Mello non ha paragoni. Sopra\u00a0pareti a picco, sotto\u00a0un tranquillo fondovalle\u00a0pianeggiante solcato dalle acque verdeazzurre [&hellip;]<\/p>\n","protected":false},"featured_media":144697,"comment_status":"open","ping_status":"closed","template":"","meta":{"_acf_changed":false},"product_brand":[99],"product_cat":[98],"product_tag":[],"class_list":{"0":"post-144696","1":"product","2":"type-product","3":"status-publish","4":"has-post-thumbnail","6":"product_brand-versante-sud","7":"product_cat-libri","9":"first","10":"instock","11":"taxable","12":"shipping-taxable","13":"purchasable","14":"product-type-simple"},"acf":[],"yoast_head":"<!-- This site is optimized with the Yoast SEO plugin v26.4 - https:\/\/yoast.com\/wordpress\/plugins\/seo\/ -->\n<title>Val di Mello guida versante sud - Sestogrado<\/title>\n<meta name=\"description\" content=\"\u201cTra le vallate alpine\u00a0la Val di Mello non ha paragoni. Sopra\u00a0pareti a picco, sotto\u00a0un tranquillo fondovalle\u00a0pianeggiante solcato dalle acque verdeazzurre del torrente. \u00c8 un\u00a0luogo mitico nella geografia dell\u2019arrampicata, dove\u00a0negli anni \u201970 un gruppo di ragazzi ha\u00a0saputo\u00a0reinventare la scalata, disegnando vie su pareti inchiodabili, immerse in una natura potente e monumentale.Anche di questo si parla in questa guida. Un\u2019opera\u00a0monografica di ampio respiro, dove ogni itinerario dovrebbe apparire con il suo carattere e la sua forza, da quelli dei pionieri alle ultime realizzazioni. Di alcuni di questi esploratori abbiamo avuto dei\u00a0contributi\u00a0scritti,\u00a0testimonianze\u00a0di prima mano\u00a0di un\u2019epopea leggendaria che ha segnato un periodo storico e ha rivoluzionato il modo di concepire e praticare l\u2019alpinismo; \u00e8 questa infatti\u00a0la culla del free climbing italiano.Seguire i racconti di\u00a0Masa,\u00a0Merizzi,\u00a0Miotti\u00a0e\u00a0Boscacci\u00a0\u00e8 un po\u2019\u00a0respirare l\u2019aria leggera e tagliente di quegli anni. Ma soprattutto \u00e8\u00a0tornare al punto da dove tutto ha avuto inizio, al coraggio e alla\u00a0fantasia che non aveva velleit\u00e0 di andare al potere, ma che ha saputo alfabetizzare le generazioni che sono arrivate dopo.\u00a0Leggere dunque per capire\u00a0e\u00a0riscoprire\u00a0un mondo di pietra di qualit\u00e0 insuperabile\u201d.\" \/>\n<meta name=\"robots\" content=\"index, follow, max-snippet:-1, max-image-preview:large, max-video-preview:-1\" \/>\n<link rel=\"canonical\" href=\"https:\/\/www.sestogrado.it\/it\/prodotto\/val-di-mello-guida-versante-sud\/\" \/>\n<meta property=\"og:locale\" content=\"it_IT\" \/>\n<meta property=\"og:type\" content=\"article\" \/>\n<meta property=\"og:title\" content=\"Val di Mello guida versante sud - Sestogrado\" \/>\n<meta property=\"og:description\" content=\"\u201cTra le vallate alpine\u00a0la Val di Mello non ha paragoni. Sopra\u00a0pareti a picco, sotto\u00a0un tranquillo fondovalle\u00a0pianeggiante solcato dalle acque verdeazzurre del torrente. \u00c8 un\u00a0luogo mitico nella geografia dell\u2019arrampicata, dove\u00a0negli anni \u201970 un gruppo di ragazzi ha\u00a0saputo\u00a0reinventare la scalata, disegnando vie su pareti inchiodabili, immerse in una natura potente e monumentale.Anche di questo si parla in questa guida. Un\u2019opera\u00a0monografica di ampio respiro, dove ogni itinerario dovrebbe apparire con il suo carattere e la sua forza, da quelli dei pionieri alle ultime realizzazioni. Di alcuni di questi esploratori abbiamo avuto dei\u00a0contributi\u00a0scritti,\u00a0testimonianze\u00a0di prima mano\u00a0di un\u2019epopea leggendaria che ha segnato un periodo storico e ha rivoluzionato il modo di concepire e praticare l\u2019alpinismo; \u00e8 questa infatti\u00a0la culla del free climbing italiano.Seguire i racconti di\u00a0Masa,\u00a0Merizzi,\u00a0Miotti\u00a0e\u00a0Boscacci\u00a0\u00e8 un po\u2019\u00a0respirare l\u2019aria leggera e tagliente di quegli anni. Ma soprattutto \u00e8\u00a0tornare al punto da dove tutto ha avuto inizio, al coraggio e alla\u00a0fantasia che non aveva velleit\u00e0 di andare al potere, ma che ha saputo alfabetizzare le generazioni che sono arrivate dopo.\u00a0Leggere dunque per capire\u00a0e\u00a0riscoprire\u00a0un mondo di pietra di qualit\u00e0 insuperabile\u201d.\" \/>\n<meta property=\"og:url\" content=\"https:\/\/www.sestogrado.it\/it\/prodotto\/val-di-mello-guida-versante-sud\/\" \/>\n<meta property=\"og:site_name\" content=\"Sestogrado\" \/>\n<meta property=\"article:publisher\" content=\"https:\/\/www.facebook.com\/pages\/Sestogrado\/1542635979353017?ref=bookmarks\" \/>\n<meta property=\"article:modified_time\" content=\"2025-07-25T20:32:09+00:00\" \/>\n<meta property=\"og:image\" content=\"https:\/\/www.sestogrado.it\/wp-content\/uploads\/2023\/10\/val-di-mello.jpg\" \/>\n\t<meta property=\"og:image:width\" content=\"900\" \/>\n\t<meta property=\"og:image:height\" content=\"900\" \/>\n\t<meta property=\"og:image:type\" content=\"image\/jpeg\" \/>\n<meta name=\"twitter:label1\" content=\"Prezzo\" \/>\n\t<meta name=\"twitter:data1\" content=\"&euro;&nbsp;36,00\" \/>\n\t<meta name=\"twitter:label2\" content=\"Disponibilit\u00e0\" \/>\n\t<meta name=\"twitter:data2\" content=\"In stock\" \/>\n<script type=\"application\/ld+json\" class=\"yoast-schema-graph\">{\"@context\":\"https:\/\/schema.org\",\"@graph\":[{\"@type\":\"WebPage\",\"@id\":\"https:\/\/www.sestogrado.it\/it\/prodotto\/val-di-mello-guida-versante-sud\/\",\"url\":\"https:\/\/www.sestogrado.it\/it\/prodotto\/val-di-mello-guida-versante-sud\/\",\"name\":\"Val di Mello guida versante sud - Sestogrado\",\"isPartOf\":{\"@id\":\"https:\/\/www.sestogrado.it\/it\/#website\"},\"primaryImageOfPage\":{\"@id\":\"https:\/\/www.sestogrado.it\/it\/prodotto\/val-di-mello-guida-versante-sud\/#primaryimage\"},\"image\":{\"@id\":\"https:\/\/www.sestogrado.it\/prodotto\/val-di-mello-guida-versante-sud\/#primaryimage\"},\"thumbnailUrl\":\"https:\/\/www.sestogrado.it\/wp-content\/uploads\/2023\/10\/val-di-mello.jpg\",\"datePublished\":\"2023-10-17T08:02:03+00:00\",\"dateModified\":\"2025-07-25T20:32:09+00:00\",\"description\":\"\u201cTra le vallate alpine\u00a0la Val di Mello non ha paragoni. Sopra\u00a0pareti a picco, sotto\u00a0un tranquillo fondovalle\u00a0pianeggiante solcato dalle acque verdeazzurre del torrente. \u00c8 un\u00a0luogo mitico nella geografia dell\u2019arrampicata, dove\u00a0negli anni \u201970 un gruppo di ragazzi ha\u00a0saputo\u00a0reinventare la scalata, disegnando vie su pareti inchiodabili, immerse in una natura potente e monumentale.Anche di questo si parla in questa guida. Un\u2019opera\u00a0monografica di ampio respiro, dove ogni itinerario dovrebbe apparire con il suo carattere e la sua forza, da quelli dei pionieri alle ultime realizzazioni. Di alcuni di questi esploratori abbiamo avuto dei\u00a0contributi\u00a0scritti,\u00a0testimonianze\u00a0di prima mano\u00a0di un\u2019epopea leggendaria che ha segnato un periodo storico e ha rivoluzionato il modo di concepire e praticare l\u2019alpinismo; \u00e8 questa infatti\u00a0la culla del free climbing italiano.Seguire i racconti di\u00a0Masa,\u00a0Merizzi,\u00a0Miotti\u00a0e\u00a0Boscacci\u00a0\u00e8 un po\u2019\u00a0respirare l\u2019aria leggera e tagliente di quegli anni. Ma soprattutto \u00e8\u00a0tornare al punto da dove tutto ha avuto inizio, al coraggio e alla\u00a0fantasia che non aveva velleit\u00e0 di andare al potere, ma che ha saputo alfabetizzare le generazioni che sono arrivate dopo.\u00a0Leggere dunque per capire\u00a0e\u00a0riscoprire\u00a0un mondo di pietra di qualit\u00e0 insuperabile\u201d.\",\"breadcrumb\":{\"@id\":\"https:\/\/www.sestogrado.it\/it\/prodotto\/val-di-mello-guida-versante-sud\/#breadcrumb\"},\"inLanguage\":\"it-IT\",\"potentialAction\":[{\"@type\":\"ReadAction\",\"target\":[[\"https:\/\/www.sestogrado.it\/it\/prodotto\/val-di-mello-guida-versante-sud\/\"]]}]},{\"@type\":\"ImageObject\",\"inLanguage\":\"it-IT\",\"@id\":\"https:\/\/www.sestogrado.it\/it\/prodotto\/val-di-mello-guida-versante-sud\/#primaryimage\",\"url\":\"https:\/\/www.sestogrado.it\/wp-content\/uploads\/2023\/10\/val-di-mello.jpg\",\"contentUrl\":\"https:\/\/www.sestogrado.it\/wp-content\/uploads\/2023\/10\/val-di-mello.jpg\",\"width\":900,\"height\":900,\"caption\":\"val di mello\"},{\"@type\":\"BreadcrumbList\",\"@id\":\"https:\/\/www.sestogrado.it\/it\/prodotto\/val-di-mello-guida-versante-sud\/#breadcrumb\",\"itemListElement\":[{\"@type\":\"ListItem\",\"position\":1,\"name\":\"Home\",\"item\":\"https:\/\/www.sestogrado.it\/it\/\"},{\"@type\":\"ListItem\",\"position\":2,\"name\":\"Shop\",\"item\":\"https:\/\/www.sestogrado.it\/it\/shop\/\"},{\"@type\":\"ListItem\",\"position\":3,\"name\":\"Val di Mello guida versante sud\"}]},{\"@type\":\"WebSite\",\"@id\":\"https:\/\/www.sestogrado.it\/it\/#website\",\"url\":\"https:\/\/www.sestogrado.it\/it\/\",\"name\":\"Sestogrado\",\"description\":\"yes we climb\",\"publisher\":{\"@id\":\"https:\/\/www.sestogrado.it\/it\/#organization\"},\"potentialAction\":[{\"@type\":\"SearchAction\",\"target\":{\"@type\":\"EntryPoint\",\"urlTemplate\":\"https:\/\/www.sestogrado.it\/it\/?s={search_term_string}\"},\"query-input\":{\"@type\":\"PropertyValueSpecification\",\"valueRequired\":true,\"valueName\":\"search_term_string\"}}],\"inLanguage\":\"it-IT\"},{\"@type\":\"Organization\",\"@id\":\"https:\/\/www.sestogrado.it\/it\/#organization\",\"name\":\"Sestogrado\",\"url\":\"https:\/\/www.sestogrado.it\/it\/\",\"logo\":{\"@type\":\"ImageObject\",\"inLanguage\":\"it-IT\",\"@id\":\"https:\/\/www.sestogrado.it\/it\/#\/schema\/logo\/image\/\",\"url\":\"https:\/\/www.sestogrado.it\/wp-content\/uploads\/2015\/03\/sestogrado-favicon.png\",\"contentUrl\":\"https:\/\/www.sestogrado.it\/wp-content\/uploads\/2015\/03\/sestogrado-favicon.png\",\"width\":260,\"height\":260,\"caption\":\"Sestogrado\"},\"image\":{\"@id\":\"https:\/\/www.sestogrado.it\/it\/#\/schema\/logo\/image\/\"},\"sameAs\":[\"https:\/\/www.facebook.com\/pages\/Sestogrado\/1542635979353017?ref=bookmarks\",\"https:\/\/www.youtube.com\/channel\/UC847kAfTkaJsWpc1jtQwr3Q\"],\"hasMerchantReturnPolicy\":{\"@type\":\"MerchantReturnPolicy\",\"merchantReturnLink\":\"https:\/\/www.sestogrado.it\/it\/termini-e-condizioni\/\"}}]}<\/script>\n<meta property=\"product:brand\" content=\"Versante Sud\" \/>\n<meta property=\"product:price:amount\" content=\"36.00\" \/>\n<meta property=\"product:price:currency\" content=\"EUR\" \/>\n<meta property=\"og:availability\" content=\"instock\" \/>\n<meta property=\"product:availability\" content=\"instock\" \/>\n<meta property=\"product:condition\" content=\"new\" \/>\n<!-- \/ Yoast SEO plugin. -->","yoast_head_json":{"title":"Val di Mello guida versante sud - Sestogrado","description":"\u201cTra le vallate alpine\u00a0la Val di Mello non ha paragoni. Sopra\u00a0pareti a picco, sotto\u00a0un tranquillo fondovalle\u00a0pianeggiante solcato dalle acque verdeazzurre del torrente. \u00c8 un\u00a0luogo mitico nella geografia dell\u2019arrampicata, dove\u00a0negli anni \u201970 un gruppo di ragazzi ha\u00a0saputo\u00a0reinventare la scalata, disegnando vie su pareti inchiodabili, immerse in una natura potente e monumentale.Anche di questo si parla in questa guida. Un\u2019opera\u00a0monografica di ampio respiro, dove ogni itinerario dovrebbe apparire con il suo carattere e la sua forza, da quelli dei pionieri alle ultime realizzazioni. Di alcuni di questi esploratori abbiamo avuto dei\u00a0contributi\u00a0scritti,\u00a0testimonianze\u00a0di prima mano\u00a0di un\u2019epopea leggendaria che ha segnato un periodo storico e ha rivoluzionato il modo di concepire e praticare l\u2019alpinismo; \u00e8 questa infatti\u00a0la culla del free climbing italiano.Seguire i racconti di\u00a0Masa,\u00a0Merizzi,\u00a0Miotti\u00a0e\u00a0Boscacci\u00a0\u00e8 un po\u2019\u00a0respirare l\u2019aria leggera e tagliente di quegli anni. Ma soprattutto \u00e8\u00a0tornare al punto da dove tutto ha avuto inizio, al coraggio e alla\u00a0fantasia che non aveva velleit\u00e0 di andare al potere, ma che ha saputo alfabetizzare le generazioni che sono arrivate dopo.\u00a0Leggere dunque per capire\u00a0e\u00a0riscoprire\u00a0un mondo di pietra di qualit\u00e0 insuperabile\u201d.","robots":{"index":"index","follow":"follow","max-snippet":"max-snippet:-1","max-image-preview":"max-image-preview:large","max-video-preview":"max-video-preview:-1"},"canonical":"https:\/\/www.sestogrado.it\/it\/prodotto\/val-di-mello-guida-versante-sud\/","og_locale":"it_IT","og_type":"article","og_title":"Val di Mello guida versante sud - Sestogrado","og_description":"\u201cTra le vallate alpine\u00a0la Val di Mello non ha paragoni. Sopra\u00a0pareti a picco, sotto\u00a0un tranquillo fondovalle\u00a0pianeggiante solcato dalle acque verdeazzurre del torrente. \u00c8 un\u00a0luogo mitico nella geografia dell\u2019arrampicata, dove\u00a0negli anni \u201970 un gruppo di ragazzi ha\u00a0saputo\u00a0reinventare la scalata, disegnando vie su pareti inchiodabili, immerse in una natura potente e monumentale.Anche di questo si parla in questa guida. Un\u2019opera\u00a0monografica di ampio respiro, dove ogni itinerario dovrebbe apparire con il suo carattere e la sua forza, da quelli dei pionieri alle ultime realizzazioni. Di alcuni di questi esploratori abbiamo avuto dei\u00a0contributi\u00a0scritti,\u00a0testimonianze\u00a0di prima mano\u00a0di un\u2019epopea leggendaria che ha segnato un periodo storico e ha rivoluzionato il modo di concepire e praticare l\u2019alpinismo; \u00e8 questa infatti\u00a0la culla del free climbing italiano.Seguire i racconti di\u00a0Masa,\u00a0Merizzi,\u00a0Miotti\u00a0e\u00a0Boscacci\u00a0\u00e8 un po\u2019\u00a0respirare l\u2019aria leggera e tagliente di quegli anni. Ma soprattutto \u00e8\u00a0tornare al punto da dove tutto ha avuto inizio, al coraggio e alla\u00a0fantasia che non aveva velleit\u00e0 di andare al potere, ma che ha saputo alfabetizzare le generazioni che sono arrivate dopo.\u00a0Leggere dunque per capire\u00a0e\u00a0riscoprire\u00a0un mondo di pietra di qualit\u00e0 insuperabile\u201d.","og_url":"https:\/\/www.sestogrado.it\/it\/prodotto\/val-di-mello-guida-versante-sud\/","og_site_name":"Sestogrado","article_publisher":"https:\/\/www.facebook.com\/pages\/Sestogrado\/1542635979353017?ref=bookmarks","article_modified_time":"2025-07-25T20:32:09+00:00","og_image":[{"width":900,"height":900,"url":"https:\/\/www.sestogrado.it\/wp-content\/uploads\/2023\/10\/val-di-mello.jpg","type":"image\/jpeg"}],"twitter_misc":{"Prezzo":"&euro;&nbsp;36,00","Disponibilit\u00e0":"In stock"},"schema":{"@context":"https:\/\/schema.org","@graph":[{"@type":"WebPage","@id":"https:\/\/www.sestogrado.it\/it\/prodotto\/val-di-mello-guida-versante-sud\/","url":"https:\/\/www.sestogrado.it\/it\/prodotto\/val-di-mello-guida-versante-sud\/","name":"Val di Mello guida versante sud - Sestogrado","isPartOf":{"@id":"https:\/\/www.sestogrado.it\/it\/#website"},"primaryImageOfPage":{"@id":"https:\/\/www.sestogrado.it\/it\/prodotto\/val-di-mello-guida-versante-sud\/#primaryimage"},"image":{"@id":"https:\/\/www.sestogrado.it\/prodotto\/val-di-mello-guida-versante-sud\/#primaryimage"},"thumbnailUrl":"https:\/\/www.sestogrado.it\/wp-content\/uploads\/2023\/10\/val-di-mello.jpg","datePublished":"2023-10-17T08:02:03+00:00","dateModified":"2025-07-25T20:32:09+00:00","description":"\u201cTra le vallate alpine\u00a0la Val di Mello non ha paragoni. Sopra\u00a0pareti a picco, sotto\u00a0un tranquillo fondovalle\u00a0pianeggiante solcato dalle acque verdeazzurre del torrente. \u00c8 un\u00a0luogo mitico nella geografia dell\u2019arrampicata, dove\u00a0negli anni \u201970 un gruppo di ragazzi ha\u00a0saputo\u00a0reinventare la scalata, disegnando vie su pareti inchiodabili, immerse in una natura potente e monumentale.Anche di questo si parla in questa guida. Un\u2019opera\u00a0monografica di ampio respiro, dove ogni itinerario dovrebbe apparire con il suo carattere e la sua forza, da quelli dei pionieri alle ultime realizzazioni. Di alcuni di questi esploratori abbiamo avuto dei\u00a0contributi\u00a0scritti,\u00a0testimonianze\u00a0di prima mano\u00a0di un\u2019epopea leggendaria che ha segnato un periodo storico e ha rivoluzionato il modo di concepire e praticare l\u2019alpinismo; \u00e8 questa infatti\u00a0la culla del free climbing italiano.Seguire i racconti di\u00a0Masa,\u00a0Merizzi,\u00a0Miotti\u00a0e\u00a0Boscacci\u00a0\u00e8 un po\u2019\u00a0respirare l\u2019aria leggera e tagliente di quegli anni. Ma soprattutto \u00e8\u00a0tornare al punto da dove tutto ha avuto inizio, al coraggio e alla\u00a0fantasia che non aveva velleit\u00e0 di andare al potere, ma che ha saputo alfabetizzare le generazioni che sono arrivate dopo.\u00a0Leggere dunque per capire\u00a0e\u00a0riscoprire\u00a0un mondo di pietra di qualit\u00e0 insuperabile\u201d.","breadcrumb":{"@id":"https:\/\/www.sestogrado.it\/it\/prodotto\/val-di-mello-guida-versante-sud\/#breadcrumb"},"inLanguage":"it-IT","potentialAction":[{"@type":"ReadAction","target":[["https:\/\/www.sestogrado.it\/it\/prodotto\/val-di-mello-guida-versante-sud\/"]]}]},{"@type":"ImageObject","inLanguage":"it-IT","@id":"https:\/\/www.sestogrado.it\/it\/prodotto\/val-di-mello-guida-versante-sud\/#primaryimage","url":"https:\/\/www.sestogrado.it\/wp-content\/uploads\/2023\/10\/val-di-mello.jpg","contentUrl":"https:\/\/www.sestogrado.it\/wp-content\/uploads\/2023\/10\/val-di-mello.jpg","width":900,"height":900,"caption":"val di mello"},{"@type":"BreadcrumbList","@id":"https:\/\/www.sestogrado.it\/it\/prodotto\/val-di-mello-guida-versante-sud\/#breadcrumb","itemListElement":[{"@type":"ListItem","position":1,"name":"Home","item":"https:\/\/www.sestogrado.it\/it\/"},{"@type":"ListItem","position":2,"name":"Shop","item":"https:\/\/www.sestogrado.it\/it\/shop\/"},{"@type":"ListItem","position":3,"name":"Val di Mello guida versante sud"}]},{"@type":"WebSite","@id":"https:\/\/www.sestogrado.it\/it\/#website","url":"https:\/\/www.sestogrado.it\/it\/","name":"Sestogrado","description":"yes we climb","publisher":{"@id":"https:\/\/www.sestogrado.it\/it\/#organization"},"potentialAction":[{"@type":"SearchAction","target":{"@type":"EntryPoint","urlTemplate":"https:\/\/www.sestogrado.it\/it\/?s={search_term_string}"},"query-input":{"@type":"PropertyValueSpecification","valueRequired":true,"valueName":"search_term_string"}}],"inLanguage":"it-IT"},{"@type":"Organization","@id":"https:\/\/www.sestogrado.it\/it\/#organization","name":"Sestogrado","url":"https:\/\/www.sestogrado.it\/it\/","logo":{"@type":"ImageObject","inLanguage":"it-IT","@id":"https:\/\/www.sestogrado.it\/it\/#\/schema\/logo\/image\/","url":"https:\/\/www.sestogrado.it\/wp-content\/uploads\/2015\/03\/sestogrado-favicon.png","contentUrl":"https:\/\/www.sestogrado.it\/wp-content\/uploads\/2015\/03\/sestogrado-favicon.png","width":260,"height":260,"caption":"Sestogrado"},"image":{"@id":"https:\/\/www.sestogrado.it\/it\/#\/schema\/logo\/image\/"},"sameAs":["https:\/\/www.facebook.com\/pages\/Sestogrado\/1542635979353017?ref=bookmarks","https:\/\/www.youtube.com\/channel\/UC847kAfTkaJsWpc1jtQwr3Q"],"hasMerchantReturnPolicy":{"@type":"MerchantReturnPolicy","merchantReturnLink":"https:\/\/www.sestogrado.it\/it\/termini-e-condizioni\/"}}]},"product_brand":"Versante Sud","product_price_amount":"36.00","product_price_currency":"EUR","og_availability":"instock","product_availability":"instock","product_condition":"new"},"_links":{"self":[{"href":"https:\/\/www.sestogrado.it\/it\/wp-json\/wp\/v2\/product\/144696","targetHints":{"allow":["GET"]}}],"collection":[{"href":"https:\/\/www.sestogrado.it\/it\/wp-json\/wp\/v2\/product"}],"about":[{"href":"https:\/\/www.sestogrado.it\/it\/wp-json\/wp\/v2\/types\/product"}],"replies":[{"embeddable":true,"href":"https:\/\/www.sestogrado.it\/it\/wp-json\/wp\/v2\/comments?post=144696"}],"wp:featuredmedia":[{"embeddable":true,"href":"https:\/\/www.sestogrado.it\/it\/wp-json\/wp\/v2\/media\/144697"}],"wp:attachment":[{"href":"https:\/\/www.sestogrado.it\/it\/wp-json\/wp\/v2\/media?parent=144696"}],"wp:term":[{"taxonomy":"product_brand","embeddable":true,"href":"https:\/\/www.sestogrado.it\/it\/wp-json\/wp\/v2\/product_brand?post=144696"},{"taxonomy":"product_cat","embeddable":true,"href":"https:\/\/www.sestogrado.it\/it\/wp-json\/wp\/v2\/product_cat?post=144696"},{"taxonomy":"product_tag","embeddable":true,"href":"https:\/\/www.sestogrado.it\/it\/wp-json\/wp\/v2\/product_tag?post=144696"}],"curies":[{"name":"wp","href":"https:\/\/api.w.org\/{rel}","templated":true}]}}