{"id":13730,"date":"2017-10-19T16:25:24","date_gmt":"2017-10-19T14:25:24","guid":{"rendered":"https:\/\/www.sestogrado.it\/?post_type=product&#038;p=13730"},"modified":"2026-04-25T13:25:13","modified_gmt":"2026-04-25T11:25:13","slug":"millet-peuterey-integrale-4510-zaino-arrampicata","status":"publish","type":"product","link":"https:\/\/www.sestogrado.it\/it\/prodotto\/millet-peuterey-integrale-4510-zaino-arrampicata\/","title":{"rendered":"Millet Peuterey Integrale 45+10 zaino da alpinismo"},"content":{"rendered":"<p>Il Millet Peuterey Integrale 45+10 \u00e8 uno zaino storico, conosciuto come un best seller per l&#8217;alpinismo di alta gamma, progettato per un alpinismo intenso di pi\u00f9 giorni, in ogni terreno, sia d&#8217;estate sia d&#8217;inverno.<\/p>\n<p>Il Peuterey Integrale 45+10 ha una base ampia e flessibile, con una volumetria leggermente pi\u00f9 ampia, l&#8217;accesso a U al compartimento principale offre un accesso facile e diretto ai materiali. Particolarit\u00e0 che rende noto il Peuterey \u00e8 l&#8217;ampia tasca porta ramponi sulla parte frontale. Altre importanti caratteristiche: supporti per gli sci ultra robusti e porta piccozze in FPP.<\/p>\n<ul>\n<li>Ampia forma per facile stivaggio materiale<\/li>\n<li>Apertura a U con zip frontale<\/li>\n<li>Tasca frontale porta ramponi<\/li>\n<li>Due tasche laterali a zip<\/li>\n<li>Compatibile con tutti i sistemi di idratazione<\/li>\n<li>Porta piccozze in FPP<\/li>\n<li>Fettuccia a chiusura rapida per matassa corda<\/li>\n<li>Attacchi per sci e cinghie di compressione laterali<\/li>\n<li>Spallacci ergonomici, trasferimenti di carico, cinghia sterno<\/li>\n<li>Cintura ergonomica,con porta attrezzi e tasca con cerniera<\/li>\n<li>Predisposizione Hydrobag con foro passaggio cannuccia<\/li>\n<li>Volume: 45 + 10 litri<\/li>\n<li>Lunghezza schienale 48cm<\/li>\n<li>Peso: 1.580 kg<\/li>\n<\/ul>\n<p>&nbsp;<\/p>\n<p>Il Millet Peuterey Integrale 45+10 \u00e8 uno zaino decisamente solido per chi \u00e8 alla ricerca di uno zaino &#8220;totale&#8221; destinato ad un alpinismo a tutto tondo.<\/p>\n<p>&nbsp;<\/p>\n<p><img decoding=\"async\" class=\"size-full wp-image-28729 img-fluid alignnone\" src=\"https:\/\/www.sestogrado.it\/wp-content\/uploads\/2018\/06\/mil-ariaprene-back.png\" alt=\"ariaprene\" width=\"120\" height=\"120\" srcset=\"https:\/\/www.sestogrado.it\/wp-content\/uploads\/2018\/06\/mil-ariaprene-back.png 120w, https:\/\/www.sestogrado.it\/wp-content\/uploads\/2018\/06\/mil-ariaprene-back-100x100.png 100w, https:\/\/www.sestogrado.it\/wp-content\/uploads\/2018\/06\/mil-ariaprene-back-45x45.png 45w, https:\/\/www.sestogrado.it\/wp-content\/uploads\/2018\/06\/mil-ariaprene-back-64x64.png 64w, https:\/\/www.sestogrado.it\/wp-content\/uploads\/2018\/06\/mil-ariaprene-back-80x80.png 80w\" sizes=\"(max-width: 120px) 100vw, 120px\" \/><\/p>\n<p>Ariaprene \u2122 \u00e8 una schiuma certificata ad alte prestazioni utilizzata per il pi\u00f9 confortevole e traspirante contatto sulla schiena. Ariaprene \u2122 \u00e8 un prodotto ecologico, biodegradabile, inodore, atossico e ipoallergenico che unisce comfort e ventilazione.<\/p>\n<p><img decoding=\"async\" class=\"size-full wp-image-28730 img-fluid alignnone\" src=\"https:\/\/www.sestogrado.it\/wp-content\/uploads\/2018\/06\/mil-compartiment-crampons.png\" alt=\"compartimento ramponi\" width=\"120\" height=\"120\" srcset=\"https:\/\/www.sestogrado.it\/wp-content\/uploads\/2018\/06\/mil-compartiment-crampons.png 120w, https:\/\/www.sestogrado.it\/wp-content\/uploads\/2018\/06\/mil-compartiment-crampons-100x100.png 100w, https:\/\/www.sestogrado.it\/wp-content\/uploads\/2018\/06\/mil-compartiment-crampons-45x45.png 45w, https:\/\/www.sestogrado.it\/wp-content\/uploads\/2018\/06\/mil-compartiment-crampons-64x64.png 64w, https:\/\/www.sestogrado.it\/wp-content\/uploads\/2018\/06\/mil-compartiment-crampons-80x80.png 80w\" sizes=\"(max-width: 120px) 100vw, 120px\" \/><\/p>\n<p>Scompartimento porta ramponi dedicato.<\/p>\n<p><img decoding=\"async\" class=\"size-full wp-image-28731 img-fluid alignnone\" src=\"https:\/\/www.sestogrado.it\/wp-content\/uploads\/2018\/06\/mil-porte-corde.png\" alt=\"porta corda\" width=\"120\" height=\"120\" srcset=\"https:\/\/www.sestogrado.it\/wp-content\/uploads\/2018\/06\/mil-porte-corde.png 120w, https:\/\/www.sestogrado.it\/wp-content\/uploads\/2018\/06\/mil-porte-corde-100x100.png 100w, https:\/\/www.sestogrado.it\/wp-content\/uploads\/2018\/06\/mil-porte-corde-45x45.png 45w, https:\/\/www.sestogrado.it\/wp-content\/uploads\/2018\/06\/mil-porte-corde-64x64.png 64w, https:\/\/www.sestogrado.it\/wp-content\/uploads\/2018\/06\/mil-porte-corde-80x80.png 80w\" sizes=\"(max-width: 120px) 100vw, 120px\" \/><\/p>\n<p>Sistema rapido ed efficace per agganciare la corda sulla parte alta dello zaino. Le cinghie di compressione la tengono stabile e sicura.<\/p>\n<p><img decoding=\"async\" class=\"size-full wp-image-28733 img-fluid alignnone\" src=\"https:\/\/www.sestogrado.it\/wp-content\/uploads\/2018\/06\/mil-porte-skis-side.png\" alt=\"porta sci\" width=\"120\" height=\"120\" srcset=\"https:\/\/www.sestogrado.it\/wp-content\/uploads\/2018\/06\/mil-porte-skis-side.png 120w, https:\/\/www.sestogrado.it\/wp-content\/uploads\/2018\/06\/mil-porte-skis-side-100x100.png 100w, https:\/\/www.sestogrado.it\/wp-content\/uploads\/2018\/06\/mil-porte-skis-side-45x45.png 45w, https:\/\/www.sestogrado.it\/wp-content\/uploads\/2018\/06\/mil-porte-skis-side-64x64.png 64w, https:\/\/www.sestogrado.it\/wp-content\/uploads\/2018\/06\/mil-porte-skis-side-80x80.png 80w\" sizes=\"(max-width: 120px) 100vw, 120px\" \/><\/p>\n<p>One Side Ski Holder \u00e8 il sistema che consente di agganciare gli sci esternamente, uno per lato. Particolarmente comodo per il freeride.<\/p>\n<p>&nbsp;<\/p>\n<p>Nel 1934, venne lanciato sul mercato il primo zaino Millet. L\u2019attrezzatura Millet si distingue per leggerezza, durata e alta qualit\u00e0. L\u2019azienda si basa sull\u2019esperienza dei migliori alpinisti, come ad esempio Reinhold Messner. Nel 1978 l\u2019alpinista altoatesino ha conquistato la vetta pi\u00f9 alta del mondo: senza maschera di ossigeno, ma con l\u00b4attrezzatura Millet.<\/p>\n<p>&nbsp;<\/p>","protected":false},"excerpt":{"rendered":"<p>Il Millet Peuterey Integrale 45+10 \u00e8 uno zaino storico, conosciuto come un best seller per l&#8217;alpinismo di alta gamma, progettato [&hellip;]<\/p>\n","protected":false},"featured_media":96349,"comment_status":"open","ping_status":"closed","template":"","meta":{"_acf_changed":false},"product_brand":[312],"product_cat":[389,1432],"product_tag":[455],"class_list":{"0":"post-13730","1":"product","2":"type-product","3":"status-publish","4":"has-post-thumbnail","6":"product_brand-millet","7":"product_cat-zaini-alpinismo","8":"product_cat-escursionismo","9":"product_tag-zaino-alpinismo","11":"first","12":"instock","13":"sale","14":"taxable","15":"shipping-taxable","16":"purchasable","17":"product-type-variable"},"acf":[],"yoast_head":"<!-- This site is optimized with the Yoast SEO plugin v26.4 - https:\/\/yoast.com\/wordpress\/plugins\/seo\/ -->\n<title>Millet Peuterey Integrale 45+10 zaino da alpinismo - Sestogrado<\/title>\n<meta name=\"description\" content=\"Il Millet Peuterey Integrale 45+10 \u00e8 uno zaino decisamente solido per chi \u00e8 alla ricerca di uno zaino &quot;totale&quot; destinato ad un alpinismo a tutto tondo. Zaino storico, conosciuto come un best seller per l&#039;alpinismo di alta gamma, il Millet Peuterey Integrale 45+10 \u00e8 uno zaino progettato per un alpinismo intenso di pi\u00f9 giorni, in ogni terreno, sia d&#039;estate sia d&#039;inverno.Il Peuterey Integrale 45+10 ha una base ampia e flessibile, con una volumetria leggermente pi\u00f9 ampia, l&#039;accesso a U al compartimento principale offre un accesso facile e diretto ai materiali. Particolarit\u00e0 che rende noto il Peuterey \u00e8 l&#039;ampia tasca porta ramponi sulla parte frontale. Altre importanti caratteristiche: supporti per gli sci ultra robusti e porta piccozze in FPP.\" \/>\n<meta name=\"robots\" content=\"index, follow, max-snippet:-1, max-image-preview:large, max-video-preview:-1\" \/>\n<link rel=\"canonical\" href=\"https:\/\/www.sestogrado.it\/it\/prodotto\/millet-peuterey-integrale-4510-zaino-arrampicata\/\" \/>\n<meta property=\"og:locale\" content=\"it_IT\" \/>\n<meta property=\"og:type\" content=\"article\" \/>\n<meta property=\"og:title\" content=\"Millet Peuterey Integrale 45+10 zaino da alpinismo - Sestogrado\" \/>\n<meta property=\"og:description\" content=\"Il Millet Peuterey Integrale 45+10 \u00e8 uno zaino decisamente solido per chi \u00e8 alla ricerca di uno zaino &quot;totale&quot; destinato ad un alpinismo a tutto tondo. Zaino storico, conosciuto come un best seller per l&#039;alpinismo di alta gamma, il Millet Peuterey Integrale 45+10 \u00e8 uno zaino progettato per un alpinismo intenso di pi\u00f9 giorni, in ogni terreno, sia d&#039;estate sia d&#039;inverno.Il Peuterey Integrale 45+10 ha una base ampia e flessibile, con una volumetria leggermente pi\u00f9 ampia, l&#039;accesso a U al compartimento principale offre un accesso facile e diretto ai materiali. Particolarit\u00e0 che rende noto il Peuterey \u00e8 l&#039;ampia tasca porta ramponi sulla parte frontale. Altre importanti caratteristiche: supporti per gli sci ultra robusti e porta piccozze in FPP.\" \/>\n<meta property=\"og:url\" content=\"https:\/\/www.sestogrado.it\/it\/prodotto\/millet-peuterey-integrale-4510-zaino-arrampicata\/\" \/>\n<meta property=\"og:site_name\" content=\"Sestogrado\" \/>\n<meta property=\"article:publisher\" content=\"https:\/\/www.facebook.com\/pages\/Sestogrado\/1542635979353017?ref=bookmarks\" \/>\n<meta property=\"article:modified_time\" content=\"2026-04-25T11:25:13+00:00\" \/>\n<meta property=\"og:image\" content=\"https:\/\/www.sestogrado.it\/wp-content\/uploads\/2017\/10\/20040.jpg\" \/>\n\t<meta property=\"og:image:width\" content=\"1000\" \/>\n\t<meta property=\"og:image:height\" content=\"1000\" \/>\n\t<meta property=\"og:image:type\" content=\"image\/jpeg\" \/>\n<meta name=\"twitter:label1\" content=\"Disponibilit\u00e0\" \/>\n\t<meta name=\"twitter:data1\" content=\"In stock\" \/>\n<script type=\"application\/ld+json\" class=\"yoast-schema-graph\">{\"@context\":\"https:\/\/schema.org\",\"@graph\":[{\"@type\":\"WebPage\",\"@id\":\"https:\/\/www.sestogrado.it\/it\/prodotto\/millet-peuterey-integrale-4510-zaino-arrampicata\/\",\"url\":\"https:\/\/www.sestogrado.it\/it\/prodotto\/millet-peuterey-integrale-4510-zaino-arrampicata\/\",\"name\":\"Millet Peuterey Integrale 45+10 zaino da alpinismo - Sestogrado\",\"isPartOf\":{\"@id\":\"https:\/\/www.sestogrado.it\/it\/#website\"},\"primaryImageOfPage\":{\"@id\":\"https:\/\/www.sestogrado.it\/it\/prodotto\/millet-peuterey-integrale-4510-zaino-arrampicata\/#primaryimage\"},\"image\":{\"@id\":\"https:\/\/www.sestogrado.it\/prodotto\/millet-peuterey-integrale-4510-zaino-arrampicata\/#primaryimage\"},\"thumbnailUrl\":\"https:\/\/www.sestogrado.it\/wp-content\/uploads\/2017\/10\/20040.jpg\",\"datePublished\":\"2017-10-19T14:25:24+00:00\",\"dateModified\":\"2026-04-25T11:25:13+00:00\",\"description\":\"Il Millet Peuterey Integrale 45+10 \u00e8 uno zaino decisamente solido per chi \u00e8 alla ricerca di uno zaino \\\"totale\\\" destinato ad un alpinismo a tutto tondo. Zaino storico, conosciuto come un best seller per l'alpinismo di alta gamma, il Millet Peuterey Integrale 45+10 \u00e8 uno zaino progettato per un alpinismo intenso di pi\u00f9 giorni, in ogni terreno, sia d'estate sia d'inverno.Il Peuterey Integrale 45+10 ha una base ampia e flessibile, con una volumetria leggermente pi\u00f9 ampia, l'accesso a U al compartimento principale offre un accesso facile e diretto ai materiali. Particolarit\u00e0 che rende noto il Peuterey \u00e8 l'ampia tasca porta ramponi sulla parte frontale. Altre importanti caratteristiche: supporti per gli sci ultra robusti e porta piccozze in FPP.\",\"breadcrumb\":{\"@id\":\"https:\/\/www.sestogrado.it\/it\/prodotto\/millet-peuterey-integrale-4510-zaino-arrampicata\/#breadcrumb\"},\"inLanguage\":\"it-IT\",\"potentialAction\":[{\"@type\":\"ReadAction\",\"target\":[[\"https:\/\/www.sestogrado.it\/it\/prodotto\/millet-peuterey-integrale-4510-zaino-arrampicata\/\"]]}]},{\"@type\":\"ImageObject\",\"inLanguage\":\"it-IT\",\"@id\":\"https:\/\/www.sestogrado.it\/it\/prodotto\/millet-peuterey-integrale-4510-zaino-arrampicata\/#primaryimage\",\"url\":\"https:\/\/www.sestogrado.it\/wp-content\/uploads\/2017\/10\/20040.jpg\",\"contentUrl\":\"https:\/\/www.sestogrado.it\/wp-content\/uploads\/2017\/10\/20040.jpg\",\"width\":1000,\"height\":1000,\"caption\":\"peuterey 45+10 saphir blue\"},{\"@type\":\"BreadcrumbList\",\"@id\":\"https:\/\/www.sestogrado.it\/it\/prodotto\/millet-peuterey-integrale-4510-zaino-arrampicata\/#breadcrumb\",\"itemListElement\":[{\"@type\":\"ListItem\",\"position\":1,\"name\":\"Home\",\"item\":\"https:\/\/www.sestogrado.it\/it\/\"},{\"@type\":\"ListItem\",\"position\":2,\"name\":\"Shop\",\"item\":\"https:\/\/www.sestogrado.it\/it\/shop\/\"},{\"@type\":\"ListItem\",\"position\":3,\"name\":\"Millet Peuterey Integrale 45+10 zaino da alpinismo\"}]},{\"@type\":\"WebSite\",\"@id\":\"https:\/\/www.sestogrado.it\/it\/#website\",\"url\":\"https:\/\/www.sestogrado.it\/it\/\",\"name\":\"Sestogrado\",\"description\":\"yes we climb\",\"publisher\":{\"@id\":\"https:\/\/www.sestogrado.it\/it\/#organization\"},\"potentialAction\":[{\"@type\":\"SearchAction\",\"target\":{\"@type\":\"EntryPoint\",\"urlTemplate\":\"https:\/\/www.sestogrado.it\/it\/?s={search_term_string}\"},\"query-input\":{\"@type\":\"PropertyValueSpecification\",\"valueRequired\":true,\"valueName\":\"search_term_string\"}}],\"inLanguage\":\"it-IT\"},{\"@type\":\"Organization\",\"@id\":\"https:\/\/www.sestogrado.it\/it\/#organization\",\"name\":\"Sestogrado\",\"url\":\"https:\/\/www.sestogrado.it\/it\/\",\"logo\":{\"@type\":\"ImageObject\",\"inLanguage\":\"it-IT\",\"@id\":\"https:\/\/www.sestogrado.it\/it\/#\/schema\/logo\/image\/\",\"url\":\"https:\/\/www.sestogrado.it\/wp-content\/uploads\/2015\/03\/sestogrado-favicon.png\",\"contentUrl\":\"https:\/\/www.sestogrado.it\/wp-content\/uploads\/2015\/03\/sestogrado-favicon.png\",\"width\":260,\"height\":260,\"caption\":\"Sestogrado\"},\"image\":{\"@id\":\"https:\/\/www.sestogrado.it\/it\/#\/schema\/logo\/image\/\"},\"sameAs\":[\"https:\/\/www.facebook.com\/pages\/Sestogrado\/1542635979353017?ref=bookmarks\",\"https:\/\/www.youtube.com\/channel\/UC847kAfTkaJsWpc1jtQwr3Q\"],\"hasMerchantReturnPolicy\":{\"@type\":\"MerchantReturnPolicy\",\"merchantReturnLink\":\"https:\/\/www.sestogrado.it\/it\/termini-e-condizioni\/\"}}]}<\/script>\n<meta property=\"product:brand\" content=\"Millet\" \/>\n<meta property=\"og:availability\" content=\"instock\" \/>\n<meta property=\"product:availability\" content=\"instock\" \/>\n<meta property=\"product:condition\" content=\"new\" \/>\n<!-- \/ Yoast SEO plugin. -->","yoast_head_json":{"title":"Millet Peuterey Integrale 45+10 zaino da alpinismo - Sestogrado","description":"Il Millet Peuterey Integrale 45+10 \u00e8 uno zaino decisamente solido per chi \u00e8 alla ricerca di uno zaino \"totale\" destinato ad un alpinismo a tutto tondo. Zaino storico, conosciuto come un best seller per l'alpinismo di alta gamma, il Millet Peuterey Integrale 45+10 \u00e8 uno zaino progettato per un alpinismo intenso di pi\u00f9 giorni, in ogni terreno, sia d'estate sia d'inverno.Il Peuterey Integrale 45+10 ha una base ampia e flessibile, con una volumetria leggermente pi\u00f9 ampia, l'accesso a U al compartimento principale offre un accesso facile e diretto ai materiali. Particolarit\u00e0 che rende noto il Peuterey \u00e8 l'ampia tasca porta ramponi sulla parte frontale. Altre importanti caratteristiche: supporti per gli sci ultra robusti e porta piccozze in FPP.","robots":{"index":"index","follow":"follow","max-snippet":"max-snippet:-1","max-image-preview":"max-image-preview:large","max-video-preview":"max-video-preview:-1"},"canonical":"https:\/\/www.sestogrado.it\/it\/prodotto\/millet-peuterey-integrale-4510-zaino-arrampicata\/","og_locale":"it_IT","og_type":"article","og_title":"Millet Peuterey Integrale 45+10 zaino da alpinismo - Sestogrado","og_description":"Il Millet Peuterey Integrale 45+10 \u00e8 uno zaino decisamente solido per chi \u00e8 alla ricerca di uno zaino \"totale\" destinato ad un alpinismo a tutto tondo. Zaino storico, conosciuto come un best seller per l'alpinismo di alta gamma, il Millet Peuterey Integrale 45+10 \u00e8 uno zaino progettato per un alpinismo intenso di pi\u00f9 giorni, in ogni terreno, sia d'estate sia d'inverno.Il Peuterey Integrale 45+10 ha una base ampia e flessibile, con una volumetria leggermente pi\u00f9 ampia, l'accesso a U al compartimento principale offre un accesso facile e diretto ai materiali. Particolarit\u00e0 che rende noto il Peuterey \u00e8 l'ampia tasca porta ramponi sulla parte frontale. Altre importanti caratteristiche: supporti per gli sci ultra robusti e porta piccozze in FPP.","og_url":"https:\/\/www.sestogrado.it\/it\/prodotto\/millet-peuterey-integrale-4510-zaino-arrampicata\/","og_site_name":"Sestogrado","article_publisher":"https:\/\/www.facebook.com\/pages\/Sestogrado\/1542635979353017?ref=bookmarks","article_modified_time":"2026-04-25T11:25:13+00:00","og_image":[{"width":1000,"height":1000,"url":"https:\/\/www.sestogrado.it\/wp-content\/uploads\/2017\/10\/20040.jpg","type":"image\/jpeg"}],"twitter_misc":{"Disponibilit\u00e0":"In stock"},"schema":{"@context":"https:\/\/schema.org","@graph":[{"@type":"WebPage","@id":"https:\/\/www.sestogrado.it\/it\/prodotto\/millet-peuterey-integrale-4510-zaino-arrampicata\/","url":"https:\/\/www.sestogrado.it\/it\/prodotto\/millet-peuterey-integrale-4510-zaino-arrampicata\/","name":"Millet Peuterey Integrale 45+10 zaino da alpinismo - Sestogrado","isPartOf":{"@id":"https:\/\/www.sestogrado.it\/it\/#website"},"primaryImageOfPage":{"@id":"https:\/\/www.sestogrado.it\/it\/prodotto\/millet-peuterey-integrale-4510-zaino-arrampicata\/#primaryimage"},"image":{"@id":"https:\/\/www.sestogrado.it\/prodotto\/millet-peuterey-integrale-4510-zaino-arrampicata\/#primaryimage"},"thumbnailUrl":"https:\/\/www.sestogrado.it\/wp-content\/uploads\/2017\/10\/20040.jpg","datePublished":"2017-10-19T14:25:24+00:00","dateModified":"2026-04-25T11:25:13+00:00","description":"Il Millet Peuterey Integrale 45+10 \u00e8 uno zaino decisamente solido per chi \u00e8 alla ricerca di uno zaino \"totale\" destinato ad un alpinismo a tutto tondo. Zaino storico, conosciuto come un best seller per l'alpinismo di alta gamma, il Millet Peuterey Integrale 45+10 \u00e8 uno zaino progettato per un alpinismo intenso di pi\u00f9 giorni, in ogni terreno, sia d'estate sia d'inverno.Il Peuterey Integrale 45+10 ha una base ampia e flessibile, con una volumetria leggermente pi\u00f9 ampia, l'accesso a U al compartimento principale offre un accesso facile e diretto ai materiali. Particolarit\u00e0 che rende noto il Peuterey \u00e8 l'ampia tasca porta ramponi sulla parte frontale. Altre importanti caratteristiche: supporti per gli sci ultra robusti e porta piccozze in FPP.","breadcrumb":{"@id":"https:\/\/www.sestogrado.it\/it\/prodotto\/millet-peuterey-integrale-4510-zaino-arrampicata\/#breadcrumb"},"inLanguage":"it-IT","potentialAction":[{"@type":"ReadAction","target":[["https:\/\/www.sestogrado.it\/it\/prodotto\/millet-peuterey-integrale-4510-zaino-arrampicata\/"]]}]},{"@type":"ImageObject","inLanguage":"it-IT","@id":"https:\/\/www.sestogrado.it\/it\/prodotto\/millet-peuterey-integrale-4510-zaino-arrampicata\/#primaryimage","url":"https:\/\/www.sestogrado.it\/wp-content\/uploads\/2017\/10\/20040.jpg","contentUrl":"https:\/\/www.sestogrado.it\/wp-content\/uploads\/2017\/10\/20040.jpg","width":1000,"height":1000,"caption":"peuterey 45+10 saphir blue"},{"@type":"BreadcrumbList","@id":"https:\/\/www.sestogrado.it\/it\/prodotto\/millet-peuterey-integrale-4510-zaino-arrampicata\/#breadcrumb","itemListElement":[{"@type":"ListItem","position":1,"name":"Home","item":"https:\/\/www.sestogrado.it\/it\/"},{"@type":"ListItem","position":2,"name":"Shop","item":"https:\/\/www.sestogrado.it\/it\/shop\/"},{"@type":"ListItem","position":3,"name":"Millet Peuterey Integrale 45+10 zaino da alpinismo"}]},{"@type":"WebSite","@id":"https:\/\/www.sestogrado.it\/it\/#website","url":"https:\/\/www.sestogrado.it\/it\/","name":"Sestogrado","description":"yes we climb","publisher":{"@id":"https:\/\/www.sestogrado.it\/it\/#organization"},"potentialAction":[{"@type":"SearchAction","target":{"@type":"EntryPoint","urlTemplate":"https:\/\/www.sestogrado.it\/it\/?s={search_term_string}"},"query-input":{"@type":"PropertyValueSpecification","valueRequired":true,"valueName":"search_term_string"}}],"inLanguage":"it-IT"},{"@type":"Organization","@id":"https:\/\/www.sestogrado.it\/it\/#organization","name":"Sestogrado","url":"https:\/\/www.sestogrado.it\/it\/","logo":{"@type":"ImageObject","inLanguage":"it-IT","@id":"https:\/\/www.sestogrado.it\/it\/#\/schema\/logo\/image\/","url":"https:\/\/www.sestogrado.it\/wp-content\/uploads\/2015\/03\/sestogrado-favicon.png","contentUrl":"https:\/\/www.sestogrado.it\/wp-content\/uploads\/2015\/03\/sestogrado-favicon.png","width":260,"height":260,"caption":"Sestogrado"},"image":{"@id":"https:\/\/www.sestogrado.it\/it\/#\/schema\/logo\/image\/"},"sameAs":["https:\/\/www.facebook.com\/pages\/Sestogrado\/1542635979353017?ref=bookmarks","https:\/\/www.youtube.com\/channel\/UC847kAfTkaJsWpc1jtQwr3Q"],"hasMerchantReturnPolicy":{"@type":"MerchantReturnPolicy","merchantReturnLink":"https:\/\/www.sestogrado.it\/it\/termini-e-condizioni\/"}}]},"product_brand":"Millet","og_availability":"instock","product_availability":"instock","product_condition":"new"},"_links":{"self":[{"href":"https:\/\/www.sestogrado.it\/it\/wp-json\/wp\/v2\/product\/13730","targetHints":{"allow":["GET"]}}],"collection":[{"href":"https:\/\/www.sestogrado.it\/it\/wp-json\/wp\/v2\/product"}],"about":[{"href":"https:\/\/www.sestogrado.it\/it\/wp-json\/wp\/v2\/types\/product"}],"replies":[{"embeddable":true,"href":"https:\/\/www.sestogrado.it\/it\/wp-json\/wp\/v2\/comments?post=13730"}],"wp:featuredmedia":[{"embeddable":true,"href":"https:\/\/www.sestogrado.it\/it\/wp-json\/wp\/v2\/media\/96349"}],"wp:attachment":[{"href":"https:\/\/www.sestogrado.it\/it\/wp-json\/wp\/v2\/media?parent=13730"}],"wp:term":[{"taxonomy":"product_brand","embeddable":true,"href":"https:\/\/www.sestogrado.it\/it\/wp-json\/wp\/v2\/product_brand?post=13730"},{"taxonomy":"product_cat","embeddable":true,"href":"https:\/\/www.sestogrado.it\/it\/wp-json\/wp\/v2\/product_cat?post=13730"},{"taxonomy":"product_tag","embeddable":true,"href":"https:\/\/www.sestogrado.it\/it\/wp-json\/wp\/v2\/product_tag?post=13730"}],"curies":[{"name":"wp","href":"https:\/\/api.w.org\/{rel}","templated":true}]}}