{"id":137291,"date":"2023-07-14T08:05:57","date_gmt":"2023-07-14T06:05:57","guid":{"rendered":"https:\/\/www.sestogrado.it\/?post_type=product&#038;p=137291"},"modified":"2026-04-17T13:59:08","modified_gmt":"2026-04-17T11:59:08","slug":"fixe-roca-margalef-9-6-corda-arrampicata","status":"publish","type":"product","link":"https:\/\/www.sestogrado.it\/it\/prodotto\/fixe-roca-margalef-9-6-corda-arrampicata\/","title":{"rendered":"Fixe Roca Margalef 9.6 corda arrampicata"},"content":{"rendered":"<p>La Fixe Roca Margalef 9.6 \u00e8 una corda resistente, ma allo stesso tempo leggera e facile da usare. Il trattamento Dry della calza le conferisce una protezione extra contro umidit\u00e0 e polvere. Si tratta di una corda ad alte prestazioni per l&#8217;arrampicata a vista o per lavorare su progetti, con un diametro nella gamma media di quelle comunemente utilizzate per l&#8217;arrampicata sportiva. \u00c8 inoltre consigliata per l&#8217;arrampicata indoor.<\/p>\n<p>La scuola di Margalef, nella citt\u00e0 omonima, nella regione del Priorat (Catalogna), \u00e8 una delle aree di arrampicata sportiva pi\u00f9 frequentate al mondo. L&#8217;arrampicata qui avviene su conglomerato punteggiato di prese a monoditoe a due dita, dove solitamente la forza delle dita \u00e8 fondamentale. Ci sono vie attrezzate per tutti i livelli e ospita alcune delle linee sportive pi\u00f9 difficili al mondo, come &#8220;Perfecto Mundo&#8221; e vie iconiche come &#8220;Era Vella&#8221; e &#8220;First Round First Minute&#8221;.<\/p>\n<ul>\n<li>Diametro: 9.6mm<\/li>\n<li><span class=\"lbl\">Trattamento Dry: Trattamento idrorepellente sulla calza. Fornisce resistenza all&#8217;olio, al grasso e all&#8217;acqua. Estende la durata della corda.<\/span><\/li>\n<li><span class=\"lbl\">Tipo di calza: <\/span><span class=\"value\">Endurance, aumenta la durata di vita della corda, 48 trefoli.<\/span><\/li>\n<li>Segno di met\u00e0 corda: presente.<\/li>\n<li>Segno di 8 metri: \u00e8 una marcatura rossa che indica che mancano 8 metri al raggiungimento della fine della corda.<\/li>\n<li>Indicatore riflettente: indicatore riflettente, con le informazioni della corda, presente ad entrambe le estremit\u00e0.<\/li>\n<li>Taglio ultrasonico: sigilla i finali della corda, impedendone l&#8217;apertura.<\/li>\n<li><span class=\"lbl\">Percentuale calza: <\/span><span class=\"value\">36%<\/span><\/li>\n<li><span class=\"lbl\">Allungamento statico: 6<\/span><span class=\"value\">%<\/span><\/li>\n<li><span class=\"lbl\">Numero di cadute UIAA: 7<\/span><\/li>\n<li><span class=\"lbl\">Forza di impatto: 6,8<\/span><span class=\"value\">kN<\/span><\/li>\n<li><span class=\"lbl\">Scorrimento calza: <\/span><span class=\"value\">0,0mm<\/span><\/li>\n<li>Allungamento dinamico: 36%<\/li>\n<li>Allungamento statico: 6%<\/li>\n<\/ul>\n<p>&nbsp;<\/p>\n<p>Fixe \u00e8 stata fondata nel 1983 in un luogo circondato da montagne e zone di arrampicata di prim&#8217;ordine come Montserrat, Terradets e Siurana. \u00c8 diventato rapidamente un marchio leader nella comunit\u00e0 dell&#8217;arrampicata e i suoi prodotti sono attualmente conosciuti in tutto il mondo.<\/p>\n<p>Roca \u00e8 uno dei pi\u00f9 antichi produttori di corde al mondo. Fondata nel 1891, dal 2012 \u00e8 entrata a far parte del gruppo Fixe, per realizza tutte le corde del proprio catalogo.<\/p>\n<p>Le corde Fixe Roca sono supportate da pi\u00f9 di 125 anni di esperienza nel settore. Tutta la produzione avviene a Sant Quirze de Besora (Catalogna), dove Fixe ha anche la sua sede principale e magazzini.<\/p>\n<p>Ogni amante della montagna trover\u00e0 la corda che cerca nel catalogo Fixe. Corde per arrampicata sportiva, arrampicata trad, alpinismo, palestre di arrampicata e canyoning, sia dinamiche che statiche. Una corda per ogni situazione e ogni attivit\u00e0 su terreno verticale.<\/p>\n","protected":false},"excerpt":{"rendered":"<p>La Fixe Roca Margalef 9.6 \u00e8 una corda resistente, ma allo stesso tempo leggera e facile da usare. Il trattamento [&hellip;]<\/p>\n","protected":false},"featured_media":141935,"comment_status":"open","ping_status":"closed","template":"","meta":{"_acf_changed":false},"product_brand":[778],"product_cat":[136],"product_tag":[],"class_list":{"0":"post-137291","1":"product","2":"type-product","3":"status-publish","4":"has-post-thumbnail","6":"product_brand-fixe","7":"product_cat-corde-corde","9":"first","10":"instock","11":"sale","12":"taxable","13":"shipping-taxable","14":"purchasable","15":"product-type-variable"},"acf":[],"yoast_head":"<!-- This site is optimized with the Yoast SEO plugin v26.4 - https:\/\/yoast.com\/wordpress\/plugins\/seo\/ -->\n<title>Fixe Roca Margalef 9.6 corda arrampicata - Sestogrado<\/title>\n<meta name=\"description\" content=\"La Fixe Roca Margalef 9.6 \u00e8 una corda resistente, ma allo stesso tempo leggera e facile da usare. Il trattamento Dry della calza le conferisce una protezione extra contro umidit\u00e0 e polvere. Si tratta di una corda ad alte prestazioni per l&#039;arrampicata a vista o per lavorare su progetti, con un diametro nella gamma media di quelle comunemente utilizzate per l&#039;arrampicata sportiva. \u00c8 inoltre consigliata per l&#039;arrampicata indoor.La scuola di Margalef, nella citt\u00e0 omonima, nella regione del Priorat (Catalogna), \u00e8 una delle aree di arrampicata sportiva pi\u00f9 frequentate al mondo. L&#039;arrampicata qui avviene su conglomerato punteggiato di prese a monoditoe a due dita, dove solitamente la forza delle dita \u00e8 fondamentale. Ci sono vie attrezzate per tutti i livelli e ospita alcune delle linee sportive pi\u00f9 difficili al mondo, come &quot;Perfecto Mundo&quot; e vie iconiche come &quot;Era Vella&quot; e &quot;First Round First Minute&quot;.\" \/>\n<meta name=\"robots\" content=\"index, follow, max-snippet:-1, max-image-preview:large, max-video-preview:-1\" \/>\n<link rel=\"canonical\" href=\"https:\/\/www.sestogrado.it\/it\/prodotto\/fixe-roca-margalef-9-6-corda-arrampicata\/\" \/>\n<meta property=\"og:locale\" content=\"it_IT\" \/>\n<meta property=\"og:type\" content=\"article\" \/>\n<meta property=\"og:title\" content=\"Fixe Roca Margalef 9.6 corda arrampicata - Sestogrado\" \/>\n<meta property=\"og:description\" content=\"La Fixe Roca Margalef 9.6 \u00e8 una corda resistente, ma allo stesso tempo leggera e facile da usare. Il trattamento Dry della calza le conferisce una protezione extra contro umidit\u00e0 e polvere. Si tratta di una corda ad alte prestazioni per l&#039;arrampicata a vista o per lavorare su progetti, con un diametro nella gamma media di quelle comunemente utilizzate per l&#039;arrampicata sportiva. \u00c8 inoltre consigliata per l&#039;arrampicata indoor.La scuola di Margalef, nella citt\u00e0 omonima, nella regione del Priorat (Catalogna), \u00e8 una delle aree di arrampicata sportiva pi\u00f9 frequentate al mondo. L&#039;arrampicata qui avviene su conglomerato punteggiato di prese a monoditoe a due dita, dove solitamente la forza delle dita \u00e8 fondamentale. Ci sono vie attrezzate per tutti i livelli e ospita alcune delle linee sportive pi\u00f9 difficili al mondo, come &quot;Perfecto Mundo&quot; e vie iconiche come &quot;Era Vella&quot; e &quot;First Round First Minute&quot;.\" \/>\n<meta property=\"og:url\" content=\"https:\/\/www.sestogrado.it\/it\/prodotto\/fixe-roca-margalef-9-6-corda-arrampicata\/\" \/>\n<meta property=\"og:site_name\" content=\"Sestogrado\" \/>\n<meta property=\"article:publisher\" content=\"https:\/\/www.facebook.com\/pages\/Sestogrado\/1542635979353017?ref=bookmarks\" \/>\n<meta property=\"article:modified_time\" content=\"2026-04-17T11:59:08+00:00\" \/>\n<meta property=\"og:image\" content=\"https:\/\/www.sestogrado.it\/wp-content\/uploads\/2023\/07\/margalef.jpg\" \/>\n\t<meta property=\"og:image:width\" content=\"800\" \/>\n\t<meta property=\"og:image:height\" content=\"800\" \/>\n\t<meta property=\"og:image:type\" content=\"image\/jpeg\" \/>\n<meta name=\"twitter:label1\" content=\"Disponibilit\u00e0\" \/>\n\t<meta name=\"twitter:data1\" content=\"In stock\" \/>\n<script type=\"application\/ld+json\" class=\"yoast-schema-graph\">{\"@context\":\"https:\/\/schema.org\",\"@graph\":[{\"@type\":\"WebPage\",\"@id\":\"https:\/\/www.sestogrado.it\/it\/prodotto\/fixe-roca-margalef-9-6-corda-arrampicata\/\",\"url\":\"https:\/\/www.sestogrado.it\/it\/prodotto\/fixe-roca-margalef-9-6-corda-arrampicata\/\",\"name\":\"Fixe Roca Margalef 9.6 corda arrampicata - Sestogrado\",\"isPartOf\":{\"@id\":\"https:\/\/www.sestogrado.it\/it\/#website\"},\"primaryImageOfPage\":{\"@id\":\"https:\/\/www.sestogrado.it\/it\/prodotto\/fixe-roca-margalef-9-6-corda-arrampicata\/#primaryimage\"},\"image\":{\"@id\":\"https:\/\/www.sestogrado.it\/prodotto\/fixe-roca-margalef-9-6-corda-arrampicata\/#primaryimage\"},\"thumbnailUrl\":\"https:\/\/www.sestogrado.it\/wp-content\/uploads\/2023\/07\/margalef.jpg\",\"datePublished\":\"2023-07-14T06:05:57+00:00\",\"dateModified\":\"2026-04-17T11:59:08+00:00\",\"description\":\"La Fixe Roca Margalef 9.6 \u00e8 una corda resistente, ma allo stesso tempo leggera e facile da usare. Il trattamento Dry della calza le conferisce una protezione extra contro umidit\u00e0 e polvere. Si tratta di una corda ad alte prestazioni per l'arrampicata a vista o per lavorare su progetti, con un diametro nella gamma media di quelle comunemente utilizzate per l'arrampicata sportiva. \u00c8 inoltre consigliata per l'arrampicata indoor.La scuola di Margalef, nella citt\u00e0 omonima, nella regione del Priorat (Catalogna), \u00e8 una delle aree di arrampicata sportiva pi\u00f9 frequentate al mondo. L'arrampicata qui avviene su conglomerato punteggiato di prese a monoditoe a due dita, dove solitamente la forza delle dita \u00e8 fondamentale. Ci sono vie attrezzate per tutti i livelli e ospita alcune delle linee sportive pi\u00f9 difficili al mondo, come \\\"Perfecto Mundo\\\" e vie iconiche come \\\"Era Vella\\\" e \\\"First Round First Minute\\\".\",\"breadcrumb\":{\"@id\":\"https:\/\/www.sestogrado.it\/it\/prodotto\/fixe-roca-margalef-9-6-corda-arrampicata\/#breadcrumb\"},\"inLanguage\":\"it-IT\",\"potentialAction\":[{\"@type\":\"ReadAction\",\"target\":[[\"https:\/\/www.sestogrado.it\/it\/prodotto\/fixe-roca-margalef-9-6-corda-arrampicata\/\"]]}]},{\"@type\":\"ImageObject\",\"inLanguage\":\"it-IT\",\"@id\":\"https:\/\/www.sestogrado.it\/it\/prodotto\/fixe-roca-margalef-9-6-corda-arrampicata\/#primaryimage\",\"url\":\"https:\/\/www.sestogrado.it\/wp-content\/uploads\/2023\/07\/margalef.jpg\",\"contentUrl\":\"https:\/\/www.sestogrado.it\/wp-content\/uploads\/2023\/07\/margalef.jpg\",\"width\":800,\"height\":800,\"caption\":\"margalef\"},{\"@type\":\"BreadcrumbList\",\"@id\":\"https:\/\/www.sestogrado.it\/it\/prodotto\/fixe-roca-margalef-9-6-corda-arrampicata\/#breadcrumb\",\"itemListElement\":[{\"@type\":\"ListItem\",\"position\":1,\"name\":\"Home\",\"item\":\"https:\/\/www.sestogrado.it\/it\/\"},{\"@type\":\"ListItem\",\"position\":2,\"name\":\"Shop\",\"item\":\"https:\/\/www.sestogrado.it\/it\/shop\/\"},{\"@type\":\"ListItem\",\"position\":3,\"name\":\"Fixe Roca Margalef 9.6 corda arrampicata\"}]},{\"@type\":\"WebSite\",\"@id\":\"https:\/\/www.sestogrado.it\/it\/#website\",\"url\":\"https:\/\/www.sestogrado.it\/it\/\",\"name\":\"Sestogrado\",\"description\":\"yes we climb\",\"publisher\":{\"@id\":\"https:\/\/www.sestogrado.it\/it\/#organization\"},\"potentialAction\":[{\"@type\":\"SearchAction\",\"target\":{\"@type\":\"EntryPoint\",\"urlTemplate\":\"https:\/\/www.sestogrado.it\/it\/?s={search_term_string}\"},\"query-input\":{\"@type\":\"PropertyValueSpecification\",\"valueRequired\":true,\"valueName\":\"search_term_string\"}}],\"inLanguage\":\"it-IT\"},{\"@type\":\"Organization\",\"@id\":\"https:\/\/www.sestogrado.it\/it\/#organization\",\"name\":\"Sestogrado\",\"url\":\"https:\/\/www.sestogrado.it\/it\/\",\"logo\":{\"@type\":\"ImageObject\",\"inLanguage\":\"it-IT\",\"@id\":\"https:\/\/www.sestogrado.it\/it\/#\/schema\/logo\/image\/\",\"url\":\"https:\/\/www.sestogrado.it\/wp-content\/uploads\/2015\/03\/sestogrado-favicon.png\",\"contentUrl\":\"https:\/\/www.sestogrado.it\/wp-content\/uploads\/2015\/03\/sestogrado-favicon.png\",\"width\":260,\"height\":260,\"caption\":\"Sestogrado\"},\"image\":{\"@id\":\"https:\/\/www.sestogrado.it\/it\/#\/schema\/logo\/image\/\"},\"sameAs\":[\"https:\/\/www.facebook.com\/pages\/Sestogrado\/1542635979353017?ref=bookmarks\",\"https:\/\/www.youtube.com\/channel\/UC847kAfTkaJsWpc1jtQwr3Q\"],\"hasMerchantReturnPolicy\":{\"@type\":\"MerchantReturnPolicy\",\"merchantReturnLink\":\"https:\/\/www.sestogrado.it\/it\/termini-e-condizioni\/\"}}]}<\/script>\n<meta property=\"product:brand\" content=\"Fixe\" \/>\n<meta property=\"og:availability\" content=\"instock\" \/>\n<meta property=\"product:availability\" content=\"instock\" \/>\n<meta property=\"product:condition\" content=\"new\" \/>\n<!-- \/ Yoast SEO plugin. -->","yoast_head_json":{"title":"Fixe Roca Margalef 9.6 corda arrampicata - Sestogrado","description":"La Fixe Roca Margalef 9.6 \u00e8 una corda resistente, ma allo stesso tempo leggera e facile da usare. Il trattamento Dry della calza le conferisce una protezione extra contro umidit\u00e0 e polvere. Si tratta di una corda ad alte prestazioni per l'arrampicata a vista o per lavorare su progetti, con un diametro nella gamma media di quelle comunemente utilizzate per l'arrampicata sportiva. \u00c8 inoltre consigliata per l'arrampicata indoor.La scuola di Margalef, nella citt\u00e0 omonima, nella regione del Priorat (Catalogna), \u00e8 una delle aree di arrampicata sportiva pi\u00f9 frequentate al mondo. L'arrampicata qui avviene su conglomerato punteggiato di prese a monoditoe a due dita, dove solitamente la forza delle dita \u00e8 fondamentale. Ci sono vie attrezzate per tutti i livelli e ospita alcune delle linee sportive pi\u00f9 difficili al mondo, come \"Perfecto Mundo\" e vie iconiche come \"Era Vella\" e \"First Round First Minute\".","robots":{"index":"index","follow":"follow","max-snippet":"max-snippet:-1","max-image-preview":"max-image-preview:large","max-video-preview":"max-video-preview:-1"},"canonical":"https:\/\/www.sestogrado.it\/it\/prodotto\/fixe-roca-margalef-9-6-corda-arrampicata\/","og_locale":"it_IT","og_type":"article","og_title":"Fixe Roca Margalef 9.6 corda arrampicata - Sestogrado","og_description":"La Fixe Roca Margalef 9.6 \u00e8 una corda resistente, ma allo stesso tempo leggera e facile da usare. Il trattamento Dry della calza le conferisce una protezione extra contro umidit\u00e0 e polvere. Si tratta di una corda ad alte prestazioni per l'arrampicata a vista o per lavorare su progetti, con un diametro nella gamma media di quelle comunemente utilizzate per l'arrampicata sportiva. \u00c8 inoltre consigliata per l'arrampicata indoor.La scuola di Margalef, nella citt\u00e0 omonima, nella regione del Priorat (Catalogna), \u00e8 una delle aree di arrampicata sportiva pi\u00f9 frequentate al mondo. L'arrampicata qui avviene su conglomerato punteggiato di prese a monoditoe a due dita, dove solitamente la forza delle dita \u00e8 fondamentale. Ci sono vie attrezzate per tutti i livelli e ospita alcune delle linee sportive pi\u00f9 difficili al mondo, come \"Perfecto Mundo\" e vie iconiche come \"Era Vella\" e \"First Round First Minute\".","og_url":"https:\/\/www.sestogrado.it\/it\/prodotto\/fixe-roca-margalef-9-6-corda-arrampicata\/","og_site_name":"Sestogrado","article_publisher":"https:\/\/www.facebook.com\/pages\/Sestogrado\/1542635979353017?ref=bookmarks","article_modified_time":"2026-04-17T11:59:08+00:00","og_image":[{"width":800,"height":800,"url":"https:\/\/www.sestogrado.it\/wp-content\/uploads\/2023\/07\/margalef.jpg","type":"image\/jpeg"}],"twitter_misc":{"Disponibilit\u00e0":"In stock"},"schema":{"@context":"https:\/\/schema.org","@graph":[{"@type":"WebPage","@id":"https:\/\/www.sestogrado.it\/it\/prodotto\/fixe-roca-margalef-9-6-corda-arrampicata\/","url":"https:\/\/www.sestogrado.it\/it\/prodotto\/fixe-roca-margalef-9-6-corda-arrampicata\/","name":"Fixe Roca Margalef 9.6 corda arrampicata - Sestogrado","isPartOf":{"@id":"https:\/\/www.sestogrado.it\/it\/#website"},"primaryImageOfPage":{"@id":"https:\/\/www.sestogrado.it\/it\/prodotto\/fixe-roca-margalef-9-6-corda-arrampicata\/#primaryimage"},"image":{"@id":"https:\/\/www.sestogrado.it\/prodotto\/fixe-roca-margalef-9-6-corda-arrampicata\/#primaryimage"},"thumbnailUrl":"https:\/\/www.sestogrado.it\/wp-content\/uploads\/2023\/07\/margalef.jpg","datePublished":"2023-07-14T06:05:57+00:00","dateModified":"2026-04-17T11:59:08+00:00","description":"La Fixe Roca Margalef 9.6 \u00e8 una corda resistente, ma allo stesso tempo leggera e facile da usare. Il trattamento Dry della calza le conferisce una protezione extra contro umidit\u00e0 e polvere. Si tratta di una corda ad alte prestazioni per l'arrampicata a vista o per lavorare su progetti, con un diametro nella gamma media di quelle comunemente utilizzate per l'arrampicata sportiva. \u00c8 inoltre consigliata per l'arrampicata indoor.La scuola di Margalef, nella citt\u00e0 omonima, nella regione del Priorat (Catalogna), \u00e8 una delle aree di arrampicata sportiva pi\u00f9 frequentate al mondo. L'arrampicata qui avviene su conglomerato punteggiato di prese a monoditoe a due dita, dove solitamente la forza delle dita \u00e8 fondamentale. Ci sono vie attrezzate per tutti i livelli e ospita alcune delle linee sportive pi\u00f9 difficili al mondo, come \"Perfecto Mundo\" e vie iconiche come \"Era Vella\" e \"First Round First Minute\".","breadcrumb":{"@id":"https:\/\/www.sestogrado.it\/it\/prodotto\/fixe-roca-margalef-9-6-corda-arrampicata\/#breadcrumb"},"inLanguage":"it-IT","potentialAction":[{"@type":"ReadAction","target":[["https:\/\/www.sestogrado.it\/it\/prodotto\/fixe-roca-margalef-9-6-corda-arrampicata\/"]]}]},{"@type":"ImageObject","inLanguage":"it-IT","@id":"https:\/\/www.sestogrado.it\/it\/prodotto\/fixe-roca-margalef-9-6-corda-arrampicata\/#primaryimage","url":"https:\/\/www.sestogrado.it\/wp-content\/uploads\/2023\/07\/margalef.jpg","contentUrl":"https:\/\/www.sestogrado.it\/wp-content\/uploads\/2023\/07\/margalef.jpg","width":800,"height":800,"caption":"margalef"},{"@type":"BreadcrumbList","@id":"https:\/\/www.sestogrado.it\/it\/prodotto\/fixe-roca-margalef-9-6-corda-arrampicata\/#breadcrumb","itemListElement":[{"@type":"ListItem","position":1,"name":"Home","item":"https:\/\/www.sestogrado.it\/it\/"},{"@type":"ListItem","position":2,"name":"Shop","item":"https:\/\/www.sestogrado.it\/it\/shop\/"},{"@type":"ListItem","position":3,"name":"Fixe Roca Margalef 9.6 corda arrampicata"}]},{"@type":"WebSite","@id":"https:\/\/www.sestogrado.it\/it\/#website","url":"https:\/\/www.sestogrado.it\/it\/","name":"Sestogrado","description":"yes we climb","publisher":{"@id":"https:\/\/www.sestogrado.it\/it\/#organization"},"potentialAction":[{"@type":"SearchAction","target":{"@type":"EntryPoint","urlTemplate":"https:\/\/www.sestogrado.it\/it\/?s={search_term_string}"},"query-input":{"@type":"PropertyValueSpecification","valueRequired":true,"valueName":"search_term_string"}}],"inLanguage":"it-IT"},{"@type":"Organization","@id":"https:\/\/www.sestogrado.it\/it\/#organization","name":"Sestogrado","url":"https:\/\/www.sestogrado.it\/it\/","logo":{"@type":"ImageObject","inLanguage":"it-IT","@id":"https:\/\/www.sestogrado.it\/it\/#\/schema\/logo\/image\/","url":"https:\/\/www.sestogrado.it\/wp-content\/uploads\/2015\/03\/sestogrado-favicon.png","contentUrl":"https:\/\/www.sestogrado.it\/wp-content\/uploads\/2015\/03\/sestogrado-favicon.png","width":260,"height":260,"caption":"Sestogrado"},"image":{"@id":"https:\/\/www.sestogrado.it\/it\/#\/schema\/logo\/image\/"},"sameAs":["https:\/\/www.facebook.com\/pages\/Sestogrado\/1542635979353017?ref=bookmarks","https:\/\/www.youtube.com\/channel\/UC847kAfTkaJsWpc1jtQwr3Q"],"hasMerchantReturnPolicy":{"@type":"MerchantReturnPolicy","merchantReturnLink":"https:\/\/www.sestogrado.it\/it\/termini-e-condizioni\/"}}]},"product_brand":"Fixe","og_availability":"instock","product_availability":"instock","product_condition":"new"},"_links":{"self":[{"href":"https:\/\/www.sestogrado.it\/it\/wp-json\/wp\/v2\/product\/137291","targetHints":{"allow":["GET"]}}],"collection":[{"href":"https:\/\/www.sestogrado.it\/it\/wp-json\/wp\/v2\/product"}],"about":[{"href":"https:\/\/www.sestogrado.it\/it\/wp-json\/wp\/v2\/types\/product"}],"replies":[{"embeddable":true,"href":"https:\/\/www.sestogrado.it\/it\/wp-json\/wp\/v2\/comments?post=137291"}],"wp:featuredmedia":[{"embeddable":true,"href":"https:\/\/www.sestogrado.it\/it\/wp-json\/wp\/v2\/media\/141935"}],"wp:attachment":[{"href":"https:\/\/www.sestogrado.it\/it\/wp-json\/wp\/v2\/media?parent=137291"}],"wp:term":[{"taxonomy":"product_brand","embeddable":true,"href":"https:\/\/www.sestogrado.it\/it\/wp-json\/wp\/v2\/product_brand?post=137291"},{"taxonomy":"product_cat","embeddable":true,"href":"https:\/\/www.sestogrado.it\/it\/wp-json\/wp\/v2\/product_cat?post=137291"},{"taxonomy":"product_tag","embeddable":true,"href":"https:\/\/www.sestogrado.it\/it\/wp-json\/wp\/v2\/product_tag?post=137291"}],"curies":[{"name":"wp","href":"https:\/\/api.w.org\/{rel}","templated":true}]}}