{"id":12225,"date":"2017-07-17T14:49:49","date_gmt":"2017-07-17T12:49:49","guid":{"rendered":"http:\/\/www.sestogrado.it\/?post_type=product&#038;p=12225"},"modified":"2026-04-14T14:46:38","modified_gmt":"2026-04-14T12:46:38","slug":"idea-montagna-appennino-di-neve-e-di-ghiaccio-appennino-tosco-emiliano-settore-est-vol-2","status":"publish","type":"product","link":"https:\/\/www.sestogrado.it\/it\/prodotto\/idea-montagna-appennino-di-neve-e-di-ghiaccio-appennino-tosco-emiliano-settore-est-vol-2\/","title":{"rendered":"Idea Montagna Appennino di neve e di ghiaccio &#8211; Appennino Tosco-Emiliano Settore Est (Vol. 2)"},"content":{"rendered":"<p><strong>Appennino di neve e di ghiaccio &#8211; Appennino Tosco-Emiliano Settore Est (Vol. 2)<\/strong> \u00e8 l&#8217;ultimo di due volumi dell&#8217;omonima opera, nella quale\u00a0vengono descritti i percorsi alpinistici invernali della porzione est dell&#8217;Appenino Tosco-Emiliano.<\/p>\n<p>L&#8217;opera prende in considerazioni le montagne pi\u00f9 a est e comprende i gruppi Giovo-Rondinaio, Alpe delle Tre Potenze, Monte Gomito, Monte Cimone, Libro Aperto, Monte Spigolino, Monte Corno alle Scale, di cui descrive 99 vie alpinistiche invernali. D&#8217;inverno l&#8217;Appennino si trasforma in un terreno di gioco ideale per attivit\u00e0 che spaziano dallo scialpinismo al dry tooling, attraverso le varie sfumature intermedie. I canaloni, direttive naturali che solcano le maggiori pareti, sono stati i primi ad essere oggetto di ascensione, ma in particolari condizioni l&#8217;innevamento permette di salire una grande variet\u00e0 di itinerari, esplorati in modo sistematico solo negli ultimi anni. L&#8217;Appennino si rivela quindi non solo un ottimo terreno di allenamento per l\u2019alpinismo su neve e ghiaccio da praticare su catene montuose maggiori, ma sempre pi\u00f9 spesso diventa un luogo dove esprimere un alpinismo specifico, remunerativo e di alto livello.<\/p>\n<p><strong>Appennino di neve e di ghiaccio<\/strong> &#8211; Appennino Tosco-Emiliano Settore Est (Vol. 2) propone dunque un alpinismo di ricerca, che va curato e seguito nei modi e nei tempi per cogliere al volo le giuste giornate che sapranno sicuramente regalare bei momenti di appenninismo sulle montagne dietro casa.<\/p>\n<p>&nbsp;<\/p>\n<p>&nbsp;<\/p>\n<p><b>Marco Barbieri<\/b>,<b> <\/b>esploratore dell&#8217;improbabile, viaggiatore scalzo, amante dei grandi spazi del nord. La passione per gli angoli pi\u00f9 selvaggi e le vette poco affollate non lo trattiene dal correre in Appennino ogni volta che pu\u00f2. Nella stagione fredda \u00e8 ormai un mago nell&#8217;indovinare le condizioni giuste e non \u00e8 raro sorprenderlo a vagabondare per boschi o pareti a notte fonda.<\/p>\n<p><b>Nicola Roncaglia<\/b>,\u00a0Infermiere nella vita di tutti i giorni, volontario del soccorso alpino presso la stazione Monte Cimone, da parecchi anni consacra il suo tempo libero alla montagna con tutto quello che in ogni stagione pu\u00f2 offrire. Insegue gli itinerari classici sulle Alpi e a ogni occasione organizza goliardici viaggi e spedizioni tra montagne europee ed extra europee. Ritorna per\u00f2 sempre felicemente in Appennino dove fin da bambino ha percorso sentieri e vallate.<\/p>\n<p><b>Gian Paolo Santunione<\/b>,<b>\u00a0<\/b>Ingegnere edile di professione, alpinista classico per vocazione. Ama pi\u00f9 di tutto le Alpi e le vie tradizionali in alta quota restando fedele al motto \u201cbasso il grado, alto il godimento\u201c. Dotato di un grande intuito nel pianificare e percorrere grandiosi itinerari, ha scoperto le montagne appenniniche di casa solo in et\u00e0 adulta apprezzando soprattutto la loro veste invernale.<\/p>\n<p>&nbsp;<\/p>\n<p>Nata nel 2005, l&#8217;Associazione Sportiva Idea Montagna propone iniziative legate al mondo della montagna, dall&#8217;allenamento per l&#8217;alpinista e lo scialpinista ai viaggi alpinistici e spedizioni extraeuropee. L&#8217;Associazione ha anche, tra i suoi obiettivi, il rispetto e la salvaguardia dell&#8217;ambiente montano. Ogni socio accomuna le sue aspirazioni alpinistiche con questi valori con la netta convinzione che solo cos\u00ec la montagna e l&#8217;alpinismo potranno essere vissuti anche dalle generazioni future.<\/p>\n<p>Nell&#8217;ambito delle pubblicazioni Idea Montagna si contraddistingue per una grafica moderna e di impatto. I volumi pubblicati hanno ottenuto tutti un buon successo sia di critica che di vendite. I primi due libri, usciti alla fine del 2006, riguardano la grande passione del fondatore: la scalata sulle cascate di ghiaccio. I volumi &#8220;Ghiaccio Verticale 1&#8221; e &#8220;Ghiaccio Verticale 2&#8221; sono infatti diventati le guide di riferimento di tutti i ghiacciatori del nord-est e non solo.<\/p>\n<p>Sull&#8217;onda di questo successo l&#8217;Associazione ha pubblicato volumi di altri alpinisti ponendosi in breve tempo a buoni livelli di soddisfazione ed \u00e8 alla ricerca di altri autori per nuove opere.<\/p>\n<p>https:\/\/www.slideshare.net\/IdeaMontagna\/appennino-di-neve-e-di-ghiaccio-vol-2<\/p>","protected":false},"excerpt":{"rendered":"<p>Appennino di neve e di ghiaccio &#8211; Appennino Tosco-Emiliano Settore Est (Vol. 2) \u00e8 l&#8217;ultimo di due volumi dell&#8217;omonima opera, [&hellip;]<\/p>\n","protected":false},"featured_media":106488,"comment_status":"open","ping_status":"closed","template":"","meta":{"_acf_changed":false},"product_brand":[331],"product_cat":[98],"product_tag":[],"class_list":{"0":"post-12225","1":"product","2":"type-product","3":"status-publish","4":"has-post-thumbnail","6":"product_brand-idea-montagna","7":"product_cat-libri","9":"first","10":"instock","11":"taxable","12":"shipping-taxable","13":"purchasable","14":"product-type-simple"},"acf":[],"yoast_head":"<!-- This site is optimized with the Yoast SEO plugin v26.4 - https:\/\/yoast.com\/wordpress\/plugins\/seo\/ -->\n<title>Idea Montagna Appennino di neve e di ghiaccio - Appennino Tosco-Emiliano Settore Est (Vol. 2) - Sestogrado<\/title>\n<meta name=\"robots\" content=\"index, follow, max-snippet:-1, max-image-preview:large, max-video-preview:-1\" \/>\n<link rel=\"canonical\" href=\"https:\/\/www.sestogrado.it\/it\/prodotto\/idea-montagna-appennino-di-neve-e-di-ghiaccio-appennino-tosco-emiliano-settore-est-vol-2\/\" \/>\n<meta property=\"og:locale\" content=\"it_IT\" \/>\n<meta property=\"og:type\" content=\"article\" \/>\n<meta property=\"og:title\" content=\"Idea Montagna Appennino di neve e di ghiaccio - Appennino Tosco-Emiliano Settore Est (Vol. 2) - Sestogrado\" \/>\n<meta property=\"og:description\" content=\"Appennino di neve e di ghiaccio &#8211; Appennino Tosco-Emiliano Settore Est (Vol. 2) \u00e8 l&#8217;ultimo di due volumi dell&#8217;omonima opera, [&hellip;]\" \/>\n<meta property=\"og:url\" content=\"https:\/\/www.sestogrado.it\/it\/prodotto\/idea-montagna-appennino-di-neve-e-di-ghiaccio-appennino-tosco-emiliano-settore-est-vol-2\/\" \/>\n<meta property=\"og:site_name\" content=\"Sestogrado\" \/>\n<meta property=\"article:publisher\" content=\"https:\/\/www.facebook.com\/pages\/Sestogrado\/1542635979353017?ref=bookmarks\" \/>\n<meta property=\"article:modified_time\" content=\"2026-04-14T12:46:38+00:00\" \/>\n<meta property=\"og:image\" content=\"https:\/\/www.sestogrado.it\/wp-content\/uploads\/2021\/08\/Appennino-di-neve-e-di-ghiaccio-vol2.jpg\" \/>\n\t<meta property=\"og:image:width\" content=\"1300\" \/>\n\t<meta property=\"og:image:height\" content=\"1300\" \/>\n\t<meta property=\"og:image:type\" content=\"image\/jpeg\" \/>\n<meta name=\"twitter:label1\" content=\"Prezzo\" \/>\n\t<meta name=\"twitter:data1\" content=\"&euro;&nbsp;25,00\" \/>\n\t<meta name=\"twitter:label2\" content=\"Disponibilit\u00e0\" \/>\n\t<meta name=\"twitter:data2\" content=\"In stock\" \/>\n<script type=\"application\/ld+json\" class=\"yoast-schema-graph\">{\"@context\":\"https:\/\/schema.org\",\"@graph\":[{\"@type\":\"WebPage\",\"@id\":\"https:\/\/www.sestogrado.it\/it\/prodotto\/idea-montagna-appennino-di-neve-e-di-ghiaccio-appennino-tosco-emiliano-settore-est-vol-2\/\",\"url\":\"https:\/\/www.sestogrado.it\/it\/prodotto\/idea-montagna-appennino-di-neve-e-di-ghiaccio-appennino-tosco-emiliano-settore-est-vol-2\/\",\"name\":\"Idea Montagna Appennino di neve e di ghiaccio - Appennino Tosco-Emiliano Settore Est (Vol. 2) - Sestogrado\",\"isPartOf\":{\"@id\":\"https:\/\/www.sestogrado.it\/it\/#website\"},\"primaryImageOfPage\":{\"@id\":\"https:\/\/www.sestogrado.it\/it\/prodotto\/idea-montagna-appennino-di-neve-e-di-ghiaccio-appennino-tosco-emiliano-settore-est-vol-2\/#primaryimage\"},\"image\":{\"@id\":\"https:\/\/www.sestogrado.it\/prodotto\/idea-montagna-appennino-di-neve-e-di-ghiaccio-appennino-tosco-emiliano-settore-est-vol-2\/#primaryimage\"},\"thumbnailUrl\":\"https:\/\/www.sestogrado.it\/wp-content\/uploads\/2021\/08\/Appennino-di-neve-e-di-ghiaccio-vol2.jpg\",\"datePublished\":\"2017-07-17T12:49:49+00:00\",\"dateModified\":\"2026-04-14T12:46:38+00:00\",\"breadcrumb\":{\"@id\":\"https:\/\/www.sestogrado.it\/it\/prodotto\/idea-montagna-appennino-di-neve-e-di-ghiaccio-appennino-tosco-emiliano-settore-est-vol-2\/#breadcrumb\"},\"inLanguage\":\"it-IT\",\"potentialAction\":[{\"@type\":\"ReadAction\",\"target\":[[\"https:\/\/www.sestogrado.it\/it\/prodotto\/idea-montagna-appennino-di-neve-e-di-ghiaccio-appennino-tosco-emiliano-settore-est-vol-2\/\"]]}]},{\"@type\":\"ImageObject\",\"inLanguage\":\"it-IT\",\"@id\":\"https:\/\/www.sestogrado.it\/it\/prodotto\/idea-montagna-appennino-di-neve-e-di-ghiaccio-appennino-tosco-emiliano-settore-est-vol-2\/#primaryimage\",\"url\":\"https:\/\/www.sestogrado.it\/wp-content\/uploads\/2021\/08\/Appennino-di-neve-e-di-ghiaccio-vol2.jpg\",\"contentUrl\":\"https:\/\/www.sestogrado.it\/wp-content\/uploads\/2021\/08\/Appennino-di-neve-e-di-ghiaccio-vol2.jpg\",\"width\":1300,\"height\":1300,\"caption\":\"idea montagna appennino di neve e di ghiaccio VOL 2\"},{\"@type\":\"BreadcrumbList\",\"@id\":\"https:\/\/www.sestogrado.it\/it\/prodotto\/idea-montagna-appennino-di-neve-e-di-ghiaccio-appennino-tosco-emiliano-settore-est-vol-2\/#breadcrumb\",\"itemListElement\":[{\"@type\":\"ListItem\",\"position\":1,\"name\":\"Home\",\"item\":\"https:\/\/www.sestogrado.it\/it\/\"},{\"@type\":\"ListItem\",\"position\":2,\"name\":\"Shop\",\"item\":\"https:\/\/www.sestogrado.it\/it\/shop\/\"},{\"@type\":\"ListItem\",\"position\":3,\"name\":\"Idea Montagna Appennino di neve e di ghiaccio &#8211; Appennino Tosco-Emiliano Settore Est (Vol. 2)\"}]},{\"@type\":\"WebSite\",\"@id\":\"https:\/\/www.sestogrado.it\/it\/#website\",\"url\":\"https:\/\/www.sestogrado.it\/it\/\",\"name\":\"Sestogrado\",\"description\":\"yes we climb\",\"publisher\":{\"@id\":\"https:\/\/www.sestogrado.it\/it\/#organization\"},\"potentialAction\":[{\"@type\":\"SearchAction\",\"target\":{\"@type\":\"EntryPoint\",\"urlTemplate\":\"https:\/\/www.sestogrado.it\/it\/?s={search_term_string}\"},\"query-input\":{\"@type\":\"PropertyValueSpecification\",\"valueRequired\":true,\"valueName\":\"search_term_string\"}}],\"inLanguage\":\"it-IT\"},{\"@type\":\"Organization\",\"@id\":\"https:\/\/www.sestogrado.it\/it\/#organization\",\"name\":\"Sestogrado\",\"url\":\"https:\/\/www.sestogrado.it\/it\/\",\"logo\":{\"@type\":\"ImageObject\",\"inLanguage\":\"it-IT\",\"@id\":\"https:\/\/www.sestogrado.it\/it\/#\/schema\/logo\/image\/\",\"url\":\"https:\/\/www.sestogrado.it\/wp-content\/uploads\/2015\/03\/sestogrado-favicon.png\",\"contentUrl\":\"https:\/\/www.sestogrado.it\/wp-content\/uploads\/2015\/03\/sestogrado-favicon.png\",\"width\":260,\"height\":260,\"caption\":\"Sestogrado\"},\"image\":{\"@id\":\"https:\/\/www.sestogrado.it\/it\/#\/schema\/logo\/image\/\"},\"sameAs\":[\"https:\/\/www.facebook.com\/pages\/Sestogrado\/1542635979353017?ref=bookmarks\",\"https:\/\/www.youtube.com\/channel\/UC847kAfTkaJsWpc1jtQwr3Q\"],\"hasMerchantReturnPolicy\":{\"@type\":\"MerchantReturnPolicy\",\"merchantReturnLink\":\"https:\/\/www.sestogrado.it\/it\/termini-e-condizioni\/\"}}]}<\/script>\n<meta property=\"product:brand\" content=\"Idea Montagna\" \/>\n<meta property=\"product:price:amount\" content=\"25.00\" \/>\n<meta property=\"product:price:currency\" content=\"EUR\" \/>\n<meta property=\"og:availability\" content=\"instock\" \/>\n<meta property=\"product:availability\" content=\"instock\" \/>\n<meta property=\"product:condition\" content=\"new\" \/>\n<!-- \/ Yoast SEO plugin. -->","yoast_head_json":{"title":"Idea Montagna Appennino di neve e di ghiaccio - Appennino Tosco-Emiliano Settore Est (Vol. 2) - Sestogrado","robots":{"index":"index","follow":"follow","max-snippet":"max-snippet:-1","max-image-preview":"max-image-preview:large","max-video-preview":"max-video-preview:-1"},"canonical":"https:\/\/www.sestogrado.it\/it\/prodotto\/idea-montagna-appennino-di-neve-e-di-ghiaccio-appennino-tosco-emiliano-settore-est-vol-2\/","og_locale":"it_IT","og_type":"article","og_title":"Idea Montagna Appennino di neve e di ghiaccio - Appennino Tosco-Emiliano Settore Est (Vol. 2) - Sestogrado","og_description":"Appennino di neve e di ghiaccio &#8211; Appennino Tosco-Emiliano Settore Est (Vol. 2) \u00e8 l&#8217;ultimo di due volumi dell&#8217;omonima opera, [&hellip;]","og_url":"https:\/\/www.sestogrado.it\/it\/prodotto\/idea-montagna-appennino-di-neve-e-di-ghiaccio-appennino-tosco-emiliano-settore-est-vol-2\/","og_site_name":"Sestogrado","article_publisher":"https:\/\/www.facebook.com\/pages\/Sestogrado\/1542635979353017?ref=bookmarks","article_modified_time":"2026-04-14T12:46:38+00:00","og_image":[{"width":1300,"height":1300,"url":"https:\/\/www.sestogrado.it\/wp-content\/uploads\/2021\/08\/Appennino-di-neve-e-di-ghiaccio-vol2.jpg","type":"image\/jpeg"}],"twitter_misc":{"Prezzo":"&euro;&nbsp;25,00","Disponibilit\u00e0":"In stock"},"schema":{"@context":"https:\/\/schema.org","@graph":[{"@type":"WebPage","@id":"https:\/\/www.sestogrado.it\/it\/prodotto\/idea-montagna-appennino-di-neve-e-di-ghiaccio-appennino-tosco-emiliano-settore-est-vol-2\/","url":"https:\/\/www.sestogrado.it\/it\/prodotto\/idea-montagna-appennino-di-neve-e-di-ghiaccio-appennino-tosco-emiliano-settore-est-vol-2\/","name":"Idea Montagna Appennino di neve e di ghiaccio - Appennino Tosco-Emiliano Settore Est (Vol. 2) - Sestogrado","isPartOf":{"@id":"https:\/\/www.sestogrado.it\/it\/#website"},"primaryImageOfPage":{"@id":"https:\/\/www.sestogrado.it\/it\/prodotto\/idea-montagna-appennino-di-neve-e-di-ghiaccio-appennino-tosco-emiliano-settore-est-vol-2\/#primaryimage"},"image":{"@id":"https:\/\/www.sestogrado.it\/prodotto\/idea-montagna-appennino-di-neve-e-di-ghiaccio-appennino-tosco-emiliano-settore-est-vol-2\/#primaryimage"},"thumbnailUrl":"https:\/\/www.sestogrado.it\/wp-content\/uploads\/2021\/08\/Appennino-di-neve-e-di-ghiaccio-vol2.jpg","datePublished":"2017-07-17T12:49:49+00:00","dateModified":"2026-04-14T12:46:38+00:00","breadcrumb":{"@id":"https:\/\/www.sestogrado.it\/it\/prodotto\/idea-montagna-appennino-di-neve-e-di-ghiaccio-appennino-tosco-emiliano-settore-est-vol-2\/#breadcrumb"},"inLanguage":"it-IT","potentialAction":[{"@type":"ReadAction","target":[["https:\/\/www.sestogrado.it\/it\/prodotto\/idea-montagna-appennino-di-neve-e-di-ghiaccio-appennino-tosco-emiliano-settore-est-vol-2\/"]]}]},{"@type":"ImageObject","inLanguage":"it-IT","@id":"https:\/\/www.sestogrado.it\/it\/prodotto\/idea-montagna-appennino-di-neve-e-di-ghiaccio-appennino-tosco-emiliano-settore-est-vol-2\/#primaryimage","url":"https:\/\/www.sestogrado.it\/wp-content\/uploads\/2021\/08\/Appennino-di-neve-e-di-ghiaccio-vol2.jpg","contentUrl":"https:\/\/www.sestogrado.it\/wp-content\/uploads\/2021\/08\/Appennino-di-neve-e-di-ghiaccio-vol2.jpg","width":1300,"height":1300,"caption":"idea montagna appennino di neve e di ghiaccio VOL 2"},{"@type":"BreadcrumbList","@id":"https:\/\/www.sestogrado.it\/it\/prodotto\/idea-montagna-appennino-di-neve-e-di-ghiaccio-appennino-tosco-emiliano-settore-est-vol-2\/#breadcrumb","itemListElement":[{"@type":"ListItem","position":1,"name":"Home","item":"https:\/\/www.sestogrado.it\/it\/"},{"@type":"ListItem","position":2,"name":"Shop","item":"https:\/\/www.sestogrado.it\/it\/shop\/"},{"@type":"ListItem","position":3,"name":"Idea Montagna Appennino di neve e di ghiaccio &#8211; Appennino Tosco-Emiliano Settore Est (Vol. 2)"}]},{"@type":"WebSite","@id":"https:\/\/www.sestogrado.it\/it\/#website","url":"https:\/\/www.sestogrado.it\/it\/","name":"Sestogrado","description":"yes we climb","publisher":{"@id":"https:\/\/www.sestogrado.it\/it\/#organization"},"potentialAction":[{"@type":"SearchAction","target":{"@type":"EntryPoint","urlTemplate":"https:\/\/www.sestogrado.it\/it\/?s={search_term_string}"},"query-input":{"@type":"PropertyValueSpecification","valueRequired":true,"valueName":"search_term_string"}}],"inLanguage":"it-IT"},{"@type":"Organization","@id":"https:\/\/www.sestogrado.it\/it\/#organization","name":"Sestogrado","url":"https:\/\/www.sestogrado.it\/it\/","logo":{"@type":"ImageObject","inLanguage":"it-IT","@id":"https:\/\/www.sestogrado.it\/it\/#\/schema\/logo\/image\/","url":"https:\/\/www.sestogrado.it\/wp-content\/uploads\/2015\/03\/sestogrado-favicon.png","contentUrl":"https:\/\/www.sestogrado.it\/wp-content\/uploads\/2015\/03\/sestogrado-favicon.png","width":260,"height":260,"caption":"Sestogrado"},"image":{"@id":"https:\/\/www.sestogrado.it\/it\/#\/schema\/logo\/image\/"},"sameAs":["https:\/\/www.facebook.com\/pages\/Sestogrado\/1542635979353017?ref=bookmarks","https:\/\/www.youtube.com\/channel\/UC847kAfTkaJsWpc1jtQwr3Q"],"hasMerchantReturnPolicy":{"@type":"MerchantReturnPolicy","merchantReturnLink":"https:\/\/www.sestogrado.it\/it\/termini-e-condizioni\/"}}]},"product_brand":"Idea Montagna","product_price_amount":"25.00","product_price_currency":"EUR","og_availability":"instock","product_availability":"instock","product_condition":"new"},"_links":{"self":[{"href":"https:\/\/www.sestogrado.it\/it\/wp-json\/wp\/v2\/product\/12225","targetHints":{"allow":["GET"]}}],"collection":[{"href":"https:\/\/www.sestogrado.it\/it\/wp-json\/wp\/v2\/product"}],"about":[{"href":"https:\/\/www.sestogrado.it\/it\/wp-json\/wp\/v2\/types\/product"}],"replies":[{"embeddable":true,"href":"https:\/\/www.sestogrado.it\/it\/wp-json\/wp\/v2\/comments?post=12225"}],"wp:featuredmedia":[{"embeddable":true,"href":"https:\/\/www.sestogrado.it\/it\/wp-json\/wp\/v2\/media\/106488"}],"wp:attachment":[{"href":"https:\/\/www.sestogrado.it\/it\/wp-json\/wp\/v2\/media?parent=12225"}],"wp:term":[{"taxonomy":"product_brand","embeddable":true,"href":"https:\/\/www.sestogrado.it\/it\/wp-json\/wp\/v2\/product_brand?post=12225"},{"taxonomy":"product_cat","embeddable":true,"href":"https:\/\/www.sestogrado.it\/it\/wp-json\/wp\/v2\/product_cat?post=12225"},{"taxonomy":"product_tag","embeddable":true,"href":"https:\/\/www.sestogrado.it\/it\/wp-json\/wp\/v2\/product_tag?post=12225"}],"curies":[{"name":"wp","href":"https:\/\/api.w.org\/{rel}","templated":true}]}}