{"id":1125,"date":"2015-04-28T14:44:04","date_gmt":"2015-04-28T12:44:04","guid":{"rendered":"http:\/\/www.sestogrado.it\/?post_type=product&#038;p=1125"},"modified":"2025-10-27T11:29:44","modified_gmt":"2025-10-27T10:29:44","slug":"calcare-di-marca","status":"publish","type":"product","link":"https:\/\/www.sestogrado.it\/it\/prodotto\/calcare-di-marca\/","title":{"rendered":"Calcare di marca &#8211; Marche e dintorni"},"content":{"rendered":"<p>Il 24 agosto 2016 prima, il 30 ottobre poi, inframezzati e seguiti da una incredibile e tragica scia di eventi minori, un terribile sisma si \u00e8 abbattuto sul territorio nel sud\u00a0<strong>Marche<\/strong>, a cavallo con\u00a0<strong>Lazio<\/strong>,\u00a0<strong>Umbria<\/strong>\u00a0e\u00a0<strong>Abruzzo<\/strong>. Le amate alte terre dei\u00a0<strong>Sibillini<\/strong>\u00a0ne sono state sconvolte, innanzitutto per il tragico carico di vite umane perse, ma anche per lo sconvolgimento di citt\u00e0, paesi e frazioni che ne \u00e8 derivato, con conseguenze che \u2013 specialmente nell\u2019ascolano \u2013 si faranno avvertire forse per decenni.<\/p>\n<p>Anche pareti e falesie ne hanno pesantemente risentito. Intere vie in montagna sono scomparse, inghiottite da crolli giganteschi; alcuni siti sono rimasti sconvolti (come non pensare a\u00a0<strong>Forca<\/strong>\u00a0<strong>Canapine<\/strong>) e ci hanno costretti ad un\u00a0<strong>lungo lavoro di rivisitazione<\/strong>, non ancora concluso. Auspichiamo che anche la presente guida possa dare il suo piccolo contributo a\u00a0<strong>una ripresa del nostro territorio<\/strong>\u00a0che, prima ancora che economica, deve essere umana e sociale.<\/p>\n<p>Ma questa nuova edizione di\u00a0<em>Calcare di Marca<\/em>\u00a0si distingue dalla precedente anche per il meticoloso e accurato lavoro sulle vecchie storiche falesie e sulle ghiotte novit\u00e0 emerse negli ultimi cinque anni, grazie a un fermento verticale incredibile (specialmente a\u00a0<strong>Frasassi<\/strong>\u00a0e dintorni) e a un rinnovato impegno di vecchi e nuovi chiodatori (attivissimi questi ultimi nell\u2019<strong>Urbinate<\/strong>); con uno sguardo in pi\u00f9 al sud, a cavallo fra\u00a0<strong>Marche<\/strong>\u00a0e\u00a0<strong>Abruzzo<\/strong>, in un territorio di rara bellezza naturalistica e ambientale.<\/p>\n<div class=\"page\" title=\"Page 1\">\n<div class=\"section\">\n<div class=\"layoutArea\">\n<div class=\"column\">\n<p><strong>Marco<\/strong>\u00a0<strong>Nardi<\/strong>. Classe \u201958, ascolano docente di diritto, sposato con Isabella (allenatrice anche lei di arrampicata) e pap\u00e0 di Miryam e Andrea (Campione Italiano giovanile e a lungo nella nazionale Juniores), \u00e8 da sempre appassionato di montagna; ha ripetuto i pi\u00f9 famosi itinerari alpinistici in\u00a0<strong>Centro<\/strong>\u00a0<strong>Italia<\/strong>, in\u00a0<strong>Dolomiti<\/strong>, sul\u00a0<strong>Bianco<\/strong>, in\u00a0<strong>Val<\/strong>\u00a0<strong>di<\/strong>\u00a0<strong>Mello<\/strong>\u00a0e nel\u00a0<strong>Nord<\/strong>\u00a0<strong>Europa<\/strong>, allargando poi i suoi orizzonti ideando e conducendo spedizioni extraeuropee in\u00a0<strong>Caucaso<\/strong>,\u00a0<strong>Africa<\/strong>,\u00a0<strong>Australia<\/strong>,\u00a0<strong>Pamir<\/strong>\u00a0e\u00a0<strong>Karakorum<\/strong>, fino alla salita senza ossigeno degli 8030 metri della\u00a0<strong>Rocky<\/strong>\u00a0<strong>Summit<\/strong>\u00a0sul\u00a0<strong>Broad<\/strong>\u00a0<strong>Peak<\/strong>. Ha aperto pi\u00f9 di 300 vie in falesia e oltre 50 itinerari alpinistici classici e moderni in montagna, quasi sempre in solitaria. Istruttore Nazionale di arrampicata libera del\u00a0<strong>CAI<\/strong>, istruttore di II livello\u00a0<strong>Opes<\/strong>, \u00e8 da tre decenni impegnato come\u00a0<strong>Allenatore<\/strong>\u00a0e\u00a0<strong>Tracciatore<\/strong>\u00a0nel settore giovanile della F.A.S.I. in Centro Italia.\u00a0<strong>Campione Regionale Assoluto Marche<\/strong>\u00a0nel 2005, nel 2014 e nel 2018 (a 60 anni!), ha vinto il titolo italiano\u00a0<strong>Master<\/strong>\u00a0nel\u00a0<strong>2017<\/strong>\u00a0a\u00a0<strong>Cantalupa<\/strong>\u00a0(Torino). Nel \u201992 ha fondato la storica associazione delle\u00a0<strong>Anime<\/strong>\u00a0<strong>Verticali<\/strong>\u00a0e da allora ha promosso la costruzione di tutte le palestre indoor del sud Marche e nord Abruzzo, inclusa l\u2019ultima, la\u00a0<strong>Blue<\/strong>\u00a0<strong>Rock<\/strong>, una delle strutture di riferimento in Centro Italia. Ama insegnare l\u2019arrampicata nelle scuole e fra i giovanissimi. \u00c8 stato anche autore della guida \u201c<strong>Piceno<\/strong>\u00a0<strong>Verticale<\/strong>\u201d e di \u201c<strong>Calcare<\/strong>\u00a0<strong>di<\/strong>\u00a0<strong>Marca<\/strong>\u201d. Recentemente si \u00e8 fatto promotore del\u00a0<strong>CAI<\/strong>\u00a0<strong>Val<\/strong>\u00a0<strong>Vibrata<\/strong>, della cui sottosezione ha la reggenza.<\/p>\n<\/div>\n<\/div>\n<\/div>\n<\/div>\n<p>&nbsp;<\/p>\n<p>Sfoglia il pdf:<\/p>\n<div class=\"embed-responsive embed-responsive-16by9\"><iframe title=\"CALCARE DI MARCA. Falesie e vie moderne nelle Marche e dintorni\" src=\"https:\/\/e.issuu.com\/embed.html?u=edizioni_versante_sud&#038;d=calcaredimarca_issuu\" style=\"border:none; width: 500px; height: 383px;\" allow=\"clipboard-write,allow-top-navigation,allow-top-navigation-by-user-activation,allow-downloads,allow-scripts,allow-same-origin,allow-popups,allow-modals,allow-popups-to-escape-sandbox,allow-forms\"  allowfullscreen=\"true\"><\/iframe><\/div>\n<p>Versante Sud \u00e8 una casa editrice specializzata in guide di arrampicata, alpinismo, escursionismo, mtb e outdoor. Centinaia di titoli e libri sui migliori spot di arrampicata in Italia e nel mondo.<\/p>\n<p>&nbsp;<\/p>","protected":false},"excerpt":{"rendered":"<p>Falesie e vie moderne nelle Marche e dintorni &#8211;\u00a0Marco Nardi<\/p>\n","protected":false},"featured_media":38544,"comment_status":"open","ping_status":"closed","template":"","meta":{"_acf_changed":false},"product_brand":[99],"product_cat":[98],"product_tag":[],"class_list":{"0":"post-1125","1":"product","2":"type-product","3":"status-publish","4":"has-post-thumbnail","6":"product_brand-versante-sud","7":"product_cat-libri","9":"first","10":"instock","11":"taxable","12":"shipping-taxable","13":"purchasable","14":"product-type-simple"},"acf":[],"yoast_head":"<!-- This site is optimized with the Yoast SEO plugin v26.4 - https:\/\/yoast.com\/wordpress\/plugins\/seo\/ -->\n<title>Calcare di marca - Marche e dintorni - Sestogrado<\/title>\n<meta name=\"description\" content=\"Calcare di marca. La pi\u00f9 bella guida sulle falesie dell&#039;Appennino marchigiano. Vie storiche e novit\u00e0, monotiri e vie lunghe.\" \/>\n<meta name=\"robots\" content=\"index, follow, max-snippet:-1, max-image-preview:large, max-video-preview:-1\" \/>\n<link rel=\"canonical\" href=\"https:\/\/www.sestogrado.it\/it\/prodotto\/calcare-di-marca\/\" \/>\n<meta property=\"og:locale\" content=\"it_IT\" \/>\n<meta property=\"og:type\" content=\"article\" \/>\n<meta property=\"og:title\" content=\"Calcare di marca - Marche e dintorni - Sestogrado\" \/>\n<meta property=\"og:description\" content=\"Calcare di marca. La pi\u00f9 bella guida sulle falesie dell&#039;Appennino marchigiano. Vie storiche e novit\u00e0, monotiri e vie lunghe.\" \/>\n<meta property=\"og:url\" content=\"https:\/\/www.sestogrado.it\/it\/prodotto\/calcare-di-marca\/\" \/>\n<meta property=\"og:site_name\" content=\"Sestogrado\" \/>\n<meta property=\"article:publisher\" content=\"https:\/\/www.facebook.com\/pages\/Sestogrado\/1542635979353017?ref=bookmarks\" \/>\n<meta property=\"article:modified_time\" content=\"2025-10-27T10:29:44+00:00\" \/>\n<meta property=\"og:image\" content=\"https:\/\/www.sestogrado.it\/wp-content\/uploads\/2015\/04\/calcare.jpg\" \/>\n\t<meta property=\"og:image:width\" content=\"800\" \/>\n\t<meta property=\"og:image:height\" content=\"800\" \/>\n\t<meta property=\"og:image:type\" content=\"image\/jpeg\" \/>\n<meta name=\"twitter:label1\" content=\"Prezzo\" \/>\n\t<meta name=\"twitter:data1\" content=\"&euro;&nbsp;34,00\" \/>\n\t<meta name=\"twitter:label2\" content=\"Disponibilit\u00e0\" \/>\n\t<meta name=\"twitter:data2\" content=\"In stock\" \/>\n<script type=\"application\/ld+json\" class=\"yoast-schema-graph\">{\"@context\":\"https:\/\/schema.org\",\"@graph\":[{\"@type\":\"WebPage\",\"@id\":\"https:\/\/www.sestogrado.it\/it\/prodotto\/calcare-di-marca\/\",\"url\":\"https:\/\/www.sestogrado.it\/it\/prodotto\/calcare-di-marca\/\",\"name\":\"Calcare di marca - Marche e dintorni - Sestogrado\",\"isPartOf\":{\"@id\":\"https:\/\/www.sestogrado.it\/it\/#website\"},\"primaryImageOfPage\":{\"@id\":\"https:\/\/www.sestogrado.it\/it\/prodotto\/calcare-di-marca\/#primaryimage\"},\"image\":{\"@id\":\"https:\/\/www.sestogrado.it\/prodotto\/calcare-di-marca\/#primaryimage\"},\"thumbnailUrl\":\"https:\/\/www.sestogrado.it\/wp-content\/uploads\/2015\/04\/calcare.jpg\",\"datePublished\":\"2015-04-28T12:44:04+00:00\",\"dateModified\":\"2025-10-27T10:29:44+00:00\",\"description\":\"Calcare di marca. La pi\u00f9 bella guida sulle falesie dell'Appennino marchigiano. Vie storiche e novit\u00e0, monotiri e vie lunghe.\",\"breadcrumb\":{\"@id\":\"https:\/\/www.sestogrado.it\/it\/prodotto\/calcare-di-marca\/#breadcrumb\"},\"inLanguage\":\"it-IT\",\"potentialAction\":[{\"@type\":\"ReadAction\",\"target\":[[\"https:\/\/www.sestogrado.it\/it\/prodotto\/calcare-di-marca\/\"]]}]},{\"@type\":\"ImageObject\",\"inLanguage\":\"it-IT\",\"@id\":\"https:\/\/www.sestogrado.it\/it\/prodotto\/calcare-di-marca\/#primaryimage\",\"url\":\"https:\/\/www.sestogrado.it\/wp-content\/uploads\/2015\/04\/calcare.jpg\",\"contentUrl\":\"https:\/\/www.sestogrado.it\/wp-content\/uploads\/2015\/04\/calcare.jpg\",\"width\":800,\"height\":800,\"caption\":\"calcare di marca\"},{\"@type\":\"BreadcrumbList\",\"@id\":\"https:\/\/www.sestogrado.it\/it\/prodotto\/calcare-di-marca\/#breadcrumb\",\"itemListElement\":[{\"@type\":\"ListItem\",\"position\":1,\"name\":\"Home\",\"item\":\"https:\/\/www.sestogrado.it\/it\/\"},{\"@type\":\"ListItem\",\"position\":2,\"name\":\"Shop\",\"item\":\"https:\/\/www.sestogrado.it\/it\/shop\/\"},{\"@type\":\"ListItem\",\"position\":3,\"name\":\"Calcare di marca &#8211; Marche e dintorni\"}]},{\"@type\":\"WebSite\",\"@id\":\"https:\/\/www.sestogrado.it\/it\/#website\",\"url\":\"https:\/\/www.sestogrado.it\/it\/\",\"name\":\"Sestogrado\",\"description\":\"yes we climb\",\"publisher\":{\"@id\":\"https:\/\/www.sestogrado.it\/it\/#organization\"},\"potentialAction\":[{\"@type\":\"SearchAction\",\"target\":{\"@type\":\"EntryPoint\",\"urlTemplate\":\"https:\/\/www.sestogrado.it\/it\/?s={search_term_string}\"},\"query-input\":{\"@type\":\"PropertyValueSpecification\",\"valueRequired\":true,\"valueName\":\"search_term_string\"}}],\"inLanguage\":\"it-IT\"},{\"@type\":\"Organization\",\"@id\":\"https:\/\/www.sestogrado.it\/it\/#organization\",\"name\":\"Sestogrado\",\"url\":\"https:\/\/www.sestogrado.it\/it\/\",\"logo\":{\"@type\":\"ImageObject\",\"inLanguage\":\"it-IT\",\"@id\":\"https:\/\/www.sestogrado.it\/it\/#\/schema\/logo\/image\/\",\"url\":\"https:\/\/www.sestogrado.it\/wp-content\/uploads\/2015\/03\/sestogrado-favicon.png\",\"contentUrl\":\"https:\/\/www.sestogrado.it\/wp-content\/uploads\/2015\/03\/sestogrado-favicon.png\",\"width\":260,\"height\":260,\"caption\":\"Sestogrado\"},\"image\":{\"@id\":\"https:\/\/www.sestogrado.it\/it\/#\/schema\/logo\/image\/\"},\"sameAs\":[\"https:\/\/www.facebook.com\/pages\/Sestogrado\/1542635979353017?ref=bookmarks\",\"https:\/\/www.youtube.com\/channel\/UC847kAfTkaJsWpc1jtQwr3Q\"],\"hasMerchantReturnPolicy\":{\"@type\":\"MerchantReturnPolicy\",\"merchantReturnLink\":\"https:\/\/www.sestogrado.it\/it\/termini-e-condizioni\/\"}}]}<\/script>\n<meta property=\"product:brand\" content=\"Versante Sud\" \/>\n<meta property=\"product:price:amount\" content=\"34.00\" \/>\n<meta property=\"product:price:currency\" content=\"EUR\" \/>\n<meta property=\"og:availability\" content=\"instock\" \/>\n<meta property=\"product:availability\" content=\"instock\" \/>\n<meta property=\"product:condition\" content=\"new\" \/>\n<!-- \/ Yoast SEO plugin. -->","yoast_head_json":{"title":"Calcare di marca - Marche e dintorni - Sestogrado","description":"Calcare di marca. La pi\u00f9 bella guida sulle falesie dell'Appennino marchigiano. Vie storiche e novit\u00e0, monotiri e vie lunghe.","robots":{"index":"index","follow":"follow","max-snippet":"max-snippet:-1","max-image-preview":"max-image-preview:large","max-video-preview":"max-video-preview:-1"},"canonical":"https:\/\/www.sestogrado.it\/it\/prodotto\/calcare-di-marca\/","og_locale":"it_IT","og_type":"article","og_title":"Calcare di marca - Marche e dintorni - Sestogrado","og_description":"Calcare di marca. La pi\u00f9 bella guida sulle falesie dell'Appennino marchigiano. Vie storiche e novit\u00e0, monotiri e vie lunghe.","og_url":"https:\/\/www.sestogrado.it\/it\/prodotto\/calcare-di-marca\/","og_site_name":"Sestogrado","article_publisher":"https:\/\/www.facebook.com\/pages\/Sestogrado\/1542635979353017?ref=bookmarks","article_modified_time":"2025-10-27T10:29:44+00:00","og_image":[{"width":800,"height":800,"url":"https:\/\/www.sestogrado.it\/wp-content\/uploads\/2015\/04\/calcare.jpg","type":"image\/jpeg"}],"twitter_misc":{"Prezzo":"&euro;&nbsp;34,00","Disponibilit\u00e0":"In stock"},"schema":{"@context":"https:\/\/schema.org","@graph":[{"@type":"WebPage","@id":"https:\/\/www.sestogrado.it\/it\/prodotto\/calcare-di-marca\/","url":"https:\/\/www.sestogrado.it\/it\/prodotto\/calcare-di-marca\/","name":"Calcare di marca - Marche e dintorni - Sestogrado","isPartOf":{"@id":"https:\/\/www.sestogrado.it\/it\/#website"},"primaryImageOfPage":{"@id":"https:\/\/www.sestogrado.it\/it\/prodotto\/calcare-di-marca\/#primaryimage"},"image":{"@id":"https:\/\/www.sestogrado.it\/prodotto\/calcare-di-marca\/#primaryimage"},"thumbnailUrl":"https:\/\/www.sestogrado.it\/wp-content\/uploads\/2015\/04\/calcare.jpg","datePublished":"2015-04-28T12:44:04+00:00","dateModified":"2025-10-27T10:29:44+00:00","description":"Calcare di marca. La pi\u00f9 bella guida sulle falesie dell'Appennino marchigiano. Vie storiche e novit\u00e0, monotiri e vie lunghe.","breadcrumb":{"@id":"https:\/\/www.sestogrado.it\/it\/prodotto\/calcare-di-marca\/#breadcrumb"},"inLanguage":"it-IT","potentialAction":[{"@type":"ReadAction","target":[["https:\/\/www.sestogrado.it\/it\/prodotto\/calcare-di-marca\/"]]}]},{"@type":"ImageObject","inLanguage":"it-IT","@id":"https:\/\/www.sestogrado.it\/it\/prodotto\/calcare-di-marca\/#primaryimage","url":"https:\/\/www.sestogrado.it\/wp-content\/uploads\/2015\/04\/calcare.jpg","contentUrl":"https:\/\/www.sestogrado.it\/wp-content\/uploads\/2015\/04\/calcare.jpg","width":800,"height":800,"caption":"calcare di marca"},{"@type":"BreadcrumbList","@id":"https:\/\/www.sestogrado.it\/it\/prodotto\/calcare-di-marca\/#breadcrumb","itemListElement":[{"@type":"ListItem","position":1,"name":"Home","item":"https:\/\/www.sestogrado.it\/it\/"},{"@type":"ListItem","position":2,"name":"Shop","item":"https:\/\/www.sestogrado.it\/it\/shop\/"},{"@type":"ListItem","position":3,"name":"Calcare di marca &#8211; Marche e dintorni"}]},{"@type":"WebSite","@id":"https:\/\/www.sestogrado.it\/it\/#website","url":"https:\/\/www.sestogrado.it\/it\/","name":"Sestogrado","description":"yes we climb","publisher":{"@id":"https:\/\/www.sestogrado.it\/it\/#organization"},"potentialAction":[{"@type":"SearchAction","target":{"@type":"EntryPoint","urlTemplate":"https:\/\/www.sestogrado.it\/it\/?s={search_term_string}"},"query-input":{"@type":"PropertyValueSpecification","valueRequired":true,"valueName":"search_term_string"}}],"inLanguage":"it-IT"},{"@type":"Organization","@id":"https:\/\/www.sestogrado.it\/it\/#organization","name":"Sestogrado","url":"https:\/\/www.sestogrado.it\/it\/","logo":{"@type":"ImageObject","inLanguage":"it-IT","@id":"https:\/\/www.sestogrado.it\/it\/#\/schema\/logo\/image\/","url":"https:\/\/www.sestogrado.it\/wp-content\/uploads\/2015\/03\/sestogrado-favicon.png","contentUrl":"https:\/\/www.sestogrado.it\/wp-content\/uploads\/2015\/03\/sestogrado-favicon.png","width":260,"height":260,"caption":"Sestogrado"},"image":{"@id":"https:\/\/www.sestogrado.it\/it\/#\/schema\/logo\/image\/"},"sameAs":["https:\/\/www.facebook.com\/pages\/Sestogrado\/1542635979353017?ref=bookmarks","https:\/\/www.youtube.com\/channel\/UC847kAfTkaJsWpc1jtQwr3Q"],"hasMerchantReturnPolicy":{"@type":"MerchantReturnPolicy","merchantReturnLink":"https:\/\/www.sestogrado.it\/it\/termini-e-condizioni\/"}}]},"product_brand":"Versante Sud","product_price_amount":"34.00","product_price_currency":"EUR","og_availability":"instock","product_availability":"instock","product_condition":"new"},"_links":{"self":[{"href":"https:\/\/www.sestogrado.it\/it\/wp-json\/wp\/v2\/product\/1125","targetHints":{"allow":["GET"]}}],"collection":[{"href":"https:\/\/www.sestogrado.it\/it\/wp-json\/wp\/v2\/product"}],"about":[{"href":"https:\/\/www.sestogrado.it\/it\/wp-json\/wp\/v2\/types\/product"}],"replies":[{"embeddable":true,"href":"https:\/\/www.sestogrado.it\/it\/wp-json\/wp\/v2\/comments?post=1125"}],"wp:featuredmedia":[{"embeddable":true,"href":"https:\/\/www.sestogrado.it\/it\/wp-json\/wp\/v2\/media\/38544"}],"wp:attachment":[{"href":"https:\/\/www.sestogrado.it\/it\/wp-json\/wp\/v2\/media?parent=1125"}],"wp:term":[{"taxonomy":"product_brand","embeddable":true,"href":"https:\/\/www.sestogrado.it\/it\/wp-json\/wp\/v2\/product_brand?post=1125"},{"taxonomy":"product_cat","embeddable":true,"href":"https:\/\/www.sestogrado.it\/it\/wp-json\/wp\/v2\/product_cat?post=1125"},{"taxonomy":"product_tag","embeddable":true,"href":"https:\/\/www.sestogrado.it\/it\/wp-json\/wp\/v2\/product_tag?post=1125"}],"curies":[{"name":"wp","href":"https:\/\/api.w.org\/{rel}","templated":true}]}}