{"id":1113,"date":"2021-11-12T10:10:12","date_gmt":"2021-11-12T09:10:12","guid":{"rendered":"http:\/\/www.sestogrado.it\/?post_type=product&#038;p=1113"},"modified":"2025-07-28T19:01:15","modified_gmt":"2025-07-28T17:01:15","slug":"pietra-di-bismantova","status":"publish","type":"product","link":"https:\/\/www.sestogrado.it\/it\/prodotto\/pietra-di-bismantova\/","title":{"rendered":"Pietra di Bismantova &#8211; Appennino reggiano"},"content":{"rendered":"<p><em>Vie e falesie sulla perla dell\u2019Appennino emiliano<br \/>\n<\/em><\/p>\n<p>L\u2019Appennino emiliano ha\u00a0<strong>una perla di roccia<\/strong>, che svetta come nelle fiabe tra le dolci colline del parco.\u00a0<strong>\u201cLa Pietra\u201d<\/strong>, come viene definita confidenzialmente da chi la frequenta da tanto tempo, \u00e8 un luogo talmente fuori dal tempo e dallo spazio, da essere stata\u00a0<strong>per Dante Alighieri lo spunto per descrivere la collina del Purgatorio<\/strong>.<\/p>\n<p>In questo meticoloso lavoro, giunto alla seconda edizione, gli autori relazionano\u00a0<strong>vie multipitch e falesie con puntuali e aggiornate informazioni<\/strong>,\u00a0<strong>disegni<\/strong>\u00a0<strong>chiari<\/strong>\u00a0<strong>e precisi<\/strong>\u00a0e\u00a0<strong>spettacolari fotografie dei vari settori<\/strong>. Il prezioso e fondamentale\u00a0<strong>contributo di tutti gli alpinisti locali<\/strong>\u00a0di diverse generazioni ha permesso la realizzazione di\u00a0<strong>una guida corale<\/strong>, con riferimenti alla<strong>\u00a0storia della scalata in Pietra<\/strong>\u00a0attraverso racconti e testimonianze personali. Ad arricchire il volume (dettaglio non presente nella prima edizione) sono una serie spettacolari di\u00a0<strong>immagini prese dal drone<\/strong>\u00a0che, oltre ad affascinare il lettore, rendono ancora pi\u00f9 facile l\u2019orientamento intorno a questo spettacolare monolite.<\/p>\n<p><em>\u00abQuanta umanit\u00e0 \u00e8 passata sotto e sopra queste rocce! Che immenso divario tecnico tra i ragazzi di oggi e i pionieri dell\u2019arrampicata a Bismantova! E tuttavia\u2026 sar\u00e0 il luogo magico, sar\u00e0 quello che le generazioni precedenti hanno seminato, sar\u00e0 la lontananza dai luoghi pi\u00f9 blasonati, sar\u00e0 una certa cultura della tolleranza e della libert\u00e0 che si respira da queste parti, sar\u00e0 quello che volete, ma alla Pietra tutto \u201csi \u00e8 tenuto\u201d. Montagna e palestra, divertimento e sacrificio, consumo e sapere s\u2019intrecciano e si compendiano, in uno scenario veramente affascinante e in un luogo dai sapori indimenticabili che facilitano, con la convivialit\u00e0, la conoscenza, lo scambio e, con un po\u2019 di buona volont\u00e0, l\u2019amicizia\u00bb.<\/em><\/p>\n<p>Dall\u2019introduzione di Gino Montip\u00f2<\/p>\n<p><strong>Diego Filippi<\/strong>, nato a Trento nel 1967. Inizia ad arrampicare nel 1983 con i corsi di alpinismo e arrampicata della scuola del Cai di Trento \u201cGiorgio Graffer\u201d. Nell\u2019organico della stessa scuola dal 1996, entra nel\u00a0<strong>Club Alpino Accademico del Cai<\/strong>\u00a0nel 1998 e diventa\u00a0<strong>Guida<\/strong>\u00a0<strong>Alpina<\/strong>\u00a0nel 2009. Numerose ascensioni in tutte le Alpi, alternando roccia, ghiaccio e sci alpinismo. Ma il terreno che predilige sono le strutture rocciose di fondovalle, in particolar modo la Valle del Sarca, la Val di Mello, Finale Ligure e, negli ultimi anni, anche Bismantova. Assiduo frequentatore della Valle del Sarca, con oltre 80 prime salite, pubblica con Versante Sud la guida Pareti del Sarca nel 2002 \u2013 con un aggiornamento nel 2007 \u2013 e Arco Pareti nel 2013 e nel 2021. Oltre a queste pubblica la guida\u00a0<em>Oltre la verticale<\/em>\u00a0dedicata all\u2019arrampicata artificiale e due piccole monografie: nel 2002\u00a0<em>Placche Zebrate<\/em>\u00a0e nel 2014\u00a0<em>Ferrate di Arco<\/em>\u00a0con l\u2019amico Matteo Bertolotti. Altre passioni sono le vie ferrate, l\u2019arrampicata artificiale e soprattutto i 4000 delle Alpi, dove il completarne la collezione rappresenta il suo nuovo progetto.<\/p>\n<p><strong>Matteo<\/strong>\u00a0<strong>Bertolotti<\/strong>, nato a Osio Sotto (Bergamo) nel 1980, si occupa di distribuzione cine\u00admatografia d\u2019essai. Nel 2003 fonda con alcuni amici il sito web sassbaloss.com con lo scopo di pubblicare le relazioni degli itinerari ripetuti. A oggi ha salito circa 1000 itinerari di roccia e alta montagna, dalle Dolomiti al Monte Bianco e dalle grandi salite classiche ad altre molto ricercate. Non disprezza l\u2019arrampicata artificiale e spesso ama trascorrere le giornate appeso alle staffe. Appassionato di vecchi libri di montagna, \u00e8 istruttore di alpinismo presso la\u00a0<strong>Scuola Valle Serian<\/strong>a e dal 2013 socio\u00a0<strong>GISM<\/strong>\u00a0(Gruppo Italiano Scrittori di Montagna). Nel 2016\u00a0<a href=\"https:\/\/sassbaloss.com\/\">sassbaloss.com<\/a>\u00a0riceve, per la categoria cultura, il Premio Marcello Meroni.<\/p>\n<p>Sfoglia:<\/p>\n<div class=\"embed-responsive embed-responsive-16by9\"><iframe title=\"Pietra di Bismantova\" src=\"https:\/\/e.issuu.com\/embed.html?u=edizioni_versante_sud&#038;d=pietradibismantova_issuu\" style=\"border:none; width: 500px; height: 383px;\" allow=\"clipboard-write,allow-top-navigation,allow-top-navigation-by-user-activation,allow-downloads,allow-scripts,allow-same-origin,allow-popups,allow-modals,allow-popups-to-escape-sandbox,allow-forms\"  allowfullscreen=\"true\"><\/iframe><\/div>\n<p>Versante Sud \u00e8 una casa editrice specializzata in guide di arrampicata, alpinismo, escursionismo, mtb e outdoor. Centinaia di titoli e libri sui migliori spot di arrampicata in Italia e nel mondo.<\/p>","protected":false},"excerpt":{"rendered":"<p>Vie e falesie sulla perla dell\u2019Appennino emiliano L\u2019Appennino emiliano ha\u00a0una perla di roccia, che svetta come nelle fiabe tra le [&hellip;]<\/p>\n","protected":false},"featured_media":84860,"comment_status":"open","ping_status":"closed","template":"","meta":{"_acf_changed":false},"product_brand":[99],"product_cat":[98],"product_tag":[],"class_list":{"0":"post-1113","1":"product","2":"type-product","3":"status-publish","4":"has-post-thumbnail","6":"product_brand-versante-sud","7":"product_cat-libri","9":"first","10":"instock","11":"taxable","12":"shipping-taxable","13":"purchasable","14":"product-type-simple"},"acf":[],"yoast_head":"<!-- This site is optimized with the Yoast SEO plugin v26.4 - https:\/\/yoast.com\/wordpress\/plugins\/seo\/ -->\n<title>Pietra di Bismantova - Appennino reggiano - Sestogrado<\/title>\n<meta name=\"description\" content=\"Vie e falesie sulla perla dell\u2019Appennino emilianoL\u2019Appennino emiliano ha\u00a0una perla di roccia, che svetta come nelle fiabe tra le dolci colline del parco.\u00a0\u201cLa Pietra\u201d, come viene definita confidenzialmente da chi la frequenta da tanto tempo, \u00e8 un luogo talmente fuori dal tempo e dallo spazio, da essere stata\u00a0per Dante Alighieri lo spunto per descrivere la collina del Purgatorio.In questo meticoloso lavoro, giunto alla seconda edizione, gli autori relazionano\u00a0vie multipitch e falesie con puntuali e aggiornate informazioni,\u00a0disegni\u00a0chiari\u00a0e precisi\u00a0e\u00a0spettacolari fotografie dei vari settori. Il prezioso e fondamentale\u00a0contributo di tutti gli alpinisti locali\u00a0di diverse generazioni ha permesso la realizzazione di\u00a0una guida corale, con riferimenti alla\u00a0storia della scalata in Pietra\u00a0attraverso racconti e testimonianze personali. Ad arricchire il volume (dettaglio non presente nella prima edizione) sono una serie spettacolari di\u00a0immagini prese dal drone\u00a0che, oltre ad affascinare il lettore, rendono ancora pi\u00f9 facile l\u2019orientamento intorno a questo spettacolare monolite.\" \/>\n<meta name=\"robots\" content=\"index, follow, max-snippet:-1, max-image-preview:large, max-video-preview:-1\" \/>\n<link rel=\"canonical\" href=\"https:\/\/www.sestogrado.it\/it\/prodotto\/pietra-di-bismantova\/\" \/>\n<meta property=\"og:locale\" content=\"it_IT\" \/>\n<meta property=\"og:type\" content=\"article\" \/>\n<meta property=\"og:title\" content=\"Pietra di Bismantova - Appennino reggiano - Sestogrado\" \/>\n<meta property=\"og:description\" content=\"Vie e falesie sulla perla dell\u2019Appennino emilianoL\u2019Appennino emiliano ha\u00a0una perla di roccia, che svetta come nelle fiabe tra le dolci colline del parco.\u00a0\u201cLa Pietra\u201d, come viene definita confidenzialmente da chi la frequenta da tanto tempo, \u00e8 un luogo talmente fuori dal tempo e dallo spazio, da essere stata\u00a0per Dante Alighieri lo spunto per descrivere la collina del Purgatorio.In questo meticoloso lavoro, giunto alla seconda edizione, gli autori relazionano\u00a0vie multipitch e falesie con puntuali e aggiornate informazioni,\u00a0disegni\u00a0chiari\u00a0e precisi\u00a0e\u00a0spettacolari fotografie dei vari settori. Il prezioso e fondamentale\u00a0contributo di tutti gli alpinisti locali\u00a0di diverse generazioni ha permesso la realizzazione di\u00a0una guida corale, con riferimenti alla\u00a0storia della scalata in Pietra\u00a0attraverso racconti e testimonianze personali. Ad arricchire il volume (dettaglio non presente nella prima edizione) sono una serie spettacolari di\u00a0immagini prese dal drone\u00a0che, oltre ad affascinare il lettore, rendono ancora pi\u00f9 facile l\u2019orientamento intorno a questo spettacolare monolite.\" \/>\n<meta property=\"og:url\" content=\"https:\/\/www.sestogrado.it\/it\/prodotto\/pietra-di-bismantova\/\" \/>\n<meta property=\"og:site_name\" content=\"Sestogrado\" \/>\n<meta property=\"article:publisher\" content=\"https:\/\/www.facebook.com\/pages\/Sestogrado\/1542635979353017?ref=bookmarks\" \/>\n<meta property=\"article:modified_time\" content=\"2025-07-28T17:01:15+00:00\" \/>\n<meta property=\"og:image\" content=\"https:\/\/www.sestogrado.it\/wp-content\/uploads\/2015\/04\/01-12.jpg\" \/>\n\t<meta property=\"og:image:width\" content=\"900\" \/>\n\t<meta property=\"og:image:height\" content=\"900\" \/>\n\t<meta property=\"og:image:type\" content=\"image\/jpeg\" \/>\n<meta name=\"twitter:label1\" content=\"Prezzo\" \/>\n\t<meta name=\"twitter:data1\" content=\"&euro;&nbsp;35,00\" \/>\n\t<meta name=\"twitter:label2\" content=\"Disponibilit\u00e0\" \/>\n\t<meta name=\"twitter:data2\" content=\"In stock\" \/>\n<script type=\"application\/ld+json\" class=\"yoast-schema-graph\">{\"@context\":\"https:\/\/schema.org\",\"@graph\":[{\"@type\":\"WebPage\",\"@id\":\"https:\/\/www.sestogrado.it\/it\/prodotto\/pietra-di-bismantova\/\",\"url\":\"https:\/\/www.sestogrado.it\/it\/prodotto\/pietra-di-bismantova\/\",\"name\":\"Pietra di Bismantova - Appennino reggiano - Sestogrado\",\"isPartOf\":{\"@id\":\"https:\/\/www.sestogrado.it\/it\/#website\"},\"primaryImageOfPage\":{\"@id\":\"https:\/\/www.sestogrado.it\/it\/prodotto\/pietra-di-bismantova\/#primaryimage\"},\"image\":{\"@id\":\"https:\/\/www.sestogrado.it\/prodotto\/pietra-di-bismantova\/#primaryimage\"},\"thumbnailUrl\":\"https:\/\/www.sestogrado.it\/wp-content\/uploads\/2015\/04\/01-12.jpg\",\"datePublished\":\"2021-11-12T09:10:12+00:00\",\"dateModified\":\"2025-07-28T17:01:15+00:00\",\"description\":\"Vie e falesie sulla perla dell\u2019Appennino emilianoL\u2019Appennino emiliano ha\u00a0una perla di roccia, che svetta come nelle fiabe tra le dolci colline del parco.\u00a0\u201cLa Pietra\u201d, come viene definita confidenzialmente da chi la frequenta da tanto tempo, \u00e8 un luogo talmente fuori dal tempo e dallo spazio, da essere stata\u00a0per Dante Alighieri lo spunto per descrivere la collina del Purgatorio.In questo meticoloso lavoro, giunto alla seconda edizione, gli autori relazionano\u00a0vie multipitch e falesie con puntuali e aggiornate informazioni,\u00a0disegni\u00a0chiari\u00a0e precisi\u00a0e\u00a0spettacolari fotografie dei vari settori. Il prezioso e fondamentale\u00a0contributo di tutti gli alpinisti locali\u00a0di diverse generazioni ha permesso la realizzazione di\u00a0una guida corale, con riferimenti alla\u00a0storia della scalata in Pietra\u00a0attraverso racconti e testimonianze personali. Ad arricchire il volume (dettaglio non presente nella prima edizione) sono una serie spettacolari di\u00a0immagini prese dal drone\u00a0che, oltre ad affascinare il lettore, rendono ancora pi\u00f9 facile l\u2019orientamento intorno a questo spettacolare monolite.\",\"breadcrumb\":{\"@id\":\"https:\/\/www.sestogrado.it\/it\/prodotto\/pietra-di-bismantova\/#breadcrumb\"},\"inLanguage\":\"it-IT\",\"potentialAction\":[{\"@type\":\"ReadAction\",\"target\":[[\"https:\/\/www.sestogrado.it\/it\/prodotto\/pietra-di-bismantova\/\"]]}]},{\"@type\":\"ImageObject\",\"inLanguage\":\"it-IT\",\"@id\":\"https:\/\/www.sestogrado.it\/it\/prodotto\/pietra-di-bismantova\/#primaryimage\",\"url\":\"https:\/\/www.sestogrado.it\/wp-content\/uploads\/2015\/04\/01-12.jpg\",\"contentUrl\":\"https:\/\/www.sestogrado.it\/wp-content\/uploads\/2015\/04\/01-12.jpg\",\"width\":900,\"height\":900,\"caption\":\"pietra di bismantova\"},{\"@type\":\"BreadcrumbList\",\"@id\":\"https:\/\/www.sestogrado.it\/it\/prodotto\/pietra-di-bismantova\/#breadcrumb\",\"itemListElement\":[{\"@type\":\"ListItem\",\"position\":1,\"name\":\"Home\",\"item\":\"https:\/\/www.sestogrado.it\/it\/\"},{\"@type\":\"ListItem\",\"position\":2,\"name\":\"Shop\",\"item\":\"https:\/\/www.sestogrado.it\/it\/shop\/\"},{\"@type\":\"ListItem\",\"position\":3,\"name\":\"Pietra di Bismantova &#8211; Appennino reggiano\"}]},{\"@type\":\"WebSite\",\"@id\":\"https:\/\/www.sestogrado.it\/it\/#website\",\"url\":\"https:\/\/www.sestogrado.it\/it\/\",\"name\":\"Sestogrado\",\"description\":\"yes we climb\",\"publisher\":{\"@id\":\"https:\/\/www.sestogrado.it\/it\/#organization\"},\"potentialAction\":[{\"@type\":\"SearchAction\",\"target\":{\"@type\":\"EntryPoint\",\"urlTemplate\":\"https:\/\/www.sestogrado.it\/it\/?s={search_term_string}\"},\"query-input\":{\"@type\":\"PropertyValueSpecification\",\"valueRequired\":true,\"valueName\":\"search_term_string\"}}],\"inLanguage\":\"it-IT\"},{\"@type\":\"Organization\",\"@id\":\"https:\/\/www.sestogrado.it\/it\/#organization\",\"name\":\"Sestogrado\",\"url\":\"https:\/\/www.sestogrado.it\/it\/\",\"logo\":{\"@type\":\"ImageObject\",\"inLanguage\":\"it-IT\",\"@id\":\"https:\/\/www.sestogrado.it\/it\/#\/schema\/logo\/image\/\",\"url\":\"https:\/\/www.sestogrado.it\/wp-content\/uploads\/2015\/03\/sestogrado-favicon.png\",\"contentUrl\":\"https:\/\/www.sestogrado.it\/wp-content\/uploads\/2015\/03\/sestogrado-favicon.png\",\"width\":260,\"height\":260,\"caption\":\"Sestogrado\"},\"image\":{\"@id\":\"https:\/\/www.sestogrado.it\/it\/#\/schema\/logo\/image\/\"},\"sameAs\":[\"https:\/\/www.facebook.com\/pages\/Sestogrado\/1542635979353017?ref=bookmarks\",\"https:\/\/www.youtube.com\/channel\/UC847kAfTkaJsWpc1jtQwr3Q\"],\"hasMerchantReturnPolicy\":{\"@type\":\"MerchantReturnPolicy\",\"merchantReturnLink\":\"https:\/\/www.sestogrado.it\/it\/termini-e-condizioni\/\"}}]}<\/script>\n<meta property=\"product:brand\" content=\"Versante Sud\" \/>\n<meta property=\"product:price:amount\" content=\"35.00\" \/>\n<meta property=\"product:price:currency\" content=\"EUR\" \/>\n<meta property=\"og:availability\" content=\"instock\" \/>\n<meta property=\"product:availability\" content=\"instock\" \/>\n<meta property=\"product:condition\" content=\"new\" \/>\n<!-- \/ Yoast SEO plugin. -->","yoast_head_json":{"title":"Pietra di Bismantova - Appennino reggiano - Sestogrado","description":"Vie e falesie sulla perla dell\u2019Appennino emilianoL\u2019Appennino emiliano ha\u00a0una perla di roccia, che svetta come nelle fiabe tra le dolci colline del parco.\u00a0\u201cLa Pietra\u201d, come viene definita confidenzialmente da chi la frequenta da tanto tempo, \u00e8 un luogo talmente fuori dal tempo e dallo spazio, da essere stata\u00a0per Dante Alighieri lo spunto per descrivere la collina del Purgatorio.In questo meticoloso lavoro, giunto alla seconda edizione, gli autori relazionano\u00a0vie multipitch e falesie con puntuali e aggiornate informazioni,\u00a0disegni\u00a0chiari\u00a0e precisi\u00a0e\u00a0spettacolari fotografie dei vari settori. Il prezioso e fondamentale\u00a0contributo di tutti gli alpinisti locali\u00a0di diverse generazioni ha permesso la realizzazione di\u00a0una guida corale, con riferimenti alla\u00a0storia della scalata in Pietra\u00a0attraverso racconti e testimonianze personali. Ad arricchire il volume (dettaglio non presente nella prima edizione) sono una serie spettacolari di\u00a0immagini prese dal drone\u00a0che, oltre ad affascinare il lettore, rendono ancora pi\u00f9 facile l\u2019orientamento intorno a questo spettacolare monolite.","robots":{"index":"index","follow":"follow","max-snippet":"max-snippet:-1","max-image-preview":"max-image-preview:large","max-video-preview":"max-video-preview:-1"},"canonical":"https:\/\/www.sestogrado.it\/it\/prodotto\/pietra-di-bismantova\/","og_locale":"it_IT","og_type":"article","og_title":"Pietra di Bismantova - Appennino reggiano - Sestogrado","og_description":"Vie e falesie sulla perla dell\u2019Appennino emilianoL\u2019Appennino emiliano ha\u00a0una perla di roccia, che svetta come nelle fiabe tra le dolci colline del parco.\u00a0\u201cLa Pietra\u201d, come viene definita confidenzialmente da chi la frequenta da tanto tempo, \u00e8 un luogo talmente fuori dal tempo e dallo spazio, da essere stata\u00a0per Dante Alighieri lo spunto per descrivere la collina del Purgatorio.In questo meticoloso lavoro, giunto alla seconda edizione, gli autori relazionano\u00a0vie multipitch e falesie con puntuali e aggiornate informazioni,\u00a0disegni\u00a0chiari\u00a0e precisi\u00a0e\u00a0spettacolari fotografie dei vari settori. Il prezioso e fondamentale\u00a0contributo di tutti gli alpinisti locali\u00a0di diverse generazioni ha permesso la realizzazione di\u00a0una guida corale, con riferimenti alla\u00a0storia della scalata in Pietra\u00a0attraverso racconti e testimonianze personali. Ad arricchire il volume (dettaglio non presente nella prima edizione) sono una serie spettacolari di\u00a0immagini prese dal drone\u00a0che, oltre ad affascinare il lettore, rendono ancora pi\u00f9 facile l\u2019orientamento intorno a questo spettacolare monolite.","og_url":"https:\/\/www.sestogrado.it\/it\/prodotto\/pietra-di-bismantova\/","og_site_name":"Sestogrado","article_publisher":"https:\/\/www.facebook.com\/pages\/Sestogrado\/1542635979353017?ref=bookmarks","article_modified_time":"2025-07-28T17:01:15+00:00","og_image":[{"width":900,"height":900,"url":"https:\/\/www.sestogrado.it\/wp-content\/uploads\/2015\/04\/01-12.jpg","type":"image\/jpeg"}],"twitter_misc":{"Prezzo":"&euro;&nbsp;35,00","Disponibilit\u00e0":"In stock"},"schema":{"@context":"https:\/\/schema.org","@graph":[{"@type":"WebPage","@id":"https:\/\/www.sestogrado.it\/it\/prodotto\/pietra-di-bismantova\/","url":"https:\/\/www.sestogrado.it\/it\/prodotto\/pietra-di-bismantova\/","name":"Pietra di Bismantova - Appennino reggiano - Sestogrado","isPartOf":{"@id":"https:\/\/www.sestogrado.it\/it\/#website"},"primaryImageOfPage":{"@id":"https:\/\/www.sestogrado.it\/it\/prodotto\/pietra-di-bismantova\/#primaryimage"},"image":{"@id":"https:\/\/www.sestogrado.it\/prodotto\/pietra-di-bismantova\/#primaryimage"},"thumbnailUrl":"https:\/\/www.sestogrado.it\/wp-content\/uploads\/2015\/04\/01-12.jpg","datePublished":"2021-11-12T09:10:12+00:00","dateModified":"2025-07-28T17:01:15+00:00","description":"Vie e falesie sulla perla dell\u2019Appennino emilianoL\u2019Appennino emiliano ha\u00a0una perla di roccia, che svetta come nelle fiabe tra le dolci colline del parco.\u00a0\u201cLa Pietra\u201d, come viene definita confidenzialmente da chi la frequenta da tanto tempo, \u00e8 un luogo talmente fuori dal tempo e dallo spazio, da essere stata\u00a0per Dante Alighieri lo spunto per descrivere la collina del Purgatorio.In questo meticoloso lavoro, giunto alla seconda edizione, gli autori relazionano\u00a0vie multipitch e falesie con puntuali e aggiornate informazioni,\u00a0disegni\u00a0chiari\u00a0e precisi\u00a0e\u00a0spettacolari fotografie dei vari settori. Il prezioso e fondamentale\u00a0contributo di tutti gli alpinisti locali\u00a0di diverse generazioni ha permesso la realizzazione di\u00a0una guida corale, con riferimenti alla\u00a0storia della scalata in Pietra\u00a0attraverso racconti e testimonianze personali. Ad arricchire il volume (dettaglio non presente nella prima edizione) sono una serie spettacolari di\u00a0immagini prese dal drone\u00a0che, oltre ad affascinare il lettore, rendono ancora pi\u00f9 facile l\u2019orientamento intorno a questo spettacolare monolite.","breadcrumb":{"@id":"https:\/\/www.sestogrado.it\/it\/prodotto\/pietra-di-bismantova\/#breadcrumb"},"inLanguage":"it-IT","potentialAction":[{"@type":"ReadAction","target":[["https:\/\/www.sestogrado.it\/it\/prodotto\/pietra-di-bismantova\/"]]}]},{"@type":"ImageObject","inLanguage":"it-IT","@id":"https:\/\/www.sestogrado.it\/it\/prodotto\/pietra-di-bismantova\/#primaryimage","url":"https:\/\/www.sestogrado.it\/wp-content\/uploads\/2015\/04\/01-12.jpg","contentUrl":"https:\/\/www.sestogrado.it\/wp-content\/uploads\/2015\/04\/01-12.jpg","width":900,"height":900,"caption":"pietra di bismantova"},{"@type":"BreadcrumbList","@id":"https:\/\/www.sestogrado.it\/it\/prodotto\/pietra-di-bismantova\/#breadcrumb","itemListElement":[{"@type":"ListItem","position":1,"name":"Home","item":"https:\/\/www.sestogrado.it\/it\/"},{"@type":"ListItem","position":2,"name":"Shop","item":"https:\/\/www.sestogrado.it\/it\/shop\/"},{"@type":"ListItem","position":3,"name":"Pietra di Bismantova &#8211; Appennino reggiano"}]},{"@type":"WebSite","@id":"https:\/\/www.sestogrado.it\/it\/#website","url":"https:\/\/www.sestogrado.it\/it\/","name":"Sestogrado","description":"yes we climb","publisher":{"@id":"https:\/\/www.sestogrado.it\/it\/#organization"},"potentialAction":[{"@type":"SearchAction","target":{"@type":"EntryPoint","urlTemplate":"https:\/\/www.sestogrado.it\/it\/?s={search_term_string}"},"query-input":{"@type":"PropertyValueSpecification","valueRequired":true,"valueName":"search_term_string"}}],"inLanguage":"it-IT"},{"@type":"Organization","@id":"https:\/\/www.sestogrado.it\/it\/#organization","name":"Sestogrado","url":"https:\/\/www.sestogrado.it\/it\/","logo":{"@type":"ImageObject","inLanguage":"it-IT","@id":"https:\/\/www.sestogrado.it\/it\/#\/schema\/logo\/image\/","url":"https:\/\/www.sestogrado.it\/wp-content\/uploads\/2015\/03\/sestogrado-favicon.png","contentUrl":"https:\/\/www.sestogrado.it\/wp-content\/uploads\/2015\/03\/sestogrado-favicon.png","width":260,"height":260,"caption":"Sestogrado"},"image":{"@id":"https:\/\/www.sestogrado.it\/it\/#\/schema\/logo\/image\/"},"sameAs":["https:\/\/www.facebook.com\/pages\/Sestogrado\/1542635979353017?ref=bookmarks","https:\/\/www.youtube.com\/channel\/UC847kAfTkaJsWpc1jtQwr3Q"],"hasMerchantReturnPolicy":{"@type":"MerchantReturnPolicy","merchantReturnLink":"https:\/\/www.sestogrado.it\/it\/termini-e-condizioni\/"}}]},"product_brand":"Versante Sud","product_price_amount":"35.00","product_price_currency":"EUR","og_availability":"instock","product_availability":"instock","product_condition":"new"},"_links":{"self":[{"href":"https:\/\/www.sestogrado.it\/it\/wp-json\/wp\/v2\/product\/1113","targetHints":{"allow":["GET"]}}],"collection":[{"href":"https:\/\/www.sestogrado.it\/it\/wp-json\/wp\/v2\/product"}],"about":[{"href":"https:\/\/www.sestogrado.it\/it\/wp-json\/wp\/v2\/types\/product"}],"replies":[{"embeddable":true,"href":"https:\/\/www.sestogrado.it\/it\/wp-json\/wp\/v2\/comments?post=1113"}],"wp:featuredmedia":[{"embeddable":true,"href":"https:\/\/www.sestogrado.it\/it\/wp-json\/wp\/v2\/media\/84860"}],"wp:attachment":[{"href":"https:\/\/www.sestogrado.it\/it\/wp-json\/wp\/v2\/media?parent=1113"}],"wp:term":[{"taxonomy":"product_brand","embeddable":true,"href":"https:\/\/www.sestogrado.it\/it\/wp-json\/wp\/v2\/product_brand?post=1113"},{"taxonomy":"product_cat","embeddable":true,"href":"https:\/\/www.sestogrado.it\/it\/wp-json\/wp\/v2\/product_cat?post=1113"},{"taxonomy":"product_tag","embeddable":true,"href":"https:\/\/www.sestogrado.it\/it\/wp-json\/wp\/v2\/product_tag?post=1113"}],"curies":[{"name":"wp","href":"https:\/\/api.w.org\/{rel}","templated":true}]}}