{"id":10038,"date":"2017-02-09T11:28:44","date_gmt":"2017-02-09T10:28:44","guid":{"rendered":"http:\/\/www.sestogrado.it\/?post_type=product&#038;p=10038"},"modified":"2026-04-28T08:17:37","modified_gmt":"2026-04-28T06:17:37","slug":"camp-storm-casco","status":"publish","type":"product","link":"https:\/\/www.sestogrado.it\/it\/prodotto\/camp-storm-casco\/","title":{"rendered":"Camp Storm casco"},"content":{"rendered":"<p>Il Camp Storm \u00e8 un casco top di gamma, superleggero ed estremamente confortevole, che assicura una protezione completa in tutte le attivit\u00e0 verticali.\u00a0Le 22 aperture garantiscono un\u2019eccellente ventilazione lungo le vie sportive multipitch e in caso di aumento della temperatura durante le salite alpinistiche.\u00a0Le 2 taglie sono ottimizzate per garantire un ampio range di calzata mentre l\u2019imbottitura interna e il sistema di regolazione, collocato in posizione ribassata, assicurano la stabilit\u00e0 del casco anche nel caso di movimenti bruschi della testa. Disponibile in 6 colori, di cui uno con dettagli coordinati con l&#8217;imbracatura da donna Energy Nova.<\/p>\n<p>Con il casco Camp Storm, tutta l&#8217;esperienza maturata con il popolare Speed 2.0 \u00e8 stata utilizzata per realizzare un casco al top di gamma per arrampicata ed alpinismo tecnico. Lo Speed 2.0 \u00e8 stato per lungo tempo la scelta di riferimento per le competizioni di scialpinismo grazie alla sua leggerezza, comodit\u00e0 ed ottima ventilazione. Queste caratteristiche sono state trasportate sullo Storm. Il risultato \u00e8 un casco ultra performante che fornisce eccezionale protezione ed \u00e8 confortevole per essere indossato tutto il giorno in ogni condizione e per ogni tipo di attivit\u00e0 alpinistica.<\/p>\n<ul>\n<li>il pi\u00f9 leggero tra i caschi Camp (230g S-M, 250g M-L)<\/li>\n<li>struttura interna in EPS e calotta esterna in policarbonato &#8220;in-moulding&#8221; per massima resistenza<\/li>\n<li>22 aperture per garantire eccellente ventilazione<\/li>\n<li>imbottitura interna rimovibile per maggiore comfort<\/li>\n<li>sistema di regolazione posteriore con rotella<\/li>\n<li>divider laterali con clip per una rapida regolazione delle fettucce di fissaggio<\/li>\n<li>4 clip portalampada di grandi dimensioni<\/li>\n<li>disponibile in 2 taglie: S-M e M-L<\/li>\n<li>conforme alla norma EN 12492<\/li>\n<\/ul>\n<p>Il Camp Storm \u00e8 un casco al top di gamma, superleggero ed estremamente confortevole, che assicura una protezione completa in tutte le attivit\u00e0 verticali. E&#8217; caratterizzato da una costruzione robusta, una eccellente ventilazione e da una rapidit\u00e0 di regolazione che ne fanno il compagno ideale per le avventure verticali pi\u00f9 tecniche ed impegnative.<\/p>","protected":false},"excerpt":{"rendered":"<p>Il Camp Storm \u00e8 un casco top di gamma, superleggero ed estremamente confortevole, che assicura una protezione completa in tutte [&hellip;]<\/p>\n","protected":false},"featured_media":133065,"comment_status":"open","ping_status":"closed","template":"","meta":{"_acf_changed":false},"product_brand":[31],"product_cat":[143],"product_tag":[421,422],"class_list":{"0":"post-10038","1":"product","2":"type-product","3":"status-publish","4":"has-post-thumbnail","6":"product_brand-camp","7":"product_cat-caschi","8":"product_tag-casco","9":"product_tag-casco-arrampicata","11":"first","12":"instock","13":"sale","14":"taxable","15":"shipping-taxable","16":"purchasable","17":"product-type-variable"},"acf":[],"yoast_head":"<!-- This site is optimized with the Yoast SEO plugin v26.4 - https:\/\/yoast.com\/wordpress\/plugins\/seo\/ -->\n<title>Camp Storm casco - Sestogrado<\/title>\n<meta name=\"description\" content=\"Il Camp Storm \u00e8 un casco al top di gamma, superleggero ed estremamente confortevole, che assicura una protezione completa in tutte le attivit\u00e0 verticali. Il Camp Storm \u00e8 un casco al top di gamma, superleggero ed estremamente confortevole.\" \/>\n<meta name=\"robots\" content=\"index, follow, max-snippet:-1, max-image-preview:large, max-video-preview:-1\" \/>\n<link rel=\"canonical\" href=\"https:\/\/www.sestogrado.it\/it\/prodotto\/camp-storm-casco\/\" \/>\n<meta property=\"og:locale\" content=\"it_IT\" \/>\n<meta property=\"og:type\" content=\"article\" \/>\n<meta property=\"og:title\" content=\"Camp Storm casco - Sestogrado\" \/>\n<meta property=\"og:description\" content=\"Il Camp Storm \u00e8 un casco al top di gamma, superleggero ed estremamente confortevole, che assicura una protezione completa in tutte le attivit\u00e0 verticali. Il Camp Storm \u00e8 un casco al top di gamma, superleggero ed estremamente confortevole.\" \/>\n<meta property=\"og:url\" content=\"https:\/\/www.sestogrado.it\/it\/prodotto\/camp-storm-casco\/\" \/>\n<meta property=\"og:site_name\" content=\"Sestogrado\" \/>\n<meta property=\"article:publisher\" content=\"https:\/\/www.facebook.com\/pages\/Sestogrado\/1542635979353017?ref=bookmarks\" \/>\n<meta property=\"article:modified_time\" content=\"2026-04-28T06:17:37+00:00\" \/>\n<meta property=\"og:image\" content=\"https:\/\/www.sestogrado.it\/wp-content\/uploads\/2017\/02\/01-grigio-lime.jpg\" \/>\n\t<meta property=\"og:image:width\" content=\"1400\" \/>\n\t<meta property=\"og:image:height\" content=\"1400\" \/>\n\t<meta property=\"og:image:type\" content=\"image\/jpeg\" \/>\n<meta name=\"twitter:label1\" content=\"Disponibilit\u00e0\" \/>\n\t<meta name=\"twitter:data1\" content=\"In stock\" \/>\n<script type=\"application\/ld+json\" class=\"yoast-schema-graph\">{\"@context\":\"https:\/\/schema.org\",\"@graph\":[{\"@type\":\"WebPage\",\"@id\":\"https:\/\/www.sestogrado.it\/it\/prodotto\/camp-storm-casco\/\",\"url\":\"https:\/\/www.sestogrado.it\/it\/prodotto\/camp-storm-casco\/\",\"name\":\"Camp Storm casco - Sestogrado\",\"isPartOf\":{\"@id\":\"https:\/\/www.sestogrado.it\/it\/#website\"},\"primaryImageOfPage\":{\"@id\":\"https:\/\/www.sestogrado.it\/it\/prodotto\/camp-storm-casco\/#primaryimage\"},\"image\":{\"@id\":\"https:\/\/www.sestogrado.it\/prodotto\/camp-storm-casco\/#primaryimage\"},\"thumbnailUrl\":\"https:\/\/www.sestogrado.it\/wp-content\/uploads\/2017\/02\/01-grigio-lime.jpg\",\"datePublished\":\"2017-02-09T10:28:44+00:00\",\"dateModified\":\"2026-04-28T06:17:37+00:00\",\"description\":\"Il Camp Storm \u00e8 un casco al top di gamma, superleggero ed estremamente confortevole, che assicura una protezione completa in tutte le attivit\u00e0 verticali. Il Camp Storm \u00e8 un casco al top di gamma, superleggero ed estremamente confortevole.\",\"breadcrumb\":{\"@id\":\"https:\/\/www.sestogrado.it\/it\/prodotto\/camp-storm-casco\/#breadcrumb\"},\"inLanguage\":\"it-IT\",\"potentialAction\":[{\"@type\":\"ReadAction\",\"target\":[[\"https:\/\/www.sestogrado.it\/it\/prodotto\/camp-storm-casco\/\"]]}]},{\"@type\":\"ImageObject\",\"inLanguage\":\"it-IT\",\"@id\":\"https:\/\/www.sestogrado.it\/it\/prodotto\/camp-storm-casco\/#primaryimage\",\"url\":\"https:\/\/www.sestogrado.it\/wp-content\/uploads\/2017\/02\/01-grigio-lime.jpg\",\"contentUrl\":\"https:\/\/www.sestogrado.it\/wp-content\/uploads\/2017\/02\/01-grigio-lime.jpg\",\"width\":1400,\"height\":1400,\"caption\":\"storm-grigio-lime\"},{\"@type\":\"BreadcrumbList\",\"@id\":\"https:\/\/www.sestogrado.it\/it\/prodotto\/camp-storm-casco\/#breadcrumb\",\"itemListElement\":[{\"@type\":\"ListItem\",\"position\":1,\"name\":\"Home\",\"item\":\"https:\/\/www.sestogrado.it\/it\/\"},{\"@type\":\"ListItem\",\"position\":2,\"name\":\"Shop\",\"item\":\"https:\/\/www.sestogrado.it\/it\/shop\/\"},{\"@type\":\"ListItem\",\"position\":3,\"name\":\"Camp Storm casco\"}]},{\"@type\":\"WebSite\",\"@id\":\"https:\/\/www.sestogrado.it\/it\/#website\",\"url\":\"https:\/\/www.sestogrado.it\/it\/\",\"name\":\"Sestogrado\",\"description\":\"yes we climb\",\"publisher\":{\"@id\":\"https:\/\/www.sestogrado.it\/it\/#organization\"},\"potentialAction\":[{\"@type\":\"SearchAction\",\"target\":{\"@type\":\"EntryPoint\",\"urlTemplate\":\"https:\/\/www.sestogrado.it\/it\/?s={search_term_string}\"},\"query-input\":{\"@type\":\"PropertyValueSpecification\",\"valueRequired\":true,\"valueName\":\"search_term_string\"}}],\"inLanguage\":\"it-IT\"},{\"@type\":\"Organization\",\"@id\":\"https:\/\/www.sestogrado.it\/it\/#organization\",\"name\":\"Sestogrado\",\"url\":\"https:\/\/www.sestogrado.it\/it\/\",\"logo\":{\"@type\":\"ImageObject\",\"inLanguage\":\"it-IT\",\"@id\":\"https:\/\/www.sestogrado.it\/it\/#\/schema\/logo\/image\/\",\"url\":\"https:\/\/www.sestogrado.it\/wp-content\/uploads\/2015\/03\/sestogrado-favicon.png\",\"contentUrl\":\"https:\/\/www.sestogrado.it\/wp-content\/uploads\/2015\/03\/sestogrado-favicon.png\",\"width\":260,\"height\":260,\"caption\":\"Sestogrado\"},\"image\":{\"@id\":\"https:\/\/www.sestogrado.it\/it\/#\/schema\/logo\/image\/\"},\"sameAs\":[\"https:\/\/www.facebook.com\/pages\/Sestogrado\/1542635979353017?ref=bookmarks\",\"https:\/\/www.youtube.com\/channel\/UC847kAfTkaJsWpc1jtQwr3Q\"],\"hasMerchantReturnPolicy\":{\"@type\":\"MerchantReturnPolicy\",\"merchantReturnLink\":\"https:\/\/www.sestogrado.it\/it\/termini-e-condizioni\/\"}}]}<\/script>\n<meta property=\"product:brand\" content=\"Camp\" \/>\n<meta property=\"og:availability\" content=\"instock\" \/>\n<meta property=\"product:availability\" content=\"instock\" \/>\n<meta property=\"product:condition\" content=\"new\" \/>\n<!-- \/ Yoast SEO plugin. -->","yoast_head_json":{"title":"Camp Storm casco - Sestogrado","description":"Il Camp Storm \u00e8 un casco al top di gamma, superleggero ed estremamente confortevole, che assicura una protezione completa in tutte le attivit\u00e0 verticali. Il Camp Storm \u00e8 un casco al top di gamma, superleggero ed estremamente confortevole.","robots":{"index":"index","follow":"follow","max-snippet":"max-snippet:-1","max-image-preview":"max-image-preview:large","max-video-preview":"max-video-preview:-1"},"canonical":"https:\/\/www.sestogrado.it\/it\/prodotto\/camp-storm-casco\/","og_locale":"it_IT","og_type":"article","og_title":"Camp Storm casco - Sestogrado","og_description":"Il Camp Storm \u00e8 un casco al top di gamma, superleggero ed estremamente confortevole, che assicura una protezione completa in tutte le attivit\u00e0 verticali. Il Camp Storm \u00e8 un casco al top di gamma, superleggero ed estremamente confortevole.","og_url":"https:\/\/www.sestogrado.it\/it\/prodotto\/camp-storm-casco\/","og_site_name":"Sestogrado","article_publisher":"https:\/\/www.facebook.com\/pages\/Sestogrado\/1542635979353017?ref=bookmarks","article_modified_time":"2026-04-28T06:17:37+00:00","og_image":[{"width":1400,"height":1400,"url":"https:\/\/www.sestogrado.it\/wp-content\/uploads\/2017\/02\/01-grigio-lime.jpg","type":"image\/jpeg"}],"twitter_misc":{"Disponibilit\u00e0":"In stock"},"schema":{"@context":"https:\/\/schema.org","@graph":[{"@type":"WebPage","@id":"https:\/\/www.sestogrado.it\/it\/prodotto\/camp-storm-casco\/","url":"https:\/\/www.sestogrado.it\/it\/prodotto\/camp-storm-casco\/","name":"Camp Storm casco - Sestogrado","isPartOf":{"@id":"https:\/\/www.sestogrado.it\/it\/#website"},"primaryImageOfPage":{"@id":"https:\/\/www.sestogrado.it\/it\/prodotto\/camp-storm-casco\/#primaryimage"},"image":{"@id":"https:\/\/www.sestogrado.it\/prodotto\/camp-storm-casco\/#primaryimage"},"thumbnailUrl":"https:\/\/www.sestogrado.it\/wp-content\/uploads\/2017\/02\/01-grigio-lime.jpg","datePublished":"2017-02-09T10:28:44+00:00","dateModified":"2026-04-28T06:17:37+00:00","description":"Il Camp Storm \u00e8 un casco al top di gamma, superleggero ed estremamente confortevole, che assicura una protezione completa in tutte le attivit\u00e0 verticali. Il Camp Storm \u00e8 un casco al top di gamma, superleggero ed estremamente confortevole.","breadcrumb":{"@id":"https:\/\/www.sestogrado.it\/it\/prodotto\/camp-storm-casco\/#breadcrumb"},"inLanguage":"it-IT","potentialAction":[{"@type":"ReadAction","target":[["https:\/\/www.sestogrado.it\/it\/prodotto\/camp-storm-casco\/"]]}]},{"@type":"ImageObject","inLanguage":"it-IT","@id":"https:\/\/www.sestogrado.it\/it\/prodotto\/camp-storm-casco\/#primaryimage","url":"https:\/\/www.sestogrado.it\/wp-content\/uploads\/2017\/02\/01-grigio-lime.jpg","contentUrl":"https:\/\/www.sestogrado.it\/wp-content\/uploads\/2017\/02\/01-grigio-lime.jpg","width":1400,"height":1400,"caption":"storm-grigio-lime"},{"@type":"BreadcrumbList","@id":"https:\/\/www.sestogrado.it\/it\/prodotto\/camp-storm-casco\/#breadcrumb","itemListElement":[{"@type":"ListItem","position":1,"name":"Home","item":"https:\/\/www.sestogrado.it\/it\/"},{"@type":"ListItem","position":2,"name":"Shop","item":"https:\/\/www.sestogrado.it\/it\/shop\/"},{"@type":"ListItem","position":3,"name":"Camp Storm casco"}]},{"@type":"WebSite","@id":"https:\/\/www.sestogrado.it\/it\/#website","url":"https:\/\/www.sestogrado.it\/it\/","name":"Sestogrado","description":"yes we climb","publisher":{"@id":"https:\/\/www.sestogrado.it\/it\/#organization"},"potentialAction":[{"@type":"SearchAction","target":{"@type":"EntryPoint","urlTemplate":"https:\/\/www.sestogrado.it\/it\/?s={search_term_string}"},"query-input":{"@type":"PropertyValueSpecification","valueRequired":true,"valueName":"search_term_string"}}],"inLanguage":"it-IT"},{"@type":"Organization","@id":"https:\/\/www.sestogrado.it\/it\/#organization","name":"Sestogrado","url":"https:\/\/www.sestogrado.it\/it\/","logo":{"@type":"ImageObject","inLanguage":"it-IT","@id":"https:\/\/www.sestogrado.it\/it\/#\/schema\/logo\/image\/","url":"https:\/\/www.sestogrado.it\/wp-content\/uploads\/2015\/03\/sestogrado-favicon.png","contentUrl":"https:\/\/www.sestogrado.it\/wp-content\/uploads\/2015\/03\/sestogrado-favicon.png","width":260,"height":260,"caption":"Sestogrado"},"image":{"@id":"https:\/\/www.sestogrado.it\/it\/#\/schema\/logo\/image\/"},"sameAs":["https:\/\/www.facebook.com\/pages\/Sestogrado\/1542635979353017?ref=bookmarks","https:\/\/www.youtube.com\/channel\/UC847kAfTkaJsWpc1jtQwr3Q"],"hasMerchantReturnPolicy":{"@type":"MerchantReturnPolicy","merchantReturnLink":"https:\/\/www.sestogrado.it\/it\/termini-e-condizioni\/"}}]},"product_brand":"Camp","og_availability":"instock","product_availability":"instock","product_condition":"new"},"_links":{"self":[{"href":"https:\/\/www.sestogrado.it\/it\/wp-json\/wp\/v2\/product\/10038","targetHints":{"allow":["GET"]}}],"collection":[{"href":"https:\/\/www.sestogrado.it\/it\/wp-json\/wp\/v2\/product"}],"about":[{"href":"https:\/\/www.sestogrado.it\/it\/wp-json\/wp\/v2\/types\/product"}],"replies":[{"embeddable":true,"href":"https:\/\/www.sestogrado.it\/it\/wp-json\/wp\/v2\/comments?post=10038"}],"wp:featuredmedia":[{"embeddable":true,"href":"https:\/\/www.sestogrado.it\/it\/wp-json\/wp\/v2\/media\/133065"}],"wp:attachment":[{"href":"https:\/\/www.sestogrado.it\/it\/wp-json\/wp\/v2\/media?parent=10038"}],"wp:term":[{"taxonomy":"product_brand","embeddable":true,"href":"https:\/\/www.sestogrado.it\/it\/wp-json\/wp\/v2\/product_brand?post=10038"},{"taxonomy":"product_cat","embeddable":true,"href":"https:\/\/www.sestogrado.it\/it\/wp-json\/wp\/v2\/product_cat?post=10038"},{"taxonomy":"product_tag","embeddable":true,"href":"https:\/\/www.sestogrado.it\/it\/wp-json\/wp\/v2\/product_tag?post=10038"}],"curies":[{"name":"wp","href":"https:\/\/api.w.org\/{rel}","templated":true}]}}