{"id":32197,"date":"2020-05-05T10:30:11","date_gmt":"2020-05-05T08:30:11","guid":{"rendered":"https:\/\/www.sestogrado.it\/?post_type=product&#038;p=32197"},"modified":"2025-12-08T00:50:48","modified_gmt":"2025-12-07T23:50:48","slug":"buff-coolnet-uv-fascia-scaldacollo-mountain-collection","status":"publish","type":"product","link":"https:\/\/www.sestogrado.it\/en\/prodotto\/buff-coolnet-uv-fascia-scaldacollo-mountain-collection\/","title":{"rendered":"Buff CoolNet\u00ae UV+ Tubular"},"content":{"rendered":"<p>CoolNet\u00ae UV+ Tubular Montserrat: CoolNet\u00ae UV+ Tubular. Multifunctional tubular perfect for outdoor activities during sunny days. It offers a high UV protection to enjoy life out in the sun while protecting you from harmful sun radiation. Light, breathable and comfortable, this tubular is an ideal companion for running, cycling and walking as well as for climbing, trekking or motorbiking. Meet our newest recycled CoolNet\u00ae UV+ fabric. 95% recycled polyester microfiber, its moisture management properties pull sweat away from your skin and into our evaporative cooling fabric design so you stay cool, light and comfortable. UPF 50+ fabrication prevents hazardous exposure to the sun while delivering 4-way ULTRA stretch weave and 100% seamless design for the perfect fit. Design: Patterned. One size.<\/p>\n<ul class=\"reasons\">\n<li class=\"reason-to-buy\">CoolNet UV+ fabric: 95% recycled, light and comfortable!<\/li>\n<li class=\"reason-to-buy\">Made for the sun: UPF 50 protection &amp; ultimate sweat management<\/li>\n<li class=\"reason-to-buy\">Enjoy multifunctionality: choose your wearing style!<\/li>\n<\/ul>\n<p><\/p>","protected":false},"excerpt":{"rendered":"<p>CoolNet\u00ae UV+ Tubular Montserrat: CoolNet\u00ae UV+ Tubular. Multifunctional tubular perfect for outdoor activities during sunny days. It offers a high [&hellip;]<\/p>\n","protected":false},"featured_media":32299,"comment_status":"open","ping_status":"closed","template":"","meta":{"_acf_changed":false},"product_brand":[674],"product_cat":[141],"product_tag":[],"class_list":{"0":"post-32197","1":"product","2":"type-product","3":"status-publish","4":"has-post-thumbnail","6":"product_brand-buff","7":"product_cat-accessori-accessori","9":"first","10":"instock","11":"sale","12":"taxable","13":"shipping-taxable","14":"purchasable","15":"product-type-variable"},"acf":[],"yoast_head":"<!-- This site is optimized with the Yoast SEO plugin v26.4 - https:\/\/yoast.com\/wordpress\/plugins\/seo\/ -->\n<title>Buff CoolNet\u00ae UV+ Tubular - Sestogrado<\/title>\n<meta name=\"description\" content=\"Il Buff CoolNet\u00ae UV+ \u00e8 la fascia scaldacollo della linea mountain, con una certificazione UPF50+ contro i raggi del sole. La linea \u00e8 inspirata a localit\u00e0 alpinistiche come Montserrat e Ayers e, grazie alla particolare protezione UV, \u00e8 perfetta per le attivit\u00e0 outdoor in giornate soleggiate. Leggera, traspirante e comoda, la fascia Buff CoolNet\u00ae UV+ \u00e8 la compagna ideale per il running, climbing, trekking, alpinismo. La Buff CoolNet\u00ae UV+ \u00e8 realizzata in microfibra in poliestere riciclata al 95% e consente una evaporazione rapidissima del sudore e dell&#039;umidit\u00e0, cos\u00ec mantiene la tua pella fresca e asciutta.Il design privo di cuciture offre vestibilit\u00e0 perfetta.\" \/>\n<meta name=\"robots\" content=\"index, follow, max-snippet:-1, max-image-preview:large, max-video-preview:-1\" \/>\n<link rel=\"canonical\" href=\"https:\/\/www.sestogrado.it\/en\/prodotto\/buff-coolnet-uv-fascia-scaldacollo-mountain-collection\/\" \/>\n<meta property=\"og:locale\" content=\"en_US\" \/>\n<meta property=\"og:type\" content=\"article\" \/>\n<meta property=\"og:title\" content=\"Buff CoolNet\u00ae UV+ Tubular - Sestogrado\" \/>\n<meta property=\"og:description\" content=\"Il Buff CoolNet\u00ae UV+ \u00e8 la fascia scaldacollo della linea mountain, con una certificazione UPF50+ contro i raggi del sole. La linea \u00e8 inspirata a localit\u00e0 alpinistiche come Montserrat e Ayers e, grazie alla particolare protezione UV, \u00e8 perfetta per le attivit\u00e0 outdoor in giornate soleggiate. Leggera, traspirante e comoda, la fascia Buff CoolNet\u00ae UV+ \u00e8 la compagna ideale per il running, climbing, trekking, alpinismo. La Buff CoolNet\u00ae UV+ \u00e8 realizzata in microfibra in poliestere riciclata al 95% e consente una evaporazione rapidissima del sudore e dell&#039;umidit\u00e0, cos\u00ec mantiene la tua pella fresca e asciutta.Il design privo di cuciture offre vestibilit\u00e0 perfetta.\" \/>\n<meta property=\"og:url\" content=\"https:\/\/www.sestogrado.it\/en\/prodotto\/buff-coolnet-uv-fascia-scaldacollo-mountain-collection\/\" \/>\n<meta property=\"og:site_name\" content=\"Sestogrado\" \/>\n<meta property=\"article:publisher\" content=\"https:\/\/www.facebook.com\/pages\/Sestogrado\/1542635979353017?ref=bookmarks\" \/>\n<meta property=\"article:modified_time\" content=\"2025-12-07T23:50:48+00:00\" \/>\n<meta property=\"og:image\" content=\"https:\/\/www.sestogrado.it\/wp-content\/uploads\/2020\/05\/01b.jpg\" \/>\n\t<meta property=\"og:image:width\" content=\"640\" \/>\n\t<meta property=\"og:image:height\" content=\"640\" \/>\n\t<meta property=\"og:image:type\" content=\"image\/jpeg\" \/>\n<meta name=\"twitter:label1\" content=\"Availability\" \/>\n\t<meta name=\"twitter:data1\" content=\"In stock\" \/>\n<script type=\"application\/ld+json\" class=\"yoast-schema-graph\">{\"@context\":\"https:\/\/schema.org\",\"@graph\":[{\"@type\":\"WebPage\",\"@id\":\"https:\/\/www.sestogrado.it\/en\/prodotto\/buff-coolnet-uv-fascia-scaldacollo-mountain-collection\/\",\"url\":\"https:\/\/www.sestogrado.it\/en\/prodotto\/buff-coolnet-uv-fascia-scaldacollo-mountain-collection\/\",\"name\":\"Buff CoolNet\u00ae UV+ Tubular - Sestogrado\",\"isPartOf\":{\"@id\":\"https:\/\/www.sestogrado.it\/en\/#website\"},\"primaryImageOfPage\":{\"@id\":\"https:\/\/www.sestogrado.it\/en\/prodotto\/buff-coolnet-uv-fascia-scaldacollo-mountain-collection\/#primaryimage\"},\"image\":{\"@id\":\"https:\/\/www.sestogrado.it\/prodotto\/buff-coolnet-uv-fascia-scaldacollo-mountain-collection\/#primaryimage\"},\"thumbnailUrl\":\"https:\/\/www.sestogrado.it\/wp-content\/uploads\/2020\/05\/01b.jpg\",\"datePublished\":\"2020-05-05T08:30:11+00:00\",\"dateModified\":\"2025-12-07T23:50:48+00:00\",\"description\":\"Il Buff CoolNet\u00ae UV+ \u00e8 la fascia scaldacollo della linea mountain, con una certificazione UPF50+ contro i raggi del sole. La linea \u00e8 inspirata a localit\u00e0 alpinistiche come Montserrat e Ayers e, grazie alla particolare protezione UV, \u00e8 perfetta per le attivit\u00e0 outdoor in giornate soleggiate. Leggera, traspirante e comoda, la fascia Buff CoolNet\u00ae UV+ \u00e8 la compagna ideale per il running, climbing, trekking, alpinismo. La Buff CoolNet\u00ae UV+ \u00e8 realizzata in microfibra in poliestere riciclata al 95% e consente una evaporazione rapidissima del sudore e dell'umidit\u00e0, cos\u00ec mantiene la tua pella fresca e asciutta.Il design privo di cuciture offre vestibilit\u00e0 perfetta.\",\"breadcrumb\":{\"@id\":\"https:\/\/www.sestogrado.it\/en\/prodotto\/buff-coolnet-uv-fascia-scaldacollo-mountain-collection\/#breadcrumb\"},\"inLanguage\":\"en-US\",\"potentialAction\":[{\"@type\":\"ReadAction\",\"target\":[[\"https:\/\/www.sestogrado.it\/en\/prodotto\/buff-coolnet-uv-fascia-scaldacollo-mountain-collection\/\"]]}]},{\"@type\":\"ImageObject\",\"inLanguage\":\"en-US\",\"@id\":\"https:\/\/www.sestogrado.it\/en\/prodotto\/buff-coolnet-uv-fascia-scaldacollo-mountain-collection\/#primaryimage\",\"url\":\"https:\/\/www.sestogrado.it\/wp-content\/uploads\/2020\/05\/01b.jpg\",\"contentUrl\":\"https:\/\/www.sestogrado.it\/wp-content\/uploads\/2020\/05\/01b.jpg\",\"width\":640,\"height\":640,\"caption\":\"buff mountain\"},{\"@type\":\"BreadcrumbList\",\"@id\":\"https:\/\/www.sestogrado.it\/en\/prodotto\/buff-coolnet-uv-fascia-scaldacollo-mountain-collection\/#breadcrumb\",\"itemListElement\":[{\"@type\":\"ListItem\",\"position\":1,\"name\":\"Home\",\"item\":\"https:\/\/www.sestogrado.it\/en\/\"},{\"@type\":\"ListItem\",\"position\":2,\"name\":\"Shop\",\"item\":\"https:\/\/www.sestogrado.it\/en\/shop\/\"},{\"@type\":\"ListItem\",\"position\":3,\"name\":\"Buff CoolNet\u00ae UV+ Tubular\"}]},{\"@type\":\"WebSite\",\"@id\":\"https:\/\/www.sestogrado.it\/en\/#website\",\"url\":\"https:\/\/www.sestogrado.it\/en\/\",\"name\":\"Sestogrado\",\"description\":\"yes we climb\",\"publisher\":{\"@id\":\"https:\/\/www.sestogrado.it\/en\/#organization\"},\"potentialAction\":[{\"@type\":\"SearchAction\",\"target\":{\"@type\":\"EntryPoint\",\"urlTemplate\":\"https:\/\/www.sestogrado.it\/en\/?s={search_term_string}\"},\"query-input\":{\"@type\":\"PropertyValueSpecification\",\"valueRequired\":true,\"valueName\":\"search_term_string\"}}],\"inLanguage\":\"en-US\"},{\"@type\":\"Organization\",\"@id\":\"https:\/\/www.sestogrado.it\/en\/#organization\",\"name\":\"Sestogrado\",\"url\":\"https:\/\/www.sestogrado.it\/en\/\",\"logo\":{\"@type\":\"ImageObject\",\"inLanguage\":\"en-US\",\"@id\":\"https:\/\/www.sestogrado.it\/en\/#\/schema\/logo\/image\/\",\"url\":\"https:\/\/www.sestogrado.it\/wp-content\/uploads\/2015\/03\/sestogrado-favicon.png\",\"contentUrl\":\"https:\/\/www.sestogrado.it\/wp-content\/uploads\/2015\/03\/sestogrado-favicon.png\",\"width\":260,\"height\":260,\"caption\":\"Sestogrado\"},\"image\":{\"@id\":\"https:\/\/www.sestogrado.it\/en\/#\/schema\/logo\/image\/\"},\"sameAs\":[\"https:\/\/www.facebook.com\/pages\/Sestogrado\/1542635979353017?ref=bookmarks\",\"https:\/\/www.youtube.com\/channel\/UC847kAfTkaJsWpc1jtQwr3Q\"],\"hasMerchantReturnPolicy\":{\"@type\":\"MerchantReturnPolicy\",\"merchantReturnLink\":\"https:\/\/www.sestogrado.it\/en\/termini-e-condizioni\/\"}}]}<\/script>\n<meta property=\"product:brand\" content=\"Buff\" \/>\n<meta property=\"og:availability\" content=\"instock\" \/>\n<meta property=\"product:availability\" content=\"instock\" \/>\n<meta property=\"product:condition\" content=\"new\" \/>\n<!-- \/ Yoast SEO plugin. -->","yoast_head_json":{"title":"Buff CoolNet\u00ae UV+ Tubular - Sestogrado","description":"Il Buff CoolNet\u00ae UV+ \u00e8 la fascia scaldacollo della linea mountain, con una certificazione UPF50+ contro i raggi del sole. La linea \u00e8 inspirata a localit\u00e0 alpinistiche come Montserrat e Ayers e, grazie alla particolare protezione UV, \u00e8 perfetta per le attivit\u00e0 outdoor in giornate soleggiate. Leggera, traspirante e comoda, la fascia Buff CoolNet\u00ae UV+ \u00e8 la compagna ideale per il running, climbing, trekking, alpinismo. La Buff CoolNet\u00ae UV+ \u00e8 realizzata in microfibra in poliestere riciclata al 95% e consente una evaporazione rapidissima del sudore e dell'umidit\u00e0, cos\u00ec mantiene la tua pella fresca e asciutta.Il design privo di cuciture offre vestibilit\u00e0 perfetta.","robots":{"index":"index","follow":"follow","max-snippet":"max-snippet:-1","max-image-preview":"max-image-preview:large","max-video-preview":"max-video-preview:-1"},"canonical":"https:\/\/www.sestogrado.it\/en\/prodotto\/buff-coolnet-uv-fascia-scaldacollo-mountain-collection\/","og_locale":"en_US","og_type":"article","og_title":"Buff CoolNet\u00ae UV+ Tubular - Sestogrado","og_description":"Il Buff CoolNet\u00ae UV+ \u00e8 la fascia scaldacollo della linea mountain, con una certificazione UPF50+ contro i raggi del sole. La linea \u00e8 inspirata a localit\u00e0 alpinistiche come Montserrat e Ayers e, grazie alla particolare protezione UV, \u00e8 perfetta per le attivit\u00e0 outdoor in giornate soleggiate. Leggera, traspirante e comoda, la fascia Buff CoolNet\u00ae UV+ \u00e8 la compagna ideale per il running, climbing, trekking, alpinismo. La Buff CoolNet\u00ae UV+ \u00e8 realizzata in microfibra in poliestere riciclata al 95% e consente una evaporazione rapidissima del sudore e dell'umidit\u00e0, cos\u00ec mantiene la tua pella fresca e asciutta.Il design privo di cuciture offre vestibilit\u00e0 perfetta.","og_url":"https:\/\/www.sestogrado.it\/en\/prodotto\/buff-coolnet-uv-fascia-scaldacollo-mountain-collection\/","og_site_name":"Sestogrado","article_publisher":"https:\/\/www.facebook.com\/pages\/Sestogrado\/1542635979353017?ref=bookmarks","article_modified_time":"2025-12-07T23:50:48+00:00","og_image":[{"width":640,"height":640,"url":"https:\/\/www.sestogrado.it\/wp-content\/uploads\/2020\/05\/01b.jpg","type":"image\/jpeg"}],"twitter_misc":{"Availability":"In stock"},"schema":{"@context":"https:\/\/schema.org","@graph":[{"@type":"WebPage","@id":"https:\/\/www.sestogrado.it\/en\/prodotto\/buff-coolnet-uv-fascia-scaldacollo-mountain-collection\/","url":"https:\/\/www.sestogrado.it\/en\/prodotto\/buff-coolnet-uv-fascia-scaldacollo-mountain-collection\/","name":"Buff CoolNet\u00ae UV+ Tubular - Sestogrado","isPartOf":{"@id":"https:\/\/www.sestogrado.it\/en\/#website"},"primaryImageOfPage":{"@id":"https:\/\/www.sestogrado.it\/en\/prodotto\/buff-coolnet-uv-fascia-scaldacollo-mountain-collection\/#primaryimage"},"image":{"@id":"https:\/\/www.sestogrado.it\/prodotto\/buff-coolnet-uv-fascia-scaldacollo-mountain-collection\/#primaryimage"},"thumbnailUrl":"https:\/\/www.sestogrado.it\/wp-content\/uploads\/2020\/05\/01b.jpg","datePublished":"2020-05-05T08:30:11+00:00","dateModified":"2025-12-07T23:50:48+00:00","description":"Il Buff CoolNet\u00ae UV+ \u00e8 la fascia scaldacollo della linea mountain, con una certificazione UPF50+ contro i raggi del sole. La linea \u00e8 inspirata a localit\u00e0 alpinistiche come Montserrat e Ayers e, grazie alla particolare protezione UV, \u00e8 perfetta per le attivit\u00e0 outdoor in giornate soleggiate. Leggera, traspirante e comoda, la fascia Buff CoolNet\u00ae UV+ \u00e8 la compagna ideale per il running, climbing, trekking, alpinismo. La Buff CoolNet\u00ae UV+ \u00e8 realizzata in microfibra in poliestere riciclata al 95% e consente una evaporazione rapidissima del sudore e dell'umidit\u00e0, cos\u00ec mantiene la tua pella fresca e asciutta.Il design privo di cuciture offre vestibilit\u00e0 perfetta.","breadcrumb":{"@id":"https:\/\/www.sestogrado.it\/en\/prodotto\/buff-coolnet-uv-fascia-scaldacollo-mountain-collection\/#breadcrumb"},"inLanguage":"en-US","potentialAction":[{"@type":"ReadAction","target":[["https:\/\/www.sestogrado.it\/en\/prodotto\/buff-coolnet-uv-fascia-scaldacollo-mountain-collection\/"]]}]},{"@type":"ImageObject","inLanguage":"en-US","@id":"https:\/\/www.sestogrado.it\/en\/prodotto\/buff-coolnet-uv-fascia-scaldacollo-mountain-collection\/#primaryimage","url":"https:\/\/www.sestogrado.it\/wp-content\/uploads\/2020\/05\/01b.jpg","contentUrl":"https:\/\/www.sestogrado.it\/wp-content\/uploads\/2020\/05\/01b.jpg","width":640,"height":640,"caption":"buff mountain"},{"@type":"BreadcrumbList","@id":"https:\/\/www.sestogrado.it\/en\/prodotto\/buff-coolnet-uv-fascia-scaldacollo-mountain-collection\/#breadcrumb","itemListElement":[{"@type":"ListItem","position":1,"name":"Home","item":"https:\/\/www.sestogrado.it\/en\/"},{"@type":"ListItem","position":2,"name":"Shop","item":"https:\/\/www.sestogrado.it\/en\/shop\/"},{"@type":"ListItem","position":3,"name":"Buff CoolNet\u00ae UV+ Tubular"}]},{"@type":"WebSite","@id":"https:\/\/www.sestogrado.it\/en\/#website","url":"https:\/\/www.sestogrado.it\/en\/","name":"Sestogrado","description":"yes we climb","publisher":{"@id":"https:\/\/www.sestogrado.it\/en\/#organization"},"potentialAction":[{"@type":"SearchAction","target":{"@type":"EntryPoint","urlTemplate":"https:\/\/www.sestogrado.it\/en\/?s={search_term_string}"},"query-input":{"@type":"PropertyValueSpecification","valueRequired":true,"valueName":"search_term_string"}}],"inLanguage":"en-US"},{"@type":"Organization","@id":"https:\/\/www.sestogrado.it\/en\/#organization","name":"Sestogrado","url":"https:\/\/www.sestogrado.it\/en\/","logo":{"@type":"ImageObject","inLanguage":"en-US","@id":"https:\/\/www.sestogrado.it\/en\/#\/schema\/logo\/image\/","url":"https:\/\/www.sestogrado.it\/wp-content\/uploads\/2015\/03\/sestogrado-favicon.png","contentUrl":"https:\/\/www.sestogrado.it\/wp-content\/uploads\/2015\/03\/sestogrado-favicon.png","width":260,"height":260,"caption":"Sestogrado"},"image":{"@id":"https:\/\/www.sestogrado.it\/en\/#\/schema\/logo\/image\/"},"sameAs":["https:\/\/www.facebook.com\/pages\/Sestogrado\/1542635979353017?ref=bookmarks","https:\/\/www.youtube.com\/channel\/UC847kAfTkaJsWpc1jtQwr3Q"],"hasMerchantReturnPolicy":{"@type":"MerchantReturnPolicy","merchantReturnLink":"https:\/\/www.sestogrado.it\/en\/termini-e-condizioni\/"}}]},"product_brand":"Buff","og_availability":"instock","product_availability":"instock","product_condition":"new"},"_links":{"self":[{"href":"https:\/\/www.sestogrado.it\/en\/wp-json\/wp\/v2\/product\/32197","targetHints":{"allow":["GET"]}}],"collection":[{"href":"https:\/\/www.sestogrado.it\/en\/wp-json\/wp\/v2\/product"}],"about":[{"href":"https:\/\/www.sestogrado.it\/en\/wp-json\/wp\/v2\/types\/product"}],"replies":[{"embeddable":true,"href":"https:\/\/www.sestogrado.it\/en\/wp-json\/wp\/v2\/comments?post=32197"}],"wp:featuredmedia":[{"embeddable":true,"href":"https:\/\/www.sestogrado.it\/en\/wp-json\/wp\/v2\/media\/32299"}],"wp:attachment":[{"href":"https:\/\/www.sestogrado.it\/en\/wp-json\/wp\/v2\/media?parent=32197"}],"wp:term":[{"taxonomy":"product_brand","embeddable":true,"href":"https:\/\/www.sestogrado.it\/en\/wp-json\/wp\/v2\/product_brand?post=32197"},{"taxonomy":"product_cat","embeddable":true,"href":"https:\/\/www.sestogrado.it\/en\/wp-json\/wp\/v2\/product_cat?post=32197"},{"taxonomy":"product_tag","embeddable":true,"href":"https:\/\/www.sestogrado.it\/en\/wp-json\/wp\/v2\/product_tag?post=32197"}],"curies":[{"name":"wp","href":"https:\/\/api.w.org\/{rel}","templated":true}]}}