{"id":163956,"date":"2024-06-07T11:46:55","date_gmt":"2024-06-07T09:46:55","guid":{"rendered":"https:\/\/www.sestogrado.it\/?post_type=product&#038;p=163956"},"modified":"2025-07-03T14:55:22","modified_gmt":"2025-07-03T12:55:22","slug":"camp-minima-3-evo-tenda-per-3-persone-a-doppio-telo","status":"publish","type":"product","link":"https:\/\/www.sestogrado.it\/en\/prodotto\/camp-minima-3-evo-tenda-per-3-persone-a-doppio-telo\/","title":{"rendered":"(Copia)"},"content":{"rendered":"<p class=\"qtranxs-available-languages-message qtranxs-available-languages-message-en\">Sorry, this entry is only available in <a href=\"https:\/\/www.sestogrado.it\/it\/wp-json\/wp\/v2\/product\/163956\" class=\"qtranxs-available-language-link qtranxs-available-language-link-it\" title=\"Italiano\">Italiano<\/a>.<\/p>","protected":false},"excerpt":{"rendered":"<p>Sorry, this entry is only available in Italiano.<\/p>\n","protected":false},"featured_media":163957,"comment_status":"open","ping_status":"closed","template":"","meta":{"_acf_changed":false},"product_brand":[31],"product_cat":[661],"product_tag":[],"class_list":{"0":"post-163956","1":"product","2":"type-product","3":"status-publish","4":"has-post-thumbnail","6":"product_brand-camp","7":"product_cat-tende","9":"first","10":"instock","11":"sale","12":"taxable","13":"shipping-taxable","14":"purchasable","15":"product-type-simple"},"acf":[],"yoast_head":"<!-- This site is optimized with the Yoast SEO plugin v26.4 - https:\/\/yoast.com\/wordpress\/plugins\/seo\/ -->\n<title>(Copia) - Sestogrado<\/title>\n<meta name=\"description\" content=\"La Camp Minima 3 Evo presenta una struttura autoportante con paleria integrata che garantisce la compattezza, l\u2019estrema leggerezza e l\u2019eccellente ventilazione che caratterizza tutte le nostre tende. Il doppio telo permette di ottenere il miglior comfort in ogni condizione, anche nei trekking pi\u00f9 lunghi. Il telo interno a rete assicura la massima ventilazione mentre quello esterno - leggero, robusto e impermeabile - garantisce sempre una buona protezione. Questo grazie anche alle falde a terra su tutti i lati, che impediscono al vento di infilarsi tra i due teli compromettendo la stabilit\u00e0 e il comfort. In caso di necessit\u00e0 (assenza di vento, caldo ecc.), le falde possono essere ripiegate e fissate sulle pareti della tenda. La funzionalit\u00e0 \u00e8 incrementata dalle 2 entrate con zip e dagli ampi vestiboli su entrambi i lati, che garantiscono maggior riparo e comfort soprattutto in caso di maltempo. La stabilit\u00e0 della tenda \u00e8 assicurata dal sistema di fissaggio del pavimento con cordino regolabile (in lunghezza e angolazione) che consente di piazzare facilmente ciascun picchetto nel punto migliore, senza la necessit\u00e0 di spostare la tenda. I picchetti sono in alluminio da 15 cm di lunghezza con sezione a V, garantendo leggerezza e robustezza.\" \/>\n<meta name=\"robots\" content=\"index, follow, max-snippet:-1, max-image-preview:large, max-video-preview:-1\" \/>\n<link rel=\"canonical\" href=\"https:\/\/www.sestogrado.it\/en\/prodotto\/camp-minima-3-evo-tenda-per-3-persone-a-doppio-telo\/\" \/>\n<meta property=\"og:locale\" content=\"en_US\" \/>\n<meta property=\"og:type\" content=\"article\" \/>\n<meta property=\"og:title\" content=\"(Copia) - Sestogrado\" \/>\n<meta property=\"og:description\" content=\"La Camp Minima 3 Evo presenta una struttura autoportante con paleria integrata che garantisce la compattezza, l\u2019estrema leggerezza e l\u2019eccellente ventilazione che caratterizza tutte le nostre tende. Il doppio telo permette di ottenere il miglior comfort in ogni condizione, anche nei trekking pi\u00f9 lunghi. Il telo interno a rete assicura la massima ventilazione mentre quello esterno - leggero, robusto e impermeabile - garantisce sempre una buona protezione. Questo grazie anche alle falde a terra su tutti i lati, che impediscono al vento di infilarsi tra i due teli compromettendo la stabilit\u00e0 e il comfort. In caso di necessit\u00e0 (assenza di vento, caldo ecc.), le falde possono essere ripiegate e fissate sulle pareti della tenda. La funzionalit\u00e0 \u00e8 incrementata dalle 2 entrate con zip e dagli ampi vestiboli su entrambi i lati, che garantiscono maggior riparo e comfort soprattutto in caso di maltempo. La stabilit\u00e0 della tenda \u00e8 assicurata dal sistema di fissaggio del pavimento con cordino regolabile (in lunghezza e angolazione) che consente di piazzare facilmente ciascun picchetto nel punto migliore, senza la necessit\u00e0 di spostare la tenda. I picchetti sono in alluminio da 15 cm di lunghezza con sezione a V, garantendo leggerezza e robustezza.\" \/>\n<meta property=\"og:url\" content=\"https:\/\/www.sestogrado.it\/en\/prodotto\/camp-minima-3-evo-tenda-per-3-persone-a-doppio-telo\/\" \/>\n<meta property=\"og:site_name\" content=\"Sestogrado\" \/>\n<meta property=\"article:publisher\" content=\"https:\/\/www.facebook.com\/pages\/Sestogrado\/1542635979353017?ref=bookmarks\" \/>\n<meta property=\"article:modified_time\" content=\"2025-07-03T12:55:22+00:00\" \/>\n<meta property=\"og:image\" content=\"https:\/\/www.sestogrado.it\/wp-content\/uploads\/2024\/06\/01.jpg\" \/>\n\t<meta property=\"og:image:width\" content=\"1600\" \/>\n\t<meta property=\"og:image:height\" content=\"1600\" \/>\n\t<meta property=\"og:image:type\" content=\"image\/jpeg\" \/>\n<meta name=\"twitter:label1\" content=\"Price\" \/>\n\t<meta name=\"twitter:data1\" content=\"&euro;&nbsp;339,00\" \/>\n\t<meta name=\"twitter:label2\" content=\"Availability\" \/>\n\t<meta name=\"twitter:data2\" content=\"In stock\" \/>\n<script type=\"application\/ld+json\" class=\"yoast-schema-graph\">{\"@context\":\"https:\/\/schema.org\",\"@graph\":[{\"@type\":\"WebPage\",\"@id\":\"https:\/\/www.sestogrado.it\/en\/prodotto\/camp-minima-3-evo-tenda-per-3-persone-a-doppio-telo\/\",\"url\":\"https:\/\/www.sestogrado.it\/en\/prodotto\/camp-minima-3-evo-tenda-per-3-persone-a-doppio-telo\/\",\"name\":\"(Copia) - Sestogrado\",\"isPartOf\":{\"@id\":\"https:\/\/www.sestogrado.it\/en\/#website\"},\"primaryImageOfPage\":{\"@id\":\"https:\/\/www.sestogrado.it\/en\/prodotto\/camp-minima-3-evo-tenda-per-3-persone-a-doppio-telo\/#primaryimage\"},\"image\":{\"@id\":\"https:\/\/www.sestogrado.it\/prodotto\/camp-minima-3-evo-tenda-per-3-persone-a-doppio-telo\/#primaryimage\"},\"thumbnailUrl\":\"https:\/\/www.sestogrado.it\/wp-content\/uploads\/2024\/06\/01.jpg\",\"datePublished\":\"2024-06-07T09:46:55+00:00\",\"dateModified\":\"2025-07-03T12:55:22+00:00\",\"description\":\"La Camp Minima 3 Evo presenta una struttura autoportante con paleria integrata che garantisce la compattezza, l\u2019estrema leggerezza e l\u2019eccellente ventilazione che caratterizza tutte le nostre tende. Il doppio telo permette di ottenere il miglior comfort in ogni condizione, anche nei trekking pi\u00f9 lunghi. Il telo interno a rete assicura la massima ventilazione mentre quello esterno - leggero, robusto e impermeabile - garantisce sempre una buona protezione. Questo grazie anche alle falde a terra su tutti i lati, che impediscono al vento di infilarsi tra i due teli compromettendo la stabilit\u00e0 e il comfort. In caso di necessit\u00e0 (assenza di vento, caldo ecc.), le falde possono essere ripiegate e fissate sulle pareti della tenda. La funzionalit\u00e0 \u00e8 incrementata dalle 2 entrate con zip e dagli ampi vestiboli su entrambi i lati, che garantiscono maggior riparo e comfort soprattutto in caso di maltempo. La stabilit\u00e0 della tenda \u00e8 assicurata dal sistema di fissaggio del pavimento con cordino regolabile (in lunghezza e angolazione) che consente di piazzare facilmente ciascun picchetto nel punto migliore, senza la necessit\u00e0 di spostare la tenda. I picchetti sono in alluminio da 15 cm di lunghezza con sezione a V, garantendo leggerezza e robustezza.\",\"breadcrumb\":{\"@id\":\"https:\/\/www.sestogrado.it\/en\/prodotto\/camp-minima-3-evo-tenda-per-3-persone-a-doppio-telo\/#breadcrumb\"},\"inLanguage\":\"en-US\",\"potentialAction\":[{\"@type\":\"ReadAction\",\"target\":[[\"https:\/\/www.sestogrado.it\/en\/prodotto\/camp-minima-3-evo-tenda-per-3-persone-a-doppio-telo\/\"]]}]},{\"@type\":\"ImageObject\",\"inLanguage\":\"en-US\",\"@id\":\"https:\/\/www.sestogrado.it\/en\/prodotto\/camp-minima-3-evo-tenda-per-3-persone-a-doppio-telo\/#primaryimage\",\"url\":\"https:\/\/www.sestogrado.it\/wp-content\/uploads\/2024\/06\/01.jpg\",\"contentUrl\":\"https:\/\/www.sestogrado.it\/wp-content\/uploads\/2024\/06\/01.jpg\",\"width\":1600,\"height\":1600,\"caption\":\"camp minima 3 evo\"},{\"@type\":\"BreadcrumbList\",\"@id\":\"https:\/\/www.sestogrado.it\/en\/prodotto\/camp-minima-3-evo-tenda-per-3-persone-a-doppio-telo\/#breadcrumb\",\"itemListElement\":[{\"@type\":\"ListItem\",\"position\":1,\"name\":\"Home\",\"item\":\"https:\/\/www.sestogrado.it\/en\/\"},{\"@type\":\"ListItem\",\"position\":2,\"name\":\"Shop\",\"item\":\"https:\/\/www.sestogrado.it\/en\/shop\/\"},{\"@type\":\"ListItem\",\"position\":3,\"name\":\"Camp Minima 3 EVO tenda per 3 persone a doppio telo\"}]},{\"@type\":\"WebSite\",\"@id\":\"https:\/\/www.sestogrado.it\/en\/#website\",\"url\":\"https:\/\/www.sestogrado.it\/en\/\",\"name\":\"Sestogrado\",\"description\":\"yes we climb\",\"publisher\":{\"@id\":\"https:\/\/www.sestogrado.it\/en\/#organization\"},\"potentialAction\":[{\"@type\":\"SearchAction\",\"target\":{\"@type\":\"EntryPoint\",\"urlTemplate\":\"https:\/\/www.sestogrado.it\/en\/?s={search_term_string}\"},\"query-input\":{\"@type\":\"PropertyValueSpecification\",\"valueRequired\":true,\"valueName\":\"search_term_string\"}}],\"inLanguage\":\"en-US\"},{\"@type\":\"Organization\",\"@id\":\"https:\/\/www.sestogrado.it\/en\/#organization\",\"name\":\"Sestogrado\",\"url\":\"https:\/\/www.sestogrado.it\/en\/\",\"logo\":{\"@type\":\"ImageObject\",\"inLanguage\":\"en-US\",\"@id\":\"https:\/\/www.sestogrado.it\/en\/#\/schema\/logo\/image\/\",\"url\":\"https:\/\/www.sestogrado.it\/wp-content\/uploads\/2015\/03\/sestogrado-favicon.png\",\"contentUrl\":\"https:\/\/www.sestogrado.it\/wp-content\/uploads\/2015\/03\/sestogrado-favicon.png\",\"width\":260,\"height\":260,\"caption\":\"Sestogrado\"},\"image\":{\"@id\":\"https:\/\/www.sestogrado.it\/en\/#\/schema\/logo\/image\/\"},\"sameAs\":[\"https:\/\/www.facebook.com\/pages\/Sestogrado\/1542635979353017?ref=bookmarks\",\"https:\/\/www.youtube.com\/channel\/UC847kAfTkaJsWpc1jtQwr3Q\"],\"hasMerchantReturnPolicy\":{\"@type\":\"MerchantReturnPolicy\",\"merchantReturnLink\":\"https:\/\/www.sestogrado.it\/en\/termini-e-condizioni\/\"}}]}<\/script>\n<meta property=\"product:brand\" content=\"Camp\" \/>\n<meta property=\"product:price:amount\" content=\"339.00\" \/>\n<meta property=\"product:price:currency\" content=\"EUR\" \/>\n<meta property=\"og:availability\" content=\"instock\" \/>\n<meta property=\"product:availability\" content=\"instock\" \/>\n<meta property=\"product:condition\" content=\"new\" \/>\n<!-- \/ Yoast SEO plugin. -->","yoast_head_json":{"title":"(Copia) - Sestogrado","description":"La Camp Minima 3 Evo presenta una struttura autoportante con paleria integrata che garantisce la compattezza, l\u2019estrema leggerezza e l\u2019eccellente ventilazione che caratterizza tutte le nostre tende. Il doppio telo permette di ottenere il miglior comfort in ogni condizione, anche nei trekking pi\u00f9 lunghi. Il telo interno a rete assicura la massima ventilazione mentre quello esterno - leggero, robusto e impermeabile - garantisce sempre una buona protezione. Questo grazie anche alle falde a terra su tutti i lati, che impediscono al vento di infilarsi tra i due teli compromettendo la stabilit\u00e0 e il comfort. In caso di necessit\u00e0 (assenza di vento, caldo ecc.), le falde possono essere ripiegate e fissate sulle pareti della tenda. La funzionalit\u00e0 \u00e8 incrementata dalle 2 entrate con zip e dagli ampi vestiboli su entrambi i lati, che garantiscono maggior riparo e comfort soprattutto in caso di maltempo. La stabilit\u00e0 della tenda \u00e8 assicurata dal sistema di fissaggio del pavimento con cordino regolabile (in lunghezza e angolazione) che consente di piazzare facilmente ciascun picchetto nel punto migliore, senza la necessit\u00e0 di spostare la tenda. I picchetti sono in alluminio da 15 cm di lunghezza con sezione a V, garantendo leggerezza e robustezza.","robots":{"index":"index","follow":"follow","max-snippet":"max-snippet:-1","max-image-preview":"max-image-preview:large","max-video-preview":"max-video-preview:-1"},"canonical":"https:\/\/www.sestogrado.it\/en\/prodotto\/camp-minima-3-evo-tenda-per-3-persone-a-doppio-telo\/","og_locale":"en_US","og_type":"article","og_title":"(Copia) - Sestogrado","og_description":"La Camp Minima 3 Evo presenta una struttura autoportante con paleria integrata che garantisce la compattezza, l\u2019estrema leggerezza e l\u2019eccellente ventilazione che caratterizza tutte le nostre tende. Il doppio telo permette di ottenere il miglior comfort in ogni condizione, anche nei trekking pi\u00f9 lunghi. Il telo interno a rete assicura la massima ventilazione mentre quello esterno - leggero, robusto e impermeabile - garantisce sempre una buona protezione. Questo grazie anche alle falde a terra su tutti i lati, che impediscono al vento di infilarsi tra i due teli compromettendo la stabilit\u00e0 e il comfort. In caso di necessit\u00e0 (assenza di vento, caldo ecc.), le falde possono essere ripiegate e fissate sulle pareti della tenda. La funzionalit\u00e0 \u00e8 incrementata dalle 2 entrate con zip e dagli ampi vestiboli su entrambi i lati, che garantiscono maggior riparo e comfort soprattutto in caso di maltempo. La stabilit\u00e0 della tenda \u00e8 assicurata dal sistema di fissaggio del pavimento con cordino regolabile (in lunghezza e angolazione) che consente di piazzare facilmente ciascun picchetto nel punto migliore, senza la necessit\u00e0 di spostare la tenda. I picchetti sono in alluminio da 15 cm di lunghezza con sezione a V, garantendo leggerezza e robustezza.","og_url":"https:\/\/www.sestogrado.it\/en\/prodotto\/camp-minima-3-evo-tenda-per-3-persone-a-doppio-telo\/","og_site_name":"Sestogrado","article_publisher":"https:\/\/www.facebook.com\/pages\/Sestogrado\/1542635979353017?ref=bookmarks","article_modified_time":"2025-07-03T12:55:22+00:00","og_image":[{"width":1600,"height":1600,"url":"https:\/\/www.sestogrado.it\/wp-content\/uploads\/2024\/06\/01.jpg","type":"image\/jpeg"}],"twitter_misc":{"Price":"&euro;&nbsp;339,00","Availability":"In stock"},"schema":{"@context":"https:\/\/schema.org","@graph":[{"@type":"WebPage","@id":"https:\/\/www.sestogrado.it\/en\/prodotto\/camp-minima-3-evo-tenda-per-3-persone-a-doppio-telo\/","url":"https:\/\/www.sestogrado.it\/en\/prodotto\/camp-minima-3-evo-tenda-per-3-persone-a-doppio-telo\/","name":"(Copia) - Sestogrado","isPartOf":{"@id":"https:\/\/www.sestogrado.it\/en\/#website"},"primaryImageOfPage":{"@id":"https:\/\/www.sestogrado.it\/en\/prodotto\/camp-minima-3-evo-tenda-per-3-persone-a-doppio-telo\/#primaryimage"},"image":{"@id":"https:\/\/www.sestogrado.it\/prodotto\/camp-minima-3-evo-tenda-per-3-persone-a-doppio-telo\/#primaryimage"},"thumbnailUrl":"https:\/\/www.sestogrado.it\/wp-content\/uploads\/2024\/06\/01.jpg","datePublished":"2024-06-07T09:46:55+00:00","dateModified":"2025-07-03T12:55:22+00:00","description":"La Camp Minima 3 Evo presenta una struttura autoportante con paleria integrata che garantisce la compattezza, l\u2019estrema leggerezza e l\u2019eccellente ventilazione che caratterizza tutte le nostre tende. Il doppio telo permette di ottenere il miglior comfort in ogni condizione, anche nei trekking pi\u00f9 lunghi. Il telo interno a rete assicura la massima ventilazione mentre quello esterno - leggero, robusto e impermeabile - garantisce sempre una buona protezione. Questo grazie anche alle falde a terra su tutti i lati, che impediscono al vento di infilarsi tra i due teli compromettendo la stabilit\u00e0 e il comfort. In caso di necessit\u00e0 (assenza di vento, caldo ecc.), le falde possono essere ripiegate e fissate sulle pareti della tenda. La funzionalit\u00e0 \u00e8 incrementata dalle 2 entrate con zip e dagli ampi vestiboli su entrambi i lati, che garantiscono maggior riparo e comfort soprattutto in caso di maltempo. La stabilit\u00e0 della tenda \u00e8 assicurata dal sistema di fissaggio del pavimento con cordino regolabile (in lunghezza e angolazione) che consente di piazzare facilmente ciascun picchetto nel punto migliore, senza la necessit\u00e0 di spostare la tenda. I picchetti sono in alluminio da 15 cm di lunghezza con sezione a V, garantendo leggerezza e robustezza.","breadcrumb":{"@id":"https:\/\/www.sestogrado.it\/en\/prodotto\/camp-minima-3-evo-tenda-per-3-persone-a-doppio-telo\/#breadcrumb"},"inLanguage":"en-US","potentialAction":[{"@type":"ReadAction","target":[["https:\/\/www.sestogrado.it\/en\/prodotto\/camp-minima-3-evo-tenda-per-3-persone-a-doppio-telo\/"]]}]},{"@type":"ImageObject","inLanguage":"en-US","@id":"https:\/\/www.sestogrado.it\/en\/prodotto\/camp-minima-3-evo-tenda-per-3-persone-a-doppio-telo\/#primaryimage","url":"https:\/\/www.sestogrado.it\/wp-content\/uploads\/2024\/06\/01.jpg","contentUrl":"https:\/\/www.sestogrado.it\/wp-content\/uploads\/2024\/06\/01.jpg","width":1600,"height":1600,"caption":"camp minima 3 evo"},{"@type":"BreadcrumbList","@id":"https:\/\/www.sestogrado.it\/en\/prodotto\/camp-minima-3-evo-tenda-per-3-persone-a-doppio-telo\/#breadcrumb","itemListElement":[{"@type":"ListItem","position":1,"name":"Home","item":"https:\/\/www.sestogrado.it\/en\/"},{"@type":"ListItem","position":2,"name":"Shop","item":"https:\/\/www.sestogrado.it\/en\/shop\/"},{"@type":"ListItem","position":3,"name":"Camp Minima 3 EVO tenda per 3 persone a doppio telo"}]},{"@type":"WebSite","@id":"https:\/\/www.sestogrado.it\/en\/#website","url":"https:\/\/www.sestogrado.it\/en\/","name":"Sestogrado","description":"yes we climb","publisher":{"@id":"https:\/\/www.sestogrado.it\/en\/#organization"},"potentialAction":[{"@type":"SearchAction","target":{"@type":"EntryPoint","urlTemplate":"https:\/\/www.sestogrado.it\/en\/?s={search_term_string}"},"query-input":{"@type":"PropertyValueSpecification","valueRequired":true,"valueName":"search_term_string"}}],"inLanguage":"en-US"},{"@type":"Organization","@id":"https:\/\/www.sestogrado.it\/en\/#organization","name":"Sestogrado","url":"https:\/\/www.sestogrado.it\/en\/","logo":{"@type":"ImageObject","inLanguage":"en-US","@id":"https:\/\/www.sestogrado.it\/en\/#\/schema\/logo\/image\/","url":"https:\/\/www.sestogrado.it\/wp-content\/uploads\/2015\/03\/sestogrado-favicon.png","contentUrl":"https:\/\/www.sestogrado.it\/wp-content\/uploads\/2015\/03\/sestogrado-favicon.png","width":260,"height":260,"caption":"Sestogrado"},"image":{"@id":"https:\/\/www.sestogrado.it\/en\/#\/schema\/logo\/image\/"},"sameAs":["https:\/\/www.facebook.com\/pages\/Sestogrado\/1542635979353017?ref=bookmarks","https:\/\/www.youtube.com\/channel\/UC847kAfTkaJsWpc1jtQwr3Q"],"hasMerchantReturnPolicy":{"@type":"MerchantReturnPolicy","merchantReturnLink":"https:\/\/www.sestogrado.it\/en\/termini-e-condizioni\/"}}]},"product_brand":"Camp","product_price_amount":"339.00","product_price_currency":"EUR","og_availability":"instock","product_availability":"instock","product_condition":"new"},"_links":{"self":[{"href":"https:\/\/www.sestogrado.it\/en\/wp-json\/wp\/v2\/product\/163956","targetHints":{"allow":["GET"]}}],"collection":[{"href":"https:\/\/www.sestogrado.it\/en\/wp-json\/wp\/v2\/product"}],"about":[{"href":"https:\/\/www.sestogrado.it\/en\/wp-json\/wp\/v2\/types\/product"}],"replies":[{"embeddable":true,"href":"https:\/\/www.sestogrado.it\/en\/wp-json\/wp\/v2\/comments?post=163956"}],"wp:featuredmedia":[{"embeddable":true,"href":"https:\/\/www.sestogrado.it\/en\/wp-json\/wp\/v2\/media\/163957"}],"wp:attachment":[{"href":"https:\/\/www.sestogrado.it\/en\/wp-json\/wp\/v2\/media?parent=163956"}],"wp:term":[{"taxonomy":"product_brand","embeddable":true,"href":"https:\/\/www.sestogrado.it\/en\/wp-json\/wp\/v2\/product_brand?post=163956"},{"taxonomy":"product_cat","embeddable":true,"href":"https:\/\/www.sestogrado.it\/en\/wp-json\/wp\/v2\/product_cat?post=163956"},{"taxonomy":"product_tag","embeddable":true,"href":"https:\/\/www.sestogrado.it\/en\/wp-json\/wp\/v2\/product_tag?post=163956"}],"curies":[{"name":"wp","href":"https:\/\/api.w.org\/{rel}","templated":true}]}}