{"id":1113,"date":"2021-11-12T10:10:12","date_gmt":"2021-11-12T09:10:12","guid":{"rendered":"http:\/\/www.sestogrado.it\/?post_type=product&#038;p=1113"},"modified":"2025-07-28T19:01:15","modified_gmt":"2025-07-28T17:01:15","slug":"pietra-di-bismantova","status":"publish","type":"product","link":"https:\/\/www.sestogrado.it\/en\/prodotto\/pietra-di-bismantova\/","title":{"rendered":"Pietra di Bismantova &#8211; Appennino reggiano"},"content":{"rendered":"<p>Guida monografica che descrive tutti gli itinerari presenti sulla Pietra di Bismantova, perla rocciosa dell\u2019appennino emiliano. In questo meticoloso lavoro gli autori relazionano vie multipitch e falesie con puntuali e aggiornate informazioni, disegni chiari e precisi e spettacolari fotografie dei vari settori. Il prezioso e fondamentale contributo di tutti gli alpinisti locali di diverse generazioni ha permesso la realizzazione di una guida corale, con riferimenti alla storia della scalata in Pietra attraverso racconti e testimonianze personali.<\/p>\n<p><em>\u00abQuanta umanit\u00e0 \u00e8 passata sotto e sopra queste rocce! Che immenso divario tecnico tra i ragazzi di oggi e i pionieri dell\u2019arrampicata a Bismantova! E tuttavia\u2026 sar\u00e0 il luogo magico, sar\u00e0 quello che le generazioni precedenti hanno seminato, sar\u00e0 la lontananza dai luoghi pi\u00f9 blasonati, sar\u00e0 una certa cultura della tolleranza e della libert\u00e0 che si respira da queste parti, sar\u00e0 quello che volete, ma alla Pietra tutto \u201csi \u00e8 tenuto\u201d. Montagna e palestra, divertimento e sacrificio, consumo e sapere s\u2019intrecciano e si compendiano, in uno scenario veramente affascinante e in un luogo dai sapori indimenticabili che facilitano, con la convivialit\u00e0, la conoscenza, lo scambio e, con un po\u2019 di buona volont\u00e0, l\u2019amicizia.\u00bb<\/em><br \/>\nDall\u2019introduzione di Gino Montip\u00f2<\/p>\n<h3>Info sugli Autori<\/h3>\n<p><strong>Diego Filippi<\/strong> di Trento (1967). Inizia ad arrampicare nel 1983 con i corsi di alpinismo e arrampicata della scuola Giorgio Graffer. Nell\u2019organico della stessa scuola dal 1996, entra nel Club Alpino Accademico nel 1998 e diventa Guida Alpina nel 2009. Pur avendo compiuto numerose ascensioni in tutte le Alpi, il terreno che predilige sono le strutture rocciose di fondovalle, in particolar modo la Valle del Sarca, la Val di Mello, Finale Ligure e negli ultimi anni anche Bismantova. Assiduo frequentatore della Valle del Sarca, con oltre 80 prime salite, ha pubblicato con Versante Sud, dal 2002 al 2013, tre edizioni della <a href=\"http:\/\/www.versantesud.it\/shop\/arco-pareti\/\" target=\"_blank\" rel=\"noopener\">guida di riferimento alle vie multipich<\/a> e nel 2014 <em>Ferrate di Arco<\/em> (Arcolibri Editore 2014).<\/p>\n<p><strong>Matteo Bertolotti<\/strong> di Osio Sotto, Bergamo (1980). Si occupa di distribuzione cinematografica. Da tempo \u00e8 follemente innamorato della Pietra di Bismantova e con Diego Filippi ha ripetuto numerosi itinerari, alcuni dimenticati da tempo. Non disprezza l\u2019arrampicata artificiale e spesso ama trascorrere le giornate appeso alle staffe. Appassionato di vecchi libri di montagna, \u00e8 istruttore di alpinismo presso la Scuola Valle Seriana. Nel 2003 ha fondato, con altri amici appassionati di alpinismo, il sito<em>sassbaloss.com<\/em> con lo scopo di pubblicare relazioni di itinerari ripetuti durante i weekend.<br \/>\nDal 2013 \u00e8 socio GISM. Ha pubblicato con Luca Galbiati il volume <em>Arrampicare \u2013 Dolomiti Sud Occidentali<\/em> (Vividolomiti 2014) e con Diego Filippi la monografia <em>Ferrate di Arco<\/em> (Arcolibri 2014).<\/p>\n<p>&nbsp;<\/p>\n<p>Sfoglia il pdf:<\/p>\n<p>http:\/\/issuu.com\/edizioni_versante_sud\/docs\/bismantovaissuu<\/p>","protected":false},"excerpt":{"rendered":"<p>Guida monografica che descrive tutti gli itinerari presenti sulla Pietra di Bismantova, perla rocciosa dell\u2019appennino emiliano. In questo meticoloso lavoro [&hellip;]<\/p>\n","protected":false},"featured_media":84860,"comment_status":"open","ping_status":"closed","template":"","meta":{"_acf_changed":false},"product_brand":[99],"product_cat":[98],"product_tag":[],"class_list":{"0":"post-1113","1":"product","2":"type-product","3":"status-publish","4":"has-post-thumbnail","6":"product_brand-versante-sud","7":"product_cat-libri","9":"first","10":"instock","11":"taxable","12":"shipping-taxable","13":"purchasable","14":"product-type-simple"},"acf":[],"yoast_head":"<!-- This site is optimized with the Yoast SEO plugin v26.4 - https:\/\/yoast.com\/wordpress\/plugins\/seo\/ -->\n<title>Pietra di Bismantova - Appennino reggiano - Sestogrado<\/title>\n<meta name=\"description\" content=\"Vie e falesie sulla perla dell\u2019Appennino emilianoL\u2019Appennino emiliano ha\u00a0una perla di roccia, che svetta come nelle fiabe tra le dolci colline del parco.\u00a0\u201cLa Pietra\u201d, come viene definita confidenzialmente da chi la frequenta da tanto tempo, \u00e8 un luogo talmente fuori dal tempo e dallo spazio, da essere stata\u00a0per Dante Alighieri lo spunto per descrivere la collina del Purgatorio.In questo meticoloso lavoro, giunto alla seconda edizione, gli autori relazionano\u00a0vie multipitch e falesie con puntuali e aggiornate informazioni,\u00a0disegni\u00a0chiari\u00a0e precisi\u00a0e\u00a0spettacolari fotografie dei vari settori. Il prezioso e fondamentale\u00a0contributo di tutti gli alpinisti locali\u00a0di diverse generazioni ha permesso la realizzazione di\u00a0una guida corale, con riferimenti alla\u00a0storia della scalata in Pietra\u00a0attraverso racconti e testimonianze personali. Ad arricchire il volume (dettaglio non presente nella prima edizione) sono una serie spettacolari di\u00a0immagini prese dal drone\u00a0che, oltre ad affascinare il lettore, rendono ancora pi\u00f9 facile l\u2019orientamento intorno a questo spettacolare monolite.\" \/>\n<meta name=\"robots\" content=\"index, follow, max-snippet:-1, max-image-preview:large, max-video-preview:-1\" \/>\n<link rel=\"canonical\" href=\"https:\/\/www.sestogrado.it\/en\/prodotto\/pietra-di-bismantova\/\" \/>\n<meta property=\"og:locale\" content=\"en_US\" \/>\n<meta property=\"og:type\" content=\"article\" \/>\n<meta property=\"og:title\" content=\"Pietra di Bismantova - Appennino reggiano - Sestogrado\" \/>\n<meta property=\"og:description\" content=\"Vie e falesie sulla perla dell\u2019Appennino emilianoL\u2019Appennino emiliano ha\u00a0una perla di roccia, che svetta come nelle fiabe tra le dolci colline del parco.\u00a0\u201cLa Pietra\u201d, come viene definita confidenzialmente da chi la frequenta da tanto tempo, \u00e8 un luogo talmente fuori dal tempo e dallo spazio, da essere stata\u00a0per Dante Alighieri lo spunto per descrivere la collina del Purgatorio.In questo meticoloso lavoro, giunto alla seconda edizione, gli autori relazionano\u00a0vie multipitch e falesie con puntuali e aggiornate informazioni,\u00a0disegni\u00a0chiari\u00a0e precisi\u00a0e\u00a0spettacolari fotografie dei vari settori. Il prezioso e fondamentale\u00a0contributo di tutti gli alpinisti locali\u00a0di diverse generazioni ha permesso la realizzazione di\u00a0una guida corale, con riferimenti alla\u00a0storia della scalata in Pietra\u00a0attraverso racconti e testimonianze personali. Ad arricchire il volume (dettaglio non presente nella prima edizione) sono una serie spettacolari di\u00a0immagini prese dal drone\u00a0che, oltre ad affascinare il lettore, rendono ancora pi\u00f9 facile l\u2019orientamento intorno a questo spettacolare monolite.\" \/>\n<meta property=\"og:url\" content=\"https:\/\/www.sestogrado.it\/en\/prodotto\/pietra-di-bismantova\/\" \/>\n<meta property=\"og:site_name\" content=\"Sestogrado\" \/>\n<meta property=\"article:publisher\" content=\"https:\/\/www.facebook.com\/pages\/Sestogrado\/1542635979353017?ref=bookmarks\" \/>\n<meta property=\"article:modified_time\" content=\"2025-07-28T17:01:15+00:00\" \/>\n<meta property=\"og:image\" content=\"https:\/\/www.sestogrado.it\/wp-content\/uploads\/2015\/04\/01-12.jpg\" \/>\n\t<meta property=\"og:image:width\" content=\"900\" \/>\n\t<meta property=\"og:image:height\" content=\"900\" \/>\n\t<meta property=\"og:image:type\" content=\"image\/jpeg\" \/>\n<meta name=\"twitter:label1\" content=\"Price\" \/>\n\t<meta name=\"twitter:data1\" content=\"&euro;&nbsp;35,00\" \/>\n\t<meta name=\"twitter:label2\" content=\"Availability\" \/>\n\t<meta name=\"twitter:data2\" content=\"In stock\" \/>\n<script type=\"application\/ld+json\" class=\"yoast-schema-graph\">{\"@context\":\"https:\/\/schema.org\",\"@graph\":[{\"@type\":\"WebPage\",\"@id\":\"https:\/\/www.sestogrado.it\/en\/prodotto\/pietra-di-bismantova\/\",\"url\":\"https:\/\/www.sestogrado.it\/en\/prodotto\/pietra-di-bismantova\/\",\"name\":\"Pietra di Bismantova - Appennino reggiano - Sestogrado\",\"isPartOf\":{\"@id\":\"https:\/\/www.sestogrado.it\/en\/#website\"},\"primaryImageOfPage\":{\"@id\":\"https:\/\/www.sestogrado.it\/en\/prodotto\/pietra-di-bismantova\/#primaryimage\"},\"image\":{\"@id\":\"https:\/\/www.sestogrado.it\/prodotto\/pietra-di-bismantova\/#primaryimage\"},\"thumbnailUrl\":\"https:\/\/www.sestogrado.it\/wp-content\/uploads\/2015\/04\/01-12.jpg\",\"datePublished\":\"2021-11-12T09:10:12+00:00\",\"dateModified\":\"2025-07-28T17:01:15+00:00\",\"description\":\"Vie e falesie sulla perla dell\u2019Appennino emilianoL\u2019Appennino emiliano ha\u00a0una perla di roccia, che svetta come nelle fiabe tra le dolci colline del parco.\u00a0\u201cLa Pietra\u201d, come viene definita confidenzialmente da chi la frequenta da tanto tempo, \u00e8 un luogo talmente fuori dal tempo e dallo spazio, da essere stata\u00a0per Dante Alighieri lo spunto per descrivere la collina del Purgatorio.In questo meticoloso lavoro, giunto alla seconda edizione, gli autori relazionano\u00a0vie multipitch e falesie con puntuali e aggiornate informazioni,\u00a0disegni\u00a0chiari\u00a0e precisi\u00a0e\u00a0spettacolari fotografie dei vari settori. Il prezioso e fondamentale\u00a0contributo di tutti gli alpinisti locali\u00a0di diverse generazioni ha permesso la realizzazione di\u00a0una guida corale, con riferimenti alla\u00a0storia della scalata in Pietra\u00a0attraverso racconti e testimonianze personali. Ad arricchire il volume (dettaglio non presente nella prima edizione) sono una serie spettacolari di\u00a0immagini prese dal drone\u00a0che, oltre ad affascinare il lettore, rendono ancora pi\u00f9 facile l\u2019orientamento intorno a questo spettacolare monolite.\",\"breadcrumb\":{\"@id\":\"https:\/\/www.sestogrado.it\/en\/prodotto\/pietra-di-bismantova\/#breadcrumb\"},\"inLanguage\":\"en-US\",\"potentialAction\":[{\"@type\":\"ReadAction\",\"target\":[[\"https:\/\/www.sestogrado.it\/en\/prodotto\/pietra-di-bismantova\/\"]]}]},{\"@type\":\"ImageObject\",\"inLanguage\":\"en-US\",\"@id\":\"https:\/\/www.sestogrado.it\/en\/prodotto\/pietra-di-bismantova\/#primaryimage\",\"url\":\"https:\/\/www.sestogrado.it\/wp-content\/uploads\/2015\/04\/01-12.jpg\",\"contentUrl\":\"https:\/\/www.sestogrado.it\/wp-content\/uploads\/2015\/04\/01-12.jpg\",\"width\":900,\"height\":900,\"caption\":\"pietra di bismantova\"},{\"@type\":\"BreadcrumbList\",\"@id\":\"https:\/\/www.sestogrado.it\/en\/prodotto\/pietra-di-bismantova\/#breadcrumb\",\"itemListElement\":[{\"@type\":\"ListItem\",\"position\":1,\"name\":\"Home\",\"item\":\"https:\/\/www.sestogrado.it\/en\/\"},{\"@type\":\"ListItem\",\"position\":2,\"name\":\"Shop\",\"item\":\"https:\/\/www.sestogrado.it\/en\/shop\/\"},{\"@type\":\"ListItem\",\"position\":3,\"name\":\"Pietra di Bismantova &#8211; Appennino reggiano\"}]},{\"@type\":\"WebSite\",\"@id\":\"https:\/\/www.sestogrado.it\/en\/#website\",\"url\":\"https:\/\/www.sestogrado.it\/en\/\",\"name\":\"Sestogrado\",\"description\":\"yes we climb\",\"publisher\":{\"@id\":\"https:\/\/www.sestogrado.it\/en\/#organization\"},\"potentialAction\":[{\"@type\":\"SearchAction\",\"target\":{\"@type\":\"EntryPoint\",\"urlTemplate\":\"https:\/\/www.sestogrado.it\/en\/?s={search_term_string}\"},\"query-input\":{\"@type\":\"PropertyValueSpecification\",\"valueRequired\":true,\"valueName\":\"search_term_string\"}}],\"inLanguage\":\"en-US\"},{\"@type\":\"Organization\",\"@id\":\"https:\/\/www.sestogrado.it\/en\/#organization\",\"name\":\"Sestogrado\",\"url\":\"https:\/\/www.sestogrado.it\/en\/\",\"logo\":{\"@type\":\"ImageObject\",\"inLanguage\":\"en-US\",\"@id\":\"https:\/\/www.sestogrado.it\/en\/#\/schema\/logo\/image\/\",\"url\":\"https:\/\/www.sestogrado.it\/wp-content\/uploads\/2015\/03\/sestogrado-favicon.png\",\"contentUrl\":\"https:\/\/www.sestogrado.it\/wp-content\/uploads\/2015\/03\/sestogrado-favicon.png\",\"width\":260,\"height\":260,\"caption\":\"Sestogrado\"},\"image\":{\"@id\":\"https:\/\/www.sestogrado.it\/en\/#\/schema\/logo\/image\/\"},\"sameAs\":[\"https:\/\/www.facebook.com\/pages\/Sestogrado\/1542635979353017?ref=bookmarks\",\"https:\/\/www.youtube.com\/channel\/UC847kAfTkaJsWpc1jtQwr3Q\"],\"hasMerchantReturnPolicy\":{\"@type\":\"MerchantReturnPolicy\",\"merchantReturnLink\":\"https:\/\/www.sestogrado.it\/en\/termini-e-condizioni\/\"}}]}<\/script>\n<meta property=\"product:brand\" content=\"Versante Sud\" \/>\n<meta property=\"product:price:amount\" content=\"35.00\" \/>\n<meta property=\"product:price:currency\" content=\"EUR\" \/>\n<meta property=\"og:availability\" content=\"instock\" \/>\n<meta property=\"product:availability\" content=\"instock\" \/>\n<meta property=\"product:condition\" content=\"new\" \/>\n<!-- \/ Yoast SEO plugin. -->","yoast_head_json":{"title":"Pietra di Bismantova - Appennino reggiano - Sestogrado","description":"Vie e falesie sulla perla dell\u2019Appennino emilianoL\u2019Appennino emiliano ha\u00a0una perla di roccia, che svetta come nelle fiabe tra le dolci colline del parco.\u00a0\u201cLa Pietra\u201d, come viene definita confidenzialmente da chi la frequenta da tanto tempo, \u00e8 un luogo talmente fuori dal tempo e dallo spazio, da essere stata\u00a0per Dante Alighieri lo spunto per descrivere la collina del Purgatorio.In questo meticoloso lavoro, giunto alla seconda edizione, gli autori relazionano\u00a0vie multipitch e falesie con puntuali e aggiornate informazioni,\u00a0disegni\u00a0chiari\u00a0e precisi\u00a0e\u00a0spettacolari fotografie dei vari settori. Il prezioso e fondamentale\u00a0contributo di tutti gli alpinisti locali\u00a0di diverse generazioni ha permesso la realizzazione di\u00a0una guida corale, con riferimenti alla\u00a0storia della scalata in Pietra\u00a0attraverso racconti e testimonianze personali. Ad arricchire il volume (dettaglio non presente nella prima edizione) sono una serie spettacolari di\u00a0immagini prese dal drone\u00a0che, oltre ad affascinare il lettore, rendono ancora pi\u00f9 facile l\u2019orientamento intorno a questo spettacolare monolite.","robots":{"index":"index","follow":"follow","max-snippet":"max-snippet:-1","max-image-preview":"max-image-preview:large","max-video-preview":"max-video-preview:-1"},"canonical":"https:\/\/www.sestogrado.it\/en\/prodotto\/pietra-di-bismantova\/","og_locale":"en_US","og_type":"article","og_title":"Pietra di Bismantova - Appennino reggiano - Sestogrado","og_description":"Vie e falesie sulla perla dell\u2019Appennino emilianoL\u2019Appennino emiliano ha\u00a0una perla di roccia, che svetta come nelle fiabe tra le dolci colline del parco.\u00a0\u201cLa Pietra\u201d, come viene definita confidenzialmente da chi la frequenta da tanto tempo, \u00e8 un luogo talmente fuori dal tempo e dallo spazio, da essere stata\u00a0per Dante Alighieri lo spunto per descrivere la collina del Purgatorio.In questo meticoloso lavoro, giunto alla seconda edizione, gli autori relazionano\u00a0vie multipitch e falesie con puntuali e aggiornate informazioni,\u00a0disegni\u00a0chiari\u00a0e precisi\u00a0e\u00a0spettacolari fotografie dei vari settori. Il prezioso e fondamentale\u00a0contributo di tutti gli alpinisti locali\u00a0di diverse generazioni ha permesso la realizzazione di\u00a0una guida corale, con riferimenti alla\u00a0storia della scalata in Pietra\u00a0attraverso racconti e testimonianze personali. Ad arricchire il volume (dettaglio non presente nella prima edizione) sono una serie spettacolari di\u00a0immagini prese dal drone\u00a0che, oltre ad affascinare il lettore, rendono ancora pi\u00f9 facile l\u2019orientamento intorno a questo spettacolare monolite.","og_url":"https:\/\/www.sestogrado.it\/en\/prodotto\/pietra-di-bismantova\/","og_site_name":"Sestogrado","article_publisher":"https:\/\/www.facebook.com\/pages\/Sestogrado\/1542635979353017?ref=bookmarks","article_modified_time":"2025-07-28T17:01:15+00:00","og_image":[{"width":900,"height":900,"url":"https:\/\/www.sestogrado.it\/wp-content\/uploads\/2015\/04\/01-12.jpg","type":"image\/jpeg"}],"twitter_misc":{"Price":"&euro;&nbsp;35,00","Availability":"In stock"},"schema":{"@context":"https:\/\/schema.org","@graph":[{"@type":"WebPage","@id":"https:\/\/www.sestogrado.it\/en\/prodotto\/pietra-di-bismantova\/","url":"https:\/\/www.sestogrado.it\/en\/prodotto\/pietra-di-bismantova\/","name":"Pietra di Bismantova - Appennino reggiano - Sestogrado","isPartOf":{"@id":"https:\/\/www.sestogrado.it\/en\/#website"},"primaryImageOfPage":{"@id":"https:\/\/www.sestogrado.it\/en\/prodotto\/pietra-di-bismantova\/#primaryimage"},"image":{"@id":"https:\/\/www.sestogrado.it\/prodotto\/pietra-di-bismantova\/#primaryimage"},"thumbnailUrl":"https:\/\/www.sestogrado.it\/wp-content\/uploads\/2015\/04\/01-12.jpg","datePublished":"2021-11-12T09:10:12+00:00","dateModified":"2025-07-28T17:01:15+00:00","description":"Vie e falesie sulla perla dell\u2019Appennino emilianoL\u2019Appennino emiliano ha\u00a0una perla di roccia, che svetta come nelle fiabe tra le dolci colline del parco.\u00a0\u201cLa Pietra\u201d, come viene definita confidenzialmente da chi la frequenta da tanto tempo, \u00e8 un luogo talmente fuori dal tempo e dallo spazio, da essere stata\u00a0per Dante Alighieri lo spunto per descrivere la collina del Purgatorio.In questo meticoloso lavoro, giunto alla seconda edizione, gli autori relazionano\u00a0vie multipitch e falesie con puntuali e aggiornate informazioni,\u00a0disegni\u00a0chiari\u00a0e precisi\u00a0e\u00a0spettacolari fotografie dei vari settori. Il prezioso e fondamentale\u00a0contributo di tutti gli alpinisti locali\u00a0di diverse generazioni ha permesso la realizzazione di\u00a0una guida corale, con riferimenti alla\u00a0storia della scalata in Pietra\u00a0attraverso racconti e testimonianze personali. Ad arricchire il volume (dettaglio non presente nella prima edizione) sono una serie spettacolari di\u00a0immagini prese dal drone\u00a0che, oltre ad affascinare il lettore, rendono ancora pi\u00f9 facile l\u2019orientamento intorno a questo spettacolare monolite.","breadcrumb":{"@id":"https:\/\/www.sestogrado.it\/en\/prodotto\/pietra-di-bismantova\/#breadcrumb"},"inLanguage":"en-US","potentialAction":[{"@type":"ReadAction","target":[["https:\/\/www.sestogrado.it\/en\/prodotto\/pietra-di-bismantova\/"]]}]},{"@type":"ImageObject","inLanguage":"en-US","@id":"https:\/\/www.sestogrado.it\/en\/prodotto\/pietra-di-bismantova\/#primaryimage","url":"https:\/\/www.sestogrado.it\/wp-content\/uploads\/2015\/04\/01-12.jpg","contentUrl":"https:\/\/www.sestogrado.it\/wp-content\/uploads\/2015\/04\/01-12.jpg","width":900,"height":900,"caption":"pietra di bismantova"},{"@type":"BreadcrumbList","@id":"https:\/\/www.sestogrado.it\/en\/prodotto\/pietra-di-bismantova\/#breadcrumb","itemListElement":[{"@type":"ListItem","position":1,"name":"Home","item":"https:\/\/www.sestogrado.it\/en\/"},{"@type":"ListItem","position":2,"name":"Shop","item":"https:\/\/www.sestogrado.it\/en\/shop\/"},{"@type":"ListItem","position":3,"name":"Pietra di Bismantova &#8211; Appennino reggiano"}]},{"@type":"WebSite","@id":"https:\/\/www.sestogrado.it\/en\/#website","url":"https:\/\/www.sestogrado.it\/en\/","name":"Sestogrado","description":"yes we climb","publisher":{"@id":"https:\/\/www.sestogrado.it\/en\/#organization"},"potentialAction":[{"@type":"SearchAction","target":{"@type":"EntryPoint","urlTemplate":"https:\/\/www.sestogrado.it\/en\/?s={search_term_string}"},"query-input":{"@type":"PropertyValueSpecification","valueRequired":true,"valueName":"search_term_string"}}],"inLanguage":"en-US"},{"@type":"Organization","@id":"https:\/\/www.sestogrado.it\/en\/#organization","name":"Sestogrado","url":"https:\/\/www.sestogrado.it\/en\/","logo":{"@type":"ImageObject","inLanguage":"en-US","@id":"https:\/\/www.sestogrado.it\/en\/#\/schema\/logo\/image\/","url":"https:\/\/www.sestogrado.it\/wp-content\/uploads\/2015\/03\/sestogrado-favicon.png","contentUrl":"https:\/\/www.sestogrado.it\/wp-content\/uploads\/2015\/03\/sestogrado-favicon.png","width":260,"height":260,"caption":"Sestogrado"},"image":{"@id":"https:\/\/www.sestogrado.it\/en\/#\/schema\/logo\/image\/"},"sameAs":["https:\/\/www.facebook.com\/pages\/Sestogrado\/1542635979353017?ref=bookmarks","https:\/\/www.youtube.com\/channel\/UC847kAfTkaJsWpc1jtQwr3Q"],"hasMerchantReturnPolicy":{"@type":"MerchantReturnPolicy","merchantReturnLink":"https:\/\/www.sestogrado.it\/en\/termini-e-condizioni\/"}}]},"product_brand":"Versante Sud","product_price_amount":"35.00","product_price_currency":"EUR","og_availability":"instock","product_availability":"instock","product_condition":"new"},"_links":{"self":[{"href":"https:\/\/www.sestogrado.it\/en\/wp-json\/wp\/v2\/product\/1113","targetHints":{"allow":["GET"]}}],"collection":[{"href":"https:\/\/www.sestogrado.it\/en\/wp-json\/wp\/v2\/product"}],"about":[{"href":"https:\/\/www.sestogrado.it\/en\/wp-json\/wp\/v2\/types\/product"}],"replies":[{"embeddable":true,"href":"https:\/\/www.sestogrado.it\/en\/wp-json\/wp\/v2\/comments?post=1113"}],"wp:featuredmedia":[{"embeddable":true,"href":"https:\/\/www.sestogrado.it\/en\/wp-json\/wp\/v2\/media\/84860"}],"wp:attachment":[{"href":"https:\/\/www.sestogrado.it\/en\/wp-json\/wp\/v2\/media?parent=1113"}],"wp:term":[{"taxonomy":"product_brand","embeddable":true,"href":"https:\/\/www.sestogrado.it\/en\/wp-json\/wp\/v2\/product_brand?post=1113"},{"taxonomy":"product_cat","embeddable":true,"href":"https:\/\/www.sestogrado.it\/en\/wp-json\/wp\/v2\/product_cat?post=1113"},{"taxonomy":"product_tag","embeddable":true,"href":"https:\/\/www.sestogrado.it\/en\/wp-json\/wp\/v2\/product_tag?post=1113"}],"curies":[{"name":"wp","href":"https:\/\/api.w.org\/{rel}","templated":true}]}}