{"id":1110,"date":"2020-11-04T09:03:08","date_gmt":"2020-11-04T08:03:08","guid":{"rendered":"http:\/\/www.sestogrado.it\/?post_type=product&#038;p=1110"},"modified":"2026-03-04T11:47:41","modified_gmt":"2026-03-04T10:47:41","slug":"aemilia","status":"publish","type":"product","link":"https:\/\/www.sestogrado.it\/en\/prodotto\/aemilia\/","title":{"rendered":"Aemilia &#8211; valli dell&#8217;Appennino Piacentino"},"content":{"rendered":"<p>Dalle palestre di arrampicata e le vie di\u00a0pi\u00f9 tiri, alle cascate di ghiaccio, passando per le vie su neve e misto, fino ad arrivare alle nuovissime aree di bouldering. Tutto ci\u00f2 che c\u2019\u00e8 da scalare in queste magnifiche valli dell\u2019appennino piacentino, senza dimenticare di raccontare la storia e i personaggi che hanno contribuito alla loro esplorazione e valorizzazione alpinistica.<\/p>\n<h3>Info sull\u2019Autore<\/h3>\n<p><strong>Eugenio Pinotti<\/strong>, \u00e8 nato nel 1961 a Piacenza, dove vive esercitando la professione di architetto. Da pi\u00f9 di 15 anni \u00e8 vittima consenziente di una passione inesauribile. Da uomo di pianura si \u00e8 avvicinato con umilt\u00e0, ma senza pregiudizi e condizionamenti, a numerosissimi luoghi e realt\u00e0 umane del mondo dell\u2019arrampicata alpina e appenninica, accrescendo le proprie conoscenze e stabilendo solidi rapporti personali.<br \/>\nLa pratica costante di varie attivit\u00e0 legate al mondo della montagna, unita alla vocazione all\u2019esplorazione e alla divulgazione, ne ha fatto il pi\u00f9 prolifico apritore di vie nuove dell\u2019appennino piacentino ed un punto di riferimento prezioso per tutti gli appassionati, oltre che un concreto propagatore della pratica (ha progettato e collabora alla gestione della palestra d\u2019arrampicata indoor del CAI di Piacenza ed \u00e8 autore della precedente edizione della guida AEMILIA).<\/p>","protected":false},"excerpt":{"rendered":"<p>Arrampicate su roccia e ghiaccio in provincia di Piacenza &#8211;\u00a0Eugenio Pinotti<\/p>\n","protected":false},"featured_media":43617,"comment_status":"open","ping_status":"closed","template":"","meta":{"_acf_changed":false},"product_brand":[99],"product_cat":[98],"product_tag":[],"class_list":{"0":"post-1110","1":"product","2":"type-product","3":"status-publish","4":"has-post-thumbnail","6":"product_brand-versante-sud","7":"product_cat-libri","9":"first","10":"instock","11":"taxable","12":"shipping-taxable","13":"purchasable","14":"product-type-simple"},"acf":[],"yoast_head":"<!-- This site is optimized with the Yoast SEO plugin v26.4 - https:\/\/yoast.com\/wordpress\/plugins\/seo\/ -->\n<title>Aemilia - valli dell&#039;Appennino Piacentino - Sestogrado<\/title>\n<meta name=\"description\" content=\"Tutto quello che si pu\u00f2 scalare nelle\u00a0magnifiche\u00a0valli\u00a0dell\u2019appennino\u00a0piacentino,\u00a0dove la roccia \u00e8 intimamente\u00a0legata alla\u00a0cultura\u00a0locale, all\u2019arte\u00a0e all\u2019enogastronomia.Questo senza dimenticare di raccontare la\u00a0storia\u00a0e i\u00a0personaggi\u00a0che hanno contribuito all\u2019esplorazione e valorizzazione alpinistica di questo bellissimo territorio!Eugenio\u00a0Pinotti\u00a0\u00e8 nato nel 1961 a Piacenza, dove vive ed esercita la professione di architetto. Da oltre 25 anni \u00e8 testimone e divulgatore dell\u2019evoluzione dell\u2019arrampicata in questa parte di Appennino, evoluzione a cui ha contribuito attivamente con l\u2019apertura\u00a0di\u00a0numerose\u00a0vie\u00a0nuove\u00a0e la\u00a0chiodatura\u00a0di diverse\u00a0falesie. Nell\u2019ambito della sezione\u00a0CAI\u00a0di\u00a0Piacenza\u00a0si occupa da diversi anni della attivit\u00e0 nella\u00a0palestra\u00a0indoor\u00a0di arrampicata.\u00a0Eugenio collabora con\u00a0Versante Sud\u00a0dal 2001: ha fatto parte della redazione di\u00a0UP. Annuario di Alpinismo\u00a0dal 2003 al 2013, illustrato numerose guide di arrampicata e alpinismo e pubblicato la precedente edizione di questa guida (2001).\" \/>\n<meta name=\"robots\" content=\"index, follow, max-snippet:-1, max-image-preview:large, max-video-preview:-1\" \/>\n<link rel=\"canonical\" href=\"https:\/\/www.sestogrado.it\/en\/prodotto\/aemilia\/\" \/>\n<meta property=\"og:locale\" content=\"en_US\" \/>\n<meta property=\"og:type\" content=\"article\" \/>\n<meta property=\"og:title\" content=\"Aemilia - valli dell&#039;Appennino Piacentino - Sestogrado\" \/>\n<meta property=\"og:description\" content=\"Tutto quello che si pu\u00f2 scalare nelle\u00a0magnifiche\u00a0valli\u00a0dell\u2019appennino\u00a0piacentino,\u00a0dove la roccia \u00e8 intimamente\u00a0legata alla\u00a0cultura\u00a0locale, all\u2019arte\u00a0e all\u2019enogastronomia.Questo senza dimenticare di raccontare la\u00a0storia\u00a0e i\u00a0personaggi\u00a0che hanno contribuito all\u2019esplorazione e valorizzazione alpinistica di questo bellissimo territorio!Eugenio\u00a0Pinotti\u00a0\u00e8 nato nel 1961 a Piacenza, dove vive ed esercita la professione di architetto. Da oltre 25 anni \u00e8 testimone e divulgatore dell\u2019evoluzione dell\u2019arrampicata in questa parte di Appennino, evoluzione a cui ha contribuito attivamente con l\u2019apertura\u00a0di\u00a0numerose\u00a0vie\u00a0nuove\u00a0e la\u00a0chiodatura\u00a0di diverse\u00a0falesie. Nell\u2019ambito della sezione\u00a0CAI\u00a0di\u00a0Piacenza\u00a0si occupa da diversi anni della attivit\u00e0 nella\u00a0palestra\u00a0indoor\u00a0di arrampicata.\u00a0Eugenio collabora con\u00a0Versante Sud\u00a0dal 2001: ha fatto parte della redazione di\u00a0UP. Annuario di Alpinismo\u00a0dal 2003 al 2013, illustrato numerose guide di arrampicata e alpinismo e pubblicato la precedente edizione di questa guida (2001).\" \/>\n<meta property=\"og:url\" content=\"https:\/\/www.sestogrado.it\/en\/prodotto\/aemilia\/\" \/>\n<meta property=\"og:site_name\" content=\"Sestogrado\" \/>\n<meta property=\"article:publisher\" content=\"https:\/\/www.facebook.com\/pages\/Sestogrado\/1542635979353017?ref=bookmarks\" \/>\n<meta property=\"article:modified_time\" content=\"2026-03-04T10:47:41+00:00\" \/>\n<meta property=\"og:image\" content=\"https:\/\/www.sestogrado.it\/wp-content\/uploads\/2015\/04\/01-10.jpg\" \/>\n\t<meta property=\"og:image:width\" content=\"651\" \/>\n\t<meta property=\"og:image:height\" content=\"651\" \/>\n\t<meta property=\"og:image:type\" content=\"image\/jpeg\" \/>\n<meta name=\"twitter:label1\" content=\"Price\" \/>\n\t<meta name=\"twitter:data1\" content=\"&euro;&nbsp;30,00\" \/>\n\t<meta name=\"twitter:label2\" content=\"Availability\" \/>\n\t<meta name=\"twitter:data2\" content=\"In stock\" \/>\n<script type=\"application\/ld+json\" class=\"yoast-schema-graph\">{\"@context\":\"https:\/\/schema.org\",\"@graph\":[{\"@type\":\"WebPage\",\"@id\":\"https:\/\/www.sestogrado.it\/en\/prodotto\/aemilia\/\",\"url\":\"https:\/\/www.sestogrado.it\/en\/prodotto\/aemilia\/\",\"name\":\"Aemilia - valli dell'Appennino Piacentino - Sestogrado\",\"isPartOf\":{\"@id\":\"https:\/\/www.sestogrado.it\/en\/#website\"},\"primaryImageOfPage\":{\"@id\":\"https:\/\/www.sestogrado.it\/en\/prodotto\/aemilia\/#primaryimage\"},\"image\":{\"@id\":\"https:\/\/www.sestogrado.it\/prodotto\/aemilia\/#primaryimage\"},\"thumbnailUrl\":\"https:\/\/www.sestogrado.it\/wp-content\/uploads\/2015\/04\/01-10.jpg\",\"datePublished\":\"2020-11-04T08:03:08+00:00\",\"dateModified\":\"2026-03-04T10:47:41+00:00\",\"description\":\"Tutto quello che si pu\u00f2 scalare nelle\u00a0magnifiche\u00a0valli\u00a0dell\u2019appennino\u00a0piacentino,\u00a0dove la roccia \u00e8 intimamente\u00a0legata alla\u00a0cultura\u00a0locale, all\u2019arte\u00a0e all\u2019enogastronomia.Questo senza dimenticare di raccontare la\u00a0storia\u00a0e i\u00a0personaggi\u00a0che hanno contribuito all\u2019esplorazione e valorizzazione alpinistica di questo bellissimo territorio!Eugenio\u00a0Pinotti\u00a0\u00e8 nato nel 1961 a Piacenza, dove vive ed esercita la professione di architetto. Da oltre 25 anni \u00e8 testimone e divulgatore dell\u2019evoluzione dell\u2019arrampicata in questa parte di Appennino, evoluzione a cui ha contribuito attivamente con l\u2019apertura\u00a0di\u00a0numerose\u00a0vie\u00a0nuove\u00a0e la\u00a0chiodatura\u00a0di diverse\u00a0falesie. Nell\u2019ambito della sezione\u00a0CAI\u00a0di\u00a0Piacenza\u00a0si occupa da diversi anni della attivit\u00e0 nella\u00a0palestra\u00a0indoor\u00a0di arrampicata.\u00a0Eugenio collabora con\u00a0Versante Sud\u00a0dal 2001: ha fatto parte della redazione di\u00a0UP. Annuario di Alpinismo\u00a0dal 2003 al 2013, illustrato numerose guide di arrampicata e alpinismo e pubblicato la precedente edizione di questa guida (2001).\",\"breadcrumb\":{\"@id\":\"https:\/\/www.sestogrado.it\/en\/prodotto\/aemilia\/#breadcrumb\"},\"inLanguage\":\"en-US\",\"potentialAction\":[{\"@type\":\"ReadAction\",\"target\":[[\"https:\/\/www.sestogrado.it\/en\/prodotto\/aemilia\/\"]]}]},{\"@type\":\"ImageObject\",\"inLanguage\":\"en-US\",\"@id\":\"https:\/\/www.sestogrado.it\/en\/prodotto\/aemilia\/#primaryimage\",\"url\":\"https:\/\/www.sestogrado.it\/wp-content\/uploads\/2015\/04\/01-10.jpg\",\"contentUrl\":\"https:\/\/www.sestogrado.it\/wp-content\/uploads\/2015\/04\/01-10.jpg\",\"width\":651,\"height\":651,\"caption\":\"versante sud aemilia\"},{\"@type\":\"BreadcrumbList\",\"@id\":\"https:\/\/www.sestogrado.it\/en\/prodotto\/aemilia\/#breadcrumb\",\"itemListElement\":[{\"@type\":\"ListItem\",\"position\":1,\"name\":\"Home\",\"item\":\"https:\/\/www.sestogrado.it\/en\/\"},{\"@type\":\"ListItem\",\"position\":2,\"name\":\"Shop\",\"item\":\"https:\/\/www.sestogrado.it\/en\/shop\/\"},{\"@type\":\"ListItem\",\"position\":3,\"name\":\"Aemilia falesie, vie e blocchi in provincia di Piacenza\"}]},{\"@type\":\"WebSite\",\"@id\":\"https:\/\/www.sestogrado.it\/en\/#website\",\"url\":\"https:\/\/www.sestogrado.it\/en\/\",\"name\":\"Sestogrado\",\"description\":\"yes we climb\",\"publisher\":{\"@id\":\"https:\/\/www.sestogrado.it\/en\/#organization\"},\"potentialAction\":[{\"@type\":\"SearchAction\",\"target\":{\"@type\":\"EntryPoint\",\"urlTemplate\":\"https:\/\/www.sestogrado.it\/en\/?s={search_term_string}\"},\"query-input\":{\"@type\":\"PropertyValueSpecification\",\"valueRequired\":true,\"valueName\":\"search_term_string\"}}],\"inLanguage\":\"en-US\"},{\"@type\":\"Organization\",\"@id\":\"https:\/\/www.sestogrado.it\/en\/#organization\",\"name\":\"Sestogrado\",\"url\":\"https:\/\/www.sestogrado.it\/en\/\",\"logo\":{\"@type\":\"ImageObject\",\"inLanguage\":\"en-US\",\"@id\":\"https:\/\/www.sestogrado.it\/en\/#\/schema\/logo\/image\/\",\"url\":\"https:\/\/www.sestogrado.it\/wp-content\/uploads\/2015\/03\/sestogrado-favicon.png\",\"contentUrl\":\"https:\/\/www.sestogrado.it\/wp-content\/uploads\/2015\/03\/sestogrado-favicon.png\",\"width\":260,\"height\":260,\"caption\":\"Sestogrado\"},\"image\":{\"@id\":\"https:\/\/www.sestogrado.it\/en\/#\/schema\/logo\/image\/\"},\"sameAs\":[\"https:\/\/www.facebook.com\/pages\/Sestogrado\/1542635979353017?ref=bookmarks\",\"https:\/\/www.youtube.com\/channel\/UC847kAfTkaJsWpc1jtQwr3Q\"],\"hasMerchantReturnPolicy\":{\"@type\":\"MerchantReturnPolicy\",\"merchantReturnLink\":\"https:\/\/www.sestogrado.it\/en\/termini-e-condizioni\/\"}}]}<\/script>\n<meta property=\"product:brand\" content=\"Versante Sud\" \/>\n<meta property=\"product:price:amount\" content=\"30.00\" \/>\n<meta property=\"product:price:currency\" content=\"EUR\" \/>\n<meta property=\"og:availability\" content=\"instock\" \/>\n<meta property=\"product:availability\" content=\"instock\" \/>\n<meta property=\"product:condition\" content=\"new\" \/>\n<!-- \/ Yoast SEO plugin. -->","yoast_head_json":{"title":"Aemilia - valli dell'Appennino Piacentino - Sestogrado","description":"Tutto quello che si pu\u00f2 scalare nelle\u00a0magnifiche\u00a0valli\u00a0dell\u2019appennino\u00a0piacentino,\u00a0dove la roccia \u00e8 intimamente\u00a0legata alla\u00a0cultura\u00a0locale, all\u2019arte\u00a0e all\u2019enogastronomia.Questo senza dimenticare di raccontare la\u00a0storia\u00a0e i\u00a0personaggi\u00a0che hanno contribuito all\u2019esplorazione e valorizzazione alpinistica di questo bellissimo territorio!Eugenio\u00a0Pinotti\u00a0\u00e8 nato nel 1961 a Piacenza, dove vive ed esercita la professione di architetto. Da oltre 25 anni \u00e8 testimone e divulgatore dell\u2019evoluzione dell\u2019arrampicata in questa parte di Appennino, evoluzione a cui ha contribuito attivamente con l\u2019apertura\u00a0di\u00a0numerose\u00a0vie\u00a0nuove\u00a0e la\u00a0chiodatura\u00a0di diverse\u00a0falesie. Nell\u2019ambito della sezione\u00a0CAI\u00a0di\u00a0Piacenza\u00a0si occupa da diversi anni della attivit\u00e0 nella\u00a0palestra\u00a0indoor\u00a0di arrampicata.\u00a0Eugenio collabora con\u00a0Versante Sud\u00a0dal 2001: ha fatto parte della redazione di\u00a0UP. Annuario di Alpinismo\u00a0dal 2003 al 2013, illustrato numerose guide di arrampicata e alpinismo e pubblicato la precedente edizione di questa guida (2001).","robots":{"index":"index","follow":"follow","max-snippet":"max-snippet:-1","max-image-preview":"max-image-preview:large","max-video-preview":"max-video-preview:-1"},"canonical":"https:\/\/www.sestogrado.it\/en\/prodotto\/aemilia\/","og_locale":"en_US","og_type":"article","og_title":"Aemilia - valli dell'Appennino Piacentino - Sestogrado","og_description":"Tutto quello che si pu\u00f2 scalare nelle\u00a0magnifiche\u00a0valli\u00a0dell\u2019appennino\u00a0piacentino,\u00a0dove la roccia \u00e8 intimamente\u00a0legata alla\u00a0cultura\u00a0locale, all\u2019arte\u00a0e all\u2019enogastronomia.Questo senza dimenticare di raccontare la\u00a0storia\u00a0e i\u00a0personaggi\u00a0che hanno contribuito all\u2019esplorazione e valorizzazione alpinistica di questo bellissimo territorio!Eugenio\u00a0Pinotti\u00a0\u00e8 nato nel 1961 a Piacenza, dove vive ed esercita la professione di architetto. Da oltre 25 anni \u00e8 testimone e divulgatore dell\u2019evoluzione dell\u2019arrampicata in questa parte di Appennino, evoluzione a cui ha contribuito attivamente con l\u2019apertura\u00a0di\u00a0numerose\u00a0vie\u00a0nuove\u00a0e la\u00a0chiodatura\u00a0di diverse\u00a0falesie. Nell\u2019ambito della sezione\u00a0CAI\u00a0di\u00a0Piacenza\u00a0si occupa da diversi anni della attivit\u00e0 nella\u00a0palestra\u00a0indoor\u00a0di arrampicata.\u00a0Eugenio collabora con\u00a0Versante Sud\u00a0dal 2001: ha fatto parte della redazione di\u00a0UP. Annuario di Alpinismo\u00a0dal 2003 al 2013, illustrato numerose guide di arrampicata e alpinismo e pubblicato la precedente edizione di questa guida (2001).","og_url":"https:\/\/www.sestogrado.it\/en\/prodotto\/aemilia\/","og_site_name":"Sestogrado","article_publisher":"https:\/\/www.facebook.com\/pages\/Sestogrado\/1542635979353017?ref=bookmarks","article_modified_time":"2026-03-04T10:47:41+00:00","og_image":[{"width":651,"height":651,"url":"https:\/\/www.sestogrado.it\/wp-content\/uploads\/2015\/04\/01-10.jpg","type":"image\/jpeg"}],"twitter_misc":{"Price":"&euro;&nbsp;30,00","Availability":"In stock"},"schema":{"@context":"https:\/\/schema.org","@graph":[{"@type":"WebPage","@id":"https:\/\/www.sestogrado.it\/en\/prodotto\/aemilia\/","url":"https:\/\/www.sestogrado.it\/en\/prodotto\/aemilia\/","name":"Aemilia - valli dell'Appennino Piacentino - Sestogrado","isPartOf":{"@id":"https:\/\/www.sestogrado.it\/en\/#website"},"primaryImageOfPage":{"@id":"https:\/\/www.sestogrado.it\/en\/prodotto\/aemilia\/#primaryimage"},"image":{"@id":"https:\/\/www.sestogrado.it\/prodotto\/aemilia\/#primaryimage"},"thumbnailUrl":"https:\/\/www.sestogrado.it\/wp-content\/uploads\/2015\/04\/01-10.jpg","datePublished":"2020-11-04T08:03:08+00:00","dateModified":"2026-03-04T10:47:41+00:00","description":"Tutto quello che si pu\u00f2 scalare nelle\u00a0magnifiche\u00a0valli\u00a0dell\u2019appennino\u00a0piacentino,\u00a0dove la roccia \u00e8 intimamente\u00a0legata alla\u00a0cultura\u00a0locale, all\u2019arte\u00a0e all\u2019enogastronomia.Questo senza dimenticare di raccontare la\u00a0storia\u00a0e i\u00a0personaggi\u00a0che hanno contribuito all\u2019esplorazione e valorizzazione alpinistica di questo bellissimo territorio!Eugenio\u00a0Pinotti\u00a0\u00e8 nato nel 1961 a Piacenza, dove vive ed esercita la professione di architetto. Da oltre 25 anni \u00e8 testimone e divulgatore dell\u2019evoluzione dell\u2019arrampicata in questa parte di Appennino, evoluzione a cui ha contribuito attivamente con l\u2019apertura\u00a0di\u00a0numerose\u00a0vie\u00a0nuove\u00a0e la\u00a0chiodatura\u00a0di diverse\u00a0falesie. Nell\u2019ambito della sezione\u00a0CAI\u00a0di\u00a0Piacenza\u00a0si occupa da diversi anni della attivit\u00e0 nella\u00a0palestra\u00a0indoor\u00a0di arrampicata.\u00a0Eugenio collabora con\u00a0Versante Sud\u00a0dal 2001: ha fatto parte della redazione di\u00a0UP. Annuario di Alpinismo\u00a0dal 2003 al 2013, illustrato numerose guide di arrampicata e alpinismo e pubblicato la precedente edizione di questa guida (2001).","breadcrumb":{"@id":"https:\/\/www.sestogrado.it\/en\/prodotto\/aemilia\/#breadcrumb"},"inLanguage":"en-US","potentialAction":[{"@type":"ReadAction","target":[["https:\/\/www.sestogrado.it\/en\/prodotto\/aemilia\/"]]}]},{"@type":"ImageObject","inLanguage":"en-US","@id":"https:\/\/www.sestogrado.it\/en\/prodotto\/aemilia\/#primaryimage","url":"https:\/\/www.sestogrado.it\/wp-content\/uploads\/2015\/04\/01-10.jpg","contentUrl":"https:\/\/www.sestogrado.it\/wp-content\/uploads\/2015\/04\/01-10.jpg","width":651,"height":651,"caption":"versante sud aemilia"},{"@type":"BreadcrumbList","@id":"https:\/\/www.sestogrado.it\/en\/prodotto\/aemilia\/#breadcrumb","itemListElement":[{"@type":"ListItem","position":1,"name":"Home","item":"https:\/\/www.sestogrado.it\/en\/"},{"@type":"ListItem","position":2,"name":"Shop","item":"https:\/\/www.sestogrado.it\/en\/shop\/"},{"@type":"ListItem","position":3,"name":"Aemilia falesie, vie e blocchi in provincia di Piacenza"}]},{"@type":"WebSite","@id":"https:\/\/www.sestogrado.it\/en\/#website","url":"https:\/\/www.sestogrado.it\/en\/","name":"Sestogrado","description":"yes we climb","publisher":{"@id":"https:\/\/www.sestogrado.it\/en\/#organization"},"potentialAction":[{"@type":"SearchAction","target":{"@type":"EntryPoint","urlTemplate":"https:\/\/www.sestogrado.it\/en\/?s={search_term_string}"},"query-input":{"@type":"PropertyValueSpecification","valueRequired":true,"valueName":"search_term_string"}}],"inLanguage":"en-US"},{"@type":"Organization","@id":"https:\/\/www.sestogrado.it\/en\/#organization","name":"Sestogrado","url":"https:\/\/www.sestogrado.it\/en\/","logo":{"@type":"ImageObject","inLanguage":"en-US","@id":"https:\/\/www.sestogrado.it\/en\/#\/schema\/logo\/image\/","url":"https:\/\/www.sestogrado.it\/wp-content\/uploads\/2015\/03\/sestogrado-favicon.png","contentUrl":"https:\/\/www.sestogrado.it\/wp-content\/uploads\/2015\/03\/sestogrado-favicon.png","width":260,"height":260,"caption":"Sestogrado"},"image":{"@id":"https:\/\/www.sestogrado.it\/en\/#\/schema\/logo\/image\/"},"sameAs":["https:\/\/www.facebook.com\/pages\/Sestogrado\/1542635979353017?ref=bookmarks","https:\/\/www.youtube.com\/channel\/UC847kAfTkaJsWpc1jtQwr3Q"],"hasMerchantReturnPolicy":{"@type":"MerchantReturnPolicy","merchantReturnLink":"https:\/\/www.sestogrado.it\/en\/termini-e-condizioni\/"}}]},"product_brand":"Versante Sud","product_price_amount":"30.00","product_price_currency":"EUR","og_availability":"instock","product_availability":"instock","product_condition":"new"},"_links":{"self":[{"href":"https:\/\/www.sestogrado.it\/en\/wp-json\/wp\/v2\/product\/1110","targetHints":{"allow":["GET"]}}],"collection":[{"href":"https:\/\/www.sestogrado.it\/en\/wp-json\/wp\/v2\/product"}],"about":[{"href":"https:\/\/www.sestogrado.it\/en\/wp-json\/wp\/v2\/types\/product"}],"replies":[{"embeddable":true,"href":"https:\/\/www.sestogrado.it\/en\/wp-json\/wp\/v2\/comments?post=1110"}],"wp:featuredmedia":[{"embeddable":true,"href":"https:\/\/www.sestogrado.it\/en\/wp-json\/wp\/v2\/media\/43617"}],"wp:attachment":[{"href":"https:\/\/www.sestogrado.it\/en\/wp-json\/wp\/v2\/media?parent=1110"}],"wp:term":[{"taxonomy":"product_brand","embeddable":true,"href":"https:\/\/www.sestogrado.it\/en\/wp-json\/wp\/v2\/product_brand?post=1110"},{"taxonomy":"product_cat","embeddable":true,"href":"https:\/\/www.sestogrado.it\/en\/wp-json\/wp\/v2\/product_cat?post=1110"},{"taxonomy":"product_tag","embeddable":true,"href":"https:\/\/www.sestogrado.it\/en\/wp-json\/wp\/v2\/product_tag?post=1110"}],"curies":[{"name":"wp","href":"https:\/\/api.w.org\/{rel}","templated":true}]}}